{"id":4451,"date":"2006-09-07T15:00:57","date_gmt":"2006-09-07T13:00:57","guid":{"rendered":"http:\/\/dai-heidelberg.de\/de\/veranstaltungen\/eroeffnung-der-akademie-der-voelker\/"},"modified":"2006-09-07T15:00:57","modified_gmt":"2006-09-07T13:00:57","slug":"eroeffnung-der-akademie-der-voelker","status":"publish","type":"dai_event","link":"https:\/\/dai-heidelberg.de\/en\/events\/eroeffnung-der-akademie-der-voelker-4451\/","title":{"rendered":"Er\u00f6ffnung der Akademie der V\u00f6lker"},"content":{"rendered":"<p>\u00bbGlobalisierung der Lebensverh\u00e4ltnisse\u00ab sagt sich leicht. Verstehen ben\u00f6tigt m\u00e4chtige Anstrengungen, ein hohes Ma? an Einf\u00fchlung. Wir leben in einer internationalen St\u00f6rung der Kommunikation. Wir haben noch nie so nah, so vernetzt zusammengelebt. Die Missverst\u00e4ndnisse unter uns, zwischen uns und unseren Freunden, zwischen V\u00f6lkern und Kulturen h\u00e4ufen sich. Es bedarf einer Grundschule<br \/>\nzur Toleranz, eines weichen Universalismus. Das soll auf dieser neuen Plattform des dai geleistet werden. Eine wahre Akademie f\u00fcr interkulturellen Dialog. Wir freuen uns sehr, mit Irene Fernandez und Wole Soyinka zwei Vorreiter des interkulturellen Dialogs f\u00fcr die Er\u00f6ffnung der Akademie gewonnen zu haben.<br \/>\nIrene Fernandez ist Direktorin der Organisation Tenaganita in Malaysia, die sich f\u00fcr die Rechte von Gastarbeiterinnen einsetzt. Daneben hat sie auch die Menschenrechtsgruppe SUARAM mitbegr\u00fcndet. 2005 erhielt sie den Alternativen Nobelpreis f\u00fcr ihren Einsatz gegen Gewalt gegen Frauen.<br \/>\nWole Soyinka ist Schriftsteller und Theaterregisseur. 1967 wurde er wegen seines Engagements gegen den Biafra-Krieg 28 Monate lang in Isolationshaft gehalten. 1986 wurde ihm als erstem Afrikaner der Nobelpreis f\u00fcr Literatur verliehen.<\/p>\n","protected":false},"excerpt":{"rendered":"<p>\u00bbGlobalisierung der Lebensverh\u00e4ltnisse\u00ab sagt sich leicht. Verstehen ben\u00f6tigt m\u00e4chtige Anstrengungen, ein hohes Ma? an Einf\u00fchlung. Wir leben in einer internationalen&nbsp;&hellip;<\/p>\n","protected":false},"featured_media":0,"template":"","meta":{"footnotes":""},"tags":[],"dai_event_category":[6],"dai_event_type":[18],"dai_event_location":[31],"class_list":["post-4451","dai_event","type-dai_event","status-publish","hentry","dai_event_category-cultural-events","dai_event_type-party","dai_event_location-dai-grosser-saal"],"better_featured_image":null,"post-meta-fields":{"dai_event_datetime":["2006-10-27 20:00:00"],"dai_event_featured":["1"],"dai_event_artist":["Festredner: Wole Soyinka & Irene Fernandez"],"dai_event_ticket_freeadmission":["1"]},"yoast_head":"<!-- This site is optimized with the Yoast SEO plugin v27.4 - https:\/\/yoast.com\/product\/yoast-seo-wordpress\/ -->\n<title>Er\u00f6ffnung der Akademie der V\u00f6lker - Deutsch-Amerikanisches Institut. Haus der Kultur.<\/title>\n<meta name=\"robots\" content=\"index, follow, max-snippet:-1, max-image-preview:large, max-video-preview:-1\" \/>\n<link rel=\"canonical\" href=\"https:\/\/dai-heidelberg.de\/en\/events\/eroeffnung-der-akademie-der-voelker-4451\/\" \/>\n<meta property=\"og:locale\" content=\"en_US\" \/>\n<meta property=\"og:type\" content=\"article\" \/>\n<meta property=\"og:title\" content=\"Er\u00f6ffnung der Akademie der V\u00f6lker - Deutsch-Amerikanisches Institut. Haus der Kultur.\" \/>\n<meta property=\"og:description\" content=\"\u00bbGlobalisierung der Lebensverh\u00e4ltnisse\u00ab sagt sich leicht. Verstehen ben\u00f6tigt m\u00e4chtige Anstrengungen, ein hohes Ma? an Einf\u00fchlung. Wir leben in einer internationalen&nbsp;&hellip;\" \/>\n<meta property=\"og:url\" content=\"https:\/\/dai-heidelberg.de\/en\/events\/eroeffnung-der-akademie-der-voelker-4451\/\" \/>\n<meta property=\"og:site_name\" content=\"DAI English\" \/>\n<script type=\"application\/ld+json\" class=\"yoast-schema-graph\">{\"@context\":\"https:\\\/\\\/schema.org\",\"@graph\":[{\"@type\":\"WebPage\",\"@id\":\"https:\\\/\\\/dai-heidelberg.de\\\/en\\\/events\\\/eroeffnung-der-akademie-der-voelker-4451\\\/\",\"url\":\"https:\\\/\\\/dai-heidelberg.de\\\/en\\\/events\\\/eroeffnung-der-akademie-der-voelker-4451\\\/\",\"name\":\"Er\u00f6ffnung der Akademie der V\u00f6lker - Deutsch-Amerikanisches Institut. Haus der Kultur.\",\"isPartOf\":{\"@id\":\"https:\\\/\\\/dai-heidelberg.de\\\/en\\\/#website\"},\"datePublished\":\"2006-09-07T13:00:57+00:00\",\"breadcrumb\":{\"@id\":\"https:\\\/\\\/dai-heidelberg.de\\\/en\\\/events\\\/eroeffnung-der-akademie-der-voelker-4451\\\/#breadcrumb\"},\"inLanguage\":\"en-US\",\"potentialAction\":[{\"@type\":\"ReadAction\",\"target\":[\"https:\\\/\\\/dai-heidelberg.de\\\/en\\\/events\\\/eroeffnung-der-akademie-der-voelker-4451\\\/\"]}]},{\"@type\":\"BreadcrumbList\",\"@id\":\"https:\\\/\\\/dai-heidelberg.de\\\/en\\\/events\\\/eroeffnung-der-akademie-der-voelker-4451\\\/#breadcrumb\",\"itemListElement\":[{\"@type\":\"ListItem\",\"position\":1,\"name\":\"Home\",\"item\":\"https:\\\/\\\/dai-heidelberg.de\\\/en\\\/\"},{\"@type\":\"ListItem\",\"position\":2,\"name\":\"Events\",\"item\":\"https:\\\/\\\/dai-heidelberg.de\\\/en\\\/events\\\/\"},{\"@type\":\"ListItem\",\"position\":3,\"name\":\"Er\u00f6ffnung der Akademie der V\u00f6lker\"}]},{\"@type\":\"WebSite\",\"@id\":\"https:\\\/\\\/dai-heidelberg.de\\\/en\\\/#website\",\"url\":\"https:\\\/\\\/dai-heidelberg.de\\\/en\\\/\",\"name\":\"DAI English\",\"description\":\"Deutsch-Amerikanisches Institut. Haus der Kultur.\",\"potentialAction\":[{\"@type\":\"SearchAction\",\"target\":{\"@type\":\"EntryPoint\",\"urlTemplate\":\"https:\\\/\\\/dai-heidelberg.de\\\/en\\\/?s={search_term_string}\"},\"query-input\":{\"@type\":\"PropertyValueSpecification\",\"valueRequired\":true,\"valueName\":\"search_term_string\"}}],\"inLanguage\":\"en-US\"}]}<\/script>\n<!-- \/ Yoast SEO plugin. -->","yoast_head_json":{"title":"Er\u00f6ffnung der Akademie der V\u00f6lker - Deutsch-Amerikanisches Institut. Haus der Kultur.","robots":{"index":"index","follow":"follow","max-snippet":"max-snippet:-1","max-image-preview":"max-image-preview:large","max-video-preview":"max-video-preview:-1"},"canonical":"https:\/\/dai-heidelberg.de\/en\/events\/eroeffnung-der-akademie-der-voelker-4451\/","og_locale":"en_US","og_type":"article","og_title":"Er\u00f6ffnung der Akademie der V\u00f6lker - Deutsch-Amerikanisches Institut. Haus der Kultur.","og_description":"\u00bbGlobalisierung der Lebensverh\u00e4ltnisse\u00ab sagt sich leicht. Verstehen ben\u00f6tigt m\u00e4chtige Anstrengungen, ein hohes Ma? an Einf\u00fchlung. Wir leben in einer internationalen&nbsp;&hellip;","og_url":"https:\/\/dai-heidelberg.de\/en\/events\/eroeffnung-der-akademie-der-voelker-4451\/","og_site_name":"DAI English","schema":{"@context":"https:\/\/schema.org","@graph":[{"@type":"WebPage","@id":"https:\/\/dai-heidelberg.de\/en\/events\/eroeffnung-der-akademie-der-voelker-4451\/","url":"https:\/\/dai-heidelberg.de\/en\/events\/eroeffnung-der-akademie-der-voelker-4451\/","name":"Er\u00f6ffnung der Akademie der V\u00f6lker - Deutsch-Amerikanisches Institut. Haus der Kultur.","isPartOf":{"@id":"https:\/\/dai-heidelberg.de\/en\/#website"},"datePublished":"2006-09-07T13:00:57+00:00","breadcrumb":{"@id":"https:\/\/dai-heidelberg.de\/en\/events\/eroeffnung-der-akademie-der-voelker-4451\/#breadcrumb"},"inLanguage":"en-US","potentialAction":[{"@type":"ReadAction","target":["https:\/\/dai-heidelberg.de\/en\/events\/eroeffnung-der-akademie-der-voelker-4451\/"]}]},{"@type":"BreadcrumbList","@id":"https:\/\/dai-heidelberg.de\/en\/events\/eroeffnung-der-akademie-der-voelker-4451\/#breadcrumb","itemListElement":[{"@type":"ListItem","position":1,"name":"Home","item":"https:\/\/dai-heidelberg.de\/en\/"},{"@type":"ListItem","position":2,"name":"Events","item":"https:\/\/dai-heidelberg.de\/en\/events\/"},{"@type":"ListItem","position":3,"name":"Er\u00f6ffnung der Akademie der V\u00f6lker"}]},{"@type":"WebSite","@id":"https:\/\/dai-heidelberg.de\/en\/#website","url":"https:\/\/dai-heidelberg.de\/en\/","name":"DAI English","description":"Deutsch-Amerikanisches Institut. Haus der Kultur.","potentialAction":[{"@type":"SearchAction","target":{"@type":"EntryPoint","urlTemplate":"https:\/\/dai-heidelberg.de\/en\/?s={search_term_string}"},"query-input":{"@type":"PropertyValueSpecification","valueRequired":true,"valueName":"search_term_string"}}],"inLanguage":"en-US"}]}},"_links":{"self":[{"href":"https:\/\/dai-heidelberg.de\/en\/wp-json\/wp\/v2\/dai_event\/4451","targetHints":{"allow":["GET"]}}],"collection":[{"href":"https:\/\/dai-heidelberg.de\/en\/wp-json\/wp\/v2\/dai_event"}],"about":[{"href":"https:\/\/dai-heidelberg.de\/en\/wp-json\/wp\/v2\/types\/dai_event"}],"version-history":[{"count":0,"href":"https:\/\/dai-heidelberg.de\/en\/wp-json\/wp\/v2\/dai_event\/4451\/revisions"}],"wp:attachment":[{"href":"https:\/\/dai-heidelberg.de\/en\/wp-json\/wp\/v2\/media?parent=4451"}],"wp:term":[{"taxonomy":"post_tag","embeddable":true,"href":"https:\/\/dai-heidelberg.de\/en\/wp-json\/wp\/v2\/tags?post=4451"},{"taxonomy":"dai_event_category","embeddable":true,"href":"https:\/\/dai-heidelberg.de\/en\/wp-json\/wp\/v2\/dai_event_category?post=4451"},{"taxonomy":"dai_event_type","embeddable":true,"href":"https:\/\/dai-heidelberg.de\/en\/wp-json\/wp\/v2\/dai_event_type?post=4451"},{"taxonomy":"dai_event_location","embeddable":true,"href":"https:\/\/dai-heidelberg.de\/en\/wp-json\/wp\/v2\/dai_event_location?post=4451"}],"curies":[{"name":"wp","href":"https:\/\/api.w.org\/{rel}","templated":true}]}}