{"id":4426,"date":"2006-09-15T11:15:18","date_gmt":"2006-09-15T09:15:18","guid":{"rendered":"http:\/\/dai-heidelberg.de\/de\/veranstaltungen\/am-rand-der-welt\/"},"modified":"2006-09-15T11:15:18","modified_gmt":"2006-09-15T09:15:18","slug":"am-rand-der-welt","status":"publish","type":"dai_event","link":"https:\/\/dai-heidelberg.de\/en\/events\/am-rand-der-welt-4426\/","title":{"rendered":"Am Rand der Welt"},"content":{"rendered":"<p>Eine H\u00fctte in den verschneiten W\u00e4ldern Amerikas, ein Ofen, eine Pfeife, ein Magazin mit seiner Lieblingsgeschichte &#8211; das ist das Inventar von Jacks Existenz. Bis er eines Nachts einen nackten, blutig gepr\u00fcgelten Mann findet. Dick, der bald wieder auf die Beine kommt, erweist sich als unangenehmer<br \/>\nZeitgenosse. Ein karges Gespr\u00e4ch entwickelt sich. Es geht um Frauen, um Freunde, um einen m\u00f6glichen Job f\u00fcr Jack, um das Scheitern. Dick will zur\u00fcck in die Stadt, widerstrebend willigt Jack ein, ihm den Weg zu zeigen. Sie brechen auf &#8211; es wird ein Aufbruch ins Ungewisse, ein Marsch in die Ersch\u00f6pfung. Fast scheint es, als sei Jack seinem Todesengel begegnet.<br \/>\nEine vielschichtige Erz\u00e4hlung. Einsamkeit und Zivilisation, Wille zur Macht und Selbstbeschr\u00e4nkung, Herr und Knecht &#8211; Raymond Kennedys Text enth\u00e4lt all dies. Und ist doch mehr: ein literarischer Entwurf, der den Vergleich mit den gro?en Autoren der Moderne herausfordert.<br \/>\nRaymond Kennedy, geboren 1934, lebt als Literaturprofessor<br \/>\nund Schriftsteller in New York.<br \/>\n\u00bbKennedy ist ein Meistererz\u00e4hler &#8230; Die Vision dieses Autors hat zu tun mit echter Weisheit des Herzens.\u00ab &#8211; Raymond Carver<\/p>\n","protected":false},"excerpt":{"rendered":"<p>Eine H\u00fctte in den verschneiten W\u00e4ldern Amerikas, ein Ofen, eine Pfeife, ein Magazin mit seiner Lieblingsgeschichte &#8211; das ist das&nbsp;&hellip;<\/p>\n","protected":false},"featured_media":0,"template":"","meta":{"footnotes":""},"tags":[],"dai_event_category":[6],"dai_event_type":[],"dai_event_location":[31],"class_list":["post-4426","dai_event","type-dai_event","status-publish","hentry","dai_event_category-cultural-events","dai_event_location-dai-grosser-saal"],"better_featured_image":null,"post-meta-fields":{"dai_event_datetime":["2006-11-07 20:00:00"],"dai_event_featured":["1"],"dai_event_artist":["Raymond Kennedy"]},"yoast_head":"<!-- This site is optimized with the Yoast SEO plugin v27.4 - https:\/\/yoast.com\/product\/yoast-seo-wordpress\/ -->\n<title>Am Rand der Welt - Deutsch-Amerikanisches Institut. Haus der Kultur.<\/title>\n<meta name=\"robots\" content=\"index, follow, max-snippet:-1, max-image-preview:large, max-video-preview:-1\" \/>\n<link rel=\"canonical\" href=\"https:\/\/dai-heidelberg.de\/en\/events\/am-rand-der-welt-4426\/\" \/>\n<meta property=\"og:locale\" content=\"en_US\" \/>\n<meta property=\"og:type\" content=\"article\" \/>\n<meta property=\"og:title\" content=\"Am Rand der Welt - Deutsch-Amerikanisches Institut. Haus der Kultur.\" \/>\n<meta property=\"og:description\" content=\"Eine H\u00fctte in den verschneiten W\u00e4ldern Amerikas, ein Ofen, eine Pfeife, ein Magazin mit seiner Lieblingsgeschichte &#8211; das ist das&nbsp;&hellip;\" \/>\n<meta property=\"og:url\" content=\"https:\/\/dai-heidelberg.de\/en\/events\/am-rand-der-welt-4426\/\" \/>\n<meta property=\"og:site_name\" content=\"DAI English\" \/>\n<script type=\"application\/ld+json\" class=\"yoast-schema-graph\">{\"@context\":\"https:\\\/\\\/schema.org\",\"@graph\":[{\"@type\":\"WebPage\",\"@id\":\"https:\\\/\\\/dai-heidelberg.de\\\/en\\\/events\\\/am-rand-der-welt-4426\\\/\",\"url\":\"https:\\\/\\\/dai-heidelberg.de\\\/en\\\/events\\\/am-rand-der-welt-4426\\\/\",\"name\":\"Am Rand der Welt - Deutsch-Amerikanisches Institut. Haus der Kultur.\",\"isPartOf\":{\"@id\":\"https:\\\/\\\/dai-heidelberg.de\\\/en\\\/#website\"},\"datePublished\":\"2006-09-15T09:15:18+00:00\",\"breadcrumb\":{\"@id\":\"https:\\\/\\\/dai-heidelberg.de\\\/en\\\/events\\\/am-rand-der-welt-4426\\\/#breadcrumb\"},\"inLanguage\":\"en-US\",\"potentialAction\":[{\"@type\":\"ReadAction\",\"target\":[\"https:\\\/\\\/dai-heidelberg.de\\\/en\\\/events\\\/am-rand-der-welt-4426\\\/\"]}]},{\"@type\":\"BreadcrumbList\",\"@id\":\"https:\\\/\\\/dai-heidelberg.de\\\/en\\\/events\\\/am-rand-der-welt-4426\\\/#breadcrumb\",\"itemListElement\":[{\"@type\":\"ListItem\",\"position\":1,\"name\":\"Home\",\"item\":\"https:\\\/\\\/dai-heidelberg.de\\\/en\\\/\"},{\"@type\":\"ListItem\",\"position\":2,\"name\":\"Events\",\"item\":\"https:\\\/\\\/dai-heidelberg.de\\\/en\\\/events\\\/\"},{\"@type\":\"ListItem\",\"position\":3,\"name\":\"Am Rand der Welt\"}]},{\"@type\":\"WebSite\",\"@id\":\"https:\\\/\\\/dai-heidelberg.de\\\/en\\\/#website\",\"url\":\"https:\\\/\\\/dai-heidelberg.de\\\/en\\\/\",\"name\":\"DAI English\",\"description\":\"Deutsch-Amerikanisches Institut. Haus der Kultur.\",\"potentialAction\":[{\"@type\":\"SearchAction\",\"target\":{\"@type\":\"EntryPoint\",\"urlTemplate\":\"https:\\\/\\\/dai-heidelberg.de\\\/en\\\/?s={search_term_string}\"},\"query-input\":{\"@type\":\"PropertyValueSpecification\",\"valueRequired\":true,\"valueName\":\"search_term_string\"}}],\"inLanguage\":\"en-US\"}]}<\/script>\n<!-- \/ Yoast SEO plugin. -->","yoast_head_json":{"title":"Am Rand der Welt - Deutsch-Amerikanisches Institut. Haus der Kultur.","robots":{"index":"index","follow":"follow","max-snippet":"max-snippet:-1","max-image-preview":"max-image-preview:large","max-video-preview":"max-video-preview:-1"},"canonical":"https:\/\/dai-heidelberg.de\/en\/events\/am-rand-der-welt-4426\/","og_locale":"en_US","og_type":"article","og_title":"Am Rand der Welt - Deutsch-Amerikanisches Institut. Haus der Kultur.","og_description":"Eine H\u00fctte in den verschneiten W\u00e4ldern Amerikas, ein Ofen, eine Pfeife, ein Magazin mit seiner Lieblingsgeschichte &#8211; das ist das&nbsp;&hellip;","og_url":"https:\/\/dai-heidelberg.de\/en\/events\/am-rand-der-welt-4426\/","og_site_name":"DAI English","schema":{"@context":"https:\/\/schema.org","@graph":[{"@type":"WebPage","@id":"https:\/\/dai-heidelberg.de\/en\/events\/am-rand-der-welt-4426\/","url":"https:\/\/dai-heidelberg.de\/en\/events\/am-rand-der-welt-4426\/","name":"Am Rand der Welt - Deutsch-Amerikanisches Institut. Haus der Kultur.","isPartOf":{"@id":"https:\/\/dai-heidelberg.de\/en\/#website"},"datePublished":"2006-09-15T09:15:18+00:00","breadcrumb":{"@id":"https:\/\/dai-heidelberg.de\/en\/events\/am-rand-der-welt-4426\/#breadcrumb"},"inLanguage":"en-US","potentialAction":[{"@type":"ReadAction","target":["https:\/\/dai-heidelberg.de\/en\/events\/am-rand-der-welt-4426\/"]}]},{"@type":"BreadcrumbList","@id":"https:\/\/dai-heidelberg.de\/en\/events\/am-rand-der-welt-4426\/#breadcrumb","itemListElement":[{"@type":"ListItem","position":1,"name":"Home","item":"https:\/\/dai-heidelberg.de\/en\/"},{"@type":"ListItem","position":2,"name":"Events","item":"https:\/\/dai-heidelberg.de\/en\/events\/"},{"@type":"ListItem","position":3,"name":"Am Rand der Welt"}]},{"@type":"WebSite","@id":"https:\/\/dai-heidelberg.de\/en\/#website","url":"https:\/\/dai-heidelberg.de\/en\/","name":"DAI English","description":"Deutsch-Amerikanisches Institut. Haus der Kultur.","potentialAction":[{"@type":"SearchAction","target":{"@type":"EntryPoint","urlTemplate":"https:\/\/dai-heidelberg.de\/en\/?s={search_term_string}"},"query-input":{"@type":"PropertyValueSpecification","valueRequired":true,"valueName":"search_term_string"}}],"inLanguage":"en-US"}]}},"_links":{"self":[{"href":"https:\/\/dai-heidelberg.de\/en\/wp-json\/wp\/v2\/dai_event\/4426","targetHints":{"allow":["GET"]}}],"collection":[{"href":"https:\/\/dai-heidelberg.de\/en\/wp-json\/wp\/v2\/dai_event"}],"about":[{"href":"https:\/\/dai-heidelberg.de\/en\/wp-json\/wp\/v2\/types\/dai_event"}],"version-history":[{"count":0,"href":"https:\/\/dai-heidelberg.de\/en\/wp-json\/wp\/v2\/dai_event\/4426\/revisions"}],"wp:attachment":[{"href":"https:\/\/dai-heidelberg.de\/en\/wp-json\/wp\/v2\/media?parent=4426"}],"wp:term":[{"taxonomy":"post_tag","embeddable":true,"href":"https:\/\/dai-heidelberg.de\/en\/wp-json\/wp\/v2\/tags?post=4426"},{"taxonomy":"dai_event_category","embeddable":true,"href":"https:\/\/dai-heidelberg.de\/en\/wp-json\/wp\/v2\/dai_event_category?post=4426"},{"taxonomy":"dai_event_type","embeddable":true,"href":"https:\/\/dai-heidelberg.de\/en\/wp-json\/wp\/v2\/dai_event_type?post=4426"},{"taxonomy":"dai_event_location","embeddable":true,"href":"https:\/\/dai-heidelberg.de\/en\/wp-json\/wp\/v2\/dai_event_location?post=4426"}],"curies":[{"name":"wp","href":"https:\/\/api.w.org\/{rel}","templated":true}]}}