{"id":21501,"date":"2019-08-28T12:53:39","date_gmt":"2019-08-28T10:53:39","guid":{"rendered":"https:\/\/dai-heidelberg.de\/en\/veranstaltungen\/tag-der-bibliotheken-2-21501\/"},"modified":"2019-10-22T17:42:59","modified_gmt":"2019-10-22T15:42:59","slug":"tag-der-bibliotheken-2","status":"publish","type":"dai_event","link":"https:\/\/dai-heidelberg.de\/en\/events\/tag-der-bibliotheken-2-21501\/","title":{"rendered":"Tag der Bibliotheken"},"content":{"rendered":"<p>Seit \u00fcber 20 Jahren wird am 24. Oktober deutschlandweit der &#8220;Tag der Bibliotheken&#8221; gefeiert. Heute zeigt sich auch die \u00f6ffentliche englischsprachige Bibliothek des DAI in all ihrer Vielfalt!<\/p>\n<p>Was alles geboten wird:<\/p>\n<ul>\n<li><strong>Book Fair<\/strong> \u2013 englischsprachige B\u00fccher f\u00fcr Kinder und Jugendliche<\/li>\n<li><strong>Ausstellungen<\/strong> zu &#8220;Young Explorers \u2013 Miss Natia&#8217;s Nerdy Science Club&#8221; und anderen Themen<\/li>\n<li><strong>Kunstworkshops<\/strong> mit Illustratorin Terri-Lynn Papagiannis und Kindergarten-Kunstlehrer Mister Mark<\/li>\n<li><strong>Story Time<\/strong> \u2013 englischsprachige Vorlesestunde mit Musik und Bastelprojekten<\/li>\n<li><strong>Zaubern<\/strong> mit Magic Houshang<\/li>\n<\/ul>\n<p>Au\u00dferdem:<br \/>\nSnacks und Getr\u00e4nke<\/p>\n<p>Kommen Sie mit Ihren Kindern vorbei und machen Sie mit, wir freuen uns auf Sie!<\/p>\n<p>&nbsp;<\/p>\n<p><strong>N\u00e4chster Aktionstag f\u00fcr Gro\u00df und Klein:<\/strong><br \/>\nInsects Day &#8211; Samstag, 23. November 2019, ab 12:00 Uhr<br \/>\nMehr Informationen in K\u00fcrze<\/p>\n<p>&nbsp;<\/p>\n","protected":false},"excerpt":{"rendered":"<p>Seit \u00fcber 20 Jahren wird am 24. Oktober deutschlandweit der &#8220;Tag der Bibliotheken&#8221; gefeiert. Heute zeigt sich auch die \u00f6ffentliche&nbsp;&hellip;<\/p>\n","protected":false},"featured_media":21502,"template":"","meta":{"footnotes":""},"tags":[],"dai_event_category":[],"dai_event_type":[],"dai_event_location":[],"class_list":["post-21501","dai_event","type-dai_event","status-publish","has-post-thumbnail","hentry"],"better_featured_image":{"id":21502,"alt_text":"","caption":"","description":"","media_type":"image","media_details":{"width":2560,"height":1707,"file":"2019\/08\/201809IMG_0023_klein-scaled.jpg","sizes":{"medium":{"file":"201809IMG_0023_klein-300x200.jpg","width":300,"height":200,"mime-type":"image\/jpeg","source_url":"https:\/\/dai-heidelberg.de\/en\/wp-content\/uploads\/sites\/5\/2019\/08\/201809IMG_0023_klein-300x200.jpg"},"large":{"file":"201809IMG_0023_klein-1024x683.jpg","width":1024,"height":683,"mime-type":"image\/jpeg","source_url":"https:\/\/dai-heidelberg.de\/en\/wp-content\/uploads\/sites\/5\/2019\/08\/201809IMG_0023_klein-1024x683.jpg"},"thumbnail":{"file":"201809IMG_0023_klein-150x150.jpg","width":150,"height":150,"mime-type":"image\/jpeg","source_url":"https:\/\/dai-heidelberg.de\/en\/wp-content\/uploads\/sites\/5\/2019\/08\/201809IMG_0023_klein-150x150.jpg"},"medium_large":{"file":"201809IMG_0023_klein-768x512.jpg","width":768,"height":512,"mime-type":"image\/jpeg","source_url":"https:\/\/dai-heidelberg.de\/en\/wp-content\/uploads\/sites\/5\/2019\/08\/201809IMG_0023_klein-768x512.jpg"},"1536x1536":{"file":"201809IMG_0023_klein-1536x1024.jpg","width":1536,"height":1024,"mime-type":"image\/jpeg","source_url":"https:\/\/dai-heidelberg.de\/en\/wp-content\/uploads\/sites\/5\/2019\/08\/201809IMG_0023_klein-1536x1024.jpg"},"2048x2048":{"file":"201809IMG_0023_klein-2048x1365.jpg","width":2048,"height":1365,"mime-type":"image\/jpeg","source_url":"https:\/\/dai-heidelberg.de\/en\/wp-content\/uploads\/sites\/5\/2019\/08\/201809IMG_0023_klein-2048x1365.jpg"},"post-thumbnail":{"file":"201809IMG_0023_klein-1024x683.jpg","width":1024,"height":683,"mime-type":"image\/jpeg","source_url":"https:\/\/dai-heidelberg.de\/en\/wp-content\/uploads\/sites\/5\/2019\/08\/201809IMG_0023_klein-1024x683.jpg"},"dai-singular":{"file":"201809IMG_0023_klein-820x547.jpg","width":820,"height":547,"mime-type":"image\/jpeg","source_url":"https:\/\/dai-heidelberg.de\/en\/wp-content\/uploads\/sites\/5\/2019\/08\/201809IMG_0023_klein-820x547.jpg"},"dai-list":{"file":"201809IMG_0023_klein-140x140.jpg","width":140,"height":140,"mime-type":"image\/jpeg","source_url":"https:\/\/dai-heidelberg.de\/en\/wp-content\/uploads\/sites\/5\/2019\/08\/201809IMG_0023_klein-140x140.jpg"},"dai-selector":{"file":"201809IMG_0023_klein-240x170.jpg","width":240,"height":170,"mime-type":"image\/jpeg","source_url":"https:\/\/dai-heidelberg.de\/en\/wp-content\/uploads\/sites\/5\/2019\/08\/201809IMG_0023_klein-240x170.jpg"},"dai-hof":{"file":"201809IMG_0023_klein-240x192.jpg","width":240,"height":192,"mime-type":"image\/jpeg","source_url":"https:\/\/dai-heidelberg.de\/en\/wp-content\/uploads\/sites\/5\/2019\/08\/201809IMG_0023_klein-240x192.jpg"},"dai-singular_old_705x470":{"file":"201809IMG_0023_klein-705x470.jpg","width":705,"height":470,"mime-type":"image\/jpeg","source_url":"https:\/\/dai-heidelberg.de\/en\/wp-content\/uploads\/sites\/5\/2019\/08\/201809IMG_0023_klein-705x470.jpg"}},"image_meta":{"aperture":"3.5","credit":"","camera":"Canon EOS M6","caption":"","created_timestamp":"1565271392","copyright":"","focal_length":"15","iso":"400","shutter_speed":"0.016666666666667","title":"","orientation":"1","keywords":[]},"original_image":"201809IMG_0023_klein.jpg"},"post":21501,"source_url":"https:\/\/dai-heidelberg.de\/en\/wp-content\/uploads\/sites\/5\/2019\/08\/201809IMG_0023_klein-scaled.jpg"},"post-meta-fields":{"dai_event_featured":["0"],"dai_event_ticket_freeadmission":["1"],"dai_event_datetime":["2019-10-24 10:00"],"dai_event_subtext":[""],"dai_event_artist":[""],"_thumbnail_id":["21502"],"_trash_the_other_posts":["0"]},"yoast_head":"<!-- This site is optimized with the Yoast SEO plugin v27.4 - https:\/\/yoast.com\/product\/yoast-seo-wordpress\/ -->\n<title>Tag der Bibliotheken - Deutsch-Amerikanisches Institut. Haus der Kultur.<\/title>\n<meta name=\"robots\" content=\"index, follow, max-snippet:-1, max-image-preview:large, max-video-preview:-1\" \/>\n<link rel=\"canonical\" href=\"https:\/\/dai-heidelberg.de\/en\/events\/tag-der-bibliotheken-2-21501\/\" \/>\n<meta property=\"og:locale\" content=\"en_US\" \/>\n<meta property=\"og:type\" content=\"article\" \/>\n<meta property=\"og:title\" content=\"Tag der Bibliotheken - Deutsch-Amerikanisches Institut. Haus der Kultur.\" \/>\n<meta property=\"og:description\" content=\"Seit \u00fcber 20 Jahren wird am 24. Oktober deutschlandweit der &#8220;Tag der Bibliotheken&#8221; gefeiert. Heute zeigt sich auch die \u00f6ffentliche&nbsp;&hellip;\" \/>\n<meta property=\"og:url\" content=\"https:\/\/dai-heidelberg.de\/en\/events\/tag-der-bibliotheken-2-21501\/\" \/>\n<meta property=\"og:site_name\" content=\"DAI English\" \/>\n<meta property=\"article:modified_time\" content=\"2019-10-22T15:42:59+00:00\" \/>\n<meta property=\"og:image\" content=\"https:\/\/dai-heidelberg.de\/en\/wp-content\/uploads\/sites\/5\/2019\/08\/201809IMG_0023_klein-scaled.jpg\" \/>\n\t<meta property=\"og:image:width\" content=\"2560\" \/>\n\t<meta property=\"og:image:height\" content=\"1707\" \/>\n\t<meta property=\"og:image:type\" content=\"image\/jpeg\" \/>\n<script type=\"application\/ld+json\" class=\"yoast-schema-graph\">{\"@context\":\"https:\\\/\\\/schema.org\",\"@graph\":[{\"@type\":\"WebPage\",\"@id\":\"https:\\\/\\\/dai-heidelberg.de\\\/en\\\/events\\\/tag-der-bibliotheken-2-21501\\\/\",\"url\":\"https:\\\/\\\/dai-heidelberg.de\\\/en\\\/events\\\/tag-der-bibliotheken-2-21501\\\/\",\"name\":\"Tag der Bibliotheken - Deutsch-Amerikanisches Institut. Haus der Kultur.\",\"isPartOf\":{\"@id\":\"https:\\\/\\\/dai-heidelberg.de\\\/en\\\/#website\"},\"primaryImageOfPage\":{\"@id\":\"https:\\\/\\\/dai-heidelberg.de\\\/en\\\/events\\\/tag-der-bibliotheken-2-21501\\\/#primaryimage\"},\"image\":{\"@id\":\"https:\\\/\\\/dai-heidelberg.de\\\/en\\\/events\\\/tag-der-bibliotheken-2-21501\\\/#primaryimage\"},\"thumbnailUrl\":\"https:\\\/\\\/dai-heidelberg.de\\\/en\\\/wp-content\\\/uploads\\\/sites\\\/5\\\/2019\\\/08\\\/201809IMG_0023_klein-scaled.jpg\",\"datePublished\":\"2019-08-28T10:53:39+00:00\",\"dateModified\":\"2019-10-22T15:42:59+00:00\",\"breadcrumb\":{\"@id\":\"https:\\\/\\\/dai-heidelberg.de\\\/en\\\/events\\\/tag-der-bibliotheken-2-21501\\\/#breadcrumb\"},\"inLanguage\":\"en-US\",\"potentialAction\":[{\"@type\":\"ReadAction\",\"target\":[\"https:\\\/\\\/dai-heidelberg.de\\\/en\\\/events\\\/tag-der-bibliotheken-2-21501\\\/\"]}]},{\"@type\":\"ImageObject\",\"inLanguage\":\"en-US\",\"@id\":\"https:\\\/\\\/dai-heidelberg.de\\\/en\\\/events\\\/tag-der-bibliotheken-2-21501\\\/#primaryimage\",\"url\":\"https:\\\/\\\/dai-heidelberg.de\\\/en\\\/wp-content\\\/uploads\\\/sites\\\/5\\\/2019\\\/08\\\/201809IMG_0023_klein-scaled.jpg\",\"contentUrl\":\"https:\\\/\\\/dai-heidelberg.de\\\/en\\\/wp-content\\\/uploads\\\/sites\\\/5\\\/2019\\\/08\\\/201809IMG_0023_klein-scaled.jpg\",\"width\":2560,\"height\":1707},{\"@type\":\"BreadcrumbList\",\"@id\":\"https:\\\/\\\/dai-heidelberg.de\\\/en\\\/events\\\/tag-der-bibliotheken-2-21501\\\/#breadcrumb\",\"itemListElement\":[{\"@type\":\"ListItem\",\"position\":1,\"name\":\"Home\",\"item\":\"https:\\\/\\\/dai-heidelberg.de\\\/en\\\/\"},{\"@type\":\"ListItem\",\"position\":2,\"name\":\"Events\",\"item\":\"https:\\\/\\\/dai-heidelberg.de\\\/en\\\/events\\\/\"},{\"@type\":\"ListItem\",\"position\":3,\"name\":\"Tag der Bibliotheken\"}]},{\"@type\":\"WebSite\",\"@id\":\"https:\\\/\\\/dai-heidelberg.de\\\/en\\\/#website\",\"url\":\"https:\\\/\\\/dai-heidelberg.de\\\/en\\\/\",\"name\":\"DAI English\",\"description\":\"Deutsch-Amerikanisches Institut. Haus der Kultur.\",\"potentialAction\":[{\"@type\":\"SearchAction\",\"target\":{\"@type\":\"EntryPoint\",\"urlTemplate\":\"https:\\\/\\\/dai-heidelberg.de\\\/en\\\/?s={search_term_string}\"},\"query-input\":{\"@type\":\"PropertyValueSpecification\",\"valueRequired\":true,\"valueName\":\"search_term_string\"}}],\"inLanguage\":\"en-US\"}]}<\/script>\n<!-- \/ Yoast SEO plugin. -->","yoast_head_json":{"title":"Tag der Bibliotheken - Deutsch-Amerikanisches Institut. Haus der Kultur.","robots":{"index":"index","follow":"follow","max-snippet":"max-snippet:-1","max-image-preview":"max-image-preview:large","max-video-preview":"max-video-preview:-1"},"canonical":"https:\/\/dai-heidelberg.de\/en\/events\/tag-der-bibliotheken-2-21501\/","og_locale":"en_US","og_type":"article","og_title":"Tag der Bibliotheken - Deutsch-Amerikanisches Institut. Haus der Kultur.","og_description":"Seit \u00fcber 20 Jahren wird am 24. Oktober deutschlandweit der &#8220;Tag der Bibliotheken&#8221; gefeiert. Heute zeigt sich auch die \u00f6ffentliche&nbsp;&hellip;","og_url":"https:\/\/dai-heidelberg.de\/en\/events\/tag-der-bibliotheken-2-21501\/","og_site_name":"DAI English","article_modified_time":"2019-10-22T15:42:59+00:00","og_image":[{"width":2560,"height":1707,"url":"https:\/\/dai-heidelberg.de\/en\/wp-content\/uploads\/sites\/5\/2019\/08\/201809IMG_0023_klein-scaled.jpg","type":"image\/jpeg"}],"schema":{"@context":"https:\/\/schema.org","@graph":[{"@type":"WebPage","@id":"https:\/\/dai-heidelberg.de\/en\/events\/tag-der-bibliotheken-2-21501\/","url":"https:\/\/dai-heidelberg.de\/en\/events\/tag-der-bibliotheken-2-21501\/","name":"Tag der Bibliotheken - Deutsch-Amerikanisches Institut. Haus der Kultur.","isPartOf":{"@id":"https:\/\/dai-heidelberg.de\/en\/#website"},"primaryImageOfPage":{"@id":"https:\/\/dai-heidelberg.de\/en\/events\/tag-der-bibliotheken-2-21501\/#primaryimage"},"image":{"@id":"https:\/\/dai-heidelberg.de\/en\/events\/tag-der-bibliotheken-2-21501\/#primaryimage"},"thumbnailUrl":"https:\/\/dai-heidelberg.de\/en\/wp-content\/uploads\/sites\/5\/2019\/08\/201809IMG_0023_klein-scaled.jpg","datePublished":"2019-08-28T10:53:39+00:00","dateModified":"2019-10-22T15:42:59+00:00","breadcrumb":{"@id":"https:\/\/dai-heidelberg.de\/en\/events\/tag-der-bibliotheken-2-21501\/#breadcrumb"},"inLanguage":"en-US","potentialAction":[{"@type":"ReadAction","target":["https:\/\/dai-heidelberg.de\/en\/events\/tag-der-bibliotheken-2-21501\/"]}]},{"@type":"ImageObject","inLanguage":"en-US","@id":"https:\/\/dai-heidelberg.de\/en\/events\/tag-der-bibliotheken-2-21501\/#primaryimage","url":"https:\/\/dai-heidelberg.de\/en\/wp-content\/uploads\/sites\/5\/2019\/08\/201809IMG_0023_klein-scaled.jpg","contentUrl":"https:\/\/dai-heidelberg.de\/en\/wp-content\/uploads\/sites\/5\/2019\/08\/201809IMG_0023_klein-scaled.jpg","width":2560,"height":1707},{"@type":"BreadcrumbList","@id":"https:\/\/dai-heidelberg.de\/en\/events\/tag-der-bibliotheken-2-21501\/#breadcrumb","itemListElement":[{"@type":"ListItem","position":1,"name":"Home","item":"https:\/\/dai-heidelberg.de\/en\/"},{"@type":"ListItem","position":2,"name":"Events","item":"https:\/\/dai-heidelberg.de\/en\/events\/"},{"@type":"ListItem","position":3,"name":"Tag der Bibliotheken"}]},{"@type":"WebSite","@id":"https:\/\/dai-heidelberg.de\/en\/#website","url":"https:\/\/dai-heidelberg.de\/en\/","name":"DAI English","description":"Deutsch-Amerikanisches Institut. Haus der Kultur.","potentialAction":[{"@type":"SearchAction","target":{"@type":"EntryPoint","urlTemplate":"https:\/\/dai-heidelberg.de\/en\/?s={search_term_string}"},"query-input":{"@type":"PropertyValueSpecification","valueRequired":true,"valueName":"search_term_string"}}],"inLanguage":"en-US"}]}},"_links":{"self":[{"href":"https:\/\/dai-heidelberg.de\/en\/wp-json\/wp\/v2\/dai_event\/21501","targetHints":{"allow":["GET"]}}],"collection":[{"href":"https:\/\/dai-heidelberg.de\/en\/wp-json\/wp\/v2\/dai_event"}],"about":[{"href":"https:\/\/dai-heidelberg.de\/en\/wp-json\/wp\/v2\/types\/dai_event"}],"version-history":[{"count":1,"href":"https:\/\/dai-heidelberg.de\/en\/wp-json\/wp\/v2\/dai_event\/21501\/revisions"}],"predecessor-version":[{"id":21609,"href":"https:\/\/dai-heidelberg.de\/en\/wp-json\/wp\/v2\/dai_event\/21501\/revisions\/21609"}],"wp:featuredmedia":[{"embeddable":true,"href":"https:\/\/dai-heidelberg.de\/en\/wp-json\/wp\/v2\/media\/21502"}],"wp:attachment":[{"href":"https:\/\/dai-heidelberg.de\/en\/wp-json\/wp\/v2\/media?parent=21501"}],"wp:term":[{"taxonomy":"post_tag","embeddable":true,"href":"https:\/\/dai-heidelberg.de\/en\/wp-json\/wp\/v2\/tags?post=21501"},{"taxonomy":"dai_event_category","embeddable":true,"href":"https:\/\/dai-heidelberg.de\/en\/wp-json\/wp\/v2\/dai_event_category?post=21501"},{"taxonomy":"dai_event_type","embeddable":true,"href":"https:\/\/dai-heidelberg.de\/en\/wp-json\/wp\/v2\/dai_event_type?post=21501"},{"taxonomy":"dai_event_location","embeddable":true,"href":"https:\/\/dai-heidelberg.de\/en\/wp-json\/wp\/v2\/dai_event_location?post=21501"}],"curies":[{"name":"wp","href":"https:\/\/api.w.org\/{rel}","templated":true}]}}