{"id":35523,"date":"2020-04-03T17:26:42","date_gmt":"2020-04-03T15:26:42","guid":{"rendered":"https:\/\/dai-heidelberg.de\/de\/?page_id=35523"},"modified":"2023-07-03T16:19:15","modified_gmt":"2023-07-03T14:19:15","slug":"liz-das-plaedoyer-fuer-literatur","status":"publish","type":"page","link":"https:\/\/dai-heidelberg.de\/de\/liz-das-plaedoyer-fuer-literatur\/","title":{"rendered":"LiZ \u2013 Das Pl\u00e4doyer f\u00fcr Literatur"},"content":{"rendered":"<h2>Das Neue sehen<\/h2>\n<h3>Schriftsteller*innen schreiben dem DAI<\/h3>\n<p>Beweglich und beherzt zu bleiben ist in dieser Zeit des \u201esocial distancing\u201c nicht ganz einfach. Wir haben daher einige der Schriftsteller*innen, die am DAI zu Gast waren, um einen Gedanken dazu gebeten, was sie derzeit besch\u00e4ftigt und inspiriert. Genie\u00dfen Sie diesen gro\u00dfen Garten des Geistes!<\/p>\n<hr \/>\n<p><a href=\"https:\/\/dai-heidelberg.de\/de\/wp-content\/uploads\/sites\/2\/2020\/04\/ALKennedy.jpg\"><img loading=\"lazy\" decoding=\"async\" class=\"alignleft wp-image-35524\" src=\"https:\/\/dai-heidelberg.de\/de\/wp-content\/uploads\/sites\/2\/2020\/04\/ALKennedy.jpg\" alt=\"\" width=\"177\" height=\"177\" srcset=\"https:\/\/dai-heidelberg.de\/de\/wp-content\/uploads\/sites\/2\/2020\/04\/ALKennedy.jpg 400w, https:\/\/dai-heidelberg.de\/de\/wp-content\/uploads\/sites\/2\/2020\/04\/ALKennedy-300x300.jpg 300w, https:\/\/dai-heidelberg.de\/de\/wp-content\/uploads\/sites\/2\/2020\/04\/ALKennedy-150x150.jpg 150w, https:\/\/dai-heidelberg.de\/de\/wp-content\/uploads\/sites\/2\/2020\/04\/ALKennedy-140x140.jpg 140w\" sizes=\"auto, (max-width: 177px) 100vw, 177px\" \/><\/a><\/p>\n<h2 class=\"event-list__title\">A. L. Kennedy<\/h2>\n<p>A. L. Kennedy, geboren 1965 im schottischen Dundee, geh\u00f6rt zu den meistbeachteten Autorinnen in Gro\u00dfbritannien. Sie hat mit ihren Short-Story-Sammlungen und Romanen mehrere Preise gewonnen, darunter den Somerset-Maugham-Award. Kennedy lebte als Autorin, Filmemacherin und Dramatikerin in Glasgow, bevor sie 2012 nach London zog.<\/p>\n<p>A. L. Kennedy war am Di, 26. M\u00e4rz 2019, mit \u201eS\u00fc\u00dfer Ernst&#8220; im DAI zu Gast.<\/p>\n<details>\n<summary><a class=\"btn-cart\" target=\"_blank\" rel=\"noopener noreferrer\">Beitrag ansehen (hier klicken)<\/a><\/summary>\n<p style=\"text-align: left\"><em>Our government has no care for us at all. They refuse help on our behalf: test kits, ventilators, protective equipment are all left to others. They offer us assisted suicide. They plan to convert Birmingham Airport into a mortuary for thousands of dead.<\/em><\/p>\n<p style=\"text-align: left\"><em>I flew into Birmingham Airport one morning, long ago, hoping I would be in time to see my grandfather one last time. He died, I think, while I was in the air, his brother at his bedside. I left from the same airport later that day, having sat beside a body empty of all that my grandfather was \u2013 so empty he made me believe in the soul.<\/em><\/p>\n<p style=\"text-align: left\"><em>He didn\u2019t die in isolation. He was buried with due dignity. An undertaker with a gleaming top hat, doffed it to the coffin before walking for the first few paces of the journey to the crematorium. My grandfather\u2019s body wasn\u2019t stacked like wood, in amongst thousands of others. We didn\u2019t live together in a time like that. We had the luxury of mourning.<\/em><\/p>\n<p style=\"text-align: left\"><em>Our government has no care for us at all, but we care. We care for each other. Every day we remember more, see more, discover more about how much we care and in how much detail. After more than a decade of escalating lessons in paranoia and hate, monetised cruelty, the greater part of us are held at peace. Unemployed, employment suspended, uncertain, we still have these silent streets, these clean skies, this unruly triumph of emotion when we see a bird, a tree, an unrequested blossom. We volunteer to bring shopping to people suddenly rendered almost impossibly vulnerable. We remember our phones can make calls as well as feed obsessions and we talk and talk to old friends, family, anyone and everyone we suddenly love differently and more. What there remains of business communication becomes also personal, as we realise what was always true \u2013 anyone we encounter could die at any time and therefore demands our mercy. We are learning tenderness, charity, gratitude. We sit, for the most part, in our homes and have all this strangely-sized time in which to discover who we were before busyness stole us. We have space in which to remember how scared we are and how scared everyone else is, how terrible it would be now to be weak. We have been taught to hate the weak and had more or less accepted the lesson. New lessons visit us now from all sides and in dreams turned suddenly vivid. Kindness is visible now as light, rather than weakness.<\/em><\/p>\n<p style=\"text-align: left\"><em>Selfishness is becoming as ugly as it always was. Cruelty is unbearable to even consider, as it always should have been. Our values have a chance to slowly overturn as the underpaid, the refugees, the immigrants, the overlooked, keep on saving us \u2013 van drivers, cleaners, hospital porters, supermarket shelf stackers, care home workers and shop assistants. The least-regarded jobs are seen clearly as the most necessary. We winnow millionaires into those who help and those who don\u2019t.<\/em><\/p>\n<p style=\"text-align: left\"><em>And in those peculiar dreams, full of childhood poems and tangled sheets, we hear the tread of soft-soled shoes along hospital corridors, the care and care and care, the battling for breath. Once we built a health service we could all share. We raised it up after a terrible war, after stacked bodies in temporary mortuaries, after the waste and ruin of paranoia and hate, monetised cruelty. And then we forgot why we all needed it and decided that it should no longer make health, but money instead. We didn\u2019t cheer it at 8pm every evening. We didn\u2019t all thank it in whatever prayers we said each night for what it has saved and what it might have to save. We let it slip, almost away. Now a dark wave breaks over us and we are dying for the lack of all it could have been for us. Every day &#8211; a nurse here, a doctor there, a respiratory specialist there \u2013 the fevers, the coughing, the inadequate protection \u2013 our healthcare workers succumb, become patients, slip toward the ventilators, the drowning on dry land, knowing there aren\u2019t enough ventilators. Still the staff go to work, the retired return to work, the students leave their studies, and they try to save us. They run into our burning building, while our government pours petrol in at our windows, locks the doors.<\/em><\/p>\n<p style=\"text-align: left\"><em>In the Time After some of us will have the chance to keep hold of who we truly are, left to ourselves and silence. We can choose to remember what is important. We can remember how much we are able to sacrifice for the sake of life and for love. We can remember the sweetness of clean skies, clear waters, peace, the blessing of birds and know how much we can achieve together, how strong we can be when our survival is at stake, how strong we can be for our planet. We can remember the necessity of beauty, compassion, collaboration, hope.<\/em><\/p>\n<p style=\"text-align: left\"><em>We will remember who helped and who did not.<\/em><\/p>\n<\/details>\n<p>&nbsp;<\/p>\n<p>&nbsp;<\/p>\n<hr \/>\n<p><a href=\"https:\/\/dai-heidelberg.de\/de\/wp-content\/uploads\/sites\/2\/2020\/04\/Karahasan.jpg\"><img loading=\"lazy\" decoding=\"async\" class=\"alignleft size-full wp-image-35534\" src=\"https:\/\/dai-heidelberg.de\/de\/wp-content\/uploads\/sites\/2\/2020\/04\/Karahasan.jpg\" alt=\"\" width=\"177\" height=\"177\" srcset=\"https:\/\/dai-heidelberg.de\/de\/wp-content\/uploads\/sites\/2\/2020\/04\/Karahasan.jpg 400w, https:\/\/dai-heidelberg.de\/de\/wp-content\/uploads\/sites\/2\/2020\/04\/Karahasan-300x300.jpg 300w, https:\/\/dai-heidelberg.de\/de\/wp-content\/uploads\/sites\/2\/2020\/04\/Karahasan-150x150.jpg 150w, https:\/\/dai-heidelberg.de\/de\/wp-content\/uploads\/sites\/2\/2020\/04\/Karahasan-140x140.jpg 140w\" sizes=\"auto, (max-width: 177px) 100vw, 177px\" \/><\/a><\/p>\n<h2 class=\"event-list__title\">D\u017eevad Karahasan<\/h2>\n<p>Dzevad Karahasan, 1953 in Duvno\/Jugoslawien geboren, ist Erz\u00e4hler, Dramatiker und Essayist. Die Belagerung Sarajewos war Thema seines in zehn Sprachen \u00fcbersetzten &#8222;Tagebuchs der Aussiedlung&#8220; und seiner Romane &#8222;Sara und Serafina&#8220; und &#8222;Schahrij\u00e4rs Ring&#8220;. Sein Werk wurde mit zahlreichen Preisen ausgezeichnet. Er lebt in Graz und Sarajewo.<\/p>\n<p>D\u017eevad Karahasan war am Di, 3. Mai 2016, mit \u201eDer Trost des Nachthimmels&#8220; im DAI zu Gast.<\/p>\n<details>\n<summary><a class=\"btn-cart\" target=\"_blank\" rel=\"noopener noreferrer\">Beitrag ansehen (hier klicken)<\/a><\/summary>\n<p><em>Ein Gedanke, der mich zuletzt geradezu verfolgt, vermutlich im Zusammenhang mit der merkw\u00fcrdigen aktuellen Krise. Es ist eine Aussage meines Helden Suhrab, aus dem Buch \u201cTrost des Nachthimmels\u201d, das wir damals bei Ihnen im DAI vorgestellt haben:<\/em><\/p>\n<p><em>\u201cJedes Warum hat sein Ich-wei\u00df-nicht, mein S\u00fc\u00dfer, das ist ja unsere Qual\u201d,<\/em><br \/>\n<em>antwortete ihm Suhrab, woraufhin Fuzail laut loslachte.<\/em><\/p>\n<\/details>\n<p>&nbsp;<\/p>\n<p>&nbsp;<\/p>\n<hr \/>\n<p><a href=\"https:\/\/dai-heidelberg.de\/de\/wp-content\/uploads\/sites\/2\/2020\/04\/Dutli.jpg\"><img loading=\"lazy\" decoding=\"async\" class=\"alignleft size-full wp-image-35542\" src=\"https:\/\/dai-heidelberg.de\/de\/wp-content\/uploads\/sites\/2\/2020\/04\/Dutli.jpg\" alt=\"\" width=\"177\" height=\"177\" srcset=\"https:\/\/dai-heidelberg.de\/de\/wp-content\/uploads\/sites\/2\/2020\/04\/Dutli.jpg 400w, https:\/\/dai-heidelberg.de\/de\/wp-content\/uploads\/sites\/2\/2020\/04\/Dutli-300x300.jpg 300w, https:\/\/dai-heidelberg.de\/de\/wp-content\/uploads\/sites\/2\/2020\/04\/Dutli-150x150.jpg 150w, https:\/\/dai-heidelberg.de\/de\/wp-content\/uploads\/sites\/2\/2020\/04\/Dutli-140x140.jpg 140w\" sizes=\"auto, (max-width: 177px) 100vw, 177px\" \/><\/a><\/p>\n<h2 class=\"event-list__title\">Ralph Dutli<\/h2>\n<p>Ralph Dutli wurde 1954 in Schaffhausen (Schweiz) geboren, studierte in Z\u00fcrich und Paris Romanistik und Russistik. Er lebte 1982 bis 1994 in Paris, seither als freier Autor in Heidelberg. Er ist Lyriker, Essayist, \u00dcbersetzer und Herausgeber der zehnb\u00e4ndigen Ossip-Mandelstam-Gesamtausgabe im Ammann Verlag, wo auch seine Mandelstam-Biographie &#8222;Meine Zeit, mein Tier&#8220; (2003) erschienen ist.<\/p>\n<p>Ralph Dutli war zusammen mit dem Musiker <span class=\"s1\">Heiko Plank<\/span> am Fr, 19. Juli 2019, mit \u201eDer Gott der Taugenichtse&#8220; im DAI zu Gast. Das Video zur Veranstaltung finden Sie <a href=\"https:\/\/youtu.be\/LIqzLfjUL1s\">hier<\/a>.<\/p>\n<details>\n<summary><a class=\"btn-cart\" target=\"_blank\" rel=\"noopener noreferrer\">Beitrag ansehen (hier klicken)<\/a><\/summary>\n<p><em><strong>Bitterer Luxus<\/strong><\/em><\/p>\n<p><em>Was h\u00e4lt uns im Innern zusammen, was h\u00e4lt uns am Leben und am Atmen, was macht uns Freude? Natu\u0308rlich ist es ein immenses Privileg, Zugang zu Bu\u0308chern und Musik zu haben. Als Mittel gegen den vermeintlichen Lagerkoller, aber auch zur Relativierung dessen, was abl\u00e4uft. Es herrsche <\/em><em>Krieg, sagen Politiker. Aber wir werden nicht bombardiert, mu\u0308ssen nicht dauernd in den Keller. Der Gegner ist unsichtbar und braucht die Bombe <\/em><em>nicht mal. Gewisse Menschen auf der Welt haben nicht einmal diese Gewissheit.<\/em><\/p>\n<p><em>Um wenigstens eine der Fragen zu beantworten: Ja, es ist die Kultur, die uns im Innern zusammenh\u00e4lt. Keiner soll sich dafu\u0308r entschuldigen <\/em><em>mu\u0308ssen. Jetzt erweist sich der Vorrat an Poesie als solider und nahrhafter, als man je zu tr\u00e4umen wagte. Sie wehrt das Virus nicht ab, aber sie ist ein Lebensmittel und h\u00e4lt das Oberstu\u0308bchen wach. Der russische Dichter Ossip Mandelstam schrieb einen Satz, der fu\u0308r mich zum wichtigsten <\/em><em>geistigen Mundproviant geh\u00f6rt: \u201ePoesie ist ein Luxus, doch ein Luxus, der so lebensnotwendig ist wie Brot und manchmal genauso bitter.\u201c<\/em><\/p>\n<p><em>In meinem Roman \u201eDie Liebenden von Mantua\u201c gibt es die Figur des Schriftstellers Manu, der von dem mysteri\u00f6sen Conte Ignoto in einem <\/em><em>Landhaus in der N\u00e4he der oberitalienischen Stadt Mantua festgehalten wird (den Grund dafu\u0308r nenne ich hier nicht), aber Zugang zur Bibliothek hat, die sich allerdings jede Nacht an einem anderen Ort befindet, die Anordnung der Bu\u0308cher jedes Mal und fortw\u00e4hrend ver\u00e4ndert \u2013 und schlie\u00dflich ganz aus der Welt verschwindet. Der Gefangene aber sucht weiter nach ihr: \u201eManu wollte nicht sofort aufgeben, er w\u00e4re erst recht ein Schiffbru\u0308chiger gewesen nach diesem Verlust, erst das Fehlen von Bu\u0308chern wu\u0308rde seine Zelle zur H\u00f6lle machen, seinen Verstand zerru\u0308tten und seinen Willen, die Freiheit wiederzusehen. Denn das ist die magische Bru\u0308he, die leuchtende Bu\u0308cher ihrem verwunderten Leser einfl\u00f6\u00dfen: das unstillbare Verlangen, frei zu sein jenseits der Buchstaben. Dieses Glu\u0308ck l\u00e4sst sich nicht aufschieben, nicht verhindern.\u201c<\/em><\/p>\n<p><em>Das unaufschiebbare Glu\u0308ck der Bu\u0308cher ist ein Vorschuss auf die sp\u00e4ter wiedergewonnene Freiheit. Was gibt dir denn die Poesie? Luft, <\/em><em>inspirierte (also eingeatmete) Luft. In einem Gedicht des damals schwer unter Atemnot leidenden Mandelstam, das ich vor dreieinhalb Jahrzehnten fu\u0308r den Band \u201eMitternacht in Moskau\u201c u\u0308bersetzt habe, hei\u00dft es: \u201eIch seh das Gewebe erscheinen, \/ Wie sch\u00f6n, kommt nach zwei oder drei \/ Erstickensmomenten der Luftstrom, \/ Er richtet mich auf, biegt mich frei \u2026\u201c Natu\u0308rlich gilt der erste Gedanke, nicht der letzte, den vielen, die hier und anderswo leiden und sterben in ihrer Atemnot.<\/em><\/p>\n<\/details>\n<p>&nbsp;<\/p>\n<p>&nbsp;<\/p>\n<hr \/>\n<p><a href=\"https:\/\/dai-heidelberg.de\/de\/wp-content\/uploads\/sites\/2\/2020\/04\/Viktor-Jerofejew.jpg\"><img loading=\"lazy\" decoding=\"async\" class=\"alignleft wp-image-35542\" src=\"https:\/\/dai-heidelberg.de\/de\/wp-content\/uploads\/sites\/2\/2020\/04\/Viktor-Jerofejew.jpg\" alt=\"\" width=\"177\" height=\"177\" \/><\/a><\/p>\n<h2 class=\"event-list__title\">Viktor Jerofejew<\/h2>\n<p>Viktor Jerofejew, geboren 1947 in Moskau als Sohn einer Diplomatenfamilie, wurde bekannt durch seinen Roman &#8222;Die Moskauer Sch\u00f6nheit&#8220; (1989). Jerofejew schreibt regelm\u00e4\u00dfig f\u00fcr Zeitschriften wie die New York Times Book Review; zudem ist er Herausgeber der ersten russischen Nabokov-Ausgabe. Sein erster Roman &#8222;Die Moskauer Sch\u00f6nheit&#8220; ist inzwischen in 27 Sprachen \u00fcbersetzt worden.<\/p>\n<p>Viktor Jerofejew hat 2015\/2016 am Projekt &#8222;Wissenschaft &#8211; die neue Religion?&#8220; des DAI teilgenommen, das von der Kulturstiftung des Bundes unterst\u00fctzt wurde.<\/p>\n<details>\n<summary><a class=\"btn-cart\" target=\"_blank\" rel=\"noopener noreferrer\">Beitrag ansehen (hier klicken)<\/a><\/summary>\n<p><em><strong>Notes From My Anti-Body<\/strong><\/em><\/p>\n<p><em>There is nothing worse than fear. Fear is all-destructive. We considered ourselves the masters of our planet Earth, a superior race. Armed to eyes and ears with smartphones, plunged with our flippers on into the depths of the internet we\u2019ve already figured out how to make artificial intelligence work for us like the fairy-tale Goldfish, the queen of the seas. When in fact, we were not even guests but poor relatives, how did Dostoevsky put it? \u2013 \u201cpoor quivering creatures\u201d.<br \/>\nThe epidemic rolled us over and had its way with us.<br \/>\nWith fear, values first turn to stone and then begin to fall apart, to crumble like limestone.<br \/>\nYes, we shall certainly get a grip and pull through. But when will it be? And above all \u2013 where shall we pull through to?<br \/>\nWe shall not return to the world that we &#8211; haughty, arrogant, brazen &#8211; have tumbled out of.<br \/>\nAnd the most infuriating thing is that we\u2019ve been punished unintentionally, not for our sins, but somehow tangentially, incidentally.<br \/>\nReligion has nothing to do with it.<br \/>\nA bat has just flown by, that\u2019s all.<br \/>\nAnd the bat was not the carrier of some supreme will, it had flown by for no reason whatsoever. Swish-swoosh. Or was born in a military laboratory.<br \/>\nOf course, when things came to medical selection \u2013 whom to treat and whom to surrender to death &#8211; it turned out that we shouldn\u2019t have claimed leading roles, we\u2019ve failed to perform even as empathetic extras.<br \/>\nThe epidemic has had great fun.<br \/>\nIt has mocked us.<br \/>\nHave you noticed people\u2019s faces, how drawn they are?<br \/>\nYou thought you were the boss? What kind of boss are you! Go to hell!<br \/>\nYou thought you were a mistress? You are a milksop.<br \/>\nNot that we have much choice.<br \/>\nWe shall see a display of bosses and the vaginas of mistresses before us. We shall return to the very same abandoned world. We won\u2019t escape ourselves. But the aftertaste will stay with us.<\/em><\/p>\n<p>(translated by Anna Rush)<\/p>\n<\/details>\n<p>&nbsp;<\/p>\n<p>&nbsp;<\/p>\n<hr \/>\n<p><a href=\"https:\/\/dai-heidelberg.de\/de\/wp-content\/uploads\/sites\/2\/2020\/04\/Nora-Gomringer_c_Judith-Kinitz.jpg\"><img loading=\"lazy\" decoding=\"async\" class=\"alignleft wp-image-35542\" src=\"https:\/\/dai-heidelberg.de\/de\/wp-content\/uploads\/sites\/2\/2020\/04\/Nora-Gomringer_c_Judith-Kinitz.jpg\" alt=\"\" width=\"177\" height=\"177\" \/><\/a><\/p>\n<h2 class=\"event-list__title\">Nora Gomringer<\/h2>\n<p>Nora Gomringer, geboren 1980 in Neunkirchen, studierte Germanistik und Anglistik und ist Autorin und Spoken-Word-Poetin. Sie hat bereits mehrere Lyrikb\u00e4nde und Audio-CDs ver\u00f6ffentlicht.<\/p>\n<p>Nora Gomringer war am Sa, 23. Januar 2016, mit \u201eMein Gedicht fragt nicht lange (reloaded)&#8220; im DAI zu Gast.<\/p>\n<details>\n<summary><a class=\"btn-cart\" target=\"_blank\" rel=\"noopener noreferrer\">Beitrag ansehen (hier klicken)<\/a><\/summary>\n<p><em>Wie beschreibe ich das JETZT? Es ist als w\u00fcrde mich etwas aus einer dunklen Ecke meines Wohnzimmers heraus anl\u00e4cheln. Unerwartet, unheimlich, mich in Schach haltend und beunruhigend. Es ist aber auch wie das unerwartete Entdecken eines neuen Talents: Es macht einen besonders stolz, wenn man einen Tag gut durchmessen hat. Und \u201egut\u201c bedeutet sinnvoll, z\u00e4rtlich, engagiert. Man droht, seinen Humor zu verlieren, doch das darf niemals sein.<\/em><\/p>\n<\/details>\n<p>&nbsp;<\/p>\n<p>&nbsp;<\/p>\n<hr \/>\n<p><a href=\"https:\/\/dai-heidelberg.de\/de\/wp-content\/uploads\/sites\/2\/2020\/04\/Marcel-Beyer.jpg\"><img loading=\"lazy\" decoding=\"async\" class=\"alignleft wp-image-35542\" src=\"https:\/\/dai-heidelberg.de\/de\/wp-content\/uploads\/sites\/2\/2020\/04\/Marcel-Beyer.jpg\" alt=\"\" width=\"177\" height=\"177\" \/><\/a><\/p>\n<h2 class=\"event-list__title\">Marcel Beyer<\/h2>\n<p>Marcel Beyer, geboren 1965 in Tailfingen\/W\u00fcrttemberg, studierte von 1987 bis 1991 Germanistik, Anglistik und Literaturwissenschaft an der Universit\u00e4t Siegen. Er arbeitete als Lektor der Literaturzeitschrift &#8222;Konzepte&#8220;\u00a0 und schrieb in der &#8222;Spex&#8220;. 1991 erschien Beyers erster Roman &#8222;Das Menschenfleisch&#8220;. Marcel Beyer lebt seit 1996 in Dresden.<\/p>\n<p>Marcel Beyer war am Do, 9. Februar 2017 im DAI zu Gast.<\/p>\n<details>\n<summary><a class=\"btn-cart\" target=\"_blank\" rel=\"noopener noreferrer\">Beitrag ansehen (hier klicken)<\/a><\/summary>\n<p><em>Haben Sie vielen Dank f\u00fcr Ihren sch\u00f6nen Gru\u00df! Ich will gleich antworten: Im Moment verbringe ich die Vormittage vorwiegend damit, wie Sie mit Freunden \u00fcberall zu mailen, um zu sehen, wie die Stimmung ist, oder auch einfach nur, um zu &#8222;sagen&#8220;: Ich bin noch da. Ebenso kommen Mails von den Freunden bei mir an. Man erz\u00e4hlt sich ein bi\u00dfchen, wie man den vergangenen Tag verbracht hat, wie man die allgemeine Lage einsch\u00e4tzt, ob sie einem im Moment auf das Gem\u00fct dr\u00fcckt. Erlebe ich, aus heiterem Himmel, zwischendurch einen Anfall leichter Panik, trifft wie von Zauberhand gesandt bald eine Mail ein, die mich wieder ins Lot bringt. So versuche ich es auch mit den Freunden zu machen. Jeder sorgt sich ja, v\u00f6llig abgesehen vom eigenen Befinden, in diesen Wochen um \u00e4ltere, kranke, schwache Freunde und Verwandte. Da hilft es ein wenig zu erleben, da\u00df es eben den anderen auch so geht.<\/em><\/p>\n<p><em>Seit nun schon einigen Monaten besteht meine Arbeit darin, eine Ausgabe der Werke von Thomas Kling vorzubereiten, die im November bei Suhrkamp erscheinen soll. Insofern hat sich f\u00fcr mich mit der &#8222;sozialen Isolation&#8220; gar nicht so viel ge\u00e4ndert: der t\u00e4gliche intensive Austausch in der HerausgeberInnenrunde, also mit Gabriele Wix in Bonn, Frieder von Ammon in Leipzig und Peer Trilcke in Potsdam, l\u00e4uft fort. Wir lesen, diskutieren, erarbeiten Schritt f\u00fcr Schritt drei B\u00e4nde mit Gedichten und einen umfangreichen Band mit gesammelten Essays, Rezensionen, Glossen und kleinen Prosaarbeiten von Thomas Kling aus drei\u00dfig Jahren. So tauchen wir dann unwillk\u00fcrlich auch in die j\u00fcngere Geschichte ein, n\u00e4mlich in Lebens- und Arbeitsstationen des 2005 verstorbenen Dichters und Essayisten. Wir &#8222;gehen&#8220; sogar &#8222;ins&#8220; Kino \u2013 mit den neu entdeckten Filmkritiken, die Thomas Kling 1984 und 1985 f\u00fcr die in D\u00fcsseldorf erscheinende Rheinische Post schrieb. Mal sehen, vielleicht versuche ich ja mal, &#8222;Die Muppets erobern Manhattan&#8220; zu streamen \u2013 einen Film, der Thomas Kling seinerzeit offenbar irrsinnige Freude bereitet hat. Auch wenn Kermit und Miss Piggy zu den gegenw\u00e4rtigen Bildern aus New York nicht so recht passen m\u00f6gen \u2013 ich glaube, im Moment mu\u00df es einem gelingen, Kraft aus allen Richtungen zu ziehen.<\/em><\/p>\n<p><em>Herzliche Gr\u00fc\u00dfe!<\/em><\/p>\n<p><em>Marcel Beyer<\/em><\/p>\n<\/details>\n<p>&nbsp;<\/p>\n<p>&nbsp;<\/p>\n<hr \/>\n<p><a href=\"https:\/\/dai-heidelberg.de\/de\/wp-content\/uploads\/sites\/2\/2020\/04\/Simon-Strau\u00df.jpg\"><img loading=\"lazy\" decoding=\"async\" class=\"alignleft wp-image-35542\" src=\"https:\/\/dai-heidelberg.de\/de\/wp-content\/uploads\/sites\/2\/2020\/04\/Simon-Strau\u00df.jpg\" alt=\"\" width=\"177\" height=\"177\" \/><\/a><\/p>\n<h2 class=\"event-list__title\">Simon Strau\u00df<\/h2>\n<p>Simon Strau\u00df, 1988 als Sohn von Botho Strau\u00df in Berlin geboren, studierte Altertumswissenschaften und Geschichte in Basel, Poitiers und Cambridge. Hospitanzen und eine Gastdramaturgie am Theater. Mitorganisator des Jungen Salons in Berlin. Heute lebt er in Frankfurt und arbeitet als Redakteur im FAZ-Feuilleton.<\/p>\n<p>Simon Strau\u00df war am Di, 4. Februar 2020, mit \u201eR\u00f6mische Tage&#8220; im DAI zu Gast.<\/p>\n<details>\n<summary><a class=\"btn-cart\" target=\"_blank\" rel=\"noopener noreferrer\">Beitrag ansehen (hier klicken)<\/a><\/summary>\n<p><em>\u201eIch denke in diesen nebelverhangenen KrisenTagen vor allem auch an Europa. An die Gr\u00e4ben, die nun wieder aufrei\u00dfen k\u00f6nnten, die vorwurfsvolle Missgunst, die sich st\u00e4rker f\u00fchlen kann. Und dabei denke ich auch an die Rolle der Kultur, die jetzt so wichtig ist wie nie, um Br\u00fccken zu bauen und Pfade offen zu halten. Das europ\u00e4ische Theater, das in den erweiterten Blick zu nehmen mein neues Buch \u201eSpielplan\u00e4nderung\u201c fordert, kann beispielsweise ein Mittler sein einander zwischen politisch \u00dcberworfenen. Geben wir nicht zu schnell auf. Halten wir zueinander. Und tr\u00e4umen wir weiter von einem \u201eZauber, der uns bindet\u201c.<\/em><\/p>\n<\/details>\n<p>&nbsp;<\/p>\n<p>&nbsp;<\/p>\n<hr \/>\n<p><a href=\"https:\/\/dai-heidelberg.de\/de\/wp-content\/uploads\/sites\/2\/2020\/04\/TimParks.jpg\"><img loading=\"lazy\" decoding=\"async\" class=\"alignleft wp-image-35542\" src=\"https:\/\/dai-heidelberg.de\/de\/wp-content\/uploads\/sites\/2\/2020\/04\/TimParks.jpg\" alt=\"\" width=\"177\" height=\"177\" \/><\/a><\/p>\n<h2 class=\"event-list__title\">Tim Parks<\/h2>\n<p>Tim Parks, geboren 1954 in Manchester, gewann zahlreiche Literaturpreise, u.a. den &#8222;Sommerset-Maugham-Award&#8220;. Er lebt als Autor und \u00dcbersetzter (u.a. von Italo Calvino und Alberto Moravia) in Verona.<\/p>\n<p>Tim Parks hat 2015\/2016 am Projekt \u201eWissenschaft \u2013 die neue Religion?\u201c des DAI teilgenommen, das von der Kulturstiftung des Bundes unterst\u00fctzt wurde.<\/p>\n<details>\n<summary><a class=\"btn-cart\" target=\"_blank\" rel=\"noopener noreferrer\">Beitrag ansehen (hier klicken)<\/a><\/summary>\n<p><em>In Milan we have now been locked in our houses for four weeks. We are advised to go out only once a week to the supermarket. Really the only sensible response, after passing through a range of emotional reactions &#8211; frustration, fear, anger &#8211; is to make a virtue of necessity. My partner and I meditate every morning for an hour, I am finally finding time to play the piano (badly) every day. Each evening we follow a wonderful thirty-day yoga course. We would never normally have had time to do all this. Otherwise, I restrict exposure to the media to a minimum and reflect on the nature of freedom.<\/em><\/p>\n<\/details>\n<p>&nbsp;<\/p>\n<p>&nbsp;<\/p>\n<hr \/>\n<p><a href=\"https:\/\/dai-heidelberg.de\/de\/wp-content\/uploads\/sites\/2\/2020\/04\/Schrott.jpg\"><img loading=\"lazy\" decoding=\"async\" class=\"alignleft wp-image-35542\" src=\"https:\/\/dai-heidelberg.de\/de\/wp-content\/uploads\/sites\/2\/2020\/04\/Schrott.jpg\" alt=\"\" width=\"177\" height=\"177\" \/><\/a><\/p>\n<h2 class=\"event-list__title\">Raoul Schrott<\/h2>\n<p>Raoul Schrott, geboren 1964, aufgewachsen in Tunis und Landeck\/\u00d6sterreich, studierte Literatur und Sprachwissenschaft in Innsbruck, Norwich, Paris und Berlin. Er ver\u00f6ffentlichte u.a. den Roman &#8222;Finis Terra&#8220; (1995), Die W\u00fcste bei &#8222;Lop Nor&#8220; (2000), die Gedichtb\u00e4nde &#8222;Hotels&#8220; (1995) und &#8222;Tropen&#8220;, und die Anthologie &#8222;Die Erfindung der Poesie&#8220; (1997), die zu einem lyrischen Bestseller wurde. Daneben zahlreiche Essays zur Dichtung und \u00dcbersetzungen vom Gilgamesch-Epos bis Derek Walcott. Schrott wurde bereits mit zahlreichen Preisen ausgezeichnet. Er lebt in \u00d6sterreich.<\/p>\n<p>Raoul Schrott hat 2015\/2016 am Projekt \u201eWissenschaft \u2013 die neue Religion?\u201c des DAI teilgenommen, das von der Kulturstiftung des Bundes unterst\u00fctzt wurde. Zuletzt war er am Do, 27. Februar 2020, mit &#8222;Eine Geschichte des Windes oder Von dem deutschen Kanonier der erstmals die Erde umrundete und dann ein zweites und drittes Mal&#8220; im DAI zu Gast.<\/p>\n<details>\n<summary><a class=\"btn-cart\" target=\"_blank\" rel=\"noopener noreferrer\">Beitrag ansehen (hier klicken)<\/a><\/summary>\n<p><em><span data-offset-key=\"4gr20-0-0\">Ich verbring die <\/span><span id=\"decorator-corrected-entity-id-449\" data-entity-key=\"449\" data-offset-key=\"4gr20-1-0\"><span data-offset-key=\"4gr20-1-0\">Quarant\u00e4ne<\/span><\/span><span data-offset-key=\"4gr20-2-0\"> damit, <\/span><span id=\"decorator-corrected-entity-id-472\" data-entity-key=\"472\" data-offset-key=\"4gr20-3-0\"><span data-offset-key=\"4gr20-3-0\">Lieder<\/span><\/span><span data-offset-key=\"4gr20-4-0\"> zu schreiben, ein gutes <\/span><span id=\"decorator-corrected-entity-id-535\" data-entity-key=\"535\" data-offset-key=\"4gr20-5-0\"><span data-offset-key=\"4gr20-5-0\">Dutzend<\/span><\/span><span data-offset-key=\"4gr20-6-0\">, auf meiner klassischen <\/span><span id=\"decorator-corrected-entity-id-494\" data-entity-key=\"494\" data-offset-key=\"4gr20-7-0\"><span data-offset-key=\"4gr20-7-0\">Gitarre<\/span><\/span><span data-offset-key=\"4gr20-8-0\">, fein mit den Fingern auf eher chromatischen Akkorden herausgearbeitete <\/span><span id=\"decorator-corrected-entity-id-622\" data-entity-key=\"622\" data-offset-key=\"4gr20-9-0\"><span data-offset-key=\"4gr20-9-0\">Melodielinien<\/span><\/span><span data-offset-key=\"4gr20-10-0\">, und dazu als <\/span><span id=\"decorator-corrected-entity-id-554\" data-entity-key=\"554\" data-offset-key=\"4gr20-11-0\"><span data-offset-key=\"4gr20-11-0\">Lyrik<\/span><\/span><span data-offset-key=\"4gr20-12-0\"> im eigentlich sinn &#8222;wahre <\/span><span id=\"decorator-corrected-entity-id-606\" data-entity-key=\"606\" data-offset-key=\"4gr20-13-0\"><span data-offset-key=\"4gr20-13-0\">Geschichten<\/span><\/span><span data-offset-key=\"4gr20-14-0\">&#8222;, die gerade deshalb interessant sind, weil sie auf anhieb leicht surreal wirken: daher mein <\/span><span id=\"decorator-corrected-entity-id-637\" data-entity-key=\"637\" data-offset-key=\"4gr20-15-0\"><span data-offset-key=\"4gr20-15-0\">Blick<\/span><\/span><span data-offset-key=\"4gr20-16-0\"> auf vermischtes in der <\/span><span id=\"decorator-corrected-entity-id-651\" data-entity-key=\"651\" data-offset-key=\"4gr20-17-0\"><span data-offset-key=\"4gr20-17-0\">Zeitung<\/span><\/span><span data-offset-key=\"4gr20-18-0\"> in letzter Zeit. Was mir fehlt, ist jemand, der die <\/span><span id=\"decorator-corrected-entity-id-697\" data-entity-key=\"697\" data-offset-key=\"4gr20-19-0\"><span data-offset-key=\"4gr20-19-0\">Lieder<\/span><\/span><span data-offset-key=\"4gr20-20-0\"> dann singen k\u00f6nnte. <\/span><span id=\"decorator-corrected-entity-id-707\" data-entity-key=\"707\" data-offset-key=\"4gr20-21-0\"><span data-offset-key=\"4gr20-21-0\">Was<\/span><\/span><span data-offset-key=\"4gr20-22-0\"> f\u00fcr mich eine <\/span><span id=\"decorator-corrected-entity-id-716\" data-entity-key=\"716\" data-offset-key=\"4gr20-23-0\"><span data-offset-key=\"4gr20-23-0\">Frage<\/span><\/span><span data-offset-key=\"4gr20-24-0\"> der <\/span><span id=\"decorator-corrected-entity-id-724\" data-entity-key=\"724\" data-offset-key=\"4gr20-25-0\"><span data-offset-key=\"4gr20-25-0\">Intonation<\/span><\/span><span data-offset-key=\"4gr20-26-0\"> ist. <\/span><span id=\"decorator-corrected-entity-id-731\" data-entity-key=\"731\" data-offset-key=\"4gr20-27-0\"><span data-offset-key=\"4gr20-27-0\">Bei<\/span><\/span><span data-offset-key=\"4gr20-28-0\"> der mir auff\u00e4llt, nachdem ich mich durch Youtube gearbeitet habe, dass alle hochdeutsch singenden <\/span><span id=\"decorator-corrected-entity-id-746\" data-entity-key=\"746\" data-offset-key=\"4gr20-29-0\"><span data-offset-key=\"4gr20-29-0\">S\u00e4nger<\/span><\/span><span data-offset-key=\"4gr20-30-0\"> und <\/span><span id=\"decorator-corrected-entity-id-742\" data-entity-key=\"742\" data-offset-key=\"4gr20-31-0\"><span data-offset-key=\"4gr20-31-0\">S\u00e4ngerinnen<\/span><\/span><span data-offset-key=\"4gr20-32-0\"> nur diese nasale, blecherne, v\u00f6llig artifizielle <\/span><span id=\"decorator-corrected-entity-id-749\" data-entity-key=\"749\" data-offset-key=\"4gr20-33-0\"><span data-offset-key=\"4gr20-33-0\">Intonation<\/span><\/span><span data-offset-key=\"4gr20-34-0\"> der <\/span><span id=\"decorator-corrected-entity-id-751\" data-entity-key=\"751\" data-offset-key=\"4gr20-35-0\"><span data-offset-key=\"4gr20-35-0\">Worte<\/span><\/span><span data-offset-key=\"4gr20-36-0\"> haben, die ich seit den achtzigern von vielen S\u00e4ngern kenne.<span id=\"decorator-corrected-entity-id-756\" data-entity-key=\"756\" data-offset-key=\"4gr20-0-0\">Wie<\/span> kommt jemand dazu, derart gestelzt und d\u00fcnn zu singen? <span id=\"decorator-corrected-entity-id-760\" data-entity-key=\"760\" data-offset-key=\"4gr20-2-0\">Andere<\/span> singen mit <span id=\"decorator-corrected-entity-id-763\" data-entity-key=\"763\" data-offset-key=\"4gr20-4-0\">Kasernenhofton<\/span> oder <span id=\"decorator-corrected-entity-id-765\" data-entity-key=\"765\" data-offset-key=\"4gr20-6-0\">Theaterpathos<\/span>, die aber nicht weiterbringen.<\/span><\/em><\/p>\n<p><em><span id=\"decorator-corrected-entity-id-796\" data-entity-key=\"796\" data-offset-key=\"4gr20-0-0\"><span data-offset-key=\"4gr20-0-0\">Einzige<\/span><\/span><span data-offset-key=\"4gr20-1-0\"> nat\u00fcrliche <\/span><span id=\"decorator-corrected-entity-id-855\" data-entity-key=\"855\" data-offset-key=\"4gr20-2-0\"><span data-offset-key=\"4gr20-2-0\">Intonation<\/span><\/span><span data-offset-key=\"4gr20-3-0\"> im <\/span><span id=\"decorator-corrected-entity-id-856\" data-entity-key=\"856\" data-offset-key=\"4gr20-4-0\"><span data-offset-key=\"4gr20-4-0\">Hochdeutschen<\/span><\/span><span data-offset-key=\"4gr20-5-0\"> kenne ich von <\/span><span id=\"decorator-ignored-entity-id-1314\" data-entity-key=\"1314\" data-offset-key=\"4gr20-6-0\"><span data-offset-key=\"4gr20-6-0\">wader<\/span><\/span><span data-offset-key=\"4gr20-7-0\">. <\/span><span id=\"decorator-corrected-entity-id-884\" data-entity-key=\"884\" data-offset-key=\"4gr20-8-0\"><span data-offset-key=\"4gr20-8-0\">Aber<\/span><\/span><span data-offset-key=\"4gr20-9-0\"> ist halt schon tot. <\/span><span id=\"decorator-corrected-entity-id-911\" data-entity-key=\"911\" data-offset-key=\"4gr20-10-0\"><span data-offset-key=\"4gr20-10-0\">Und<\/span><\/span><span data-offset-key=\"4gr20-11-0\"> bei den <\/span><span id=\"decorator-corrected-entity-id-937\" data-entity-key=\"937\" data-offset-key=\"4gr20-12-0\"><span data-offset-key=\"4gr20-12-0\">Dialekts\u00e4ngern<\/span><\/span><span data-offset-key=\"4gr20-13-0\">: weil der Dialekt immer weiter hinten im hals gesprochen wird &#8211; w\u00e4hrend sprachen, die macht ausdr\u00fccken, wie das schriftdeutsche (aber auch das <\/span><span id=\"decorator-ignored-entity-id-1311\" data-entity-key=\"1311\" data-offset-key=\"4gr20-14-0\"><span data-offset-key=\"4gr20-14-0\">king<\/span><\/span><span data-offset-key=\"4gr20-15-0\">&#8217;s <\/span><span id=\"decorator-ignored-entity-id-1307\" data-entity-key=\"1307\" data-offset-key=\"4gr20-16-0\"><span data-offset-key=\"4gr20-16-0\">english<\/span><\/span><span data-offset-key=\"4gr20-17-0\"> oder das r\u00f6mische <\/span><span id=\"decorator-corrected-entity-id-1010\" data-entity-key=\"1010\" data-offset-key=\"4gr20-18-0\"><span data-offset-key=\"4gr20-18-0\">Italienisch<\/span><\/span><span data-offset-key=\"4gr20-19-0\">) vorne in die <\/span><span id=\"decorator-corrected-entity-id-1055\" data-entity-key=\"1055\" data-offset-key=\"4gr20-20-0\"><span data-offset-key=\"4gr20-20-0\">Nase<\/span><\/span><span data-offset-key=\"4gr20-21-0\"> verlegt werden, weil man damit weniger mimisch spricht und so weniger an <\/span><span id=\"decorator-corrected-entity-id-1077\" data-entity-key=\"1077\" data-offset-key=\"4gr20-22-0\"><span data-offset-key=\"4gr20-22-0\">Emotion<\/span><\/span><span data-offset-key=\"4gr20-23-0\"> verr\u00e4t: durch eine <\/span><span id=\"decorator-corrected-entity-id-1118\" data-entity-key=\"1118\" data-offset-key=\"4gr20-24-0\"><span data-offset-key=\"4gr20-24-0\">Maske<\/span><\/span><span data-offset-key=\"4gr20-25-0\"> also spricht. <\/span><span id=\"decorator-corrected-entity-id-1098\" data-entity-key=\"1098\" data-offset-key=\"4gr20-26-0\"><span data-offset-key=\"4gr20-26-0\">Die<\/span><\/span> <span id=\"decorator-corrected-entity-id-1137\" data-entity-key=\"1137\" data-offset-key=\"4gr20-28-0\"><span data-offset-key=\"4gr20-28-0\">Nat\u00fcrlichkeit<\/span><\/span><span data-offset-key=\"4gr20-29-0\"> von <\/span><span id=\"decorator-corrected-entity-id-1155\" data-entity-key=\"1155\" data-offset-key=\"4gr20-30-0\"><span data-offset-key=\"4gr20-30-0\">Niedecken<\/span><\/span><span data-offset-key=\"4gr20-31-0\"> im k\u00f6lsch aber hat im <\/span><span id=\"decorator-corrected-entity-id-1172\" data-entity-key=\"1172\" data-offset-key=\"4gr20-32-0\"><span data-offset-key=\"4gr20-32-0\">Hochdeutschen<\/span><\/span><span data-offset-key=\"4gr20-33-0\"> keiner, den ich kenne, weder <\/span><span id=\"decorator-corrected-entity-id-1188\" data-entity-key=\"1188\" data-offset-key=\"4gr20-34-0\"><span data-offset-key=\"4gr20-34-0\">M\u00e4nnlein<\/span><\/span><span data-offset-key=\"4gr20-35-0\"> noch <\/span><span id=\"decorator-corrected-entity-id-1203\" data-entity-key=\"1203\" data-offset-key=\"4gr20-36-0\"><span data-offset-key=\"4gr20-36-0\">Weiblein<\/span><\/span><span data-offset-key=\"4gr20-37-0\">. <\/span><span id=\"decorator-corrected-entity-id-1217\" data-entity-key=\"1217\" data-offset-key=\"4gr20-38-0\"><span data-offset-key=\"4gr20-38-0\">Wenn<\/span><\/span><span data-offset-key=\"4gr20-39-0\"> es da jemand g\u00e4be: <\/span><span id=\"decorator-corrected-entity-id-1242\" data-entity-key=\"1242\" data-offset-key=\"4gr20-40-0\"><span data-offset-key=\"4gr20-40-0\">Ich<\/span><\/span><span data-offset-key=\"4gr20-41-0\"> w\u00fcrd sofort eine cd mit ihr und ihm machen. <\/span><span id=\"decorator-corrected-entity-id-1230\" data-entity-key=\"1230\" data-offset-key=\"4gr20-42-0\"><span data-offset-key=\"4gr20-42-0\">Das<\/span><\/span><span data-offset-key=\"4gr20-43-0\"> w\u00e4re mir im <\/span><span id=\"decorator-corrected-entity-id-1253\" data-entity-key=\"1253\" data-offset-key=\"4gr20-44-0\"><span data-offset-key=\"4gr20-44-0\">Augenblick<\/span><\/span><span data-offset-key=\"4gr20-45-0\"> die gr\u00f6\u00dfte <\/span><span id=\"decorator-corrected-entity-id-1263\" data-entity-key=\"1263\" data-offset-key=\"4gr20-46-0\"><span data-offset-key=\"4gr20-46-0\">Lust<\/span><\/span><span data-offset-key=\"4gr20-47-0\">. <\/span><span id=\"decorator-corrected-entity-id-1272\" data-entity-key=\"1272\" data-offset-key=\"4gr20-48-0\"><span data-offset-key=\"4gr20-48-0\">Bis<\/span><\/span><span data-offset-key=\"4gr20-49-0\"> dahin spiel ich mir halt die <\/span><span id=\"decorator-corrected-entity-id-1280\" data-entity-key=\"1280\" data-offset-key=\"4gr20-50-0\"><span data-offset-key=\"4gr20-50-0\">Finger<\/span><\/span><span data-offset-key=\"4gr20-51-0\"> wund auf der <\/span><span id=\"decorator-corrected-entity-id-1287\" data-entity-key=\"1287\" data-offset-key=\"4gr20-52-0\"><span data-offset-key=\"4gr20-52-0\">Terrasse<\/span><\/span><span data-offset-key=\"4gr20-53-0\">.<span id=\"decorator-corrected-entity-id-1321\" data-entity-key=\"1321\" data-offset-key=\"4gr20-0-0\">Und<\/span> such weiter nach <span id=\"decorator-corrected-entity-id-1329\" data-entity-key=\"1329\" data-offset-key=\"4gr20-2-0\">\u00dcberwindlichem<\/span> mancher <span id=\"decorator-corrected-entity-id-1332\" data-entity-key=\"1332\" data-offset-key=\"4gr20-4-0\">Biografien<\/span> und <span id=\"decorator-corrected-entity-id-1334\" data-entity-key=\"1334\" data-offset-key=\"4gr20-6-0\">Ereignisse<\/span>.<\/span><\/em><\/p>\n<\/details>\n<p>&nbsp;<\/p>\n<p>&nbsp;<\/p>\n<hr \/>\n<p><a href=\"https:\/\/dai-heidelberg.de\/de\/wp-content\/uploads\/sites\/2\/2020\/04\/Stewart-ONan.jpg\"><img loading=\"lazy\" decoding=\"async\" class=\"alignleft wp-image-35542\" src=\"https:\/\/dai-heidelberg.de\/de\/wp-content\/uploads\/sites\/2\/2020\/04\/Stewart-ONan.jpg\" alt=\"\" width=\"177\" height=\"177\" \/><\/a><\/p>\n<h2 class=\"event-list__title\">Stewart O\u2019Nan<\/h2>\n<p>Stewart O\u00b4Nan wurde 1961 in Pittsburgh geboren und wuchs in Boston auf. Er arbeitete als Flugzeugingenieur und studierte in Cornell Literaturwissenschaft. Heute lebt er mit seiner Frau und seinen zwei Kindern in Avon, Connecticut. F\u00fcr seinen Erstlingsroman &#8222;Engel im Schnee&#8220; erhielt er 1993 den William-Faulkner-Preis.<\/p>\n<p>Stewart O\u2019Nan war am Di, 22. Oktober 2019, mit \u201eHenry pers\u00f6nlich&#8220; im DAI zu Gast.<\/p>\n<details>\n<summary><a class=\"btn-cart\" target=\"_blank\" rel=\"noopener noreferrer\">Beitrag ansehen (hier klicken)<\/a><\/summary>\n<p><em>I\u2019m honored to be part of the Heidelberg project. I\u2019m writing a small-town novel partly inspired by the songwriter Angel Olsen. John Cheever once said he wanted \u2018to write a dark novel that possesses radiance,\u2018 and I\u2019m hoping there\u2019s some of that here, along with a sense of romance and loss.<\/em><\/p>\n<\/details>\n<p>&nbsp;<\/p>\n<p>&nbsp;<\/p>\n<hr \/>\n<p><a href=\"https:\/\/dai-heidelberg.de\/de\/wp-content\/uploads\/sites\/2\/2020\/04\/Schalansky.jpg\"><img loading=\"lazy\" decoding=\"async\" class=\"alignleft wp-image-35542\" src=\"https:\/\/dai-heidelberg.de\/de\/wp-content\/uploads\/sites\/2\/2020\/04\/Schalansky.jpg\" alt=\"\" width=\"177\" height=\"177\" \/><\/a><\/p>\n<h2 class=\"event-list__title\">Judith Schalansky<\/h2>\n<p>Judith Schalansky, geboren 1980 in Greifswald, studierte Kunstgeschichte und Kommunikationsdesign und lebt heute als freie Schriftstellerin und Buchgestalterin in Berlin und Frankfurt am Main.<\/p>\n<p>Judith Schalansky war am Di, 20. November 2018, mit \u201eVerzeichnis einiger Verluste&#8220; im DAI zu Gast.<\/p>\n<details>\n<summary><a class=\"btn-cart\" target=\"_blank\" rel=\"noopener noreferrer\">Beitrag ansehen (hier klicken)<\/a><\/summary>\n<p><em>In der Tat besch\u00e4ftigt mich das Schuppentier gerade sehr. Dazu habe ich auch einen Text geschrieben.&#8220;<\/em><\/p>\n<p><em>Aus diesem Text &#8211; er erschien am 31. M\u00e4rz 2020 in der S\u00fcddeutschen Zeitung &#8211; d\u00fcrfen wir einige S\u00e4tze zitieren:<\/em><\/p>\n<p><em>Die reine Luft \u00fcber Wuhan und das klare Wasser Venedigs sind starke Bilder, die das der Styropor pickenden M\u00f6we \u00fcberlagern. Ist der Mensch lernf\u00e4hig?<\/em><br \/>\n<em>Ein Virus, das alle Menschen heimsuchen kann, lehrt uns einmal mehr, wie unerl\u00e4sslich, ja lebensnotwendig es ist, die Welt als einen Organismus zu begreifen.<\/em><\/p>\n<p><em>Den ganzen Artikel finden Sie hier:<\/em><br \/>\n<a href=\"https:\/\/www.sueddeutsche.de\/kultur\/coronavirus-schuppentier-china-1.4862197\"><em>https:\/\/www.sueddeutsche.de\/kultur\/coronavirus-schuppentier-china-1.4862197<\/em><\/a><\/p>\n<\/details>\n<p>&nbsp;<\/p>\n<p>&nbsp;<\/p>\n<hr \/>\n<p><a href=\"https:\/\/dai-heidelberg.de\/de\/wp-content\/uploads\/sites\/2\/2020\/04\/Mausfeld.jpg\"><img loading=\"lazy\" decoding=\"async\" class=\"alignleft wp-image-35542\" src=\"https:\/\/dai-heidelberg.de\/de\/wp-content\/uploads\/sites\/2\/2020\/04\/Mausfeld.jpg\" alt=\"\" width=\"177\" height=\"177\" \/><\/a><\/p>\n<h2 class=\"event-list__title\">Prof. Rainer Mausfeld<\/h2>\n<p>Rainer Mausfeld ist Professor an der Universit\u00e4t Kiel und hatte bis zu seiner Emeritierung den Lehrstuhl f\u00fcr Wahrnehmung- und Kognitionsforschung inne.<\/p>\n<p>Prof. Rainer Mausfeld war am Fr, 24. \u2013 Sa, 25. Januar 2020, mit dem Symposium \u201eDemokratie erneuern!&#8220; im DAI zu Gast.<\/p>\n<p>&nbsp;<\/p>\n<details>\n<summary><a class=\"btn-cart\" target=\"_blank\" rel=\"noopener noreferrer\">Beitrag ansehen (hier klicken)<\/a><\/summary>\n<p><strong><em>Das Ende vom Dogma der Alternativlosigkeit<br \/>\nWenn wir wirklich wollen, k\u00f6nnen wir<\/em><\/strong><\/p>\n<p><em>Nie zuvor in der Geschichte haben Regierungen in einem derartigen Ma\u00dfstab gezeigt, dass sie, in der Lage sind, wirtschaftliche Interessen konsequent dem Gemeinwohl unterzuordnen. Zumindest vordergr\u00fcndig k\u00f6nnte es so erscheinen. Nie zuvor wurden finanzielle Mittel in nahezu beliebiger und sich jeder Vorstellung entziehenden H\u00f6he zur Bek\u00e4mpfung eines \u00dcbels bereitgestellt, das einen vergleichsweise sehr kleinen Teil der Menschheit bedroht. Und das alles innerhalb weniger Wochen. Finanzielle Mittel, die ausreichen w\u00fcrden, \u00dcbel g\u00e4nzlich anderer Gr\u00f6\u00dfenordnung erfolgreich einzud\u00e4mmen. Etwa den Hunger in der Welt zu besiegen, die gigantische soziale Ungleichheit in der Welt zu mindern und auf diese Weise Hunderten von Millionen Menschen ein menschenw\u00fcrdigeres Leben zu erm\u00f6glichen. Oder die drohende Klimakatastrophe abzuwenden und damit nachfolgenden Generationen eine Zukunft zu sichern.<\/em><\/p>\n<p><em>Worum geht es, jenseits der Oberfl\u00e4che politischer Rhetorik, in der Corona-Krise? Deutet sich in dieser Krise eine Zeitenwende in der Aus\u00fcbung von Herrschaft an? Markiert sie vielleicht sogar den Beginn der Verwirklichung unserer zivilisatorischen Tr\u00e4ume vom Ende einer Politik, die von rohen Machtinteressen gelenkt wird? Also ein Ende einer gnadenlosen Politik der Macht des St\u00e4rkeren, ein Ende von Elitenverkommenheit und von wirtschaftlicher Ausbeutung und Unterdr\u00fcckung? Ein Ende einer Politik, die durch Kriege, terroristische Akte, Waffenexporte, Sanktionen und durch die globalisierte neoliberale Wirtschaftsordnung ohne mit der Wimper zu zucken Abermillionen Tote in aller Welt verursacht? &#8211; Es sind freilich die Toten der \u201aAnderen\u2018.<\/em><\/p>\n<p><em>\u201eWessen Leben z\u00e4hlt?, fragte Judith Butler, \u201eAuf welche Leben als Leben kommt es nicht an? Um welche Leben kann getrauert werden und um welche nicht?\u201c Die Corona-Krise bietet Anlass genug, \u00fcber konkrete Alltagssorgen hinaus verst\u00e4rkt auch \u00fcber grunds\u00e4tzlichere Fragen unserer Gestaltung von Gesellschaft nachzudenken. Es geht n\u00e4mlich um sehr viel mehr und um anderes als um eine R\u00fcckkehr zur Normalit\u00e4t vor der Corona-Krise. Vielmehr m\u00fcssen wir uns \u00fcberhaupt erst einmal bewusst werden, wie diese Normalit\u00e4t beschaffen ist, in der wir uns eingerichtet haben und die uns so selbstverst\u00e4ndlich geworden ist.<\/em><\/p>\n<p><em>Wie unser gesellschaftliches Handeln auszusehen hat und in welcher Gesellschaft wir leben wollen und leben werden, wird nicht zuletzt davon bestimmt sein, welche Antworten wir auf diese Fragen geben. Die Entscheidung, welche Konsequenzen wir aus der gegenw\u00e4rtigen Krise ziehen wollen, liegt also bei uns.<\/em><\/p>\n<\/details>\n<p>&nbsp;<\/p>\n<p>&nbsp;<\/p>\n<hr \/>\n<p><a href=\"https:\/\/dai-heidelberg.de\/de\/wp-content\/uploads\/sites\/2\/2020\/04\/Bruehl_c_Thomas-Kierok.jpg\"><img loading=\"lazy\" decoding=\"async\" class=\"alignleft wp-image-35542\" src=\"https:\/\/dai-heidelberg.de\/de\/wp-content\/uploads\/sites\/2\/2020\/04\/Bruehl_c_Thomas-Kierok.jpg\" alt=\"\" width=\"177\" height=\"177\" \/><\/a><\/p>\n<h2 class=\"event-list__title\">Christine von Br\u00fchl<\/h2>\n<p>Christine von Br\u00fchl, geboren 1962, studierte Slawistik, Geschichte und Philosophie in Lublin, Heidelberg und Wien. Nach Stationen u. a. bei Die Zeit und Das Magazin lebt sie heute als freie Autorin in Berlin. Sie publizierte mehrfach \u00fcber Frauen im Preu\u00dfen des 17. bis 19. Jahrhunderts.<\/p>\n<p>Christine von Br\u00fchl war am Do, 28. M\u00e4rz 2019, mit \u201eTheodor Fontanes Frauen&#8220; im DAI zu Gast.<\/p>\n<details>\n<summary><a class=\"btn-cart\" target=\"_blank\" rel=\"noopener noreferrer\">Beitrag ansehen (hier klicken)<\/a><\/summary>\n<p><em>Maurice Chappaz begleitet mich in diesen Tagen, zeigt mir das d\u00fcstere L\u00f6tschental im Wallis mit seinen geheimnisvollen, holzgeschnitzten Faschingsmasken und lebenserhaltenden Riten. Die Masken dienen uns, den Winter und die d\u00fcsteren Gedanken zu vertreiben, die in diesen unheimlichen Zeiten aufscheinen, die Osterriten bringen Reinigung, Aufbruch und Befreiung.<\/em><\/p>\n<h6>Anm.: Maurice Chappaz, 1916 &#8211; 2009, <span class=\"gmail-value\">franz\u00f6sischsprachiger Schweizer Schriftsteller, ver\u00f6ffentlichte Romane, Natur- und Reisebetrachtungen. Er lebte einige Jahre abgeschieden in den Walliser Alpen und engagierte sich als Kritiker u.a. von Umweltzerst\u00f6rung. Herausgeber der Gedichte der Schriftstellerin S. Corinna Bille, mit der verheiratet war.<\/span><\/h6>\n<\/details>\n<p>&nbsp;<\/p>\n<p>&nbsp;<\/p>\n<hr \/>\n<p><a href=\"https:\/\/dai-heidelberg.de\/de\/wp-content\/uploads\/sites\/2\/2020\/04\/Amir-Hassan-Cheheltan.jpg\"><img loading=\"lazy\" decoding=\"async\" class=\"alignleft wp-image-35542\" src=\"https:\/\/dai-heidelberg.de\/de\/wp-content\/uploads\/sites\/2\/2020\/04\/Amir-Hassan-Cheheltan.jpg\" alt=\"\" width=\"177\" height=\"177\" \/><\/a><\/p>\n<h2 class=\"event-list__title\">Amir Hassan Cheheltan<\/h2>\n<p>Amir Hassan Cheheltan, geboren 1956 Teheran, ver\u00f6ffentlichte 1976 seinen ersten Erz\u00e4hlband, &#8222;Ehefrau auf Zeit&#8220;. Er beendete sein Studium der Elektrotechnik in England. Darauf folgten Wehrdienst und Einsatz im Irakkrieg (1980-88). W\u00e4hrend des Krieges entstand sein erster Roman, &#8222;Die Klage um Qassem&#8220;, der jedoch erst 2002 unter strengen Auflagen erscheinen durfte. Insgesamt hat er bisher sechs Romane und f\u00fcnf Erz\u00e4hlb\u00e4nde ver\u00f6ffentlicht. Cheheltan hielt sich mit seiner Familie wegen der Bedrohung durch das Regime zwei Jahre in Italien auf. Er lebte in Berlin und Los Angeles, und heute wieder in Teheran.<\/p>\n<p>Cheheltan war am 16. Oktober 2018 bei uns und am 17. M\u00e4rz 2016.<\/p>\n<p>Er kommt wieder mit seinem Buch \u201eDer Zirkel der Literaturliebhaber\u201c am 20. September 2020.<\/p>\n<p>&nbsp;<\/p>\n<details>\n<summary><a class=\"btn-cart\" target=\"_blank\" rel=\"noopener noreferrer\">Beitrag ansehen (hier klicken)<\/a><\/summary>\n<p><strong><em>Gott der M\u00fcllhalde<\/em><\/strong><\/p>\n<p><em>Abend f\u00fcr Abend kommen sie um kurz nach neun hier vorbei. Der \u00e4ltere Bruder ist f\u00fcnfzehn, der j\u00fcngere zw\u00f6lf Jahre alt. Das haben sie meiner Frau und mir selbst gesagt. Unterwegs hierher rei\u00dfen sie auf der Suche nach Altplastik jede M\u00fcllt\u00fcte auf, die sie finden. Danach widmen sie sich den T\u00fcten in einem gro\u00dfen Abfallcontainer. Damit er verwertbares Plastik aufst\u00f6bern und aus dem Container auf den Gehweg werfen kann, hilft der \u00e4ltere Bruder dem j\u00fcngeren, in den Container zu steigen. Binnen Minuten verstauen die beiden ihre Ausbeute dann in zwei gro\u00dfen S\u00e4cken, schultern sie und ziehen weiter. Immer kurz bevor die Lkws der st\u00e4dtischen M\u00fcllabfuhr ihre Runde machen und die Container leeren.<\/em><\/p>\n<p><em>Wir haben vor sechs Monaten mit den Jungen Bekanntschaft gemacht, nachdem die Bezirksverwaltung einen gro\u00dfen, nagelneuen Container f\u00fcr Haushaltsm\u00fcll direkt vor unserem Schlafzimmerfenster plaziert hatte. Bislang haben die Stadtwerke keinerlei Schritte zur Einf\u00fchrung einer M\u00fclltrennung unternommen. Hier entsorgt man seinen M\u00fcll unsortiert, in Plastikt\u00fcten, die man allabendlich gegen neun Uhr in die gro\u00dfen Abfallcontainer am Stra\u00dfenrand wirft. Die Stadtreinigung kommt etwa eine Stunde sp\u00e4ter und leert sie. Das verschafft den M\u00fcllsammlern rundum knapp sechzig Minuten Zeit, den Hausm\u00fcll der Stadt nach Verwertbarem zu durchsuchen.<\/em><\/p>\n<p><em>Mit dem ersten Tag, an dem meine Frau und ich uns wegen der Corona-Krise in h\u00e4usliche Quarant\u00e4ne begeben hatten, wurde die Geschichte der beiden Jungen zu unserer Sorge. An Tag zwei seilte meine Frau in einem Plastikkorb Mundschutzmasken und Gummihandschuhe f\u00fcr die beiden ab. Das tun wir bis heute. In j\u00fcngster Zeit legt sie auch zwei kleine belegte Brote dazu, die die beiden mit Genuss verspeisen, bevor sie sich an die Arbeit machen. Weil sich so mitunter die Gelegenheit zu kurzen Gespr\u00e4chen ergibt, wissen wir jetzt zum Beispiel, dass der kleine Bruder eigentlich die Schule besucht, seinem gro\u00dfen Bruder in diesen Tagen aber zur Hand gehen kann, weil wegen der Corona-Krise die Schulen geschlossen sind. Der gro\u00dfe Bruder hingegen sammelt tagein, tagaus Altplastik, auch auf den M\u00fcllkippen au\u00dferhalb der Stadt. Der Kleine m\u00f6chte weiter zur Schule gehen und eines Tages entweder Lehrer oder Arzt werden. Der Gro\u00dfe sagt, er hat einen Pakt mit Gott geschlossen, und will mit seiner harten Arbeit Geld f\u00fcr die Ausbildung des kleinen Bruders verdienen.<\/em><\/p>\n<p><em>Als wir gestern, nach zwei Wochen, erstmals wieder in den Supermarkt gegangen sind, haben wir etwas mehr eingekauft als wir selbst brauchen. Weil zwei M\u00fcll sammelnde Jungen Abend f\u00fcr Abend um kurz nach neun am M\u00fcllcontainer vor dem Haus stehen, die Blicke erwartungsvoll zu unserem Fenster gehoben, und dem Korb entgegensehen.<\/em><\/p>\n<h6>Ver\u00f6ffentlicht in der <a href=\"https:\/\/www.faz.net\/aktuell\/feuilleton\/debatten\/gott-der-muellhalde-amir-hassan-cheheltans-fenster-zur-welt-16720174.html\">Frankfurter Allgemeinen Zeitung am 11. April 2020<\/a>; Wiederverwendung mit Genehmigung des Autors.<\/h6>\n<\/details>\n<p>&nbsp;<\/p>\n<p>&nbsp;<\/p>\n<hr \/>\n<p><a href=\"https:\/\/dai-heidelberg.de\/de\/wp-content\/uploads\/sites\/2\/2020\/04\/John-Wray.jpg\"><img loading=\"lazy\" decoding=\"async\" class=\"alignleft wp-image-35542\" src=\"https:\/\/dai-heidelberg.de\/de\/wp-content\/uploads\/sites\/2\/2020\/04\/John-Wray.jpg\" alt=\"\" width=\"177\" height=\"177\" \/><\/a><\/p>\n<h2 class=\"event-list__title\">John Wray<\/h2>\n<p>John Wray wurde 1971 in Washington geboren. Sein Vater ist Amerikaner, seine Mutter \u00d6sterreicherin. Er lebt als freier Schriftsteller in Brooklyn.<\/p>\n<p>John Wray war am So, 17. Februar 2019, mit \u201e Gotteskind&#8220; im DAI zu Gast.<\/p>\n<details>\n<summary><a class=\"btn-cart\" target=\"_blank\" rel=\"noopener noreferrer\">Beitrag ansehen (hier klicken)<\/a><\/summary>\n<p><em>Da ich derzeit in Mexico City lebe, wo Millionen von Menschen keine M\u00f6glichkeit haben, sich aus ihrem t\u00e4glichen Leben zur\u00fcckzuziehen, besch\u00e4ftigt mich zunehmend die folgende Frage: Sollte ich meine jetzige Isolation als eine Last betrachten, oder vielmehr als ein Luxus?<\/em><\/p>\n<\/details>\n<p>&nbsp;<\/p>\n<p>&nbsp;<\/p>\n<hr \/>\n<p><a href=\"https:\/\/dai-heidelberg.de\/de\/wp-content\/uploads\/sites\/2\/2020\/04\/Ursula-Krechel.jpg\"><img loading=\"lazy\" decoding=\"async\" class=\"alignleft wp-image-35542\" src=\"https:\/\/dai-heidelberg.de\/de\/wp-content\/uploads\/sites\/2\/2020\/04\/Ursula-Krechel.jpg\" alt=\"\" width=\"177\" height=\"177\" \/><\/a><\/p>\n<h2 class=\"event-list__title\">Ursula Krechel<\/h2>\n<p>Ursula Krechel, geboren 1947 in Trier, studierte Germanistik, Theaterwissenschaft und Kunstgeschichte. Lehrt\u00e4tigkeit an verschiedenen Universit\u00e4ten. Erste Lyrikver\u00f6ffentlichungen 1977, danach erschienen Gedichtb\u00e4nde, Prosa, H\u00f6rspiele und Essays. 2009 erhielt Ursula Krechel den &#8222;Joseph-Breitbach-Preis&#8220;, 2012 wurde sie f\u00fcr ihren Roman &#8222;Landgericht&#8220; mit dem Deutschen Buchpreis ausgezeichnet. Ursula Krechel ist Mitglied des P.E.N.-Zentrums Deutschland und seit 2012 der Deutschen Akademie f\u00fcr Sprache und Dichtung. Sie lebt in Berlin, wo sie die Werkstatt Prosa des Literarischen Colloquiums leitet.<\/p>\n<p>Ursula Krechel war am Do, 19. September 2019, mit \u201e Geisterbahn&#8220; im DAI zu Gast.<\/p>\n<p>&nbsp;<\/p>\n<details>\n<summary><a class=\"btn-cart\" target=\"_blank\" rel=\"noopener noreferrer\">Beitrag ansehen (hier klicken)<\/a><\/summary>\n<p><em><strong>Lesen in der tauben Zeit<\/strong><\/em><br \/>\n<em><br \/>\nIch hatte als Kind Melvilles \u201eMoby Dick\u201c gelesen, nat\u00fcrlich in einer gek\u00fcrzten, f\u00fcr die Jugend bearbeiteten Fassung, der zwei Drittel des Romans fehlten, und hatte den Roman in die Kategorie \u201eJungen-Buch\u201c einsortiert, die mich frustrierte. Alles war auf einen Abenteuer-Plot konzentriert. Und die Kategorie \u201eM\u00e4dchen-Buch\u201c war eine einzige Katastrophe, g\u00fclden besonnt, brav geh\u00e4kelt und unter aller Sau \u2014 was ein M\u00e4dchen nicht sagen durfte. Eben das war das Gro\u00dfartige an Gedichten: Sie spekulierten nicht mit einem Geschlecht.<\/em><\/p>\n<p>Die z\u00e4hnefletschenden filmischen Ungeheuer mit Namen \u201eMoby Dick\u201c interessierten mich nicht. Was Melville anging, so verharrte ich lieber bei der \u201eBartleby\u201c-Fraktion der glorreichen Verteidigung des Verweigerns. Mit \u201eMoby-Dick, oder: Der Wal\u201c, das ergab eine neue Lekt\u00fcre in diesen Wochen, die sich hinziehen, als w\u00e4re Zeit im \u00dcberfluss, taucht, \u00fcbersetzt von Friedhelm Rathjen, ein Roman auf, in dem der gro\u00dfe Gegner unsichtbar ist (wie das Nano-Wesen des Virus), doch in der Wahrnehmung immer gegenw\u00e4rtig. Aber ist er denn Gegner \u2013 oder Projektion des Erz\u00e4hlens, in dem sich die Bl\u00f6cke gegeneinander und \u00fcbereinander schieben mit der K\u00fchnheit des Stillstands, der Windstille der Worte? Der Feind ist nicht das Tier, der Feind sitzt in der eigenen beklemmten Brust, in den angstgeweiteten Augen. Dabei nimmt sich der Autor alle Zeit der Welt, um die Schwanzflosse eines Pottwals zu beschreiben, um die Welt probehalber in Wei\u00df zu tauchen, daneben malt er die Grauwerte eines spiegelglatten Meeres und die Schw\u00e4rze der Aussicht auf Erfolg der Expedition. Handfeste Seemannserfahrungen wechseln mit Stellen von befriedeter Sch\u00f6nheit. Nichts ist gegl\u00e4ttet in dieser \u00dcbersetzung. Sichtbar wird ein Bastard-Roman mit Ecken und Kanten und mystischer Orgelmusik. Dem Erz\u00e4hler Ishmael, dem sein Autor alle Freiheiten und K\u00fchnheiten zubilligt, verwandelt sich der \u201edunkelfarbige\u201c Harpunier mit der Ganzk\u00f6rper-T\u00e4towierung, der \u201eWilde\u201c, in einen vertrauten Menschen, mit dem er gem\u00fctlich das Bett im Wirtshaus teilt. Das Vorurteil schmilzt im Kerzenlicht. Einen Schiffbruch der \u201ewei\u00dfen amerikanischen Seele\u201c nannte D. H. Lawrence den Roman. Zu lesen w\u00e4re er auch als ein Buch vom Hochmut des Imperialismus auf dem Weltmeer, vom Raubbau an einer Kreatur, vom T\u00f6ten und Get\u00f6tetwerden und seinen Folgen.<\/p>\n<\/details>\n<p>&nbsp;<\/p>\n<p>&nbsp;<\/p>\n<hr \/>\n<p><a href=\"https:\/\/dai-heidelberg.de\/de\/wp-content\/uploads\/sites\/2\/2020\/04\/Zaimoglu.jpg\"><img loading=\"lazy\" decoding=\"async\" class=\"alignleft wp-image-35542\" src=\"https:\/\/dai-heidelberg.de\/de\/wp-content\/uploads\/sites\/2\/2020\/04\/Zaimoglu.jpg\" alt=\"\" width=\"177\" height=\"177\" \/><\/a><\/p>\n<h2 class=\"event-list__title\">Feridun Zaimoglu<\/h2>\n<p>Feridun Zaimoglu, geboren 1964 in Bolu, T\u00fcrkei. Er lebt seit mehr als 30 Jahren in Deutschland, seit 1985 in Kiel. Zaimoglu studierte Kunst und Humanmedizin und arbeitet heute als Schriftsteller, Drehbuchautor und Journalist. Zaimoglu ist &#8222;Gr\u00fcnder&#8220; und spiritueller Leader von &#8222;Kanak Attack&#8220;. 1997 erhielt er den &#8222;civis H\u00f6rfunk- und Fernsehpreis&#8220; zusammen mit Thomas R\u00f6schner f\u00fcr den Beitrag &#8222;Deutschland im Winter &#8211; Kanakistan. Eine Rap-Reportage&#8220;. 1998 wurde ihm der Drehbuchpreis des Landes Schleswig-Holstein verliehen. Im November 2000 kam der Film &#8222;Kanak Attack&#8220;, die Verfilmung seines Buches &#8222;Abschaum&#8220;, in die Kinos. Feridun Zaimoglu wurde mit zahlreichen Preisen ausgezeichnet, darunter 2007 mit dem Grimmelshausen-Preis und 2010 mit dem Jakob-Wassermann-Literaturpreis.<\/p>\n<p>Feridun Zaimoglu war am Mi, 3. April 2019, mit \u201e Die Geschichte der Frau &#8220; im DAI zu Gast.<\/p>\n<p>&nbsp;<\/p>\n<details>\n<summary><a class=\"btn-cart\" target=\"_blank\" rel=\"noopener noreferrer\">Beitrag ansehen (hier klicken)<\/a><\/summary>\n<p><a href=\"https:\/\/dai-heidelberg.de\/de\/wp-content\/uploads\/sites\/2\/2020\/04\/Zaimoglu-Text.jpg\"><img loading=\"lazy\" decoding=\"async\" class=\"alignnone size-full wp-image-35811\" src=\"https:\/\/dai-heidelberg.de\/de\/wp-content\/uploads\/sites\/2\/2020\/04\/Zaimoglu-Text.jpg\" alt=\"\" width=\"1431\" height=\"958\" srcset=\"https:\/\/dai-heidelberg.de\/de\/wp-content\/uploads\/sites\/2\/2020\/04\/Zaimoglu-Text.jpg 1431w, https:\/\/dai-heidelberg.de\/de\/wp-content\/uploads\/sites\/2\/2020\/04\/Zaimoglu-Text-300x201.jpg 300w, https:\/\/dai-heidelberg.de\/de\/wp-content\/uploads\/sites\/2\/2020\/04\/Zaimoglu-Text-1024x686.jpg 1024w, https:\/\/dai-heidelberg.de\/de\/wp-content\/uploads\/sites\/2\/2020\/04\/Zaimoglu-Text-768x514.jpg 768w, https:\/\/dai-heidelberg.de\/de\/wp-content\/uploads\/sites\/2\/2020\/04\/Zaimoglu-Text-820x549.jpg 820w\" sizes=\"auto, (max-width: 1431px) 100vw, 1431px\" \/><\/a><\/p>\n<\/details>\n<p>&nbsp;<\/p>\n<p>&nbsp;<\/p>\n<hr \/>\n<p><a href=\"https:\/\/dai-heidelberg.de\/de\/wp-content\/uploads\/sites\/2\/2020\/05\/Steffen-Popp.jpg\"><img loading=\"lazy\" decoding=\"async\" class=\"alignleft wp-image-35542\" src=\"https:\/\/dai-heidelberg.de\/de\/wp-content\/uploads\/sites\/2\/2020\/05\/Steffen-Popp.jpg\" alt=\"\" width=\"177\" height=\"177\" \/><\/a><\/p>\n<h2 class=\"event-list__title\">Steffen Popp<\/h2>\n<p>Steffen Popp, geboren 1978 in Greifswald, aufgewachsen in Dresden, studierte Literatur und Philosophie. Er lebt seit 2001 in Berlin.<\/p>\n<p>Steffen Popp war am Do, 31. Januar 2019, mit \u201eGedichte von Elizabeth Bishop&#8220; im DAI zu Gast.<\/p>\n<details>\n<summary><a class=\"btn-cart\" target=\"_blank\" rel=\"noopener noreferrer\">Beitrag ansehen (hier klicken)<\/a><\/summary>\n<p>Ein gro\u00dfer Teil meiner Arbeit als Autor und \u00dcbersetzer findet seit eh und je in einer Art von &#8222;Home Office\u201c statt; beruflich ist es f\u00fcr mich daher vergleichsweise leicht, mit den Einschr\u00e4nkungen umzugehen, die das Corona-Virus der Gesellschaft derzeit aufzwingt. Auch lebe ich \u2013 ohne jedes eigene Verdienst \u2013 in einem sozial und \u00f6konomisch denkbar abgesicherten System; dass die viel beschriebene \u201eBlase\u201c der Wahrnehmung und des Denkens unmittelbar auf diesem aufsitzt, wird mir in dieser Zeit einmal mehr bewusst. Der explodierende Fr\u00fchling vor dem Fenster st\u00f6\u00dft mich zudem auf eine Natur, in der menschliche Probleme keinerlei Rolle spielen. Wir h\u00e4ngen von dieser Natur ab und sind als Spezies ein eher geringf\u00fcgiger Teil von ihr, auch wenn wir sie systemisch \u00fcberformen und zerst\u00f6ren. Auch das Virus ist ein Teil dieser Natur und diese Krise f\u00fcr uns wohl auch deshalb so einschneidend, weil sie unsere biologische Grundlage betrifft. Meist haben wir diese Basis nur ganz am Rand im Blick, selbst wenn wir sie sprechend und schreibend thematisieren, nehmen wir sie kaum einmal in ihrer wirklichen Bedeutung wahr \u2013 wohl auch deshalb, weil unsere Diskurse ihr letztendlich gleichg\u00fcltig sind, was uns vielleicht auch be\u00e4ngstigt und verstimmt. Ich finde es in diesem Kontext gut, dass jetzt einmal zumindest ein Teil der Diskursmacht auf Mediziner und Pflegende \u00fcbergegangen ist, die diese Grundlagen best\u00e4ndig und in der Regel wenig beachtet absichern. Auch die Kritik an der Landwirtschaft ist pl\u00f6tzlich leiser geworden; man begreift auch angesichts gest\u00f6rter Lieferketten besser, was wir ihren Leistungen verdanken. Ich denke in diesen Tagen immer wieder daran, dass diese Krise das so genannte \u201eEingemachte\u201c einer Gesellschaft in den Fokus r\u00fcckt, und sehe in ihr auch eine Chance, dass die Ver\u00e4nderung der Wahrnehmung, die damit einhergeht, politisch nachhaltig ist.<\/p>\n<\/details>\n<p>&nbsp;<\/p>\n<hr \/>\n<p><a href=\"https:\/\/dai-heidelberg.de\/de\/wp-content\/uploads\/sites\/2\/2020\/05\/Frank-Barsch.jpg\"><img loading=\"lazy\" decoding=\"async\" class=\"alignleft wp-image-35542\" src=\"https:\/\/dai-heidelberg.de\/de\/wp-content\/uploads\/sites\/2\/2020\/05\/Frank-Barsch.jpg\" alt=\"\" width=\"177\" height=\"177\" \/><\/a><\/p>\n<h2 class=\"event-list__title\">Frank Barsch<\/h2>\n<p>Frank Barsch ist Schriftsteller und Literaturwissenschaftler. Er arbeitet f\u00fcr verschiedene Hochschulen und als Dozent f\u00fcr Kreatives Schreiben.<\/p>\n<p>Frank Barsch war am Do, 11. Juni 2015 mit \u201eMehr als ein Thriller&#8220; im DAI zu Gast.<\/p>\n<details>\n<summary><a class=\"btn-cart\" target=\"_blank\" rel=\"noopener noreferrer\">Beitrag ansehen (hier klicken)<\/a><\/summary>\n<p><strong>So f\u00fchlt sich das also an<\/strong><br \/>\n\u201eHoffentlich geht das schnell vorbei\u201c. Eine interessante Formulierung. Als ob eine Krise Beine h\u00e4tte. Aber so funktioniert unsere Sprache nun mal. Wenn wir etwas nicht richtig verstehen, benutzen wir Metaphern. Zum Beispiel f\u00fcr etwas derart Geheimnisvolles wie die Zeit. Man kann sie \u201evertreiben\u201c, sie kann einem \u201edavonlaufen\u201c. Man kann Zeit \u201ehaben\u201c oder \u201enicht haben\u201c, sie sich \u201enehmen\u201c oder jemandem \u201estehlen\u201c, und man kann sie \u201everlieren\u201c, ja sogar \u201erauben\u201c. Zeit scheint kostbar zu sein.<br \/>\nDas alles sagt und denkt man, weil irgendwann Zeit und Arbeit zusammengefasst wurden. Zur Arbeitszeit. Alternativlos. Zwei kostbare Substanzen, untrennbar miteinander verschraubt. Ein befremdliches Gef\u00fchl, wenn es pl\u00f6tzlich keine Arbeit mehr gibt. Das ist keine Freizeit. Die ist ja ein Ergebnis der Arbeit. Es ist ein bisschen so, als w\u00fcrde die Zeit still stehen.<br \/>\nAber warum w\u00e4re es dann gut, wenn die Krise schnell vorbei gehen w\u00fcrde? Schlie\u00dflich schenkt sie uns etwas, dessen Knappheit wir st\u00e4ndig bedauern. Au\u00dferdem stolpern wir doch schon lange von einer Krise zur n\u00e4chsten: Dotcom, 11. September, Irakkrieg zwei, Finanzkrise, Hartz vier, die Griechen, die Fl\u00fcchtlingskrise, die Mieten, die Waldbr\u00e4nde. Und jetzt das. Irgendwas an dieser Krise ist anders. Aber was? Genug Zeit, dar\u00fcber nachzudenken, haben wir ja.<br \/>\nDie anderen Krisen waren Fehler in diesem oder jenem System. Ideologische Probleme, k\u00f6nnte man sagen. Und viele von uns waren nicht wirklich betroffen. Kein Hunger, kein Durst, genug Klopapier. Diese Krise ist anders, weil sie Ursache und Wirkung vertauscht. Indem sie uns alle direkt betrifft, oder betreffen k\u00f6nnte, trifft sie das System. Und noch etwas ist anders. Die Krise erzeugt eine Ahnung von dem, was auf uns zukommen wird. Etwas, das man nicht mit Krediten abwenden kann. So f\u00fchlt sich das also an.<br \/>\nDie B\u00e4nder stehen still, der Konsum leidet. Umsatz ist kein Naturgesetz mehr. Ebenso wenig wie die Theorien von der unsichtbaren Hand und dem Trickle-Down. Was kann man nicht alles anhalten: die Fabriken in China, das Drama von Abstieg und Aufstieg in der Bundesliga. S\u00e4mtliche Flugzeuge der Welt kann man auf den Landebahnen parken. Und wir haben Zeit. Zeit, um nachzudenken und etwas zu \u00e4ndern. Man kann Kassiererinnen bewundern, K\u00fchlt\u00fcrme sprengen, Illegalen Papiere ausstellen, Schlachthofarbeiter wie Menschen behandeln. \u00dcber uns ein Himmel, wie wir ihn in unserem Leben noch nie gesehen haben.<\/p>\n<\/details>\n<p>&nbsp;<\/p>\n","protected":false},"excerpt":{"rendered":"<p>Das Neue sehen Schriftsteller*innen schreiben dem DAI Beweglich und beherzt zu bleiben ist in dieser Zeit des \u201esocial distancing\u201c nicht&nbsp;&hellip;<\/p>\n","protected":false},"author":10,"featured_media":0,"parent":0,"menu_order":0,"comment_status":"closed","ping_status":"closed","template":"","meta":{"footnotes":""},"class_list":["post-35523","page","type-page","status-publish","hentry"],"better_featured_image":null,"yoast_head":"<!-- This site is optimized with the Yoast SEO plugin v27.4 - https:\/\/yoast.com\/product\/yoast-seo-wordpress\/ -->\n<title>LiZ \u2013 Das Pl\u00e4doyer f\u00fcr Literatur - Deutsch-Amerikanisches Institut. Haus der Kultur.<\/title>\n<meta name=\"description\" content=\"Das Literarische Zentrum Heidelberg pr\u00e4sentiert Ihnen renommierte SchriftstellerInnen und deren neueste Werke: Ein Pl\u00e4doyer f\u00fcr die Literatur!\" \/>\n<meta name=\"robots\" content=\"index, follow, max-snippet:-1, max-image-preview:large, max-video-preview:-1\" \/>\n<link rel=\"canonical\" href=\"https:\/\/dai-heidelberg.de\/de\/liz-das-plaedoyer-fuer-literatur\/\" \/>\n<meta property=\"og:locale\" content=\"de_DE\" \/>\n<meta property=\"og:type\" content=\"article\" \/>\n<meta property=\"og:title\" content=\"LiZ \u2013 Das Pl\u00e4doyer f\u00fcr Literatur - Deutsch-Amerikanisches Institut. Haus der Kultur.\" \/>\n<meta property=\"og:description\" content=\"Das Literarische Zentrum Heidelberg pr\u00e4sentiert Ihnen renommierte SchriftstellerInnen und deren neueste Werke: Ein Pl\u00e4doyer f\u00fcr die Literatur!\" \/>\n<meta property=\"og:url\" content=\"https:\/\/dai-heidelberg.de\/de\/liz-das-plaedoyer-fuer-literatur\/\" \/>\n<meta property=\"og:site_name\" content=\"DAI Deutsch\" \/>\n<meta property=\"article:modified_time\" content=\"2023-07-03T14:19:15+00:00\" \/>\n<meta property=\"og:image\" content=\"https:\/\/dai-heidelberg.de\/de\/wp-content\/uploads\/sites\/2\/2020\/04\/ALKennedy.jpg\" \/>\n<meta name=\"twitter:label1\" content=\"Gesch\u00e4tzte Lesezeit\" \/>\n\t<meta name=\"twitter:data1\" content=\"38\u00a0Minuten\" \/>\n<script type=\"application\/ld+json\" class=\"yoast-schema-graph\">{\"@context\":\"https:\\\/\\\/schema.org\",\"@graph\":[{\"@type\":\"WebPage\",\"@id\":\"https:\\\/\\\/dai-heidelberg.de\\\/de\\\/liz-das-plaedoyer-fuer-literatur\\\/\",\"url\":\"https:\\\/\\\/dai-heidelberg.de\\\/de\\\/liz-das-plaedoyer-fuer-literatur\\\/\",\"name\":\"LiZ \u2013 Das Pl\u00e4doyer f\u00fcr Literatur - Deutsch-Amerikanisches Institut. Haus der Kultur.\",\"isPartOf\":{\"@id\":\"https:\\\/\\\/dai-heidelberg.de\\\/de\\\/#website\"},\"primaryImageOfPage\":{\"@id\":\"https:\\\/\\\/dai-heidelberg.de\\\/de\\\/liz-das-plaedoyer-fuer-literatur\\\/#primaryimage\"},\"image\":{\"@id\":\"https:\\\/\\\/dai-heidelberg.de\\\/de\\\/liz-das-plaedoyer-fuer-literatur\\\/#primaryimage\"},\"thumbnailUrl\":\"https:\\\/\\\/dai-heidelberg.de\\\/de\\\/wp-content\\\/uploads\\\/sites\\\/2\\\/2020\\\/04\\\/ALKennedy.jpg\",\"datePublished\":\"2020-04-03T15:26:42+00:00\",\"dateModified\":\"2023-07-03T14:19:15+00:00\",\"description\":\"Das Literarische Zentrum Heidelberg pr\u00e4sentiert Ihnen renommierte SchriftstellerInnen und deren neueste Werke: Ein Pl\u00e4doyer f\u00fcr die Literatur!\",\"breadcrumb\":{\"@id\":\"https:\\\/\\\/dai-heidelberg.de\\\/de\\\/liz-das-plaedoyer-fuer-literatur\\\/#breadcrumb\"},\"inLanguage\":\"de\",\"potentialAction\":[{\"@type\":\"ReadAction\",\"target\":[\"https:\\\/\\\/dai-heidelberg.de\\\/de\\\/liz-das-plaedoyer-fuer-literatur\\\/\"]}]},{\"@type\":\"ImageObject\",\"inLanguage\":\"de\",\"@id\":\"https:\\\/\\\/dai-heidelberg.de\\\/de\\\/liz-das-plaedoyer-fuer-literatur\\\/#primaryimage\",\"url\":\"https:\\\/\\\/dai-heidelberg.de\\\/de\\\/wp-content\\\/uploads\\\/sites\\\/2\\\/2020\\\/04\\\/ALKennedy.jpg\",\"contentUrl\":\"https:\\\/\\\/dai-heidelberg.de\\\/de\\\/wp-content\\\/uploads\\\/sites\\\/2\\\/2020\\\/04\\\/ALKennedy.jpg\",\"width\":400,\"height\":400},{\"@type\":\"BreadcrumbList\",\"@id\":\"https:\\\/\\\/dai-heidelberg.de\\\/de\\\/liz-das-plaedoyer-fuer-literatur\\\/#breadcrumb\",\"itemListElement\":[{\"@type\":\"ListItem\",\"position\":1,\"name\":\"Startseite\",\"item\":\"https:\\\/\\\/dai-heidelberg.de\\\/de\\\/\"},{\"@type\":\"ListItem\",\"position\":2,\"name\":\"LiZ \u2013 Das Pl\u00e4doyer f\u00fcr Literatur\"}]},{\"@type\":\"WebSite\",\"@id\":\"https:\\\/\\\/dai-heidelberg.de\\\/de\\\/#website\",\"url\":\"https:\\\/\\\/dai-heidelberg.de\\\/de\\\/\",\"name\":\"DAI Deutsch\",\"description\":\"Deutsch-Amerikanisches Institut. Haus der Kultur.\",\"potentialAction\":[{\"@type\":\"SearchAction\",\"target\":{\"@type\":\"EntryPoint\",\"urlTemplate\":\"https:\\\/\\\/dai-heidelberg.de\\\/de\\\/?s={search_term_string}\"},\"query-input\":{\"@type\":\"PropertyValueSpecification\",\"valueRequired\":true,\"valueName\":\"search_term_string\"}}],\"inLanguage\":\"de\"}]}<\/script>\n<!-- \/ Yoast SEO plugin. -->","yoast_head_json":{"title":"LiZ \u2013 Das Pl\u00e4doyer f\u00fcr Literatur - Deutsch-Amerikanisches Institut. Haus der Kultur.","description":"Das Literarische Zentrum Heidelberg pr\u00e4sentiert Ihnen renommierte SchriftstellerInnen und deren neueste Werke: Ein Pl\u00e4doyer f\u00fcr die Literatur!","robots":{"index":"index","follow":"follow","max-snippet":"max-snippet:-1","max-image-preview":"max-image-preview:large","max-video-preview":"max-video-preview:-1"},"canonical":"https:\/\/dai-heidelberg.de\/de\/liz-das-plaedoyer-fuer-literatur\/","og_locale":"de_DE","og_type":"article","og_title":"LiZ \u2013 Das Pl\u00e4doyer f\u00fcr Literatur - Deutsch-Amerikanisches Institut. Haus der Kultur.","og_description":"Das Literarische Zentrum Heidelberg pr\u00e4sentiert Ihnen renommierte SchriftstellerInnen und deren neueste Werke: Ein Pl\u00e4doyer f\u00fcr die Literatur!","og_url":"https:\/\/dai-heidelberg.de\/de\/liz-das-plaedoyer-fuer-literatur\/","og_site_name":"DAI Deutsch","article_modified_time":"2023-07-03T14:19:15+00:00","og_image":[{"url":"https:\/\/dai-heidelberg.de\/de\/wp-content\/uploads\/sites\/2\/2020\/04\/ALKennedy.jpg","type":"","width":"","height":""}],"twitter_misc":{"Gesch\u00e4tzte Lesezeit":"38\u00a0Minuten"},"schema":{"@context":"https:\/\/schema.org","@graph":[{"@type":"WebPage","@id":"https:\/\/dai-heidelberg.de\/de\/liz-das-plaedoyer-fuer-literatur\/","url":"https:\/\/dai-heidelberg.de\/de\/liz-das-plaedoyer-fuer-literatur\/","name":"LiZ \u2013 Das Pl\u00e4doyer f\u00fcr Literatur - Deutsch-Amerikanisches Institut. Haus der Kultur.","isPartOf":{"@id":"https:\/\/dai-heidelberg.de\/de\/#website"},"primaryImageOfPage":{"@id":"https:\/\/dai-heidelberg.de\/de\/liz-das-plaedoyer-fuer-literatur\/#primaryimage"},"image":{"@id":"https:\/\/dai-heidelberg.de\/de\/liz-das-plaedoyer-fuer-literatur\/#primaryimage"},"thumbnailUrl":"https:\/\/dai-heidelberg.de\/de\/wp-content\/uploads\/sites\/2\/2020\/04\/ALKennedy.jpg","datePublished":"2020-04-03T15:26:42+00:00","dateModified":"2023-07-03T14:19:15+00:00","description":"Das Literarische Zentrum Heidelberg pr\u00e4sentiert Ihnen renommierte SchriftstellerInnen und deren neueste Werke: Ein Pl\u00e4doyer f\u00fcr die Literatur!","breadcrumb":{"@id":"https:\/\/dai-heidelberg.de\/de\/liz-das-plaedoyer-fuer-literatur\/#breadcrumb"},"inLanguage":"de","potentialAction":[{"@type":"ReadAction","target":["https:\/\/dai-heidelberg.de\/de\/liz-das-plaedoyer-fuer-literatur\/"]}]},{"@type":"ImageObject","inLanguage":"de","@id":"https:\/\/dai-heidelberg.de\/de\/liz-das-plaedoyer-fuer-literatur\/#primaryimage","url":"https:\/\/dai-heidelberg.de\/de\/wp-content\/uploads\/sites\/2\/2020\/04\/ALKennedy.jpg","contentUrl":"https:\/\/dai-heidelberg.de\/de\/wp-content\/uploads\/sites\/2\/2020\/04\/ALKennedy.jpg","width":400,"height":400},{"@type":"BreadcrumbList","@id":"https:\/\/dai-heidelberg.de\/de\/liz-das-plaedoyer-fuer-literatur\/#breadcrumb","itemListElement":[{"@type":"ListItem","position":1,"name":"Startseite","item":"https:\/\/dai-heidelberg.de\/de\/"},{"@type":"ListItem","position":2,"name":"LiZ \u2013 Das Pl\u00e4doyer f\u00fcr Literatur"}]},{"@type":"WebSite","@id":"https:\/\/dai-heidelberg.de\/de\/#website","url":"https:\/\/dai-heidelberg.de\/de\/","name":"DAI Deutsch","description":"Deutsch-Amerikanisches Institut. Haus der Kultur.","potentialAction":[{"@type":"SearchAction","target":{"@type":"EntryPoint","urlTemplate":"https:\/\/dai-heidelberg.de\/de\/?s={search_term_string}"},"query-input":{"@type":"PropertyValueSpecification","valueRequired":true,"valueName":"search_term_string"}}],"inLanguage":"de"}]}},"_links":{"self":[{"href":"https:\/\/dai-heidelberg.de\/de\/wp-json\/wp\/v2\/pages\/35523","targetHints":{"allow":["GET"]}}],"collection":[{"href":"https:\/\/dai-heidelberg.de\/de\/wp-json\/wp\/v2\/pages"}],"about":[{"href":"https:\/\/dai-heidelberg.de\/de\/wp-json\/wp\/v2\/types\/page"}],"author":[{"embeddable":true,"href":"https:\/\/dai-heidelberg.de\/de\/wp-json\/wp\/v2\/users\/10"}],"replies":[{"embeddable":true,"href":"https:\/\/dai-heidelberg.de\/de\/wp-json\/wp\/v2\/comments?post=35523"}],"version-history":[{"count":56,"href":"https:\/\/dai-heidelberg.de\/de\/wp-json\/wp\/v2\/pages\/35523\/revisions"}],"predecessor-version":[{"id":56607,"href":"https:\/\/dai-heidelberg.de\/de\/wp-json\/wp\/v2\/pages\/35523\/revisions\/56607"}],"wp:attachment":[{"href":"https:\/\/dai-heidelberg.de\/de\/wp-json\/wp\/v2\/media?parent=35523"}],"curies":[{"name":"wp","href":"https:\/\/api.w.org\/{rel}","templated":true}]}}