{"id":8695,"date":"2014-07-15T16:08:01","date_gmt":"2014-07-15T14:08:01","guid":{"rendered":"http:\/\/dai-heidelberg.de\/de\/?post_type=dai_event&#038;p=8695"},"modified":"2017-07-25T14:22:36","modified_gmt":"2017-07-25T12:22:36","slug":"tomorrows-citizen-2","status":"publish","type":"dai_event","link":"https:\/\/dai-heidelberg.de\/de\/veranstaltungen\/tomorrows-citizen-2-8695\/","title":{"rendered":"Tomorrow&#8217;s Citizen"},"content":{"rendered":"<p>Die Globalisierung hat den Orientierungsrahmen des Individuums grundlegend ver\u00e4ndert. Der Einzelne ist nicht mehr nur auf die eigene Familie, die eigene Stadt oder das eigene Land verwiesen, sondern lebt in einer globalen Welt der Interdependenz.<\/p>\n<p>Diese Entwicklung er\u00f6ffnet gesamtgesellschaftlich ungeahnte M\u00f6glichkeiten, birgt aber auch gro\u00dfe Risiken. Begriffe wie Menschenrechte, Ressourcen und Technik bekommen im globalen Kontext eine Dimension, die jeden Einzelnen bez\u00fcglich seiner Entscheidungen, seiner Werte und Handlungen zur Verantwortung ruft. Doch was bedeutet individuelle Verantwortung im globalen Kontext konkret? Welche F\u00e4higkeiten brauchen Menschen in Politik, Wirtschaft und Gesellschaft, um den gegenw\u00e4rtigen Herausforderungen begegnen zu k\u00f6nnen?<\/p>\n<p>&nbsp;<\/p>\n<p>Ablauf:<\/p>\n<p><strong>10:00 Uhr Stephan Breidenbach: <\/strong>\u201eDie Partizipative\u201c \u2013 Gemeinsam handeln<\/p>\n<p>&nbsp;<\/p>\n<p><strong>11.15 Uhr Otfried H\u00f6ffe: <\/strong>Identit\u00e4t in Zeiten der Globalisierung<\/p>\n<p>&nbsp;<\/p>\n<p><strong>12.30 Uhr Mittagspause<\/strong><\/p>\n<p>&nbsp;<\/p>\n<p><strong>14.00 Uhr Nicholas Janni: <\/strong>The leaders that are needed now (Sprache: Englisch)<\/p>\n<p>&nbsp;<\/p>\n<p><strong>15:30 Uhr Marina Weisband: <\/strong>Verantwortung im Fluss<\/p>\n<p>&nbsp;<\/p>\n<p><strong>17:00 Uhr Scilla Elworthy: <\/strong>Pioneering the Possible (Sprache: Englisch)<\/p>\n<p>&nbsp;<\/p>\n<p>&nbsp;<\/p>\n<p>Mit freundlicher Unterst\u00fctzung von<\/p>\n<p><a href=\"http:\/\/www.nachhaltigwirtschaften.net\" target=\"_blank\" rel=\"noopener\"><img loading=\"lazy\" decoding=\"async\" class=\"alignnone wp-image-9284\" src=\"http:\/\/dai-heidelberg.de\/de\/wp-content\/uploads\/sites\/2\/2014\/07\/Logo_FNW_sRGB_150dpi-e1409060860211-300x115.jpg\" alt=\"Logo_FNW_sRGB_150dpi\" width=\"206\" height=\"79\" \/><\/a><\/p>\n<p><a href=\"http:\/\/www.evolve-magazin.de\/\"><img loading=\"lazy\" decoding=\"async\" class=\"alignnone wp-image-9292 \" src=\"http:\/\/dai-heidelberg.de\/de\/wp-content\/uploads\/sites\/2\/2014\/07\/evolve-logo-Druck-weinrot-300-dpi-RGB-300x212.jpg\" alt=\"evolve logo Druck weinrot 300 dpi RGB\" width=\"237\" height=\"167\" srcset=\"https:\/\/dai-heidelberg.de\/de\/wp-content\/uploads\/sites\/2\/2014\/07\/evolve-logo-Druck-weinrot-300-dpi-RGB-300x212.jpg 300w, https:\/\/dai-heidelberg.de\/de\/wp-content\/uploads\/sites\/2\/2014\/07\/evolve-logo-Druck-weinrot-300-dpi-RGB-1024x724.jpg 1024w, https:\/\/dai-heidelberg.de\/de\/wp-content\/uploads\/sites\/2\/2014\/07\/evolve-logo-Druck-weinrot-300-dpi-RGB-768x543.jpg 768w, https:\/\/dai-heidelberg.de\/de\/wp-content\/uploads\/sites\/2\/2014\/07\/evolve-logo-Druck-weinrot-300-dpi-RGB-1536x1086.jpg 1536w, https:\/\/dai-heidelberg.de\/de\/wp-content\/uploads\/sites\/2\/2014\/07\/evolve-logo-Druck-weinrot-300-dpi-RGB-2048x1448.jpg 2048w, https:\/\/dai-heidelberg.de\/de\/wp-content\/uploads\/sites\/2\/2014\/07\/evolve-logo-Druck-weinrot-300-dpi-RGB-820x580.jpg 820w, https:\/\/dai-heidelberg.de\/de\/wp-content\/uploads\/sites\/2\/2014\/07\/evolve-logo-Druck-weinrot-300-dpi-RGB-240x170.jpg 240w, https:\/\/dai-heidelberg.de\/de\/wp-content\/uploads\/sites\/2\/2014\/07\/evolve-logo-Druck-weinrot-300-dpi-RGB-705x498.jpg 705w\" sizes=\"auto, (max-width: 237px) 100vw, 237px\" \/><\/a><\/p>\n","protected":false},"excerpt":{"rendered":"<p>Die Globalisierung hat den Orientierungsrahmen des Individuums grundlegend ver\u00e4ndert. Der Einzelne ist nicht mehr nur auf die eigene Familie, die&nbsp;&hellip;<\/p>\n","protected":false},"featured_media":0,"template":"","meta":{"footnotes":""},"tags":[],"dai_event_category":[],"dai_event_type":[209,20],"dai_event_location":[],"class_list":["post-8695","dai_event","type-dai_event","status-publish","hentry","dai_event_type-geist-heidelberg","dai_event_type-konferenz"],"better_featured_image":null,"post-meta-fields":{"_edit_lock":["1500985216:4"],"_edit_last":["4"],"dai_event_datetime":["2014-12-06 10:00"],"dai_event_featured":["1"],"dai_event_subtext":["B\u00fcrger von morgen"],"dai_event_ticket_freeadmission":["0"],"_post_is_translated":["0"],"_trash_the_other_posts":["0"],"dai_event_ticket_link":["http:\/\/www.reservix.de\/off\/login_check.php?id=c6ec16e8cf3cd5077514ebef590a1f763d4616b372ef8900411779bf6bedf213&#038;vID=2736&#038;eventGrpID=139607&#038;eventID=563640"],"dai_event_ticket_price_presale_standard":["15"],"dai_event_ticket_price_presale_reduced":["12"],"dai_event_ticket_price_presale_member":["10"],"dai_event_ticket_price_boxoffice_standard":["18"],"dai_event_ticket_price_boxoffice_reduced":["15"],"dai_event_ticket_price_boxoffice_member":["13"],"_yoast_wpseo_content_score":["30"],"_yoast_wpseo_primary_dai_event_category":[""],"_yoast_wpseo_primary_dai_event_type":["20"],"_yoast_wpseo_primary_dai_event_location":[""]},"yoast_head":"<!-- This site is optimized with the Yoast SEO plugin v27.4 - https:\/\/yoast.com\/product\/yoast-seo-wordpress\/ -->\n<title>Veranstaltungen - Deutsch-Amerikanisches Institut. Haus der Kultur.<\/title>\n<meta name=\"robots\" content=\"index, follow, max-snippet:-1, max-image-preview:large, max-video-preview:-1\" \/>\n<link rel=\"canonical\" href=\"https:\/\/dai-heidelberg.de\/de\/veranstaltungen\/tomorrows-citizen-2-8695\/\" \/>\n<meta property=\"og:locale\" content=\"de_DE\" \/>\n<meta property=\"og:type\" content=\"article\" \/>\n<meta property=\"og:title\" content=\"Veranstaltungen - Deutsch-Amerikanisches Institut. Haus der Kultur.\" \/>\n<meta property=\"og:description\" content=\"Die Globalisierung hat den Orientierungsrahmen des Individuums grundlegend ver\u00e4ndert. Der Einzelne ist nicht mehr nur auf die eigene Familie, die&nbsp;&hellip;\" \/>\n<meta property=\"og:url\" content=\"https:\/\/dai-heidelberg.de\/de\/veranstaltungen\/tomorrows-citizen-2-8695\/\" \/>\n<meta property=\"og:site_name\" content=\"DAI Deutsch\" \/>\n<meta property=\"article:modified_time\" content=\"2017-07-25T12:22:36+00:00\" \/>\n<meta property=\"og:image\" content=\"http:\/\/dai-heidelberg.de\/de\/wp-content\/uploads\/sites\/2\/2014\/07\/Logo_FNW_sRGB_150dpi-e1409060860211-300x115.jpg\" \/>\n<meta name=\"twitter:label1\" content=\"Gesch\u00e4tzte Lesezeit\" \/>\n\t<meta name=\"twitter:data1\" content=\"1\u00a0Minute\" \/>\n<script type=\"application\/ld+json\" class=\"yoast-schema-graph\">{\"@context\":\"https:\\\/\\\/schema.org\",\"@graph\":[{\"@type\":\"WebPage\",\"@id\":\"https:\\\/\\\/dai-heidelberg.de\\\/de\\\/veranstaltungen\\\/tomorrows-citizen-2-8695\\\/\",\"url\":\"https:\\\/\\\/dai-heidelberg.de\\\/de\\\/veranstaltungen\\\/tomorrows-citizen-2-8695\\\/\",\"name\":\"Veranstaltungen - Deutsch-Amerikanisches Institut. Haus der Kultur.\",\"isPartOf\":{\"@id\":\"https:\\\/\\\/dai-heidelberg.de\\\/de\\\/#website\"},\"primaryImageOfPage\":{\"@id\":\"https:\\\/\\\/dai-heidelberg.de\\\/de\\\/veranstaltungen\\\/tomorrows-citizen-2-8695\\\/#primaryimage\"},\"image\":{\"@id\":\"https:\\\/\\\/dai-heidelberg.de\\\/de\\\/veranstaltungen\\\/tomorrows-citizen-2-8695\\\/#primaryimage\"},\"thumbnailUrl\":\"http:\\\/\\\/dai-heidelberg.de\\\/de\\\/wp-content\\\/uploads\\\/sites\\\/2\\\/2014\\\/07\\\/Logo_FNW_sRGB_150dpi-e1409060860211-300x115.jpg\",\"datePublished\":\"2014-07-15T14:08:01+00:00\",\"dateModified\":\"2017-07-25T12:22:36+00:00\",\"breadcrumb\":{\"@id\":\"https:\\\/\\\/dai-heidelberg.de\\\/de\\\/veranstaltungen\\\/tomorrows-citizen-2-8695\\\/#breadcrumb\"},\"inLanguage\":\"de\",\"potentialAction\":[{\"@type\":\"ReadAction\",\"target\":[\"https:\\\/\\\/dai-heidelberg.de\\\/de\\\/veranstaltungen\\\/tomorrows-citizen-2-8695\\\/\"]}]},{\"@type\":\"ImageObject\",\"inLanguage\":\"de\",\"@id\":\"https:\\\/\\\/dai-heidelberg.de\\\/de\\\/veranstaltungen\\\/tomorrows-citizen-2-8695\\\/#primaryimage\",\"url\":\"http:\\\/\\\/dai-heidelberg.de\\\/de\\\/wp-content\\\/uploads\\\/sites\\\/2\\\/2014\\\/07\\\/Logo_FNW_sRGB_150dpi-e1409060860211-300x115.jpg\",\"contentUrl\":\"http:\\\/\\\/dai-heidelberg.de\\\/de\\\/wp-content\\\/uploads\\\/sites\\\/2\\\/2014\\\/07\\\/Logo_FNW_sRGB_150dpi-e1409060860211-300x115.jpg\"},{\"@type\":\"BreadcrumbList\",\"@id\":\"https:\\\/\\\/dai-heidelberg.de\\\/de\\\/veranstaltungen\\\/tomorrows-citizen-2-8695\\\/#breadcrumb\",\"itemListElement\":[{\"@type\":\"ListItem\",\"position\":1,\"name\":\"Startseite\",\"item\":\"https:\\\/\\\/dai-heidelberg.de\\\/de\\\/\"},{\"@type\":\"ListItem\",\"position\":2,\"name\":\"Veranstaltungen\",\"item\":\"https:\\\/\\\/dai-heidelberg.de\\\/de\\\/veranstaltungen\\\/\"},{\"@type\":\"ListItem\",\"position\":3,\"name\":\"Tomorrow&#8217;s Citizen\"}]},{\"@type\":\"WebSite\",\"@id\":\"https:\\\/\\\/dai-heidelberg.de\\\/de\\\/#website\",\"url\":\"https:\\\/\\\/dai-heidelberg.de\\\/de\\\/\",\"name\":\"DAI Deutsch\",\"description\":\"Deutsch-Amerikanisches Institut. Haus der Kultur.\",\"potentialAction\":[{\"@type\":\"SearchAction\",\"target\":{\"@type\":\"EntryPoint\",\"urlTemplate\":\"https:\\\/\\\/dai-heidelberg.de\\\/de\\\/?s={search_term_string}\"},\"query-input\":{\"@type\":\"PropertyValueSpecification\",\"valueRequired\":true,\"valueName\":\"search_term_string\"}}],\"inLanguage\":\"de\"}]}<\/script>\n<!-- \/ Yoast SEO plugin. -->","yoast_head_json":{"title":"Veranstaltungen - Deutsch-Amerikanisches Institut. Haus der Kultur.","robots":{"index":"index","follow":"follow","max-snippet":"max-snippet:-1","max-image-preview":"max-image-preview:large","max-video-preview":"max-video-preview:-1"},"canonical":"https:\/\/dai-heidelberg.de\/de\/veranstaltungen\/tomorrows-citizen-2-8695\/","og_locale":"de_DE","og_type":"article","og_title":"Veranstaltungen - Deutsch-Amerikanisches Institut. Haus der Kultur.","og_description":"Die Globalisierung hat den Orientierungsrahmen des Individuums grundlegend ver\u00e4ndert. Der Einzelne ist nicht mehr nur auf die eigene Familie, die&nbsp;&hellip;","og_url":"https:\/\/dai-heidelberg.de\/de\/veranstaltungen\/tomorrows-citizen-2-8695\/","og_site_name":"DAI Deutsch","article_modified_time":"2017-07-25T12:22:36+00:00","og_image":[{"url":"http:\/\/dai-heidelberg.de\/de\/wp-content\/uploads\/sites\/2\/2014\/07\/Logo_FNW_sRGB_150dpi-e1409060860211-300x115.jpg","type":"","width":"","height":""}],"twitter_misc":{"Gesch\u00e4tzte Lesezeit":"1\u00a0Minute"},"schema":{"@context":"https:\/\/schema.org","@graph":[{"@type":"WebPage","@id":"https:\/\/dai-heidelberg.de\/de\/veranstaltungen\/tomorrows-citizen-2-8695\/","url":"https:\/\/dai-heidelberg.de\/de\/veranstaltungen\/tomorrows-citizen-2-8695\/","name":"Veranstaltungen - Deutsch-Amerikanisches Institut. Haus der Kultur.","isPartOf":{"@id":"https:\/\/dai-heidelberg.de\/de\/#website"},"primaryImageOfPage":{"@id":"https:\/\/dai-heidelberg.de\/de\/veranstaltungen\/tomorrows-citizen-2-8695\/#primaryimage"},"image":{"@id":"https:\/\/dai-heidelberg.de\/de\/veranstaltungen\/tomorrows-citizen-2-8695\/#primaryimage"},"thumbnailUrl":"http:\/\/dai-heidelberg.de\/de\/wp-content\/uploads\/sites\/2\/2014\/07\/Logo_FNW_sRGB_150dpi-e1409060860211-300x115.jpg","datePublished":"2014-07-15T14:08:01+00:00","dateModified":"2017-07-25T12:22:36+00:00","breadcrumb":{"@id":"https:\/\/dai-heidelberg.de\/de\/veranstaltungen\/tomorrows-citizen-2-8695\/#breadcrumb"},"inLanguage":"de","potentialAction":[{"@type":"ReadAction","target":["https:\/\/dai-heidelberg.de\/de\/veranstaltungen\/tomorrows-citizen-2-8695\/"]}]},{"@type":"ImageObject","inLanguage":"de","@id":"https:\/\/dai-heidelberg.de\/de\/veranstaltungen\/tomorrows-citizen-2-8695\/#primaryimage","url":"http:\/\/dai-heidelberg.de\/de\/wp-content\/uploads\/sites\/2\/2014\/07\/Logo_FNW_sRGB_150dpi-e1409060860211-300x115.jpg","contentUrl":"http:\/\/dai-heidelberg.de\/de\/wp-content\/uploads\/sites\/2\/2014\/07\/Logo_FNW_sRGB_150dpi-e1409060860211-300x115.jpg"},{"@type":"BreadcrumbList","@id":"https:\/\/dai-heidelberg.de\/de\/veranstaltungen\/tomorrows-citizen-2-8695\/#breadcrumb","itemListElement":[{"@type":"ListItem","position":1,"name":"Startseite","item":"https:\/\/dai-heidelberg.de\/de\/"},{"@type":"ListItem","position":2,"name":"Veranstaltungen","item":"https:\/\/dai-heidelberg.de\/de\/veranstaltungen\/"},{"@type":"ListItem","position":3,"name":"Tomorrow&#8217;s Citizen"}]},{"@type":"WebSite","@id":"https:\/\/dai-heidelberg.de\/de\/#website","url":"https:\/\/dai-heidelberg.de\/de\/","name":"DAI Deutsch","description":"Deutsch-Amerikanisches Institut. Haus der Kultur.","potentialAction":[{"@type":"SearchAction","target":{"@type":"EntryPoint","urlTemplate":"https:\/\/dai-heidelberg.de\/de\/?s={search_term_string}"},"query-input":{"@type":"PropertyValueSpecification","valueRequired":true,"valueName":"search_term_string"}}],"inLanguage":"de"}]}},"_links":{"self":[{"href":"https:\/\/dai-heidelberg.de\/de\/wp-json\/wp\/v2\/dai_event\/8695","targetHints":{"allow":["GET"]}}],"collection":[{"href":"https:\/\/dai-heidelberg.de\/de\/wp-json\/wp\/v2\/dai_event"}],"about":[{"href":"https:\/\/dai-heidelberg.de\/de\/wp-json\/wp\/v2\/types\/dai_event"}],"version-history":[{"count":22,"href":"https:\/\/dai-heidelberg.de\/de\/wp-json\/wp\/v2\/dai_event\/8695\/revisions"}],"predecessor-version":[{"id":17429,"href":"https:\/\/dai-heidelberg.de\/de\/wp-json\/wp\/v2\/dai_event\/8695\/revisions\/17429"}],"wp:attachment":[{"href":"https:\/\/dai-heidelberg.de\/de\/wp-json\/wp\/v2\/media?parent=8695"}],"wp:term":[{"taxonomy":"post_tag","embeddable":true,"href":"https:\/\/dai-heidelberg.de\/de\/wp-json\/wp\/v2\/tags?post=8695"},{"taxonomy":"dai_event_category","embeddable":true,"href":"https:\/\/dai-heidelberg.de\/de\/wp-json\/wp\/v2\/dai_event_category?post=8695"},{"taxonomy":"dai_event_type","embeddable":true,"href":"https:\/\/dai-heidelberg.de\/de\/wp-json\/wp\/v2\/dai_event_type?post=8695"},{"taxonomy":"dai_event_location","embeddable":true,"href":"https:\/\/dai-heidelberg.de\/de\/wp-json\/wp\/v2\/dai_event_location?post=8695"}],"curies":[{"name":"wp","href":"https:\/\/api.w.org\/{rel}","templated":true}]}}