{"id":73364,"date":"2026-03-06T20:11:57","date_gmt":"2026-03-06T19:11:57","guid":{"rendered":"https:\/\/dai-heidelberg.de\/de\/?post_type=dai_event&#038;p=73364"},"modified":"2026-03-10T20:00:43","modified_gmt":"2026-03-10T19:00:43","slug":"raoul-schrott-4","status":"publish","type":"dai_event","link":"https:\/\/dai-heidelberg.de\/de\/veranstaltungen\/raoul-schrott-4-73364\/","title":{"rendered":"Raoul Schrott"},"content":{"rendered":"<p style=\"text-align: center;\"><em>\u201eNur der mensch kennt das seltsame fiktum einer leerform\u00a0[\u2026]; der \u00fcberschuss des leeren \u00fcber das volle kann nur bei einem wesen eintreten, dessen unbefriedigtes verlangen stets gr\u00f6sser ist als sein befriedigtes.\u201c<\/em><br \/>\n(Raoul Schrott)<\/p>\n<p>Was ist Zeitgeist? Wie entsteht er, wie verbreitet er sich, wie pr\u00e4gt er Gesellschaften \u2013 und wie behaupten wir uns gegen ihn? Raoul Schrott widmet sich diesen Fragen in einem Buch, das Essay und Gedichtband zugleich ist: ein bibliophiles Wendebuch. Im Essay entwirft er eine \u00fcberraschende, scharfsinnige Analyse unserer Gegenwart. Die Gedichte bilden die Kehrseite: Portr\u00e4ts von Menschen zwischen Endzeitgef\u00fchl und Gl\u00fccksverhei\u00dfung, zwischen Gewissheit und Orientierungslosigkeit in einer aus den Fugen geratenen Zeit.<\/p>\n<p><strong>Raoul Schrott<\/strong> wurde vielfach ausgezeichnet, u.a. mit dem Peter-Huchel- und dem Joseph-Breitbach-Preis. Zuletzt erschienen von ihm 2024 <em>Atlas der Sternenhimmel und Sch\u00f6pfungsmythen der Menschheit<\/em> und 2026 <em>Zeitgeist. Ein Pl\u00e4doyer f\u00fcr die Menschlichkeit<\/em>.<\/p>\n<p>In der Reihe\u00a0<em>Und jetzt? \u2013 Wie Deutschland und Europa \u00adhandlungsf\u00e4hig bleiben<br \/>\n<\/em><small>Deutschland und Europa stehen vor gro\u00dfen Herausforderungen \u2013 doch jede Krise er\u00f6ffnet auch Chancen f\u00fcr Erneuerung.<br \/>\nUnter dem Titel Und jetzt? l\u00e4sst diese Reihe ausgewiesene ExpertInnen aus Politik, Wissenschaft, Journalismus und \u00d6konomie zu Wort kommen. Sie analysieren die Ursachen der aktuellen Krisen und zeigen zugleich konkrete Perspektiven auf: f\u00fcr eine zukunftsf\u00e4hige Wirtschaft, eine widerstandsf\u00e4hige Demokratie, eine realistische Europapolitik und einen Staat, der Sicherheit und Freiheit gleicherma\u00dfen sch\u00fctzt.<\/small><\/p>\n","protected":false},"excerpt":{"rendered":"<p>\u201eNur der mensch kennt das seltsame fiktum einer leerform\u00a0[\u2026]; der \u00fcberschuss des leeren \u00fcber das volle kann nur bei einem&nbsp;&hellip;<\/p>\n","protected":false},"featured_media":73411,"template":"","meta":{"footnotes":""},"tags":[],"dai_event_category":[6],"dai_event_type":[229,17],"dai_event_location":[],"class_list":["post-73364","dai_event","type-dai_event","status-publish","has-post-thumbnail","hentry","dai_event_category-kulturveranstaltungen","dai_event_type-literarisches-zentrum-heidelberg","dai_event_type-literatur"],"better_featured_image":{"id":73411,"alt_text":"","caption":"Foto: Barbara Seyr","description":"","media_type":"image","media_details":{"width":820,"height":370,"file":"2026\/03\/260629_Raoul-Schrott_c_Barbara-Seyr.jpg","filesize":121078,"sizes":{"medium":{"file":"260629_Raoul-Schrott_c_Barbara-Seyr-300x135.jpg","width":300,"height":135,"mime-type":"image\/jpeg","filesize":8683,"source_url":"https:\/\/dai-heidelberg.de\/de\/wp-content\/uploads\/sites\/2\/2026\/03\/260629_Raoul-Schrott_c_Barbara-Seyr-300x135.jpg"},"thumbnail":{"file":"260629_Raoul-Schrott_c_Barbara-Seyr-150x150.jpg","width":150,"height":150,"mime-type":"image\/jpeg","filesize":5660,"source_url":"https:\/\/dai-heidelberg.de\/de\/wp-content\/uploads\/sites\/2\/2026\/03\/260629_Raoul-Schrott_c_Barbara-Seyr-150x150.jpg"},"medium_large":{"file":"260629_Raoul-Schrott_c_Barbara-Seyr-768x347.jpg","width":768,"height":347,"mime-type":"image\/jpeg","filesize":43581,"source_url":"https:\/\/dai-heidelberg.de\/de\/wp-content\/uploads\/sites\/2\/2026\/03\/260629_Raoul-Schrott_c_Barbara-Seyr-768x347.jpg"},"dai-list":{"file":"260629_Raoul-Schrott_c_Barbara-Seyr-140x140.jpg","width":140,"height":140,"mime-type":"image\/jpeg","filesize":5161,"source_url":"https:\/\/dai-heidelberg.de\/de\/wp-content\/uploads\/sites\/2\/2026\/03\/260629_Raoul-Schrott_c_Barbara-Seyr-140x140.jpg"},"dai-selector":{"file":"260629_Raoul-Schrott_c_Barbara-Seyr-240x170.jpg","width":240,"height":170,"mime-type":"image\/jpeg","filesize":8893,"source_url":"https:\/\/dai-heidelberg.de\/de\/wp-content\/uploads\/sites\/2\/2026\/03\/260629_Raoul-Schrott_c_Barbara-Seyr-240x170.jpg"},"dai-hof":{"file":"260629_Raoul-Schrott_c_Barbara-Seyr-240x192.jpg","width":240,"height":192,"mime-type":"image\/jpeg","filesize":9836,"source_url":"https:\/\/dai-heidelberg.de\/de\/wp-content\/uploads\/sites\/2\/2026\/03\/260629_Raoul-Schrott_c_Barbara-Seyr-240x192.jpg"}},"image_meta":{"aperture":"0","credit":"","camera":"","caption":"","created_timestamp":"0","copyright":"","focal_length":"0","iso":"0","shutter_speed":"0","title":"","orientation":"0","keywords":[]}},"post":73364,"source_url":"https:\/\/dai-heidelberg.de\/de\/wp-content\/uploads\/sites\/2\/2026\/03\/260629_Raoul-Schrott_c_Barbara-Seyr.jpg"},"post-meta-fields":{"_edit_lock":["1773169117:10"],"_edit_last":["10"],"dai_event_datetime":["2026-06-29 20:00"],"dai_event_status":["planned"],"dai_event_language":["de"],"dai_event_type":["at_location"],"dai_event_featured":["0"],"dai_event_artist":["Zeitgeist"],"dai_event_subtext":["Ein Pl\u00e4doyer f\u00fcr Menschlichkeit"],"dai_event_ticket_freeadmission":["0"],"dai_autotranslate_should_translate":["1"],"dai_event_venus_id":["69ab27019522e26c548045c4"],"dai_event_venus_image_id":["69aef58282c606e9ae99a4e3"],"dai_event_venus_image_thumbnail_id":["73411"],"dai_event_venus_updated_at":["2026-04-30 11:11:19"],"_thumbnail_id":["73411"],"dai_event_ticket_link":["https:\/\/dai-heidelberg.reservix.de\/p\/reservix\/group\/533806"],"dai_event_ticket_price_presale_standard":["15,90"],"dai_event_ticket_price_presale_reduced":["12,90"],"dai_event_ticket_price_presale_member":["9,90"]},"yoast_head":"<!-- This site is optimized with the Yoast SEO plugin v27.4 - https:\/\/yoast.com\/product\/yoast-seo-wordpress\/ -->\n<title>Veranstaltungen - Deutsch-Amerikanisches Institut. Haus der Kultur.<\/title>\n<meta name=\"robots\" content=\"index, follow, max-snippet:-1, max-image-preview:large, max-video-preview:-1\" \/>\n<link rel=\"canonical\" href=\"https:\/\/dai-heidelberg.de\/de\/?post_type=dai_event&p=73364\" \/>\n<meta property=\"og:locale\" content=\"de_DE\" \/>\n<meta property=\"og:type\" content=\"article\" \/>\n<meta property=\"og:title\" content=\"Veranstaltungen - Deutsch-Amerikanisches Institut. Haus der Kultur.\" \/>\n<meta property=\"og:description\" content=\"\u201eNur der mensch kennt das seltsame fiktum einer leerform\u00a0[\u2026]; der \u00fcberschuss des leeren \u00fcber das volle kann nur bei einem&nbsp;&hellip;\" \/>\n<meta property=\"og:url\" content=\"https:\/\/dai-heidelberg.de\/de\/?post_type=dai_event&amp;p=73364\" \/>\n<meta property=\"og:site_name\" content=\"DAI Deutsch\" \/>\n<meta property=\"article:modified_time\" content=\"2026-03-10T19:00:43+00:00\" \/>\n<meta name=\"twitter:label1\" content=\"Gesch\u00e4tzte Lesezeit\" \/>\n\t<meta name=\"twitter:data1\" content=\"1\u00a0Minute\" \/>\n<script type=\"application\/ld+json\" class=\"yoast-schema-graph\">{\"@context\":\"https:\\\/\\\/schema.org\",\"@graph\":[{\"@type\":\"WebPage\",\"@id\":\"https:\\\/\\\/dai-heidelberg.de\\\/de\\\/?post_type=dai_event&p=73364\",\"url\":\"https:\\\/\\\/dai-heidelberg.de\\\/de\\\/?post_type=dai_event&p=73364\",\"name\":\"Veranstaltungen - Deutsch-Amerikanisches Institut. Haus der Kultur.\",\"isPartOf\":{\"@id\":\"https:\\\/\\\/dai-heidelberg.de\\\/de\\\/#website\"},\"primaryImageOfPage\":{\"@id\":\"https:\\\/\\\/dai-heidelberg.de\\\/de\\\/?post_type=dai_event&p=73364#primaryimage\"},\"image\":{\"@id\":\"https:\\\/\\\/dai-heidelberg.de\\\/de\\\/?post_type=dai_event&p=73364#primaryimage\"},\"thumbnailUrl\":\"https:\\\/\\\/dai-heidelberg.de\\\/de\\\/wp-content\\\/uploads\\\/sites\\\/2\\\/2026\\\/03\\\/260629_Raoul-Schrott_c_Barbara-Seyr.jpg\",\"datePublished\":\"2026-03-06T19:11:57+00:00\",\"dateModified\":\"2026-03-10T19:00:43+00:00\",\"breadcrumb\":{\"@id\":\"https:\\\/\\\/dai-heidelberg.de\\\/de\\\/?post_type=dai_event&p=73364#breadcrumb\"},\"inLanguage\":\"de\",\"potentialAction\":[{\"@type\":\"ReadAction\",\"target\":[\"https:\\\/\\\/dai-heidelberg.de\\\/de\\\/?post_type=dai_event&p=73364\"]}]},{\"@type\":\"ImageObject\",\"inLanguage\":\"de\",\"@id\":\"https:\\\/\\\/dai-heidelberg.de\\\/de\\\/?post_type=dai_event&p=73364#primaryimage\",\"url\":\"https:\\\/\\\/dai-heidelberg.de\\\/de\\\/wp-content\\\/uploads\\\/sites\\\/2\\\/2026\\\/03\\\/260629_Raoul-Schrott_c_Barbara-Seyr.jpg\",\"contentUrl\":\"https:\\\/\\\/dai-heidelberg.de\\\/de\\\/wp-content\\\/uploads\\\/sites\\\/2\\\/2026\\\/03\\\/260629_Raoul-Schrott_c_Barbara-Seyr.jpg\",\"width\":820,\"height\":370,\"caption\":\"Foto: Barbara Seyr\"},{\"@type\":\"BreadcrumbList\",\"@id\":\"https:\\\/\\\/dai-heidelberg.de\\\/de\\\/?post_type=dai_event&p=73364#breadcrumb\",\"itemListElement\":[{\"@type\":\"ListItem\",\"position\":1,\"name\":\"Startseite\",\"item\":\"https:\\\/\\\/dai-heidelberg.de\\\/de\\\/\"},{\"@type\":\"ListItem\",\"position\":2,\"name\":\"Veranstaltungen\",\"item\":\"https:\\\/\\\/dai-heidelberg.de\\\/de\\\/veranstaltungen\\\/\"},{\"@type\":\"ListItem\",\"position\":3,\"name\":\"Raoul Schrott\"}]},{\"@type\":\"WebSite\",\"@id\":\"https:\\\/\\\/dai-heidelberg.de\\\/de\\\/#website\",\"url\":\"https:\\\/\\\/dai-heidelberg.de\\\/de\\\/\",\"name\":\"DAI Deutsch\",\"description\":\"Deutsch-Amerikanisches Institut. Haus der Kultur.\",\"potentialAction\":[{\"@type\":\"SearchAction\",\"target\":{\"@type\":\"EntryPoint\",\"urlTemplate\":\"https:\\\/\\\/dai-heidelberg.de\\\/de\\\/?s={search_term_string}\"},\"query-input\":{\"@type\":\"PropertyValueSpecification\",\"valueRequired\":true,\"valueName\":\"search_term_string\"}}],\"inLanguage\":\"de\"}]}<\/script>\n<!-- \/ Yoast SEO plugin. -->","yoast_head_json":{"title":"Veranstaltungen - Deutsch-Amerikanisches Institut. Haus der Kultur.","robots":{"index":"index","follow":"follow","max-snippet":"max-snippet:-1","max-image-preview":"max-image-preview:large","max-video-preview":"max-video-preview:-1"},"canonical":"https:\/\/dai-heidelberg.de\/de\/?post_type=dai_event&p=73364","og_locale":"de_DE","og_type":"article","og_title":"Veranstaltungen - Deutsch-Amerikanisches Institut. Haus der Kultur.","og_description":"\u201eNur der mensch kennt das seltsame fiktum einer leerform\u00a0[\u2026]; der \u00fcberschuss des leeren \u00fcber das volle kann nur bei einem&nbsp;&hellip;","og_url":"https:\/\/dai-heidelberg.de\/de\/?post_type=dai_event&p=73364","og_site_name":"DAI Deutsch","article_modified_time":"2026-03-10T19:00:43+00:00","twitter_misc":{"Gesch\u00e4tzte Lesezeit":"1\u00a0Minute"},"schema":{"@context":"https:\/\/schema.org","@graph":[{"@type":"WebPage","@id":"https:\/\/dai-heidelberg.de\/de\/?post_type=dai_event&p=73364","url":"https:\/\/dai-heidelberg.de\/de\/?post_type=dai_event&p=73364","name":"Veranstaltungen - Deutsch-Amerikanisches Institut. Haus der Kultur.","isPartOf":{"@id":"https:\/\/dai-heidelberg.de\/de\/#website"},"primaryImageOfPage":{"@id":"https:\/\/dai-heidelberg.de\/de\/?post_type=dai_event&p=73364#primaryimage"},"image":{"@id":"https:\/\/dai-heidelberg.de\/de\/?post_type=dai_event&p=73364#primaryimage"},"thumbnailUrl":"https:\/\/dai-heidelberg.de\/de\/wp-content\/uploads\/sites\/2\/2026\/03\/260629_Raoul-Schrott_c_Barbara-Seyr.jpg","datePublished":"2026-03-06T19:11:57+00:00","dateModified":"2026-03-10T19:00:43+00:00","breadcrumb":{"@id":"https:\/\/dai-heidelberg.de\/de\/?post_type=dai_event&p=73364#breadcrumb"},"inLanguage":"de","potentialAction":[{"@type":"ReadAction","target":["https:\/\/dai-heidelberg.de\/de\/?post_type=dai_event&p=73364"]}]},{"@type":"ImageObject","inLanguage":"de","@id":"https:\/\/dai-heidelberg.de\/de\/?post_type=dai_event&p=73364#primaryimage","url":"https:\/\/dai-heidelberg.de\/de\/wp-content\/uploads\/sites\/2\/2026\/03\/260629_Raoul-Schrott_c_Barbara-Seyr.jpg","contentUrl":"https:\/\/dai-heidelberg.de\/de\/wp-content\/uploads\/sites\/2\/2026\/03\/260629_Raoul-Schrott_c_Barbara-Seyr.jpg","width":820,"height":370,"caption":"Foto: Barbara Seyr"},{"@type":"BreadcrumbList","@id":"https:\/\/dai-heidelberg.de\/de\/?post_type=dai_event&p=73364#breadcrumb","itemListElement":[{"@type":"ListItem","position":1,"name":"Startseite","item":"https:\/\/dai-heidelberg.de\/de\/"},{"@type":"ListItem","position":2,"name":"Veranstaltungen","item":"https:\/\/dai-heidelberg.de\/de\/veranstaltungen\/"},{"@type":"ListItem","position":3,"name":"Raoul Schrott"}]},{"@type":"WebSite","@id":"https:\/\/dai-heidelberg.de\/de\/#website","url":"https:\/\/dai-heidelberg.de\/de\/","name":"DAI Deutsch","description":"Deutsch-Amerikanisches Institut. Haus der Kultur.","potentialAction":[{"@type":"SearchAction","target":{"@type":"EntryPoint","urlTemplate":"https:\/\/dai-heidelberg.de\/de\/?s={search_term_string}"},"query-input":{"@type":"PropertyValueSpecification","valueRequired":true,"valueName":"search_term_string"}}],"inLanguage":"de"}]}},"_links":{"self":[{"href":"https:\/\/dai-heidelberg.de\/de\/wp-json\/wp\/v2\/dai_event\/73364","targetHints":{"allow":["GET"]}}],"collection":[{"href":"https:\/\/dai-heidelberg.de\/de\/wp-json\/wp\/v2\/dai_event"}],"about":[{"href":"https:\/\/dai-heidelberg.de\/de\/wp-json\/wp\/v2\/types\/dai_event"}],"version-history":[{"count":3,"href":"https:\/\/dai-heidelberg.de\/de\/wp-json\/wp\/v2\/dai_event\/73364\/revisions"}],"predecessor-version":[{"id":73494,"href":"https:\/\/dai-heidelberg.de\/de\/wp-json\/wp\/v2\/dai_event\/73364\/revisions\/73494"}],"wp:featuredmedia":[{"embeddable":true,"href":"https:\/\/dai-heidelberg.de\/de\/wp-json\/wp\/v2\/media\/73411"}],"wp:attachment":[{"href":"https:\/\/dai-heidelberg.de\/de\/wp-json\/wp\/v2\/media?parent=73364"}],"wp:term":[{"taxonomy":"post_tag","embeddable":true,"href":"https:\/\/dai-heidelberg.de\/de\/wp-json\/wp\/v2\/tags?post=73364"},{"taxonomy":"dai_event_category","embeddable":true,"href":"https:\/\/dai-heidelberg.de\/de\/wp-json\/wp\/v2\/dai_event_category?post=73364"},{"taxonomy":"dai_event_type","embeddable":true,"href":"https:\/\/dai-heidelberg.de\/de\/wp-json\/wp\/v2\/dai_event_type?post=73364"},{"taxonomy":"dai_event_location","embeddable":true,"href":"https:\/\/dai-heidelberg.de\/de\/wp-json\/wp\/v2\/dai_event_location?post=73364"}],"curies":[{"name":"wp","href":"https:\/\/api.w.org\/{rel}","templated":true}]}}