{"id":73308,"date":"2026-03-06T19:00:09","date_gmt":"2026-03-06T18:00:09","guid":{"rendered":"https:\/\/dai-heidelberg.de\/de\/?post_type=dai_event&#038;p=73308"},"modified":"2026-03-24T15:52:52","modified_gmt":"2026-03-24T14:52:52","slug":"joachim-gauck","status":"publish","type":"dai_event","link":"https:\/\/dai-heidelberg.de\/de\/veranstaltungen\/joachim-gauck-73308\/","title":{"rendered":"Joachim Gauck"},"content":{"rendered":"<p>Die Welt, wie wir sie kannten, kippt: Die regelbasierte Ordnung erodiert, internationale Institutionen werden ausgeh\u00f6hlt, und dort, wo Recht gelten sollte, setzt sich immer \u00f6fter Gewalt durch. Seit der Besetzung der Krim 2014 verfolgt der Kreml offen eine neoimperiale Agenda \u2013 und die historische Erfahrung lehrt: Diese Politik endet nicht an den Grenzen der Ukraine. Gleichzeitig wird Amerika zum Unsicherheitsfaktor, und Europa findet sich in st\u00fcrmischer See wieder.<\/p>\n<p>F\u00fcr <strong>Joachim Gauck<\/strong> ist entscheidend, ob wir den \u00adSchrec\u00ad\u00adken in Tatkraft \u00fcbersetzen k\u00f6nnen: in eine eigenst\u00e4ndigere Verteidigungsf\u00e4higkeit, in strategische wirtschaftliche Anpassungen im KI-Zeitalter und in robuste Resilienz gegen autorit\u00e4re Angriffe auf die Demokratie.<\/p>\n<p><strong>Ort:<\/strong> Neue Aula der Universit\u00e4t Heidelberg<\/p>\n<p>In Kooperation mit<br \/>\n<a href=\"https:\/\/heidelberger-symposium.de\/\" target=\"_blank\" rel=\"noopener\"><img loading=\"lazy\" decoding=\"async\" class=\"alignnone wp-image-73295\" src=\"https:\/\/dai-heidelberg.de\/de\/wp-content\/uploads\/sites\/2\/2026\/03\/HCWK_Logo_Symposium.png\" alt=\"\" width=\"190\" height=\"100\" srcset=\"https:\/\/dai-heidelberg.de\/de\/wp-content\/uploads\/sites\/2\/2026\/03\/HCWK_Logo_Symposium.png 359w, https:\/\/dai-heidelberg.de\/de\/wp-content\/uploads\/sites\/2\/2026\/03\/HCWK_Logo_Symposium-300x158.png 300w\" sizes=\"auto, (max-width: 190px) 100vw, 190px\" \/><\/a>\u00a0 <a href=\"https:\/\/heidelberger-symposium.de\/\" target=\"_blank\" rel=\"noopener\"><img loading=\"lazy\" decoding=\"async\" class=\"alignnone wp-image-73296\" src=\"https:\/\/dai-heidelberg.de\/de\/wp-content\/uploads\/sites\/2\/2026\/03\/Keyvisual_KrisenFest_Pink-scaled.png\" alt=\"\" width=\"179\" height=\"100\" srcset=\"https:\/\/dai-heidelberg.de\/de\/wp-content\/uploads\/sites\/2\/2026\/03\/Keyvisual_KrisenFest_Pink-scaled.png 2560w, https:\/\/dai-heidelberg.de\/de\/wp-content\/uploads\/sites\/2\/2026\/03\/Keyvisual_KrisenFest_Pink-300x167.png 300w, https:\/\/dai-heidelberg.de\/de\/wp-content\/uploads\/sites\/2\/2026\/03\/Keyvisual_KrisenFest_Pink-1024x572.png 1024w, https:\/\/dai-heidelberg.de\/de\/wp-content\/uploads\/sites\/2\/2026\/03\/Keyvisual_KrisenFest_Pink-768x429.png 768w, https:\/\/dai-heidelberg.de\/de\/wp-content\/uploads\/sites\/2\/2026\/03\/Keyvisual_KrisenFest_Pink-1536x857.png 1536w, https:\/\/dai-heidelberg.de\/de\/wp-content\/uploads\/sites\/2\/2026\/03\/Keyvisual_KrisenFest_Pink-2048x1143.png 2048w, https:\/\/dai-heidelberg.de\/de\/wp-content\/uploads\/sites\/2\/2026\/03\/Keyvisual_KrisenFest_Pink-820x458.png 820w\" sizes=\"auto, (max-width: 179px) 100vw, 179px\" \/><\/a><\/p>\n<hr \/>\n<p>\u00dcber das DAI\/Reservix kann ein Ticket erworben werden, das ausschlie\u00dflich f\u00fcr diese Veranstaltung gilt und eine Platzreservierung beinhaltet.<\/p>\n<p>Alternativ besteht demn\u00e4chst die M\u00f6glichkeit, ein Ticket f\u00fcr das gesamte Symposium inklusive diese Veranstaltung zu erwerben \u00fcber die Website <a href=\"https:\/\/deu01.safelinks.protection.outlook.com\/?url=https%3A%2F%2Fheidelberger-symposium.de%2F&amp;data=05%7C02%7Cfilip.fehrmann%40dai-heidelberg.de%7Cec37d67272544d83309b08de89aeb4ec%7C5d58df063a0744f08027c7eacbca5717%7C0%7C0%7C639099580606601728%7CUnknown%7CTWFpbGZsb3d8eyJFbXB0eU1hcGkiOnRydWUsIlYiOiIwLjAuMDAwMCIsIlAiOiJXaW4zMiIsIkFOIjoiTWFpbCIsIldUIjoyfQ%3D%3D%7C0%7C%7C%7C&amp;sdata=l%2FUWKtiV%2BmqhzbHjNtrI8sjZBFORMVz%2FJhenVkLMvAk%3D&amp;reserved=0\">https:\/\/heidelberger-symposium.de\/<\/a>.<\/p>\n<p>Das dort erworbene Ticket gilt f\u00fcr alle Veranstaltungen des Symposiums inklusive Joachim Gauck und Anne Brorhilker, beinhaltet aber <strong>KEINE<\/strong> <strong>Platzreservierung<\/strong>.<\/p>\n","protected":false},"excerpt":{"rendered":"<p>Die Welt, wie wir sie kannten, kippt: Die regelbasierte Ordnung erodiert, internationale Institutionen werden ausgeh\u00f6hlt, und dort, wo Recht gelten&nbsp;&hellip;<\/p>\n","protected":false},"featured_media":73309,"template":"","meta":{"footnotes":""},"tags":[],"dai_event_category":[6],"dai_event_type":[21],"dai_event_location":[77],"class_list":["post-73308","dai_event","type-dai_event","status-publish","has-post-thumbnail","hentry","dai_event_category-kulturveranstaltungen","dai_event_type-vortrag","dai_event_location-aula-der-neuen-universitaet"],"better_featured_image":{"id":73309,"alt_text":"","caption":"Foto: J. Denzel \/ S. Kugler","description":"","media_type":"image","media_details":{"width":820,"height":370,"file":"2026\/03\/260528_Joachim-Gauck_c_J_Denzel_S_Kugler.jpg","filesize":94418,"sizes":{"medium":{"file":"260528_Joachim-Gauck_c_J_Denzel_S_Kugler-300x135.jpg","width":300,"height":135,"mime-type":"image\/jpeg","filesize":10361,"source_url":"https:\/\/dai-heidelberg.de\/de\/wp-content\/uploads\/sites\/2\/2026\/03\/260528_Joachim-Gauck_c_J_Denzel_S_Kugler-300x135.jpg"},"thumbnail":{"file":"260528_Joachim-Gauck_c_J_Denzel_S_Kugler-150x150.jpg","width":150,"height":150,"mime-type":"image\/jpeg","filesize":6881,"source_url":"https:\/\/dai-heidelberg.de\/de\/wp-content\/uploads\/sites\/2\/2026\/03\/260528_Joachim-Gauck_c_J_Denzel_S_Kugler-150x150.jpg"},"medium_large":{"file":"260528_Joachim-Gauck_c_J_Denzel_S_Kugler-768x347.jpg","width":768,"height":347,"mime-type":"image\/jpeg","filesize":44137,"source_url":"https:\/\/dai-heidelberg.de\/de\/wp-content\/uploads\/sites\/2\/2026\/03\/260528_Joachim-Gauck_c_J_Denzel_S_Kugler-768x347.jpg"},"dai-list":{"file":"260528_Joachim-Gauck_c_J_Denzel_S_Kugler-140x140.jpg","width":140,"height":140,"mime-type":"image\/jpeg","filesize":6205,"source_url":"https:\/\/dai-heidelberg.de\/de\/wp-content\/uploads\/sites\/2\/2026\/03\/260528_Joachim-Gauck_c_J_Denzel_S_Kugler-140x140.jpg"},"dai-selector":{"file":"260528_Joachim-Gauck_c_J_Denzel_S_Kugler-240x170.jpg","width":240,"height":170,"mime-type":"image\/jpeg","filesize":11326,"source_url":"https:\/\/dai-heidelberg.de\/de\/wp-content\/uploads\/sites\/2\/2026\/03\/260528_Joachim-Gauck_c_J_Denzel_S_Kugler-240x170.jpg"},"dai-hof":{"file":"260528_Joachim-Gauck_c_J_Denzel_S_Kugler-240x192.jpg","width":240,"height":192,"mime-type":"image\/jpeg","filesize":12021,"source_url":"https:\/\/dai-heidelberg.de\/de\/wp-content\/uploads\/sites\/2\/2026\/03\/260528_Joachim-Gauck_c_J_Denzel_S_Kugler-240x192.jpg"}},"image_meta":{"aperture":"0","credit":"","camera":"","caption":"","created_timestamp":"0","copyright":"","focal_length":"0","iso":"0","shutter_speed":"0","title":"","orientation":"0","keywords":[]}},"post":73308,"source_url":"https:\/\/dai-heidelberg.de\/de\/wp-content\/uploads\/sites\/2\/2026\/03\/260528_Joachim-Gauck_c_J_Denzel_S_Kugler.jpg"},"post-meta-fields":{"_edit_lock":["1774363840:10"],"_edit_last":["10"],"_thumbnail_id":["73309"],"dai_event_datetime":["2026-05-28 17:00"],"dai_event_status":["planned"],"dai_event_language":["de"],"dai_event_type":["at_location"],"dai_event_featured":["0"],"dai_event_artist":["Zeiten der Umbr\u00fcche"],"dai_event_subtext":["Eine neue Verantwortung f\u00fcr Europa"],"dai_event_ticket_freeadmission":["0"],"dai_autotranslate_should_translate":["1"],"dai_event_venus_id":["69ab162d9522e26c54801edb"],"dai_event_venus_image_id":["69ab162f82c606e9ae98ba9f"],"dai_event_venus_image_thumbnail_id":["73309"],"dai_event_venus_updated_at":["2026-03-24 14:52:55"],"dai_event_ticket_link":["https:\/\/dai-heidelberg.reservix.de\/p\/reservix\/group\/535388"],"dai_event_ticket_price_presale_standard":["32,90"],"dai_event_ticket_price_presale_reduced":["26,90"],"dai_event_ticket_price_presale_member":["19,90"]},"yoast_head":"<!-- This site is optimized with the Yoast SEO plugin v27.4 - https:\/\/yoast.com\/product\/yoast-seo-wordpress\/ -->\n<title>Veranstaltungen - Deutsch-Amerikanisches Institut. Haus der Kultur.<\/title>\n<meta name=\"robots\" content=\"index, follow, max-snippet:-1, max-image-preview:large, max-video-preview:-1\" \/>\n<link rel=\"canonical\" href=\"https:\/\/dai-heidelberg.de\/de\/?post_type=dai_event&p=73308\" \/>\n<meta property=\"og:locale\" content=\"de_DE\" \/>\n<meta property=\"og:type\" content=\"article\" \/>\n<meta property=\"og:title\" content=\"Veranstaltungen - Deutsch-Amerikanisches Institut. Haus der Kultur.\" \/>\n<meta property=\"og:description\" content=\"Die Welt, wie wir sie kannten, kippt: Die regelbasierte Ordnung erodiert, internationale Institutionen werden ausgeh\u00f6hlt, und dort, wo Recht gelten&nbsp;&hellip;\" \/>\n<meta property=\"og:url\" content=\"https:\/\/dai-heidelberg.de\/de\/?post_type=dai_event&amp;p=73308\" \/>\n<meta property=\"og:site_name\" content=\"DAI Deutsch\" \/>\n<meta property=\"article:modified_time\" content=\"2026-03-24T14:52:52+00:00\" \/>\n<meta property=\"og:image\" content=\"https:\/\/dai-heidelberg.de\/de\/wp-content\/uploads\/sites\/2\/2026\/03\/Keyvisual_KrisenFest_Pink-scaled.png\" \/>\n<meta name=\"twitter:label1\" content=\"Gesch\u00e4tzte Lesezeit\" \/>\n\t<meta name=\"twitter:data1\" content=\"1\u00a0Minute\" \/>\n<script type=\"application\/ld+json\" class=\"yoast-schema-graph\">{\"@context\":\"https:\\\/\\\/schema.org\",\"@graph\":[{\"@type\":\"WebPage\",\"@id\":\"https:\\\/\\\/dai-heidelberg.de\\\/de\\\/?post_type=dai_event&p=73308\",\"url\":\"https:\\\/\\\/dai-heidelberg.de\\\/de\\\/?post_type=dai_event&p=73308\",\"name\":\"Veranstaltungen - Deutsch-Amerikanisches Institut. Haus der Kultur.\",\"isPartOf\":{\"@id\":\"https:\\\/\\\/dai-heidelberg.de\\\/de\\\/#website\"},\"primaryImageOfPage\":{\"@id\":\"https:\\\/\\\/dai-heidelberg.de\\\/de\\\/?post_type=dai_event&p=73308#primaryimage\"},\"image\":{\"@id\":\"https:\\\/\\\/dai-heidelberg.de\\\/de\\\/?post_type=dai_event&p=73308#primaryimage\"},\"thumbnailUrl\":\"https:\\\/\\\/dai-heidelberg.de\\\/de\\\/wp-content\\\/uploads\\\/sites\\\/2\\\/2026\\\/03\\\/260528_Joachim-Gauck_c_J_Denzel_S_Kugler.jpg\",\"datePublished\":\"2026-03-06T18:00:09+00:00\",\"dateModified\":\"2026-03-24T14:52:52+00:00\",\"breadcrumb\":{\"@id\":\"https:\\\/\\\/dai-heidelberg.de\\\/de\\\/?post_type=dai_event&p=73308#breadcrumb\"},\"inLanguage\":\"de\",\"potentialAction\":[{\"@type\":\"ReadAction\",\"target\":[\"https:\\\/\\\/dai-heidelberg.de\\\/de\\\/?post_type=dai_event&p=73308\"]}]},{\"@type\":\"ImageObject\",\"inLanguage\":\"de\",\"@id\":\"https:\\\/\\\/dai-heidelberg.de\\\/de\\\/?post_type=dai_event&p=73308#primaryimage\",\"url\":\"https:\\\/\\\/dai-heidelberg.de\\\/de\\\/wp-content\\\/uploads\\\/sites\\\/2\\\/2026\\\/03\\\/260528_Joachim-Gauck_c_J_Denzel_S_Kugler.jpg\",\"contentUrl\":\"https:\\\/\\\/dai-heidelberg.de\\\/de\\\/wp-content\\\/uploads\\\/sites\\\/2\\\/2026\\\/03\\\/260528_Joachim-Gauck_c_J_Denzel_S_Kugler.jpg\",\"width\":820,\"height\":370,\"caption\":\"Foto: J. Denzel \\\/ S. Kugler\"},{\"@type\":\"BreadcrumbList\",\"@id\":\"https:\\\/\\\/dai-heidelberg.de\\\/de\\\/?post_type=dai_event&p=73308#breadcrumb\",\"itemListElement\":[{\"@type\":\"ListItem\",\"position\":1,\"name\":\"Startseite\",\"item\":\"https:\\\/\\\/dai-heidelberg.de\\\/de\\\/\"},{\"@type\":\"ListItem\",\"position\":2,\"name\":\"Veranstaltungen\",\"item\":\"https:\\\/\\\/dai-heidelberg.de\\\/de\\\/veranstaltungen\\\/\"},{\"@type\":\"ListItem\",\"position\":3,\"name\":\"Joachim Gauck\"}]},{\"@type\":\"WebSite\",\"@id\":\"https:\\\/\\\/dai-heidelberg.de\\\/de\\\/#website\",\"url\":\"https:\\\/\\\/dai-heidelberg.de\\\/de\\\/\",\"name\":\"DAI Deutsch\",\"description\":\"Deutsch-Amerikanisches Institut. Haus der Kultur.\",\"potentialAction\":[{\"@type\":\"SearchAction\",\"target\":{\"@type\":\"EntryPoint\",\"urlTemplate\":\"https:\\\/\\\/dai-heidelberg.de\\\/de\\\/?s={search_term_string}\"},\"query-input\":{\"@type\":\"PropertyValueSpecification\",\"valueRequired\":true,\"valueName\":\"search_term_string\"}}],\"inLanguage\":\"de\"}]}<\/script>\n<!-- \/ Yoast SEO plugin. -->","yoast_head_json":{"title":"Veranstaltungen - Deutsch-Amerikanisches Institut. Haus der Kultur.","robots":{"index":"index","follow":"follow","max-snippet":"max-snippet:-1","max-image-preview":"max-image-preview:large","max-video-preview":"max-video-preview:-1"},"canonical":"https:\/\/dai-heidelberg.de\/de\/?post_type=dai_event&p=73308","og_locale":"de_DE","og_type":"article","og_title":"Veranstaltungen - Deutsch-Amerikanisches Institut. Haus der Kultur.","og_description":"Die Welt, wie wir sie kannten, kippt: Die regelbasierte Ordnung erodiert, internationale Institutionen werden ausgeh\u00f6hlt, und dort, wo Recht gelten&nbsp;&hellip;","og_url":"https:\/\/dai-heidelberg.de\/de\/?post_type=dai_event&p=73308","og_site_name":"DAI Deutsch","article_modified_time":"2026-03-24T14:52:52+00:00","og_image":[{"url":"https:\/\/dai-heidelberg.de\/de\/wp-content\/uploads\/sites\/2\/2026\/03\/Keyvisual_KrisenFest_Pink-scaled.png","type":"","width":"","height":""}],"twitter_misc":{"Gesch\u00e4tzte Lesezeit":"1\u00a0Minute"},"schema":{"@context":"https:\/\/schema.org","@graph":[{"@type":"WebPage","@id":"https:\/\/dai-heidelberg.de\/de\/?post_type=dai_event&p=73308","url":"https:\/\/dai-heidelberg.de\/de\/?post_type=dai_event&p=73308","name":"Veranstaltungen - Deutsch-Amerikanisches Institut. Haus der Kultur.","isPartOf":{"@id":"https:\/\/dai-heidelberg.de\/de\/#website"},"primaryImageOfPage":{"@id":"https:\/\/dai-heidelberg.de\/de\/?post_type=dai_event&p=73308#primaryimage"},"image":{"@id":"https:\/\/dai-heidelberg.de\/de\/?post_type=dai_event&p=73308#primaryimage"},"thumbnailUrl":"https:\/\/dai-heidelberg.de\/de\/wp-content\/uploads\/sites\/2\/2026\/03\/260528_Joachim-Gauck_c_J_Denzel_S_Kugler.jpg","datePublished":"2026-03-06T18:00:09+00:00","dateModified":"2026-03-24T14:52:52+00:00","breadcrumb":{"@id":"https:\/\/dai-heidelberg.de\/de\/?post_type=dai_event&p=73308#breadcrumb"},"inLanguage":"de","potentialAction":[{"@type":"ReadAction","target":["https:\/\/dai-heidelberg.de\/de\/?post_type=dai_event&p=73308"]}]},{"@type":"ImageObject","inLanguage":"de","@id":"https:\/\/dai-heidelberg.de\/de\/?post_type=dai_event&p=73308#primaryimage","url":"https:\/\/dai-heidelberg.de\/de\/wp-content\/uploads\/sites\/2\/2026\/03\/260528_Joachim-Gauck_c_J_Denzel_S_Kugler.jpg","contentUrl":"https:\/\/dai-heidelberg.de\/de\/wp-content\/uploads\/sites\/2\/2026\/03\/260528_Joachim-Gauck_c_J_Denzel_S_Kugler.jpg","width":820,"height":370,"caption":"Foto: J. Denzel \/ S. Kugler"},{"@type":"BreadcrumbList","@id":"https:\/\/dai-heidelberg.de\/de\/?post_type=dai_event&p=73308#breadcrumb","itemListElement":[{"@type":"ListItem","position":1,"name":"Startseite","item":"https:\/\/dai-heidelberg.de\/de\/"},{"@type":"ListItem","position":2,"name":"Veranstaltungen","item":"https:\/\/dai-heidelberg.de\/de\/veranstaltungen\/"},{"@type":"ListItem","position":3,"name":"Joachim Gauck"}]},{"@type":"WebSite","@id":"https:\/\/dai-heidelberg.de\/de\/#website","url":"https:\/\/dai-heidelberg.de\/de\/","name":"DAI Deutsch","description":"Deutsch-Amerikanisches Institut. Haus der Kultur.","potentialAction":[{"@type":"SearchAction","target":{"@type":"EntryPoint","urlTemplate":"https:\/\/dai-heidelberg.de\/de\/?s={search_term_string}"},"query-input":{"@type":"PropertyValueSpecification","valueRequired":true,"valueName":"search_term_string"}}],"inLanguage":"de"}]}},"_links":{"self":[{"href":"https:\/\/dai-heidelberg.de\/de\/wp-json\/wp\/v2\/dai_event\/73308","targetHints":{"allow":["GET"]}}],"collection":[{"href":"https:\/\/dai-heidelberg.de\/de\/wp-json\/wp\/v2\/dai_event"}],"about":[{"href":"https:\/\/dai-heidelberg.de\/de\/wp-json\/wp\/v2\/types\/dai_event"}],"version-history":[{"count":3,"href":"https:\/\/dai-heidelberg.de\/de\/wp-json\/wp\/v2\/dai_event\/73308\/revisions"}],"predecessor-version":[{"id":74188,"href":"https:\/\/dai-heidelberg.de\/de\/wp-json\/wp\/v2\/dai_event\/73308\/revisions\/74188"}],"wp:featuredmedia":[{"embeddable":true,"href":"https:\/\/dai-heidelberg.de\/de\/wp-json\/wp\/v2\/media\/73309"}],"wp:attachment":[{"href":"https:\/\/dai-heidelberg.de\/de\/wp-json\/wp\/v2\/media?parent=73308"}],"wp:term":[{"taxonomy":"post_tag","embeddable":true,"href":"https:\/\/dai-heidelberg.de\/de\/wp-json\/wp\/v2\/tags?post=73308"},{"taxonomy":"dai_event_category","embeddable":true,"href":"https:\/\/dai-heidelberg.de\/de\/wp-json\/wp\/v2\/dai_event_category?post=73308"},{"taxonomy":"dai_event_type","embeddable":true,"href":"https:\/\/dai-heidelberg.de\/de\/wp-json\/wp\/v2\/dai_event_type?post=73308"},{"taxonomy":"dai_event_location","embeddable":true,"href":"https:\/\/dai-heidelberg.de\/de\/wp-json\/wp\/v2\/dai_event_location?post=73308"}],"curies":[{"name":"wp","href":"https:\/\/api.w.org\/{rel}","templated":true}]}}