{"id":73294,"date":"2026-03-06T18:31:58","date_gmt":"2026-03-06T17:31:58","guid":{"rendered":"https:\/\/dai-heidelberg.de\/de\/?post_type=dai_event&#038;p=73294"},"modified":"2026-03-10T18:41:02","modified_gmt":"2026-03-10T17:41:02","slug":"martin-kobler","status":"publish","type":"dai_event","link":"https:\/\/dai-heidelberg.de\/de\/veranstaltungen\/martin-kobler-73294\/","title":{"rendered":"Martin Kobler"},"content":{"rendered":"<p>UN, NATO und EU \u2013 Organisationen, die nach dem Zweiten Weltkrieg zur Friedenssicherung beitrugen \u2013 leiden unter einem Verlust ihrer Glaubw\u00fcrdigkeit und stehen vor inneren Zerrei\u00dfproben. Ein Weitermachen wie bisher gibt es nicht. Es braucht neue Allianzen, da eine Gro\u00dfmacht wie die USA ihre (vermeintliche) St\u00e4rke auf neue Art ausspielt.<br \/>\nMartin Kobler sieht in diesem Angriff auf die bisherige Weltordnung auch eine Chance f\u00fcr die EU, neue Strahlkraft zu entwickeln und ihren Werten treu zu bleiben. Dieser Abend ist eine Einladung, mit dem erfahrenen Diplomaten \u00fcber Macht und Ohnmacht der Diplomatie zu diskutieren. Einem kurzen Vortrag folgt ein Gespr\u00e4ch mit dem Publikum im amerikanischen Stil des \u201eTownhall-Meetings\u201c.<\/p>\n<p><strong>Martin Kobler<\/strong>, ehemaliger deutscher Botschafter in Pakistan, Irak und \u00c4gypten, lehrt internationale Diplomatie an der F\u00fchrungsakademie der Bundeswehr. Er war f\u00fcr die UN in Afghanistan, im Kongo, im Irak und in Libyen t\u00e4tig und leitete von 1994\u20131997 das deutsche Vertretungsb\u00fcro in Pal\u00e4stina.<\/p>\n<p>In Kooperation mit<\/p>\n<p><a href=\"https:\/\/heidelberger-symposium.de\/\" target=\"_blank\" rel=\"noopener\"><img loading=\"lazy\" decoding=\"async\" class=\"alignnone wp-image-73295\" src=\"https:\/\/dai-heidelberg.de\/de\/wp-content\/uploads\/sites\/2\/2026\/03\/HCWK_Logo_Symposium.png\" alt=\"\" width=\"228\" height=\"120\" srcset=\"https:\/\/dai-heidelberg.de\/de\/wp-content\/uploads\/sites\/2\/2026\/03\/HCWK_Logo_Symposium.png 359w, https:\/\/dai-heidelberg.de\/de\/wp-content\/uploads\/sites\/2\/2026\/03\/HCWK_Logo_Symposium-300x158.png 300w\" sizes=\"auto, (max-width: 228px) 100vw, 228px\" \/><\/a>\u00a0 <a href=\"https:\/\/heidelberger-symposium.de\/\" target=\"_blank\" rel=\"noopener\"><img loading=\"lazy\" decoding=\"async\" class=\"alignnone wp-image-73296\" src=\"https:\/\/dai-heidelberg.de\/de\/wp-content\/uploads\/sites\/2\/2026\/03\/Keyvisual_KrisenFest_Pink-scaled.png\" alt=\"\" width=\"215\" height=\"120\" srcset=\"https:\/\/dai-heidelberg.de\/de\/wp-content\/uploads\/sites\/2\/2026\/03\/Keyvisual_KrisenFest_Pink-scaled.png 2560w, https:\/\/dai-heidelberg.de\/de\/wp-content\/uploads\/sites\/2\/2026\/03\/Keyvisual_KrisenFest_Pink-300x167.png 300w, https:\/\/dai-heidelberg.de\/de\/wp-content\/uploads\/sites\/2\/2026\/03\/Keyvisual_KrisenFest_Pink-1024x572.png 1024w, https:\/\/dai-heidelberg.de\/de\/wp-content\/uploads\/sites\/2\/2026\/03\/Keyvisual_KrisenFest_Pink-768x429.png 768w, https:\/\/dai-heidelberg.de\/de\/wp-content\/uploads\/sites\/2\/2026\/03\/Keyvisual_KrisenFest_Pink-1536x857.png 1536w, https:\/\/dai-heidelberg.de\/de\/wp-content\/uploads\/sites\/2\/2026\/03\/Keyvisual_KrisenFest_Pink-2048x1143.png 2048w, https:\/\/dai-heidelberg.de\/de\/wp-content\/uploads\/sites\/2\/2026\/03\/Keyvisual_KrisenFest_Pink-820x458.png 820w\" sizes=\"auto, (max-width: 215px) 100vw, 215px\" \/><\/a><\/p>\n<p>&nbsp;<\/p>\n<p>In der Reihe\u00a0<em>Und jetzt? \u2013 Wie Deutschland und Europa \u00adhandlungsf\u00e4hig bleiben<br \/>\n<\/em><small>Deutschland und Europa stehen vor gro\u00dfen Herausforderungen \u2013 doch jede Krise er\u00f6ffnet auch Chancen f\u00fcr Erneuerung.<br \/>\nUnter dem Titel Und jetzt? l\u00e4sst diese Reihe ausgewiesene ExpertInnen aus Politik, Wissenschaft, Journalismus und \u00d6konomie zu Wort kommen. Sie analysieren die Ursachen der aktuellen Krisen und zeigen zugleich konkrete Perspektiven auf: f\u00fcr eine zukunftsf\u00e4hige Wirtschaft, eine widerstandsf\u00e4hige Demokratie, eine realistische Europapolitik und einen Staat, der Sicherheit und Freiheit gleicherma\u00dfen sch\u00fctzt.<\/small><\/p>\n","protected":false},"excerpt":{"rendered":"<p>UN, NATO und EU \u2013 Organisationen, die nach dem Zweiten Weltkrieg zur Friedenssicherung beitrugen \u2013 leiden unter einem Verlust ihrer&nbsp;&hellip;<\/p>\n","protected":false},"featured_media":73408,"template":"","meta":{"footnotes":""},"tags":[],"dai_event_category":[6],"dai_event_type":[12],"dai_event_location":[],"class_list":["post-73294","dai_event","type-dai_event","status-publish","has-post-thumbnail","hentry","dai_event_category-kulturveranstaltungen","dai_event_type-im-dialog"],"better_featured_image":{"id":73408,"alt_text":"","caption":"Foto: Privat","description":"","media_type":"image","media_details":{"width":820,"height":370,"file":"2026\/03\/260521_Martin-Kobler_c_privat2.jpg","filesize":125768,"sizes":{"medium":{"file":"260521_Martin-Kobler_c_privat2-300x135.jpg","width":300,"height":135,"mime-type":"image\/jpeg","filesize":13008,"source_url":"https:\/\/dai-heidelberg.de\/de\/wp-content\/uploads\/sites\/2\/2026\/03\/260521_Martin-Kobler_c_privat2-300x135.jpg"},"thumbnail":{"file":"260521_Martin-Kobler_c_privat2-150x150.jpg","width":150,"height":150,"mime-type":"image\/jpeg","filesize":7597,"source_url":"https:\/\/dai-heidelberg.de\/de\/wp-content\/uploads\/sites\/2\/2026\/03\/260521_Martin-Kobler_c_privat2-150x150.jpg"},"medium_large":{"file":"260521_Martin-Kobler_c_privat2-768x347.jpg","width":768,"height":347,"mime-type":"image\/jpeg","filesize":57063,"source_url":"https:\/\/dai-heidelberg.de\/de\/wp-content\/uploads\/sites\/2\/2026\/03\/260521_Martin-Kobler_c_privat2-768x347.jpg"},"dai-list":{"file":"260521_Martin-Kobler_c_privat2-140x140.jpg","width":140,"height":140,"mime-type":"image\/jpeg","filesize":6932,"source_url":"https:\/\/dai-heidelberg.de\/de\/wp-content\/uploads\/sites\/2\/2026\/03\/260521_Martin-Kobler_c_privat2-140x140.jpg"},"dai-selector":{"file":"260521_Martin-Kobler_c_privat2-240x170.jpg","width":240,"height":170,"mime-type":"image\/jpeg","filesize":12013,"source_url":"https:\/\/dai-heidelberg.de\/de\/wp-content\/uploads\/sites\/2\/2026\/03\/260521_Martin-Kobler_c_privat2-240x170.jpg"},"dai-hof":{"file":"260521_Martin-Kobler_c_privat2-240x192.jpg","width":240,"height":192,"mime-type":"image\/jpeg","filesize":13109,"source_url":"https:\/\/dai-heidelberg.de\/de\/wp-content\/uploads\/sites\/2\/2026\/03\/260521_Martin-Kobler_c_privat2-240x192.jpg"}},"image_meta":{"aperture":"0","credit":"","camera":"","caption":"","created_timestamp":"0","copyright":"","focal_length":"0","iso":"0","shutter_speed":"0","title":"","orientation":"0","keywords":[]}},"post":73294,"source_url":"https:\/\/dai-heidelberg.de\/de\/wp-content\/uploads\/sites\/2\/2026\/03\/260521_Martin-Kobler_c_privat2.jpg"},"post-meta-fields":{"_edit_lock":["1773164830:10"],"_edit_last":["10"],"dai_event_datetime":["2026-05-21 20:00"],"dai_event_status":["planned"],"dai_event_language":["de"],"dai_event_type":["at_location"],"dai_event_featured":["0"],"dai_event_artist":["Weltenbeben"],"dai_event_subtext":["Chancen und Grenzen der \u00adDiplomatie"],"dai_event_ticket_freeadmission":["0"],"dai_autotranslate_should_translate":["1"],"dai_event_venus_id":["69ab0f929522e26c54801aed"],"dai_event_venus_image_id":["69aef40c82c606e9ae99a4bf"],"dai_event_venus_image_thumbnail_id":["73408"],"dai_event_venus_updated_at":["2026-04-30 11:10:34"],"_thumbnail_id":["73408"],"dai_event_ticket_link":["https:\/\/dai-heidelberg.reservix.de\/p\/reservix\/group\/533794"],"dai_event_ticket_price_presale_standard":["11,90"],"dai_event_ticket_price_presale_reduced":["9,90"],"dai_event_ticket_price_presale_member":["6,90"]},"yoast_head":"<!-- This site is optimized with the Yoast SEO plugin v27.4 - https:\/\/yoast.com\/product\/yoast-seo-wordpress\/ -->\n<title>Veranstaltungen - Deutsch-Amerikanisches Institut. Haus der Kultur.<\/title>\n<meta name=\"robots\" content=\"index, follow, max-snippet:-1, max-image-preview:large, max-video-preview:-1\" \/>\n<link rel=\"canonical\" href=\"https:\/\/dai-heidelberg.de\/de\/?post_type=dai_event&p=73294\" \/>\n<meta property=\"og:locale\" content=\"de_DE\" \/>\n<meta property=\"og:type\" content=\"article\" \/>\n<meta property=\"og:title\" content=\"Veranstaltungen - Deutsch-Amerikanisches Institut. Haus der Kultur.\" \/>\n<meta property=\"og:description\" content=\"UN, NATO und EU \u2013 Organisationen, die nach dem Zweiten Weltkrieg zur Friedenssicherung beitrugen \u2013 leiden unter einem Verlust ihrer&nbsp;&hellip;\" \/>\n<meta property=\"og:url\" content=\"https:\/\/dai-heidelberg.de\/de\/?post_type=dai_event&amp;p=73294\" \/>\n<meta property=\"og:site_name\" content=\"DAI Deutsch\" \/>\n<meta property=\"article:modified_time\" content=\"2026-03-10T17:41:02+00:00\" \/>\n<meta property=\"og:image\" content=\"https:\/\/dai-heidelberg.de\/de\/wp-content\/uploads\/sites\/2\/2026\/03\/HCWK_Logo_Symposium.png\" \/>\n\t<meta property=\"og:image:width\" content=\"359\" \/>\n\t<meta property=\"og:image:height\" content=\"189\" \/>\n\t<meta property=\"og:image:type\" content=\"image\/png\" \/>\n<meta name=\"twitter:label1\" content=\"Gesch\u00e4tzte Lesezeit\" \/>\n\t<meta name=\"twitter:data1\" content=\"1\u00a0Minute\" \/>\n<script type=\"application\/ld+json\" class=\"yoast-schema-graph\">{\"@context\":\"https:\\\/\\\/schema.org\",\"@graph\":[{\"@type\":\"WebPage\",\"@id\":\"https:\\\/\\\/dai-heidelberg.de\\\/de\\\/?post_type=dai_event&p=73294\",\"url\":\"https:\\\/\\\/dai-heidelberg.de\\\/de\\\/?post_type=dai_event&p=73294\",\"name\":\"Veranstaltungen - Deutsch-Amerikanisches Institut. Haus der Kultur.\",\"isPartOf\":{\"@id\":\"https:\\\/\\\/dai-heidelberg.de\\\/de\\\/#website\"},\"primaryImageOfPage\":{\"@id\":\"https:\\\/\\\/dai-heidelberg.de\\\/de\\\/?post_type=dai_event&p=73294#primaryimage\"},\"image\":{\"@id\":\"https:\\\/\\\/dai-heidelberg.de\\\/de\\\/?post_type=dai_event&p=73294#primaryimage\"},\"thumbnailUrl\":\"https:\\\/\\\/dai-heidelberg.de\\\/de\\\/wp-content\\\/uploads\\\/sites\\\/2\\\/2026\\\/03\\\/260521_Martin-Kobler_c_privat2.jpg\",\"datePublished\":\"2026-03-06T17:31:58+00:00\",\"dateModified\":\"2026-03-10T17:41:02+00:00\",\"breadcrumb\":{\"@id\":\"https:\\\/\\\/dai-heidelberg.de\\\/de\\\/?post_type=dai_event&p=73294#breadcrumb\"},\"inLanguage\":\"de\",\"potentialAction\":[{\"@type\":\"ReadAction\",\"target\":[\"https:\\\/\\\/dai-heidelberg.de\\\/de\\\/?post_type=dai_event&p=73294\"]}]},{\"@type\":\"ImageObject\",\"inLanguage\":\"de\",\"@id\":\"https:\\\/\\\/dai-heidelberg.de\\\/de\\\/?post_type=dai_event&p=73294#primaryimage\",\"url\":\"https:\\\/\\\/dai-heidelberg.de\\\/de\\\/wp-content\\\/uploads\\\/sites\\\/2\\\/2026\\\/03\\\/260521_Martin-Kobler_c_privat2.jpg\",\"contentUrl\":\"https:\\\/\\\/dai-heidelberg.de\\\/de\\\/wp-content\\\/uploads\\\/sites\\\/2\\\/2026\\\/03\\\/260521_Martin-Kobler_c_privat2.jpg\",\"width\":820,\"height\":370,\"caption\":\"Foto: Privat\"},{\"@type\":\"BreadcrumbList\",\"@id\":\"https:\\\/\\\/dai-heidelberg.de\\\/de\\\/?post_type=dai_event&p=73294#breadcrumb\",\"itemListElement\":[{\"@type\":\"ListItem\",\"position\":1,\"name\":\"Startseite\",\"item\":\"https:\\\/\\\/dai-heidelberg.de\\\/de\\\/\"},{\"@type\":\"ListItem\",\"position\":2,\"name\":\"Veranstaltungen\",\"item\":\"https:\\\/\\\/dai-heidelberg.de\\\/de\\\/veranstaltungen\\\/\"},{\"@type\":\"ListItem\",\"position\":3,\"name\":\"Martin Kobler\"}]},{\"@type\":\"WebSite\",\"@id\":\"https:\\\/\\\/dai-heidelberg.de\\\/de\\\/#website\",\"url\":\"https:\\\/\\\/dai-heidelberg.de\\\/de\\\/\",\"name\":\"DAI Deutsch\",\"description\":\"Deutsch-Amerikanisches Institut. Haus der Kultur.\",\"potentialAction\":[{\"@type\":\"SearchAction\",\"target\":{\"@type\":\"EntryPoint\",\"urlTemplate\":\"https:\\\/\\\/dai-heidelberg.de\\\/de\\\/?s={search_term_string}\"},\"query-input\":{\"@type\":\"PropertyValueSpecification\",\"valueRequired\":true,\"valueName\":\"search_term_string\"}}],\"inLanguage\":\"de\"}]}<\/script>\n<!-- \/ Yoast SEO plugin. -->","yoast_head_json":{"title":"Veranstaltungen - Deutsch-Amerikanisches Institut. Haus der Kultur.","robots":{"index":"index","follow":"follow","max-snippet":"max-snippet:-1","max-image-preview":"max-image-preview:large","max-video-preview":"max-video-preview:-1"},"canonical":"https:\/\/dai-heidelberg.de\/de\/?post_type=dai_event&p=73294","og_locale":"de_DE","og_type":"article","og_title":"Veranstaltungen - Deutsch-Amerikanisches Institut. Haus der Kultur.","og_description":"UN, NATO und EU \u2013 Organisationen, die nach dem Zweiten Weltkrieg zur Friedenssicherung beitrugen \u2013 leiden unter einem Verlust ihrer&nbsp;&hellip;","og_url":"https:\/\/dai-heidelberg.de\/de\/?post_type=dai_event&p=73294","og_site_name":"DAI Deutsch","article_modified_time":"2026-03-10T17:41:02+00:00","og_image":[{"width":359,"height":189,"url":"https:\/\/dai-heidelberg.de\/de\/wp-content\/uploads\/sites\/2\/2026\/03\/HCWK_Logo_Symposium.png","type":"image\/png"}],"twitter_misc":{"Gesch\u00e4tzte Lesezeit":"1\u00a0Minute"},"schema":{"@context":"https:\/\/schema.org","@graph":[{"@type":"WebPage","@id":"https:\/\/dai-heidelberg.de\/de\/?post_type=dai_event&p=73294","url":"https:\/\/dai-heidelberg.de\/de\/?post_type=dai_event&p=73294","name":"Veranstaltungen - Deutsch-Amerikanisches Institut. Haus der Kultur.","isPartOf":{"@id":"https:\/\/dai-heidelberg.de\/de\/#website"},"primaryImageOfPage":{"@id":"https:\/\/dai-heidelberg.de\/de\/?post_type=dai_event&p=73294#primaryimage"},"image":{"@id":"https:\/\/dai-heidelberg.de\/de\/?post_type=dai_event&p=73294#primaryimage"},"thumbnailUrl":"https:\/\/dai-heidelberg.de\/de\/wp-content\/uploads\/sites\/2\/2026\/03\/260521_Martin-Kobler_c_privat2.jpg","datePublished":"2026-03-06T17:31:58+00:00","dateModified":"2026-03-10T17:41:02+00:00","breadcrumb":{"@id":"https:\/\/dai-heidelberg.de\/de\/?post_type=dai_event&p=73294#breadcrumb"},"inLanguage":"de","potentialAction":[{"@type":"ReadAction","target":["https:\/\/dai-heidelberg.de\/de\/?post_type=dai_event&p=73294"]}]},{"@type":"ImageObject","inLanguage":"de","@id":"https:\/\/dai-heidelberg.de\/de\/?post_type=dai_event&p=73294#primaryimage","url":"https:\/\/dai-heidelberg.de\/de\/wp-content\/uploads\/sites\/2\/2026\/03\/260521_Martin-Kobler_c_privat2.jpg","contentUrl":"https:\/\/dai-heidelberg.de\/de\/wp-content\/uploads\/sites\/2\/2026\/03\/260521_Martin-Kobler_c_privat2.jpg","width":820,"height":370,"caption":"Foto: Privat"},{"@type":"BreadcrumbList","@id":"https:\/\/dai-heidelberg.de\/de\/?post_type=dai_event&p=73294#breadcrumb","itemListElement":[{"@type":"ListItem","position":1,"name":"Startseite","item":"https:\/\/dai-heidelberg.de\/de\/"},{"@type":"ListItem","position":2,"name":"Veranstaltungen","item":"https:\/\/dai-heidelberg.de\/de\/veranstaltungen\/"},{"@type":"ListItem","position":3,"name":"Martin Kobler"}]},{"@type":"WebSite","@id":"https:\/\/dai-heidelberg.de\/de\/#website","url":"https:\/\/dai-heidelberg.de\/de\/","name":"DAI Deutsch","description":"Deutsch-Amerikanisches Institut. Haus der Kultur.","potentialAction":[{"@type":"SearchAction","target":{"@type":"EntryPoint","urlTemplate":"https:\/\/dai-heidelberg.de\/de\/?s={search_term_string}"},"query-input":{"@type":"PropertyValueSpecification","valueRequired":true,"valueName":"search_term_string"}}],"inLanguage":"de"}]}},"_links":{"self":[{"href":"https:\/\/dai-heidelberg.de\/de\/wp-json\/wp\/v2\/dai_event\/73294","targetHints":{"allow":["GET"]}}],"collection":[{"href":"https:\/\/dai-heidelberg.de\/de\/wp-json\/wp\/v2\/dai_event"}],"about":[{"href":"https:\/\/dai-heidelberg.de\/de\/wp-json\/wp\/v2\/types\/dai_event"}],"version-history":[{"count":3,"href":"https:\/\/dai-heidelberg.de\/de\/wp-json\/wp\/v2\/dai_event\/73294\/revisions"}],"predecessor-version":[{"id":73482,"href":"https:\/\/dai-heidelberg.de\/de\/wp-json\/wp\/v2\/dai_event\/73294\/revisions\/73482"}],"wp:featuredmedia":[{"embeddable":true,"href":"https:\/\/dai-heidelberg.de\/de\/wp-json\/wp\/v2\/media\/73408"}],"wp:attachment":[{"href":"https:\/\/dai-heidelberg.de\/de\/wp-json\/wp\/v2\/media?parent=73294"}],"wp:term":[{"taxonomy":"post_tag","embeddable":true,"href":"https:\/\/dai-heidelberg.de\/de\/wp-json\/wp\/v2\/tags?post=73294"},{"taxonomy":"dai_event_category","embeddable":true,"href":"https:\/\/dai-heidelberg.de\/de\/wp-json\/wp\/v2\/dai_event_category?post=73294"},{"taxonomy":"dai_event_type","embeddable":true,"href":"https:\/\/dai-heidelberg.de\/de\/wp-json\/wp\/v2\/dai_event_type?post=73294"},{"taxonomy":"dai_event_location","embeddable":true,"href":"https:\/\/dai-heidelberg.de\/de\/wp-json\/wp\/v2\/dai_event_location?post=73294"}],"curies":[{"name":"wp","href":"https:\/\/api.w.org\/{rel}","templated":true}]}}