{"id":73275,"date":"2026-03-06T17:30:11","date_gmt":"2026-03-06T16:30:11","guid":{"rendered":"https:\/\/dai-heidelberg.de\/de\/?post_type=dai_event&#038;p=73275"},"modified":"2026-03-20T19:50:19","modified_gmt":"2026-03-20T18:50:19","slug":"emily-schultheis","status":"publish","type":"dai_event","link":"https:\/\/dai-heidelberg.de\/de\/veranstaltungen\/emily-schultheis-73275\/","title":{"rendered":"Emily Schultheis"},"content":{"rendered":"<p>Seit Donald Trumps R\u00fcckkehr ins Wei\u00dfe Haus wird verst\u00e4rkt \u00fcber seine politischen Kontakte und ideologischen Schnittmengen mit rechten Parteien und Regierungen diskutiert. Dies betrifft auch Europa, wo rechtspopulistische Parteien in mehreren L\u00e4ndern an Einfluss gewinnen. Von der AfD bis zu Viktor Orb\u00e1n beleuchtet die amerikanische Journalistin Emily Schultheis politische \u00dcberschneidungen, Netzwerke und gegenseitige Bezugnahmen \u2013 sowie deren m\u00f6gliche Folgen f\u00fcr Europas politische Landschaft und die transatlantischen Beziehungen. Grundlage hierf\u00fcr sind ihre jahrelangen Recherchen zu diesem Thema in Europa und den USA.<\/p>\n<p><strong>Emily Schultheis<\/strong> ist Senior Editorial Director im Live-Journalismus-Team von POLITICO Europe mit Sitz in Berlin. Zuvor arbeitete sie 15 Jahre lang als Reporterin und berichtete aus Washington, Berlin, Wien und Los Angeles \u00fcber Wahlen, Populismus und Demokratie.<\/p>\n<p><strong>Sprache:<\/strong> Englisch<\/p>\n<p>In der Reihe\u00a0<em>Schlaglicht USA \u2013 Demokratie unter Druck<br \/>\n<\/em><small>250 Jahre amerikanische Demokratie \u2013 und zeitgleich ein politischer Kurswechsel mit globalen Folgen: Schlaglicht USA analysiert, wie sich in der zweiten Amtszeit von Pr\u00e4sident Trump die politischen Machtverh\u00e4ltnisse verschieben und welche sicherheits- und wirtschaftspolitischen Folgen \u201eAmerica First\u201c f\u00fcr die transatlantischen Beziehungen hat In dieser Reihe diskutieren pr\u00e4gende Stimmen aus Politik, Wissenschaft, Recht und Kultur, was Freiheit, Recht und Demokratie im 21. Jahrhundert bedeuten.<\/small><\/p>\n","protected":false},"excerpt":{"rendered":"<p>Seit Donald Trumps R\u00fcckkehr ins Wei\u00dfe Haus wird verst\u00e4rkt \u00fcber seine politischen Kontakte und ideologischen Schnittmengen mit rechten Parteien und&nbsp;&hellip;<\/p>\n","protected":false},"featured_media":73419,"template":"","meta":{"footnotes":""},"tags":[],"dai_event_category":[6],"dai_event_type":[21],"dai_event_location":[],"class_list":["post-73275","dai_event","type-dai_event","status-publish","has-post-thumbnail","hentry","dai_event_category-kulturveranstaltungen","dai_event_type-vortrag"],"better_featured_image":{"id":73419,"alt_text":"","caption":"Foto: Privat","description":"","media_type":"image","media_details":{"width":820,"height":370,"file":"2026\/03\/260513_Emily-Schultheis_c_privat2.jpg","filesize":82721,"sizes":{"medium":{"file":"260513_Emily-Schultheis_c_privat2-300x135.jpg","width":300,"height":135,"mime-type":"image\/jpeg","filesize":7563,"source_url":"https:\/\/dai-heidelberg.de\/de\/wp-content\/uploads\/sites\/2\/2026\/03\/260513_Emily-Schultheis_c_privat2-300x135.jpg"},"thumbnail":{"file":"260513_Emily-Schultheis_c_privat2-150x150.jpg","width":150,"height":150,"mime-type":"image\/jpeg","filesize":5876,"source_url":"https:\/\/dai-heidelberg.de\/de\/wp-content\/uploads\/sites\/2\/2026\/03\/260513_Emily-Schultheis_c_privat2-150x150.jpg"},"medium_large":{"file":"260513_Emily-Schultheis_c_privat2-768x347.jpg","width":768,"height":347,"mime-type":"image\/jpeg","filesize":33374,"source_url":"https:\/\/dai-heidelberg.de\/de\/wp-content\/uploads\/sites\/2\/2026\/03\/260513_Emily-Schultheis_c_privat2-768x347.jpg"},"dai-list":{"file":"260513_Emily-Schultheis_c_privat2-140x140.jpg","width":140,"height":140,"mime-type":"image\/jpeg","filesize":5357,"source_url":"https:\/\/dai-heidelberg.de\/de\/wp-content\/uploads\/sites\/2\/2026\/03\/260513_Emily-Schultheis_c_privat2-140x140.jpg"},"dai-selector":{"file":"260513_Emily-Schultheis_c_privat2-240x170.jpg","width":240,"height":170,"mime-type":"image\/jpeg","filesize":8853,"source_url":"https:\/\/dai-heidelberg.de\/de\/wp-content\/uploads\/sites\/2\/2026\/03\/260513_Emily-Schultheis_c_privat2-240x170.jpg"},"dai-hof":{"file":"260513_Emily-Schultheis_c_privat2-240x192.jpg","width":240,"height":192,"mime-type":"image\/jpeg","filesize":9773,"source_url":"https:\/\/dai-heidelberg.de\/de\/wp-content\/uploads\/sites\/2\/2026\/03\/260513_Emily-Schultheis_c_privat2-240x192.jpg"}},"image_meta":{"aperture":"0","credit":"","camera":"","caption":"","created_timestamp":"0","copyright":"","focal_length":"0","iso":"0","shutter_speed":"0","title":"","orientation":"0","keywords":[]}},"post":73275,"source_url":"https:\/\/dai-heidelberg.de\/de\/wp-content\/uploads\/sites\/2\/2026\/03\/260513_Emily-Schultheis_c_privat2.jpg"},"post-meta-fields":{"_edit_lock":["1774032618:10"],"_edit_last":["10"],"dai_event_datetime":["2026-05-13 20:00"],"dai_event_status":["planned"],"dai_event_language":["en"],"dai_event_type":["at_location"],"dai_event_featured":["0"],"dai_event_artist":["Going Global?"],"dai_event_subtext":["Die internationale Vernetzung rechter politischer Akteure"],"dai_event_ticket_freeadmission":["0"],"dai_autotranslate_should_translate":["0"],"dai_event_venus_id":["69ab01199522e26c547fdeb2"],"dai_event_venus_image_id":["69aef7f782c606e9ae99a521"],"dai_event_venus_image_thumbnail_id":["73419"],"dai_event_venus_updated_at":["2026-04-30 11:10:20"],"_thumbnail_id":["73419"],"dai_event_ticket_link":["https:\/\/dai-heidelberg.reservix.de\/p\/reservix\/group\/533789"],"dai_event_ticket_price_presale_standard":["11,90"],"dai_event_ticket_price_presale_reduced":["9,90"],"dai_event_ticket_price_presale_member":["6,90"],"_yoast_wpseo_primary_dai_event_category":[""],"_yoast_wpseo_primary_dai_event_type":[""],"_yoast_wpseo_primary_dai_event_location":[""],"_yoast_wpseo_content_score":["90"],"_yoast_wpseo_estimated-reading-time-minutes":["2"]},"yoast_head":"<!-- This site is optimized with the Yoast SEO plugin v27.4 - https:\/\/yoast.com\/product\/yoast-seo-wordpress\/ -->\n<title>Veranstaltungen - Deutsch-Amerikanisches Institut. Haus der Kultur.<\/title>\n<meta name=\"robots\" content=\"index, follow, max-snippet:-1, max-image-preview:large, max-video-preview:-1\" \/>\n<link rel=\"canonical\" href=\"https:\/\/dai-heidelberg.de\/de\/veranstaltungen\/emily-schultheis-73275\/\" \/>\n<meta property=\"og:locale\" content=\"de_DE\" \/>\n<meta property=\"og:type\" content=\"article\" \/>\n<meta property=\"og:title\" content=\"Veranstaltungen - Deutsch-Amerikanisches Institut. Haus der Kultur.\" \/>\n<meta property=\"og:description\" content=\"Seit Donald Trumps R\u00fcckkehr ins Wei\u00dfe Haus wird verst\u00e4rkt \u00fcber seine politischen Kontakte und ideologischen Schnittmengen mit rechten Parteien und&nbsp;&hellip;\" \/>\n<meta property=\"og:url\" content=\"https:\/\/dai-heidelberg.de\/de\/veranstaltungen\/emily-schultheis-73275\/\" \/>\n<meta property=\"og:site_name\" content=\"DAI Deutsch\" \/>\n<meta property=\"article:modified_time\" content=\"2026-03-20T18:50:19+00:00\" \/>\n<meta property=\"og:image\" content=\"https:\/\/dai-heidelberg.de\/de\/wp-content\/uploads\/sites\/2\/2026\/03\/260513_Emily-Schultheis_c_privat2.jpg\" \/>\n\t<meta property=\"og:image:width\" content=\"820\" \/>\n\t<meta property=\"og:image:height\" content=\"370\" \/>\n\t<meta property=\"og:image:type\" content=\"image\/jpeg\" \/>\n<meta name=\"twitter:label1\" content=\"Gesch\u00e4tzte Lesezeit\" \/>\n\t<meta name=\"twitter:data1\" content=\"2\u00a0Minuten\" \/>\n<script type=\"application\/ld+json\" class=\"yoast-schema-graph\">{\"@context\":\"https:\\\/\\\/schema.org\",\"@graph\":[{\"@type\":\"WebPage\",\"@id\":\"https:\\\/\\\/dai-heidelberg.de\\\/de\\\/veranstaltungen\\\/emily-schultheis-73275\\\/\",\"url\":\"https:\\\/\\\/dai-heidelberg.de\\\/de\\\/veranstaltungen\\\/emily-schultheis-73275\\\/\",\"name\":\"Veranstaltungen - Deutsch-Amerikanisches Institut. Haus der Kultur.\",\"isPartOf\":{\"@id\":\"https:\\\/\\\/dai-heidelberg.de\\\/de\\\/#website\"},\"primaryImageOfPage\":{\"@id\":\"https:\\\/\\\/dai-heidelberg.de\\\/de\\\/veranstaltungen\\\/emily-schultheis-73275\\\/#primaryimage\"},\"image\":{\"@id\":\"https:\\\/\\\/dai-heidelberg.de\\\/de\\\/veranstaltungen\\\/emily-schultheis-73275\\\/#primaryimage\"},\"thumbnailUrl\":\"https:\\\/\\\/dai-heidelberg.de\\\/de\\\/wp-content\\\/uploads\\\/sites\\\/2\\\/2026\\\/03\\\/260513_Emily-Schultheis_c_privat2.jpg\",\"datePublished\":\"2026-03-06T16:30:11+00:00\",\"dateModified\":\"2026-03-20T18:50:19+00:00\",\"breadcrumb\":{\"@id\":\"https:\\\/\\\/dai-heidelberg.de\\\/de\\\/veranstaltungen\\\/emily-schultheis-73275\\\/#breadcrumb\"},\"inLanguage\":\"de\",\"potentialAction\":[{\"@type\":\"ReadAction\",\"target\":[\"https:\\\/\\\/dai-heidelberg.de\\\/de\\\/veranstaltungen\\\/emily-schultheis-73275\\\/\"]}]},{\"@type\":\"ImageObject\",\"inLanguage\":\"de\",\"@id\":\"https:\\\/\\\/dai-heidelberg.de\\\/de\\\/veranstaltungen\\\/emily-schultheis-73275\\\/#primaryimage\",\"url\":\"https:\\\/\\\/dai-heidelberg.de\\\/de\\\/wp-content\\\/uploads\\\/sites\\\/2\\\/2026\\\/03\\\/260513_Emily-Schultheis_c_privat2.jpg\",\"contentUrl\":\"https:\\\/\\\/dai-heidelberg.de\\\/de\\\/wp-content\\\/uploads\\\/sites\\\/2\\\/2026\\\/03\\\/260513_Emily-Schultheis_c_privat2.jpg\",\"width\":820,\"height\":370,\"caption\":\"Foto: Privat\"},{\"@type\":\"BreadcrumbList\",\"@id\":\"https:\\\/\\\/dai-heidelberg.de\\\/de\\\/veranstaltungen\\\/emily-schultheis-73275\\\/#breadcrumb\",\"itemListElement\":[{\"@type\":\"ListItem\",\"position\":1,\"name\":\"Startseite\",\"item\":\"https:\\\/\\\/dai-heidelberg.de\\\/de\\\/\"},{\"@type\":\"ListItem\",\"position\":2,\"name\":\"Veranstaltungen\",\"item\":\"https:\\\/\\\/dai-heidelberg.de\\\/de\\\/veranstaltungen\\\/\"},{\"@type\":\"ListItem\",\"position\":3,\"name\":\"Emily Schultheis\"}]},{\"@type\":\"WebSite\",\"@id\":\"https:\\\/\\\/dai-heidelberg.de\\\/de\\\/#website\",\"url\":\"https:\\\/\\\/dai-heidelberg.de\\\/de\\\/\",\"name\":\"DAI Deutsch\",\"description\":\"Deutsch-Amerikanisches Institut. Haus der Kultur.\",\"potentialAction\":[{\"@type\":\"SearchAction\",\"target\":{\"@type\":\"EntryPoint\",\"urlTemplate\":\"https:\\\/\\\/dai-heidelberg.de\\\/de\\\/?s={search_term_string}\"},\"query-input\":{\"@type\":\"PropertyValueSpecification\",\"valueRequired\":true,\"valueName\":\"search_term_string\"}}],\"inLanguage\":\"de\"}]}<\/script>\n<!-- \/ Yoast SEO plugin. -->","yoast_head_json":{"title":"Veranstaltungen - Deutsch-Amerikanisches Institut. Haus der Kultur.","robots":{"index":"index","follow":"follow","max-snippet":"max-snippet:-1","max-image-preview":"max-image-preview:large","max-video-preview":"max-video-preview:-1"},"canonical":"https:\/\/dai-heidelberg.de\/de\/veranstaltungen\/emily-schultheis-73275\/","og_locale":"de_DE","og_type":"article","og_title":"Veranstaltungen - Deutsch-Amerikanisches Institut. Haus der Kultur.","og_description":"Seit Donald Trumps R\u00fcckkehr ins Wei\u00dfe Haus wird verst\u00e4rkt \u00fcber seine politischen Kontakte und ideologischen Schnittmengen mit rechten Parteien und&nbsp;&hellip;","og_url":"https:\/\/dai-heidelberg.de\/de\/veranstaltungen\/emily-schultheis-73275\/","og_site_name":"DAI Deutsch","article_modified_time":"2026-03-20T18:50:19+00:00","og_image":[{"width":820,"height":370,"url":"https:\/\/dai-heidelberg.de\/de\/wp-content\/uploads\/sites\/2\/2026\/03\/260513_Emily-Schultheis_c_privat2.jpg","type":"image\/jpeg"}],"twitter_misc":{"Gesch\u00e4tzte Lesezeit":"2\u00a0Minuten"},"schema":{"@context":"https:\/\/schema.org","@graph":[{"@type":"WebPage","@id":"https:\/\/dai-heidelberg.de\/de\/veranstaltungen\/emily-schultheis-73275\/","url":"https:\/\/dai-heidelberg.de\/de\/veranstaltungen\/emily-schultheis-73275\/","name":"Veranstaltungen - Deutsch-Amerikanisches Institut. Haus der Kultur.","isPartOf":{"@id":"https:\/\/dai-heidelberg.de\/de\/#website"},"primaryImageOfPage":{"@id":"https:\/\/dai-heidelberg.de\/de\/veranstaltungen\/emily-schultheis-73275\/#primaryimage"},"image":{"@id":"https:\/\/dai-heidelberg.de\/de\/veranstaltungen\/emily-schultheis-73275\/#primaryimage"},"thumbnailUrl":"https:\/\/dai-heidelberg.de\/de\/wp-content\/uploads\/sites\/2\/2026\/03\/260513_Emily-Schultheis_c_privat2.jpg","datePublished":"2026-03-06T16:30:11+00:00","dateModified":"2026-03-20T18:50:19+00:00","breadcrumb":{"@id":"https:\/\/dai-heidelberg.de\/de\/veranstaltungen\/emily-schultheis-73275\/#breadcrumb"},"inLanguage":"de","potentialAction":[{"@type":"ReadAction","target":["https:\/\/dai-heidelberg.de\/de\/veranstaltungen\/emily-schultheis-73275\/"]}]},{"@type":"ImageObject","inLanguage":"de","@id":"https:\/\/dai-heidelberg.de\/de\/veranstaltungen\/emily-schultheis-73275\/#primaryimage","url":"https:\/\/dai-heidelberg.de\/de\/wp-content\/uploads\/sites\/2\/2026\/03\/260513_Emily-Schultheis_c_privat2.jpg","contentUrl":"https:\/\/dai-heidelberg.de\/de\/wp-content\/uploads\/sites\/2\/2026\/03\/260513_Emily-Schultheis_c_privat2.jpg","width":820,"height":370,"caption":"Foto: Privat"},{"@type":"BreadcrumbList","@id":"https:\/\/dai-heidelberg.de\/de\/veranstaltungen\/emily-schultheis-73275\/#breadcrumb","itemListElement":[{"@type":"ListItem","position":1,"name":"Startseite","item":"https:\/\/dai-heidelberg.de\/de\/"},{"@type":"ListItem","position":2,"name":"Veranstaltungen","item":"https:\/\/dai-heidelberg.de\/de\/veranstaltungen\/"},{"@type":"ListItem","position":3,"name":"Emily Schultheis"}]},{"@type":"WebSite","@id":"https:\/\/dai-heidelberg.de\/de\/#website","url":"https:\/\/dai-heidelberg.de\/de\/","name":"DAI Deutsch","description":"Deutsch-Amerikanisches Institut. Haus der Kultur.","potentialAction":[{"@type":"SearchAction","target":{"@type":"EntryPoint","urlTemplate":"https:\/\/dai-heidelberg.de\/de\/?s={search_term_string}"},"query-input":{"@type":"PropertyValueSpecification","valueRequired":true,"valueName":"search_term_string"}}],"inLanguage":"de"}]}},"_links":{"self":[{"href":"https:\/\/dai-heidelberg.de\/de\/wp-json\/wp\/v2\/dai_event\/73275","targetHints":{"allow":["GET"]}}],"collection":[{"href":"https:\/\/dai-heidelberg.de\/de\/wp-json\/wp\/v2\/dai_event"}],"about":[{"href":"https:\/\/dai-heidelberg.de\/de\/wp-json\/wp\/v2\/types\/dai_event"}],"version-history":[{"count":2,"href":"https:\/\/dai-heidelberg.de\/de\/wp-json\/wp\/v2\/dai_event\/73275\/revisions"}],"predecessor-version":[{"id":73420,"href":"https:\/\/dai-heidelberg.de\/de\/wp-json\/wp\/v2\/dai_event\/73275\/revisions\/73420"}],"wp:featuredmedia":[{"embeddable":true,"href":"https:\/\/dai-heidelberg.de\/de\/wp-json\/wp\/v2\/media\/73419"}],"wp:attachment":[{"href":"https:\/\/dai-heidelberg.de\/de\/wp-json\/wp\/v2\/media?parent=73275"}],"wp:term":[{"taxonomy":"post_tag","embeddable":true,"href":"https:\/\/dai-heidelberg.de\/de\/wp-json\/wp\/v2\/tags?post=73275"},{"taxonomy":"dai_event_category","embeddable":true,"href":"https:\/\/dai-heidelberg.de\/de\/wp-json\/wp\/v2\/dai_event_category?post=73275"},{"taxonomy":"dai_event_type","embeddable":true,"href":"https:\/\/dai-heidelberg.de\/de\/wp-json\/wp\/v2\/dai_event_type?post=73275"},{"taxonomy":"dai_event_location","embeddable":true,"href":"https:\/\/dai-heidelberg.de\/de\/wp-json\/wp\/v2\/dai_event_location?post=73275"}],"curies":[{"name":"wp","href":"https:\/\/api.w.org\/{rel}","templated":true}]}}