{"id":73270,"date":"2026-03-06T17:23:35","date_gmt":"2026-03-06T16:23:35","guid":{"rendered":"https:\/\/dai-heidelberg.de\/de\/?post_type=dai_event&#038;p=73270"},"modified":"2026-03-24T13:53:49","modified_gmt":"2026-03-24T12:53:49","slug":"patrick-bernau","status":"publish","type":"dai_event","link":"https:\/\/dai-heidelberg.de\/de\/veranstaltungen\/patrick-bernau-73270\/","title":{"rendered":"Patrick Bernau &#038; Danyal Bayaz"},"content":{"rendered":"<p>Deutschland hat viele Probleme \u2013 und viele davon haben eine gemeinsame Ursache: die B\u00fcrokratie. Ein Dickicht aus gut gemeinten Gesetzen, \u00fcberfl\u00fcssigen Detailregeln und antiquierten Verwaltungspraktiken bremst die Entwicklung des Landes und gef\u00e4hrdet m\u00f6glicherweise sogar die Demokratie. Der Journalist Patrick Bernau legt anhand eindr\u00fccklicher Beispiele aus Alltag, Wirtschaft und Politik dar, wie gut gemeinte Regeln zu absurden Ausw\u00fcchsen gef\u00fchrt haben. Pointiert, analytisch und mit einem Augenzwinkern beschreibt er die Ursachen der deutschen Regelungswut \u2013 und zeigt Wege auf, damit es endlich vorangeht.<\/p>\n<p><span data-teams=\"true\">In einem moderierten Gespr\u00e4ch geht Bernau dabei gemeinsam mit Baden-W\u00fcrttembergs Finanzminister, Danyal Bayaz, in den Dialog. Gerade vor dem Hintergrund von Bayaz\u2019 Arbeit in den Bereichen Staatsmodernisierung und Digitalisierung wird die Diskussion spannende Einblicke und praxisnahe Perspektiven auf m\u00f6gliche L\u00f6sungsans\u00e4tze liefern.<\/span><\/p>\n<p><strong>Patrick\u202fBernau<\/strong> ist promovierter Wirtschaftsjournalist und verantwortlicher Redakteur f\u00fcr die Ressorts Wirtschaft und Wert der Frankfurter Allgemeinen Sonntagszeitung. Er ist Vorstandsmitglied der K\u00f6lner Journalistenschule sowie in Kuratorien der Max-Planck-Institute und wurde mehrfach f\u00fcr seine Wirtschaftspublizistik ausgezeichnet.<\/p>\n<p><span data-teams=\"true\"><strong>Dr. Danyal Bayaz<\/strong> ist seit 2021 amtierender Finanzminister Baden-W\u00fcrttembergs. Der geb\u00fcrtige Heidelberger studierte Politik und Wirtschaft in Hohenheim, promovierte zu Finanzthemen und ist ehemaliges Mitglied des Deutschen Bundestages.<\/span><\/p>\n<p>In Kooperation mit<br \/>\n<a href=\"https:\/\/studopolis.org\/\" target=\"_blank\" rel=\"noopener\"><img loading=\"lazy\" decoding=\"async\" class=\"alignnone wp-image-73271\" src=\"https:\/\/dai-heidelberg.de\/de\/wp-content\/uploads\/sites\/2\/2026\/03\/Logo_rund_ohne_Hintergrund.png\" alt=\"\" width=\"150\" height=\"150\" srcset=\"https:\/\/dai-heidelberg.de\/de\/wp-content\/uploads\/sites\/2\/2026\/03\/Logo_rund_ohne_Hintergrund.png 1024w, https:\/\/dai-heidelberg.de\/de\/wp-content\/uploads\/sites\/2\/2026\/03\/Logo_rund_ohne_Hintergrund-300x300.png 300w, https:\/\/dai-heidelberg.de\/de\/wp-content\/uploads\/sites\/2\/2026\/03\/Logo_rund_ohne_Hintergrund-150x150.png 150w, https:\/\/dai-heidelberg.de\/de\/wp-content\/uploads\/sites\/2\/2026\/03\/Logo_rund_ohne_Hintergrund-768x768.png 768w, https:\/\/dai-heidelberg.de\/de\/wp-content\/uploads\/sites\/2\/2026\/03\/Logo_rund_ohne_Hintergrund-820x820.png 820w, https:\/\/dai-heidelberg.de\/de\/wp-content\/uploads\/sites\/2\/2026\/03\/Logo_rund_ohne_Hintergrund-140x140.png 140w\" sizes=\"auto, (max-width: 150px) 100vw, 150px\" \/><\/a><\/p>\n<p>In der Reihe\u00a0<em>Und jetzt? \u2013 Wie Deutschland und Europa \u00adhandlungsf\u00e4hig bleiben<br \/>\n<\/em><small>Deutschland und Europa stehen vor gro\u00dfen Herausforderungen \u2013 doch jede Krise er\u00f6ffnet auch Chancen f\u00fcr Erneuerung.<br \/>\nUnter dem Titel Und jetzt? l\u00e4sst diese Reihe ausgewiesene ExpertInnen aus Politik, Wissenschaft, Journalismus und \u00d6konomie zu Wort kommen. Sie analysieren die Ursachen der aktuellen Krisen und zeigen zugleich konkrete Perspektiven auf: f\u00fcr eine zukunftsf\u00e4hige Wirtschaft, eine widerstandsf\u00e4hige Demokratie, eine realistische Europapolitik und einen Staat, der Sicherheit und Freiheit gleicherma\u00dfen sch\u00fctzt.<\/small><\/p>\n","protected":false},"excerpt":{"rendered":"<p>Deutschland hat viele Probleme \u2013 und viele davon haben eine gemeinsame Ursache: die B\u00fcrokratie. Ein Dickicht aus gut gemeinten Gesetzen,&nbsp;&hellip;<\/p>\n","protected":false},"featured_media":74176,"template":"","meta":{"footnotes":""},"tags":[],"dai_event_category":[6],"dai_event_type":[12],"dai_event_location":[],"class_list":["post-73270","dai_event","type-dai_event","status-publish","has-post-thumbnail","hentry","dai_event_category-kulturveranstaltungen","dai_event_type-im-dialog"],"better_featured_image":{"id":74176,"alt_text":"","caption":"Fotos v.l.n.r.: Giulia Falcone Sarah Kastner; Ministerium f\u00fcr Finanzen Baden-W\u00fcrttemberg","description":"","media_type":"image","media_details":{"width":820,"height":370,"file":"2026\/03\/260512_Patrick-Bernau_c_Giulia-Falcone-Sarah-Kastner_Bayaz_Ministerium-fuer-Finanzen-Baden-Wuerttemberg.jpg","filesize":104657,"sizes":{"medium":{"file":"260512_Patrick-Bernau_c_Giulia-Falcone-Sarah-Kastner_Bayaz_Ministerium-fuer-Finanzen-Baden-Wuerttemberg-300x135.jpg","width":300,"height":135,"mime-type":"image\/jpeg","filesize":10204,"source_url":"https:\/\/dai-heidelberg.de\/de\/wp-content\/uploads\/sites\/2\/2026\/03\/260512_Patrick-Bernau_c_Giulia-Falcone-Sarah-Kastner_Bayaz_Ministerium-fuer-Finanzen-Baden-Wuerttemberg-300x135.jpg"},"thumbnail":{"file":"260512_Patrick-Bernau_c_Giulia-Falcone-Sarah-Kastner_Bayaz_Ministerium-fuer-Finanzen-Baden-Wuerttemberg-150x150.jpg","width":150,"height":150,"mime-type":"image\/jpeg","filesize":5138,"source_url":"https:\/\/dai-heidelberg.de\/de\/wp-content\/uploads\/sites\/2\/2026\/03\/260512_Patrick-Bernau_c_Giulia-Falcone-Sarah-Kastner_Bayaz_Ministerium-fuer-Finanzen-Baden-Wuerttemberg-150x150.jpg"},"medium_large":{"file":"260512_Patrick-Bernau_c_Giulia-Falcone-Sarah-Kastner_Bayaz_Ministerium-fuer-Finanzen-Baden-Wuerttemberg-768x347.jpg","width":768,"height":347,"mime-type":"image\/jpeg","filesize":43278,"source_url":"https:\/\/dai-heidelberg.de\/de\/wp-content\/uploads\/sites\/2\/2026\/03\/260512_Patrick-Bernau_c_Giulia-Falcone-Sarah-Kastner_Bayaz_Ministerium-fuer-Finanzen-Baden-Wuerttemberg-768x347.jpg"},"dai-list":{"file":"260512_Patrick-Bernau_c_Giulia-Falcone-Sarah-Kastner_Bayaz_Ministerium-fuer-Finanzen-Baden-Wuerttemberg-140x140.jpg","width":140,"height":140,"mime-type":"image\/jpeg","filesize":4774,"source_url":"https:\/\/dai-heidelberg.de\/de\/wp-content\/uploads\/sites\/2\/2026\/03\/260512_Patrick-Bernau_c_Giulia-Falcone-Sarah-Kastner_Bayaz_Ministerium-fuer-Finanzen-Baden-Wuerttemberg-140x140.jpg"},"dai-selector":{"file":"260512_Patrick-Bernau_c_Giulia-Falcone-Sarah-Kastner_Bayaz_Ministerium-fuer-Finanzen-Baden-Wuerttemberg-240x170.jpg","width":240,"height":170,"mime-type":"image\/jpeg","filesize":9913,"source_url":"https:\/\/dai-heidelberg.de\/de\/wp-content\/uploads\/sites\/2\/2026\/03\/260512_Patrick-Bernau_c_Giulia-Falcone-Sarah-Kastner_Bayaz_Ministerium-fuer-Finanzen-Baden-Wuerttemberg-240x170.jpg"},"dai-hof":{"file":"260512_Patrick-Bernau_c_Giulia-Falcone-Sarah-Kastner_Bayaz_Ministerium-fuer-Finanzen-Baden-Wuerttemberg-240x192.jpg","width":240,"height":192,"mime-type":"image\/jpeg","filesize":9819,"source_url":"https:\/\/dai-heidelberg.de\/de\/wp-content\/uploads\/sites\/2\/2026\/03\/260512_Patrick-Bernau_c_Giulia-Falcone-Sarah-Kastner_Bayaz_Ministerium-fuer-Finanzen-Baden-Wuerttemberg-240x192.jpg"}},"image_meta":{"aperture":"0","credit":"","camera":"","caption":"","created_timestamp":"0","copyright":"","focal_length":"0","iso":"0","shutter_speed":"0","title":"","orientation":"0","keywords":[]}},"post":73270,"source_url":"https:\/\/dai-heidelberg.de\/de\/wp-content\/uploads\/sites\/2\/2026\/03\/260512_Patrick-Bernau_c_Giulia-Falcone-Sarah-Kastner_Bayaz_Ministerium-fuer-Finanzen-Baden-Wuerttemberg.jpg"},"post-meta-fields":{"_edit_lock":["1774356853:10"],"_edit_last":["10"],"dai_event_datetime":["2026-05-12 20:00"],"dai_event_status":["planned"],"dai_event_language":["de"],"dai_event_type":["at_location"],"dai_event_featured":["0"],"dai_event_artist":["B\u00fcrokratische Republik Deutschland"],"dai_event_subtext":["Auswege aus einem \u00ad\u00fcberregulierten Staat"],"dai_event_ticket_freeadmission":["0"],"dai_autotranslate_should_translate":["1"],"dai_event_venus_id":["69aaff8d9522e26c547faae6"],"dai_event_venus_image_id":["69f338995bf7d62a9b01170b"],"dai_event_venus_image_thumbnail_id":["74176"],"dai_event_venus_updated_at":["2026-04-30 11:10:17"],"dai_event_ticket_link":["https:\/\/dai-heidelberg.reservix.de\/p\/reservix\/group\/533788"],"dai_event_ticket_price_presale_standard":["11,90"],"dai_event_ticket_price_presale_reduced":["9,90"],"dai_event_ticket_price_presale_member":["6,90"],"_thumbnail_id":["74176"]},"yoast_head":"<!-- This site is optimized with the Yoast SEO plugin v27.4 - https:\/\/yoast.com\/product\/yoast-seo-wordpress\/ -->\n<title>Veranstaltungen - Deutsch-Amerikanisches Institut. Haus der Kultur.<\/title>\n<meta name=\"robots\" content=\"index, follow, max-snippet:-1, max-image-preview:large, max-video-preview:-1\" \/>\n<link rel=\"canonical\" href=\"https:\/\/dai-heidelberg.de\/de\/?post_type=dai_event&p=73270\" \/>\n<meta property=\"og:locale\" content=\"de_DE\" \/>\n<meta property=\"og:type\" content=\"article\" \/>\n<meta property=\"og:title\" content=\"Veranstaltungen - Deutsch-Amerikanisches Institut. Haus der Kultur.\" \/>\n<meta property=\"og:description\" content=\"Deutschland hat viele Probleme \u2013 und viele davon haben eine gemeinsame Ursache: die B\u00fcrokratie. Ein Dickicht aus gut gemeinten Gesetzen,&nbsp;&hellip;\" \/>\n<meta property=\"og:url\" content=\"https:\/\/dai-heidelberg.de\/de\/?post_type=dai_event&amp;p=73270\" \/>\n<meta property=\"og:site_name\" content=\"DAI Deutsch\" \/>\n<meta property=\"article:modified_time\" content=\"2026-03-24T12:53:49+00:00\" \/>\n<meta property=\"og:image\" content=\"https:\/\/dai-heidelberg.de\/de\/wp-content\/uploads\/sites\/2\/2026\/03\/Logo_rund_ohne_Hintergrund.png\" \/>\n\t<meta property=\"og:image:width\" content=\"1024\" \/>\n\t<meta property=\"og:image:height\" content=\"1024\" \/>\n\t<meta property=\"og:image:type\" content=\"image\/png\" \/>\n<meta name=\"twitter:label1\" content=\"Gesch\u00e4tzte Lesezeit\" \/>\n\t<meta name=\"twitter:data1\" content=\"1\u00a0Minute\" \/>\n<script type=\"application\/ld+json\" class=\"yoast-schema-graph\">{\"@context\":\"https:\\\/\\\/schema.org\",\"@graph\":[{\"@type\":\"WebPage\",\"@id\":\"https:\\\/\\\/dai-heidelberg.de\\\/de\\\/?post_type=dai_event&p=73270\",\"url\":\"https:\\\/\\\/dai-heidelberg.de\\\/de\\\/?post_type=dai_event&p=73270\",\"name\":\"Veranstaltungen - Deutsch-Amerikanisches Institut. Haus der Kultur.\",\"isPartOf\":{\"@id\":\"https:\\\/\\\/dai-heidelberg.de\\\/de\\\/#website\"},\"primaryImageOfPage\":{\"@id\":\"https:\\\/\\\/dai-heidelberg.de\\\/de\\\/?post_type=dai_event&p=73270#primaryimage\"},\"image\":{\"@id\":\"https:\\\/\\\/dai-heidelberg.de\\\/de\\\/?post_type=dai_event&p=73270#primaryimage\"},\"thumbnailUrl\":\"https:\\\/\\\/dai-heidelberg.de\\\/de\\\/wp-content\\\/uploads\\\/sites\\\/2\\\/2026\\\/03\\\/260512_Patrick-Bernau_c_Giulia-Falcone-Sarah-Kastner_Bayaz_Ministerium-fuer-Finanzen-Baden-Wuerttemberg.jpg\",\"datePublished\":\"2026-03-06T16:23:35+00:00\",\"dateModified\":\"2026-03-24T12:53:49+00:00\",\"breadcrumb\":{\"@id\":\"https:\\\/\\\/dai-heidelberg.de\\\/de\\\/?post_type=dai_event&p=73270#breadcrumb\"},\"inLanguage\":\"de\",\"potentialAction\":[{\"@type\":\"ReadAction\",\"target\":[\"https:\\\/\\\/dai-heidelberg.de\\\/de\\\/?post_type=dai_event&p=73270\"]}]},{\"@type\":\"ImageObject\",\"inLanguage\":\"de\",\"@id\":\"https:\\\/\\\/dai-heidelberg.de\\\/de\\\/?post_type=dai_event&p=73270#primaryimage\",\"url\":\"https:\\\/\\\/dai-heidelberg.de\\\/de\\\/wp-content\\\/uploads\\\/sites\\\/2\\\/2026\\\/03\\\/260512_Patrick-Bernau_c_Giulia-Falcone-Sarah-Kastner_Bayaz_Ministerium-fuer-Finanzen-Baden-Wuerttemberg.jpg\",\"contentUrl\":\"https:\\\/\\\/dai-heidelberg.de\\\/de\\\/wp-content\\\/uploads\\\/sites\\\/2\\\/2026\\\/03\\\/260512_Patrick-Bernau_c_Giulia-Falcone-Sarah-Kastner_Bayaz_Ministerium-fuer-Finanzen-Baden-Wuerttemberg.jpg\",\"width\":820,\"height\":370,\"caption\":\"Fotos v.l.n.r.: Giulia Falcone Sarah Kastner; Ministerium f\u00fcr Finanzen Baden-W\u00fcrttemberg\"},{\"@type\":\"BreadcrumbList\",\"@id\":\"https:\\\/\\\/dai-heidelberg.de\\\/de\\\/?post_type=dai_event&p=73270#breadcrumb\",\"itemListElement\":[{\"@type\":\"ListItem\",\"position\":1,\"name\":\"Startseite\",\"item\":\"https:\\\/\\\/dai-heidelberg.de\\\/de\\\/\"},{\"@type\":\"ListItem\",\"position\":2,\"name\":\"Veranstaltungen\",\"item\":\"https:\\\/\\\/dai-heidelberg.de\\\/de\\\/veranstaltungen\\\/\"},{\"@type\":\"ListItem\",\"position\":3,\"name\":\"Patrick Bernau\"}]},{\"@type\":\"WebSite\",\"@id\":\"https:\\\/\\\/dai-heidelberg.de\\\/de\\\/#website\",\"url\":\"https:\\\/\\\/dai-heidelberg.de\\\/de\\\/\",\"name\":\"DAI Deutsch\",\"description\":\"Deutsch-Amerikanisches Institut. Haus der Kultur.\",\"potentialAction\":[{\"@type\":\"SearchAction\",\"target\":{\"@type\":\"EntryPoint\",\"urlTemplate\":\"https:\\\/\\\/dai-heidelberg.de\\\/de\\\/?s={search_term_string}\"},\"query-input\":{\"@type\":\"PropertyValueSpecification\",\"valueRequired\":true,\"valueName\":\"search_term_string\"}}],\"inLanguage\":\"de\"}]}<\/script>\n<!-- \/ Yoast SEO plugin. -->","yoast_head_json":{"title":"Veranstaltungen - Deutsch-Amerikanisches Institut. Haus der Kultur.","robots":{"index":"index","follow":"follow","max-snippet":"max-snippet:-1","max-image-preview":"max-image-preview:large","max-video-preview":"max-video-preview:-1"},"canonical":"https:\/\/dai-heidelberg.de\/de\/?post_type=dai_event&p=73270","og_locale":"de_DE","og_type":"article","og_title":"Veranstaltungen - Deutsch-Amerikanisches Institut. Haus der Kultur.","og_description":"Deutschland hat viele Probleme \u2013 und viele davon haben eine gemeinsame Ursache: die B\u00fcrokratie. Ein Dickicht aus gut gemeinten Gesetzen,&nbsp;&hellip;","og_url":"https:\/\/dai-heidelberg.de\/de\/?post_type=dai_event&p=73270","og_site_name":"DAI Deutsch","article_modified_time":"2026-03-24T12:53:49+00:00","og_image":[{"width":1024,"height":1024,"url":"https:\/\/dai-heidelberg.de\/de\/wp-content\/uploads\/sites\/2\/2026\/03\/Logo_rund_ohne_Hintergrund.png","type":"image\/png"}],"twitter_misc":{"Gesch\u00e4tzte Lesezeit":"1\u00a0Minute"},"schema":{"@context":"https:\/\/schema.org","@graph":[{"@type":"WebPage","@id":"https:\/\/dai-heidelberg.de\/de\/?post_type=dai_event&p=73270","url":"https:\/\/dai-heidelberg.de\/de\/?post_type=dai_event&p=73270","name":"Veranstaltungen - Deutsch-Amerikanisches Institut. Haus der Kultur.","isPartOf":{"@id":"https:\/\/dai-heidelberg.de\/de\/#website"},"primaryImageOfPage":{"@id":"https:\/\/dai-heidelberg.de\/de\/?post_type=dai_event&p=73270#primaryimage"},"image":{"@id":"https:\/\/dai-heidelberg.de\/de\/?post_type=dai_event&p=73270#primaryimage"},"thumbnailUrl":"https:\/\/dai-heidelberg.de\/de\/wp-content\/uploads\/sites\/2\/2026\/03\/260512_Patrick-Bernau_c_Giulia-Falcone-Sarah-Kastner_Bayaz_Ministerium-fuer-Finanzen-Baden-Wuerttemberg.jpg","datePublished":"2026-03-06T16:23:35+00:00","dateModified":"2026-03-24T12:53:49+00:00","breadcrumb":{"@id":"https:\/\/dai-heidelberg.de\/de\/?post_type=dai_event&p=73270#breadcrumb"},"inLanguage":"de","potentialAction":[{"@type":"ReadAction","target":["https:\/\/dai-heidelberg.de\/de\/?post_type=dai_event&p=73270"]}]},{"@type":"ImageObject","inLanguage":"de","@id":"https:\/\/dai-heidelberg.de\/de\/?post_type=dai_event&p=73270#primaryimage","url":"https:\/\/dai-heidelberg.de\/de\/wp-content\/uploads\/sites\/2\/2026\/03\/260512_Patrick-Bernau_c_Giulia-Falcone-Sarah-Kastner_Bayaz_Ministerium-fuer-Finanzen-Baden-Wuerttemberg.jpg","contentUrl":"https:\/\/dai-heidelberg.de\/de\/wp-content\/uploads\/sites\/2\/2026\/03\/260512_Patrick-Bernau_c_Giulia-Falcone-Sarah-Kastner_Bayaz_Ministerium-fuer-Finanzen-Baden-Wuerttemberg.jpg","width":820,"height":370,"caption":"Fotos v.l.n.r.: Giulia Falcone Sarah Kastner; Ministerium f\u00fcr Finanzen Baden-W\u00fcrttemberg"},{"@type":"BreadcrumbList","@id":"https:\/\/dai-heidelberg.de\/de\/?post_type=dai_event&p=73270#breadcrumb","itemListElement":[{"@type":"ListItem","position":1,"name":"Startseite","item":"https:\/\/dai-heidelberg.de\/de\/"},{"@type":"ListItem","position":2,"name":"Veranstaltungen","item":"https:\/\/dai-heidelberg.de\/de\/veranstaltungen\/"},{"@type":"ListItem","position":3,"name":"Patrick Bernau"}]},{"@type":"WebSite","@id":"https:\/\/dai-heidelberg.de\/de\/#website","url":"https:\/\/dai-heidelberg.de\/de\/","name":"DAI Deutsch","description":"Deutsch-Amerikanisches Institut. Haus der Kultur.","potentialAction":[{"@type":"SearchAction","target":{"@type":"EntryPoint","urlTemplate":"https:\/\/dai-heidelberg.de\/de\/?s={search_term_string}"},"query-input":{"@type":"PropertyValueSpecification","valueRequired":true,"valueName":"search_term_string"}}],"inLanguage":"de"}]}},"_links":{"self":[{"href":"https:\/\/dai-heidelberg.de\/de\/wp-json\/wp\/v2\/dai_event\/73270","targetHints":{"allow":["GET"]}}],"collection":[{"href":"https:\/\/dai-heidelberg.de\/de\/wp-json\/wp\/v2\/dai_event"}],"about":[{"href":"https:\/\/dai-heidelberg.de\/de\/wp-json\/wp\/v2\/types\/dai_event"}],"version-history":[{"count":5,"href":"https:\/\/dai-heidelberg.de\/de\/wp-json\/wp\/v2\/dai_event\/73270\/revisions"}],"predecessor-version":[{"id":73962,"href":"https:\/\/dai-heidelberg.de\/de\/wp-json\/wp\/v2\/dai_event\/73270\/revisions\/73962"}],"wp:featuredmedia":[{"embeddable":true,"href":"https:\/\/dai-heidelberg.de\/de\/wp-json\/wp\/v2\/media\/74176"}],"wp:attachment":[{"href":"https:\/\/dai-heidelberg.de\/de\/wp-json\/wp\/v2\/media?parent=73270"}],"wp:term":[{"taxonomy":"post_tag","embeddable":true,"href":"https:\/\/dai-heidelberg.de\/de\/wp-json\/wp\/v2\/tags?post=73270"},{"taxonomy":"dai_event_category","embeddable":true,"href":"https:\/\/dai-heidelberg.de\/de\/wp-json\/wp\/v2\/dai_event_category?post=73270"},{"taxonomy":"dai_event_type","embeddable":true,"href":"https:\/\/dai-heidelberg.de\/de\/wp-json\/wp\/v2\/dai_event_type?post=73270"},{"taxonomy":"dai_event_location","embeddable":true,"href":"https:\/\/dai-heidelberg.de\/de\/wp-json\/wp\/v2\/dai_event_location?post=73270"}],"curies":[{"name":"wp","href":"https:\/\/api.w.org\/{rel}","templated":true}]}}