{"id":73258,"date":"2026-03-06T17:06:27","date_gmt":"2026-03-06T16:06:27","guid":{"rendered":"https:\/\/dai-heidelberg.de\/de\/?post_type=dai_event&#038;p=73258"},"modified":"2026-03-10T17:47:13","modified_gmt":"2026-03-10T16:47:13","slug":"eckart-conze","status":"publish","type":"dai_event","link":"https:\/\/dai-heidelberg.de\/de\/veranstaltungen\/eckart-conze-73258\/","title":{"rendered":"Eckart Conze"},"content":{"rendered":"<p>Die deutsche Au\u00dfenpolitik der Gegenwart steht in historischen Traditionen. \u00dcber Jahrhunderte war die Mitte Europas Ort der Auseinandersetzung um Frieden und Vormacht. Krieg und Gewalt waren \u2013 und sind \u2013 Teil dieser Geschichte. So wichtig eine verteidigungsf\u00e4hige Bundeswehr ist, so wenig d\u00fcrfen Au\u00dfenpolitik und Diplomatie in den Hintergrund treten, wenn man dem Friedensgebot des Grundgesetzes gerecht werden will. Eckart Conze verbindet in seinem Blick auf 500 Jahre Geschichte das Streben nach Frieden mit der Gewalt des Krieges und stellt Fragen nach deutschen Interessen und der Rolle Deutschlands in Europa und der Welt.<\/p>\n<p><strong>Prof. Dr. Eckart Conze<\/strong> z\u00e4hlt zu den profiliertesten deutschen Zeithistorikern. Er war Gastprofessor u.\u00a0a. in Cambridge und Toronto. Zu seinen Schwerpunkten geh\u00f6ren die Geschichte der Bundesrepublik sowie die Historische Sicherheitsforschung.<\/p>\n","protected":false},"excerpt":{"rendered":"<p>Die deutsche Au\u00dfenpolitik der Gegenwart steht in historischen Traditionen. \u00dcber Jahrhunderte war die Mitte Europas Ort der Auseinandersetzung um Frieden&nbsp;&hellip;<\/p>\n","protected":false},"featured_media":73259,"template":"","meta":{"footnotes":""},"tags":[],"dai_event_category":[6],"dai_event_type":[21],"dai_event_location":[],"class_list":["post-73258","dai_event","type-dai_event","status-publish","has-post-thumbnail","hentry","dai_event_category-kulturveranstaltungen","dai_event_type-vortrag"],"better_featured_image":{"id":73259,"alt_text":"","caption":"Foto: picture alliance \/ Uwe Zucchi","description":"","media_type":"image","media_details":{"width":820,"height":370,"file":"2026\/03\/260507_Eckart-Conze_c_picture-alliance_Uwe-Zucchi.jpg","filesize":71552,"sizes":{"medium":{"file":"260507_Eckart-Conze_c_picture-alliance_Uwe-Zucchi-300x135.jpg","width":300,"height":135,"mime-type":"image\/jpeg","filesize":6597,"source_url":"https:\/\/dai-heidelberg.de\/de\/wp-content\/uploads\/sites\/2\/2026\/03\/260507_Eckart-Conze_c_picture-alliance_Uwe-Zucchi-300x135.jpg"},"thumbnail":{"file":"260507_Eckart-Conze_c_picture-alliance_Uwe-Zucchi-150x150.jpg","width":150,"height":150,"mime-type":"image\/jpeg","filesize":5387,"source_url":"https:\/\/dai-heidelberg.de\/de\/wp-content\/uploads\/sites\/2\/2026\/03\/260507_Eckart-Conze_c_picture-alliance_Uwe-Zucchi-150x150.jpg"},"medium_large":{"file":"260507_Eckart-Conze_c_picture-alliance_Uwe-Zucchi-768x347.jpg","width":768,"height":347,"mime-type":"image\/jpeg","filesize":28148,"source_url":"https:\/\/dai-heidelberg.de\/de\/wp-content\/uploads\/sites\/2\/2026\/03\/260507_Eckart-Conze_c_picture-alliance_Uwe-Zucchi-768x347.jpg"},"dai-list":{"file":"260507_Eckart-Conze_c_picture-alliance_Uwe-Zucchi-140x140.jpg","width":140,"height":140,"mime-type":"image\/jpeg","filesize":4931,"source_url":"https:\/\/dai-heidelberg.de\/de\/wp-content\/uploads\/sites\/2\/2026\/03\/260507_Eckart-Conze_c_picture-alliance_Uwe-Zucchi-140x140.jpg"},"dai-selector":{"file":"260507_Eckart-Conze_c_picture-alliance_Uwe-Zucchi-240x170.jpg","width":240,"height":170,"mime-type":"image\/jpeg","filesize":7372,"source_url":"https:\/\/dai-heidelberg.de\/de\/wp-content\/uploads\/sites\/2\/2026\/03\/260507_Eckart-Conze_c_picture-alliance_Uwe-Zucchi-240x170.jpg"},"dai-hof":{"file":"260507_Eckart-Conze_c_picture-alliance_Uwe-Zucchi-240x192.jpg","width":240,"height":192,"mime-type":"image\/jpeg","filesize":8372,"source_url":"https:\/\/dai-heidelberg.de\/de\/wp-content\/uploads\/sites\/2\/2026\/03\/260507_Eckart-Conze_c_picture-alliance_Uwe-Zucchi-240x192.jpg"}},"image_meta":{"aperture":"0","credit":"","camera":"","caption":"","created_timestamp":"0","copyright":"","focal_length":"0","iso":"0","shutter_speed":"0","title":"","orientation":"0","keywords":[]}},"post":73258,"source_url":"https:\/\/dai-heidelberg.de\/de\/wp-content\/uploads\/sites\/2\/2026\/03\/260507_Eckart-Conze_c_picture-alliance_Uwe-Zucchi.jpg"},"post-meta-fields":{"_edit_lock":["1773161763:10"],"_edit_last":["10"],"_thumbnail_id":["73259"],"dai_event_datetime":["2026-05-07 20:00"],"dai_event_status":["planned"],"dai_event_language":["de"],"dai_event_type":["at_location"],"dai_event_featured":["0"],"dai_event_artist":["Friedlos"],"dai_event_subtext":["Deutschland in der Mitte Europas: 500 Jahre Ringen um Krieg und Frieden"],"dai_event_ticket_freeadmission":["0"],"dai_autotranslate_should_translate":["1"],"dai_event_venus_id":["69aafb899522e26c547f3d67"],"dai_event_venus_image_id":["69aafb8b82c606e9ae98ba11"],"dai_event_venus_image_thumbnail_id":["73259"],"dai_event_venus_updated_at":["2026-04-30 11:10:12"],"dai_event_ticket_link":["https:\/\/dai-heidelberg.reservix.de\/p\/reservix\/group\/533783"],"dai_event_ticket_price_presale_standard":["11,90"],"dai_event_ticket_price_presale_reduced":["9,90"],"dai_event_ticket_price_presale_member":["6,90"]},"yoast_head":"<!-- This site is optimized with the Yoast SEO plugin v27.4 - https:\/\/yoast.com\/product\/yoast-seo-wordpress\/ -->\n<title>Veranstaltungen - Deutsch-Amerikanisches Institut. Haus der Kultur.<\/title>\n<meta name=\"robots\" content=\"index, follow, max-snippet:-1, max-image-preview:large, max-video-preview:-1\" \/>\n<link rel=\"canonical\" href=\"https:\/\/dai-heidelberg.de\/de\/?post_type=dai_event&p=73258\" \/>\n<meta property=\"og:locale\" content=\"de_DE\" \/>\n<meta property=\"og:type\" content=\"article\" \/>\n<meta property=\"og:title\" content=\"Veranstaltungen - Deutsch-Amerikanisches Institut. Haus der Kultur.\" \/>\n<meta property=\"og:description\" content=\"Die deutsche Au\u00dfenpolitik der Gegenwart steht in historischen Traditionen. \u00dcber Jahrhunderte war die Mitte Europas Ort der Auseinandersetzung um Frieden&nbsp;&hellip;\" \/>\n<meta property=\"og:url\" content=\"https:\/\/dai-heidelberg.de\/de\/?post_type=dai_event&amp;p=73258\" \/>\n<meta property=\"og:site_name\" content=\"DAI Deutsch\" \/>\n<meta property=\"article:modified_time\" content=\"2026-03-10T16:47:13+00:00\" \/>\n<meta name=\"twitter:label1\" content=\"Gesch\u00e4tzte Lesezeit\" \/>\n\t<meta name=\"twitter:data1\" content=\"1\u00a0Minute\" \/>\n<script type=\"application\/ld+json\" class=\"yoast-schema-graph\">{\"@context\":\"https:\\\/\\\/schema.org\",\"@graph\":[{\"@type\":\"WebPage\",\"@id\":\"https:\\\/\\\/dai-heidelberg.de\\\/de\\\/?post_type=dai_event&p=73258\",\"url\":\"https:\\\/\\\/dai-heidelberg.de\\\/de\\\/?post_type=dai_event&p=73258\",\"name\":\"Veranstaltungen - Deutsch-Amerikanisches Institut. Haus der Kultur.\",\"isPartOf\":{\"@id\":\"https:\\\/\\\/dai-heidelberg.de\\\/de\\\/#website\"},\"primaryImageOfPage\":{\"@id\":\"https:\\\/\\\/dai-heidelberg.de\\\/de\\\/?post_type=dai_event&p=73258#primaryimage\"},\"image\":{\"@id\":\"https:\\\/\\\/dai-heidelberg.de\\\/de\\\/?post_type=dai_event&p=73258#primaryimage\"},\"thumbnailUrl\":\"https:\\\/\\\/dai-heidelberg.de\\\/de\\\/wp-content\\\/uploads\\\/sites\\\/2\\\/2026\\\/03\\\/260507_Eckart-Conze_c_picture-alliance_Uwe-Zucchi.jpg\",\"datePublished\":\"2026-03-06T16:06:27+00:00\",\"dateModified\":\"2026-03-10T16:47:13+00:00\",\"breadcrumb\":{\"@id\":\"https:\\\/\\\/dai-heidelberg.de\\\/de\\\/?post_type=dai_event&p=73258#breadcrumb\"},\"inLanguage\":\"de\",\"potentialAction\":[{\"@type\":\"ReadAction\",\"target\":[\"https:\\\/\\\/dai-heidelberg.de\\\/de\\\/?post_type=dai_event&p=73258\"]}]},{\"@type\":\"ImageObject\",\"inLanguage\":\"de\",\"@id\":\"https:\\\/\\\/dai-heidelberg.de\\\/de\\\/?post_type=dai_event&p=73258#primaryimage\",\"url\":\"https:\\\/\\\/dai-heidelberg.de\\\/de\\\/wp-content\\\/uploads\\\/sites\\\/2\\\/2026\\\/03\\\/260507_Eckart-Conze_c_picture-alliance_Uwe-Zucchi.jpg\",\"contentUrl\":\"https:\\\/\\\/dai-heidelberg.de\\\/de\\\/wp-content\\\/uploads\\\/sites\\\/2\\\/2026\\\/03\\\/260507_Eckart-Conze_c_picture-alliance_Uwe-Zucchi.jpg\",\"width\":820,\"height\":370,\"caption\":\"Foto: picture alliance \\\/ Uwe Zucchi\"},{\"@type\":\"BreadcrumbList\",\"@id\":\"https:\\\/\\\/dai-heidelberg.de\\\/de\\\/?post_type=dai_event&p=73258#breadcrumb\",\"itemListElement\":[{\"@type\":\"ListItem\",\"position\":1,\"name\":\"Startseite\",\"item\":\"https:\\\/\\\/dai-heidelberg.de\\\/de\\\/\"},{\"@type\":\"ListItem\",\"position\":2,\"name\":\"Veranstaltungen\",\"item\":\"https:\\\/\\\/dai-heidelberg.de\\\/de\\\/veranstaltungen\\\/\"},{\"@type\":\"ListItem\",\"position\":3,\"name\":\"Eckart Conze\"}]},{\"@type\":\"WebSite\",\"@id\":\"https:\\\/\\\/dai-heidelberg.de\\\/de\\\/#website\",\"url\":\"https:\\\/\\\/dai-heidelberg.de\\\/de\\\/\",\"name\":\"DAI Deutsch\",\"description\":\"Deutsch-Amerikanisches Institut. Haus der Kultur.\",\"potentialAction\":[{\"@type\":\"SearchAction\",\"target\":{\"@type\":\"EntryPoint\",\"urlTemplate\":\"https:\\\/\\\/dai-heidelberg.de\\\/de\\\/?s={search_term_string}\"},\"query-input\":{\"@type\":\"PropertyValueSpecification\",\"valueRequired\":true,\"valueName\":\"search_term_string\"}}],\"inLanguage\":\"de\"}]}<\/script>\n<!-- \/ Yoast SEO plugin. -->","yoast_head_json":{"title":"Veranstaltungen - Deutsch-Amerikanisches Institut. Haus der Kultur.","robots":{"index":"index","follow":"follow","max-snippet":"max-snippet:-1","max-image-preview":"max-image-preview:large","max-video-preview":"max-video-preview:-1"},"canonical":"https:\/\/dai-heidelberg.de\/de\/?post_type=dai_event&p=73258","og_locale":"de_DE","og_type":"article","og_title":"Veranstaltungen - Deutsch-Amerikanisches Institut. Haus der Kultur.","og_description":"Die deutsche Au\u00dfenpolitik der Gegenwart steht in historischen Traditionen. \u00dcber Jahrhunderte war die Mitte Europas Ort der Auseinandersetzung um Frieden&nbsp;&hellip;","og_url":"https:\/\/dai-heidelberg.de\/de\/?post_type=dai_event&p=73258","og_site_name":"DAI Deutsch","article_modified_time":"2026-03-10T16:47:13+00:00","twitter_misc":{"Gesch\u00e4tzte Lesezeit":"1\u00a0Minute"},"schema":{"@context":"https:\/\/schema.org","@graph":[{"@type":"WebPage","@id":"https:\/\/dai-heidelberg.de\/de\/?post_type=dai_event&p=73258","url":"https:\/\/dai-heidelberg.de\/de\/?post_type=dai_event&p=73258","name":"Veranstaltungen - Deutsch-Amerikanisches Institut. Haus der Kultur.","isPartOf":{"@id":"https:\/\/dai-heidelberg.de\/de\/#website"},"primaryImageOfPage":{"@id":"https:\/\/dai-heidelberg.de\/de\/?post_type=dai_event&p=73258#primaryimage"},"image":{"@id":"https:\/\/dai-heidelberg.de\/de\/?post_type=dai_event&p=73258#primaryimage"},"thumbnailUrl":"https:\/\/dai-heidelberg.de\/de\/wp-content\/uploads\/sites\/2\/2026\/03\/260507_Eckart-Conze_c_picture-alliance_Uwe-Zucchi.jpg","datePublished":"2026-03-06T16:06:27+00:00","dateModified":"2026-03-10T16:47:13+00:00","breadcrumb":{"@id":"https:\/\/dai-heidelberg.de\/de\/?post_type=dai_event&p=73258#breadcrumb"},"inLanguage":"de","potentialAction":[{"@type":"ReadAction","target":["https:\/\/dai-heidelberg.de\/de\/?post_type=dai_event&p=73258"]}]},{"@type":"ImageObject","inLanguage":"de","@id":"https:\/\/dai-heidelberg.de\/de\/?post_type=dai_event&p=73258#primaryimage","url":"https:\/\/dai-heidelberg.de\/de\/wp-content\/uploads\/sites\/2\/2026\/03\/260507_Eckart-Conze_c_picture-alliance_Uwe-Zucchi.jpg","contentUrl":"https:\/\/dai-heidelberg.de\/de\/wp-content\/uploads\/sites\/2\/2026\/03\/260507_Eckart-Conze_c_picture-alliance_Uwe-Zucchi.jpg","width":820,"height":370,"caption":"Foto: picture alliance \/ Uwe Zucchi"},{"@type":"BreadcrumbList","@id":"https:\/\/dai-heidelberg.de\/de\/?post_type=dai_event&p=73258#breadcrumb","itemListElement":[{"@type":"ListItem","position":1,"name":"Startseite","item":"https:\/\/dai-heidelberg.de\/de\/"},{"@type":"ListItem","position":2,"name":"Veranstaltungen","item":"https:\/\/dai-heidelberg.de\/de\/veranstaltungen\/"},{"@type":"ListItem","position":3,"name":"Eckart Conze"}]},{"@type":"WebSite","@id":"https:\/\/dai-heidelberg.de\/de\/#website","url":"https:\/\/dai-heidelberg.de\/de\/","name":"DAI Deutsch","description":"Deutsch-Amerikanisches Institut. Haus der Kultur.","potentialAction":[{"@type":"SearchAction","target":{"@type":"EntryPoint","urlTemplate":"https:\/\/dai-heidelberg.de\/de\/?s={search_term_string}"},"query-input":{"@type":"PropertyValueSpecification","valueRequired":true,"valueName":"search_term_string"}}],"inLanguage":"de"}]}},"_links":{"self":[{"href":"https:\/\/dai-heidelberg.de\/de\/wp-json\/wp\/v2\/dai_event\/73258","targetHints":{"allow":["GET"]}}],"collection":[{"href":"https:\/\/dai-heidelberg.de\/de\/wp-json\/wp\/v2\/dai_event"}],"about":[{"href":"https:\/\/dai-heidelberg.de\/de\/wp-json\/wp\/v2\/types\/dai_event"}],"version-history":[{"count":1,"href":"https:\/\/dai-heidelberg.de\/de\/wp-json\/wp\/v2\/dai_event\/73258\/revisions"}],"predecessor-version":[{"id":73260,"href":"https:\/\/dai-heidelberg.de\/de\/wp-json\/wp\/v2\/dai_event\/73258\/revisions\/73260"}],"wp:featuredmedia":[{"embeddable":true,"href":"https:\/\/dai-heidelberg.de\/de\/wp-json\/wp\/v2\/media\/73259"}],"wp:attachment":[{"href":"https:\/\/dai-heidelberg.de\/de\/wp-json\/wp\/v2\/media?parent=73258"}],"wp:term":[{"taxonomy":"post_tag","embeddable":true,"href":"https:\/\/dai-heidelberg.de\/de\/wp-json\/wp\/v2\/tags?post=73258"},{"taxonomy":"dai_event_category","embeddable":true,"href":"https:\/\/dai-heidelberg.de\/de\/wp-json\/wp\/v2\/dai_event_category?post=73258"},{"taxonomy":"dai_event_type","embeddable":true,"href":"https:\/\/dai-heidelberg.de\/de\/wp-json\/wp\/v2\/dai_event_type?post=73258"},{"taxonomy":"dai_event_location","embeddable":true,"href":"https:\/\/dai-heidelberg.de\/de\/wp-json\/wp\/v2\/dai_event_location?post=73258"}],"curies":[{"name":"wp","href":"https:\/\/api.w.org\/{rel}","templated":true}]}}