{"id":72515,"date":"2025-12-16T16:08:29","date_gmt":"2025-12-16T15:08:29","guid":{"rendered":"https:\/\/dai-heidelberg.de\/de\/?post_type=dai_event&#038;p=72515"},"modified":"2026-01-07T15:13:33","modified_gmt":"2026-01-07T14:13:33","slug":"freiheit-ist-moeglich-mumia-abu-jamal","status":"publish","type":"dai_event","link":"https:\/\/dai-heidelberg.de\/de\/veranstaltungen\/freiheit-ist-moeglich-mumia-abu-jamal-72515\/","title":{"rendered":"Freiheit ist m\u00f6glich: Der gefangene Journalist Mumia Abu-Jamal und Prison Radio"},"content":{"rendered":"<p><strong>Seit 44 Jahren muss Mumia Abu-Jamal<\/strong> sein Leben im Gef\u00e4ngnis verbringen &#8211; 28 davon im Todestrakt &#8211; f\u00fcr einen Mord, den er nicht begangen hat. Ein ebenso radikaler wie begnadeter Rundfunk-Journalist und einer der \u201eInteresting People to Watch\u201c in Philadelphia des Jahres 1980, waren Karriere und Freiheit zu Ende, als er im Dezember 1981 verhaftet und im Sommer 1982 in einem skandal\u00f6s unfairen Prozess schuldig gesprochen wurde. Das Grassroots-Projekt Prison Radio hat ihm seit 1992 dazu verholfen, seine Stimme nicht nur wiederzufinden, sondern auch der Welt zu h\u00f6ren zu geben.<\/p>\n<p><strong>Seit 33 Jahren verbindet Noel Hanrahans Prison Radio<\/strong> in den USA Gefangene mit der Au\u00dfenwelt, macht ihre Stimmen h\u00f6rbar, nimmt Haftbedingungen, endemischen Rassismus und ungerechte Urteile auseinander, unterst\u00fctzt viele von ihnen bei ihrem Kampf um Freiheit. Die Liste der KorrespondentInnen aus dem \u201eInneren der Bestie\u201c ist lang, sie senden aus einer Gro\u00dfzahl von Bundesstaaten. Noel Hanrahan ist Anw\u00e4ltin, Investigatorin und Gr\u00fcnderin des Radiosenders. Sie ist au\u00dferdem seit einiger Zeit im Anwaltsteam Mumia Abu-Jamals.<\/p>\n<p><strong>27 Jahre lang war Robert Saleem Holbroock<\/strong> zu Unrecht im Gef\u00e4ngnis, viele Jahre davon in Isolation, bis er 2018 endlich entlassen wurde. Er war als 16-J\u00e4hriger zu lebensl\u00e4nglich ohne Bew\u00e4hrung verurteilt worden. Seitdem k\u00e4mpft er gegen die Langzeithaft, die \u00fcber 80.000 Gefangene in den USA f\u00fcr immer hinter Gitter sperren will &#8211; den \u201eTod durch Inhaftierung\u201c. Seine Entlassung war nur m\u00f6glich, weil der Supreme Court der USA endlich entschieden hatte, dass Minderj\u00e4hrige nicht zu dieser Form der Strafe verdammt werden d\u00fcrfen. Das Urteil f\u00fchrte zu \u00fcber 2.000 Entlassungen aus dem Gef\u00e4ngnis, der \u00e4lteste von ihnen war 81 Jahre alt und hatte 68 Jahre hinter Beton und Stahl verbracht. Holbroock ist Gr\u00fcnder des Abolitionist Law Center.<\/p>\n<p><strong>Seit \u00fcber 15 Jahren besucht Jennifer Black<\/strong> Mumia Abu-Jamal im Gef\u00e4ngnis. Aufgewachsen in Pennsylvania, nur wenige Meilen von \u201eseinem\u201c Gef\u00e4ngnis entfernt, hat sie erst durch die Reise eines Verwandten nach Deutschland von ihm erfahren &#8211; auf einer Veranstaltung in Berlin zu seinem skandal\u00f6sen Fall. Seither besucht sie ihn &#8211; und vor zwei Jahren konnten beide ein gemeinsames Buchprojekt erfolgreich abschlie\u00dfen, das eine \u00fcberaus spannende Sammlung zum Gef\u00e4ngnissystem der Vereinigten Staaten geworden ist: Beneath the Mountain &#8211; an Anti Prison Reader. Sie hat einen Doktor in Vergleichender Gesellschaftswissenschaft und 12 Jahre lang an der Universit\u00e4t von Ohio gelehrt.<\/p>\n<p><strong>Moderiert wird die Veranstaltung von Annette Schiffmann und Dr. Michael Schiffmann,<\/strong> die Mumia Abu-Jamal seit vielen Jahren unterst\u00fctzen und ihn zuletzt im Oktober 2025 im Gef\u00e4ngnis besucht haben.<\/p>\n","protected":false},"excerpt":{"rendered":"<p>Seit 44 Jahren muss Mumia Abu-Jamal sein Leben im Gef\u00e4ngnis verbringen &#8211; 28 davon im Todestrakt &#8211; f\u00fcr einen Mord,&nbsp;&hellip;<\/p>\n","protected":false},"featured_media":72516,"template":"","meta":{"footnotes":""},"tags":[],"dai_event_category":[6],"dai_event_type":[12],"dai_event_location":[],"class_list":["post-72515","dai_event","type-dai_event","status-publish","has-post-thumbnail","hentry","dai_event_category-kulturveranstaltungen","dai_event_type-im-dialog"],"better_featured_image":{"id":72516,"alt_text":"","caption":"Foto: Privat","description":"","media_type":"image","media_details":{"width":820,"height":370,"file":"2025\/12\/260112-Mumia-Abu-Jamal.jpg","filesize":93853,"sizes":{"medium":{"file":"260112-Mumia-Abu-Jamal-300x135.jpg","width":300,"height":135,"mime-type":"image\/jpeg","filesize":11009,"source_url":"https:\/\/dai-heidelberg.de\/de\/wp-content\/uploads\/sites\/2\/2025\/12\/260112-Mumia-Abu-Jamal-300x135.jpg"},"thumbnail":{"file":"260112-Mumia-Abu-Jamal-150x150.jpg","width":150,"height":150,"mime-type":"image\/jpeg","filesize":7201,"source_url":"https:\/\/dai-heidelberg.de\/de\/wp-content\/uploads\/sites\/2\/2025\/12\/260112-Mumia-Abu-Jamal-150x150.jpg"},"medium_large":{"file":"260112-Mumia-Abu-Jamal-768x347.jpg","width":768,"height":347,"mime-type":"image\/jpeg","filesize":50167,"source_url":"https:\/\/dai-heidelberg.de\/de\/wp-content\/uploads\/sites\/2\/2025\/12\/260112-Mumia-Abu-Jamal-768x347.jpg"},"dai-list":{"file":"260112-Mumia-Abu-Jamal-140x140.jpg","width":140,"height":140,"mime-type":"image\/jpeg","filesize":6599,"source_url":"https:\/\/dai-heidelberg.de\/de\/wp-content\/uploads\/sites\/2\/2025\/12\/260112-Mumia-Abu-Jamal-140x140.jpg"},"dai-selector":{"file":"260112-Mumia-Abu-Jamal-240x170.jpg","width":240,"height":170,"mime-type":"image\/jpeg","filesize":12781,"source_url":"https:\/\/dai-heidelberg.de\/de\/wp-content\/uploads\/sites\/2\/2025\/12\/260112-Mumia-Abu-Jamal-240x170.jpg"},"dai-hof":{"file":"260112-Mumia-Abu-Jamal-240x192.jpg","width":240,"height":192,"mime-type":"image\/jpeg","filesize":13545,"source_url":"https:\/\/dai-heidelberg.de\/de\/wp-content\/uploads\/sites\/2\/2025\/12\/260112-Mumia-Abu-Jamal-240x192.jpg"}},"image_meta":{"aperture":"0","credit":"","camera":"","caption":"","created_timestamp":"0","copyright":"","focal_length":"0","iso":"0","shutter_speed":"0","title":"","orientation":"0","keywords":[]}},"post":72515,"source_url":"https:\/\/dai-heidelberg.de\/de\/wp-content\/uploads\/sites\/2\/2025\/12\/260112-Mumia-Abu-Jamal.jpg"},"post-meta-fields":{"_edit_lock":["1768479448:2"],"_edit_last":["20"],"_thumbnail_id":["72516"],"dai_event_datetime":["2026-01-12 19:30"],"dai_event_status":["planned"],"dai_event_language":["de"],"dai_event_type":["at_location"],"dai_event_featured":["0"],"dai_event_artist":["44 Jahre unschuldig im Gef\u00e4ngnis"],"dai_event_ticket_freeadmission":["1"],"dai_autotranslate_should_translate":["1"],"_oembed_44afe073bf71271511f46eec89641aa8":["{{unknown}}"]},"yoast_head":"<!-- This site is optimized with the Yoast SEO plugin v27.4 - https:\/\/yoast.com\/product\/yoast-seo-wordpress\/ -->\n<title>Veranstaltungen - Deutsch-Amerikanisches Institut. Haus der Kultur.<\/title>\n<meta name=\"robots\" content=\"index, follow, max-snippet:-1, max-image-preview:large, max-video-preview:-1\" \/>\n<link rel=\"canonical\" href=\"https:\/\/dai-heidelberg.de\/de\/?post_type=dai_event&p=72515\" \/>\n<meta property=\"og:locale\" content=\"de_DE\" \/>\n<meta property=\"og:type\" content=\"article\" \/>\n<meta property=\"og:title\" content=\"Veranstaltungen - Deutsch-Amerikanisches Institut. Haus der Kultur.\" \/>\n<meta property=\"og:description\" content=\"Seit 44 Jahren muss Mumia Abu-Jamal sein Leben im Gef\u00e4ngnis verbringen &#8211; 28 davon im Todestrakt &#8211; f\u00fcr einen Mord,&nbsp;&hellip;\" \/>\n<meta property=\"og:url\" content=\"https:\/\/dai-heidelberg.de\/de\/?post_type=dai_event&amp;p=72515\" \/>\n<meta property=\"og:site_name\" content=\"DAI Deutsch\" \/>\n<meta property=\"article:modified_time\" content=\"2026-01-07T14:13:33+00:00\" \/>\n<meta name=\"twitter:label1\" content=\"Gesch\u00e4tzte Lesezeit\" \/>\n\t<meta name=\"twitter:data1\" content=\"2\u00a0Minuten\" \/>\n<script type=\"application\/ld+json\" class=\"yoast-schema-graph\">{\"@context\":\"https:\\\/\\\/schema.org\",\"@graph\":[{\"@type\":\"WebPage\",\"@id\":\"https:\\\/\\\/dai-heidelberg.de\\\/de\\\/?post_type=dai_event&p=72515\",\"url\":\"https:\\\/\\\/dai-heidelberg.de\\\/de\\\/?post_type=dai_event&p=72515\",\"name\":\"Veranstaltungen - Deutsch-Amerikanisches Institut. Haus der Kultur.\",\"isPartOf\":{\"@id\":\"https:\\\/\\\/dai-heidelberg.de\\\/de\\\/#website\"},\"primaryImageOfPage\":{\"@id\":\"https:\\\/\\\/dai-heidelberg.de\\\/de\\\/?post_type=dai_event&p=72515#primaryimage\"},\"image\":{\"@id\":\"https:\\\/\\\/dai-heidelberg.de\\\/de\\\/?post_type=dai_event&p=72515#primaryimage\"},\"thumbnailUrl\":\"https:\\\/\\\/dai-heidelberg.de\\\/de\\\/wp-content\\\/uploads\\\/sites\\\/2\\\/2025\\\/12\\\/260112-Mumia-Abu-Jamal.jpg\",\"datePublished\":\"2025-12-16T15:08:29+00:00\",\"dateModified\":\"2026-01-07T14:13:33+00:00\",\"breadcrumb\":{\"@id\":\"https:\\\/\\\/dai-heidelberg.de\\\/de\\\/?post_type=dai_event&p=72515#breadcrumb\"},\"inLanguage\":\"de\",\"potentialAction\":[{\"@type\":\"ReadAction\",\"target\":[\"https:\\\/\\\/dai-heidelberg.de\\\/de\\\/?post_type=dai_event&p=72515\"]}]},{\"@type\":\"ImageObject\",\"inLanguage\":\"de\",\"@id\":\"https:\\\/\\\/dai-heidelberg.de\\\/de\\\/?post_type=dai_event&p=72515#primaryimage\",\"url\":\"https:\\\/\\\/dai-heidelberg.de\\\/de\\\/wp-content\\\/uploads\\\/sites\\\/2\\\/2025\\\/12\\\/260112-Mumia-Abu-Jamal.jpg\",\"contentUrl\":\"https:\\\/\\\/dai-heidelberg.de\\\/de\\\/wp-content\\\/uploads\\\/sites\\\/2\\\/2025\\\/12\\\/260112-Mumia-Abu-Jamal.jpg\",\"width\":820,\"height\":370,\"caption\":\"Foto: Privat\"},{\"@type\":\"BreadcrumbList\",\"@id\":\"https:\\\/\\\/dai-heidelberg.de\\\/de\\\/?post_type=dai_event&p=72515#breadcrumb\",\"itemListElement\":[{\"@type\":\"ListItem\",\"position\":1,\"name\":\"Startseite\",\"item\":\"https:\\\/\\\/dai-heidelberg.de\\\/de\\\/\"},{\"@type\":\"ListItem\",\"position\":2,\"name\":\"Veranstaltungen\",\"item\":\"https:\\\/\\\/dai-heidelberg.de\\\/de\\\/veranstaltungen\\\/\"},{\"@type\":\"ListItem\",\"position\":3,\"name\":\"Freiheit ist m\u00f6glich: Mumia Abu-Jamal\"}]},{\"@type\":\"WebSite\",\"@id\":\"https:\\\/\\\/dai-heidelberg.de\\\/de\\\/#website\",\"url\":\"https:\\\/\\\/dai-heidelberg.de\\\/de\\\/\",\"name\":\"DAI Deutsch\",\"description\":\"Deutsch-Amerikanisches Institut. Haus der Kultur.\",\"potentialAction\":[{\"@type\":\"SearchAction\",\"target\":{\"@type\":\"EntryPoint\",\"urlTemplate\":\"https:\\\/\\\/dai-heidelberg.de\\\/de\\\/?s={search_term_string}\"},\"query-input\":{\"@type\":\"PropertyValueSpecification\",\"valueRequired\":true,\"valueName\":\"search_term_string\"}}],\"inLanguage\":\"de\"}]}<\/script>\n<!-- \/ Yoast SEO plugin. -->","yoast_head_json":{"title":"Veranstaltungen - Deutsch-Amerikanisches Institut. Haus der Kultur.","robots":{"index":"index","follow":"follow","max-snippet":"max-snippet:-1","max-image-preview":"max-image-preview:large","max-video-preview":"max-video-preview:-1"},"canonical":"https:\/\/dai-heidelberg.de\/de\/?post_type=dai_event&p=72515","og_locale":"de_DE","og_type":"article","og_title":"Veranstaltungen - Deutsch-Amerikanisches Institut. Haus der Kultur.","og_description":"Seit 44 Jahren muss Mumia Abu-Jamal sein Leben im Gef\u00e4ngnis verbringen &#8211; 28 davon im Todestrakt &#8211; f\u00fcr einen Mord,&nbsp;&hellip;","og_url":"https:\/\/dai-heidelberg.de\/de\/?post_type=dai_event&p=72515","og_site_name":"DAI Deutsch","article_modified_time":"2026-01-07T14:13:33+00:00","twitter_misc":{"Gesch\u00e4tzte Lesezeit":"2\u00a0Minuten"},"schema":{"@context":"https:\/\/schema.org","@graph":[{"@type":"WebPage","@id":"https:\/\/dai-heidelberg.de\/de\/?post_type=dai_event&p=72515","url":"https:\/\/dai-heidelberg.de\/de\/?post_type=dai_event&p=72515","name":"Veranstaltungen - Deutsch-Amerikanisches Institut. Haus der Kultur.","isPartOf":{"@id":"https:\/\/dai-heidelberg.de\/de\/#website"},"primaryImageOfPage":{"@id":"https:\/\/dai-heidelberg.de\/de\/?post_type=dai_event&p=72515#primaryimage"},"image":{"@id":"https:\/\/dai-heidelberg.de\/de\/?post_type=dai_event&p=72515#primaryimage"},"thumbnailUrl":"https:\/\/dai-heidelberg.de\/de\/wp-content\/uploads\/sites\/2\/2025\/12\/260112-Mumia-Abu-Jamal.jpg","datePublished":"2025-12-16T15:08:29+00:00","dateModified":"2026-01-07T14:13:33+00:00","breadcrumb":{"@id":"https:\/\/dai-heidelberg.de\/de\/?post_type=dai_event&p=72515#breadcrumb"},"inLanguage":"de","potentialAction":[{"@type":"ReadAction","target":["https:\/\/dai-heidelberg.de\/de\/?post_type=dai_event&p=72515"]}]},{"@type":"ImageObject","inLanguage":"de","@id":"https:\/\/dai-heidelberg.de\/de\/?post_type=dai_event&p=72515#primaryimage","url":"https:\/\/dai-heidelberg.de\/de\/wp-content\/uploads\/sites\/2\/2025\/12\/260112-Mumia-Abu-Jamal.jpg","contentUrl":"https:\/\/dai-heidelberg.de\/de\/wp-content\/uploads\/sites\/2\/2025\/12\/260112-Mumia-Abu-Jamal.jpg","width":820,"height":370,"caption":"Foto: Privat"},{"@type":"BreadcrumbList","@id":"https:\/\/dai-heidelberg.de\/de\/?post_type=dai_event&p=72515#breadcrumb","itemListElement":[{"@type":"ListItem","position":1,"name":"Startseite","item":"https:\/\/dai-heidelberg.de\/de\/"},{"@type":"ListItem","position":2,"name":"Veranstaltungen","item":"https:\/\/dai-heidelberg.de\/de\/veranstaltungen\/"},{"@type":"ListItem","position":3,"name":"Freiheit ist m\u00f6glich: Mumia Abu-Jamal"}]},{"@type":"WebSite","@id":"https:\/\/dai-heidelberg.de\/de\/#website","url":"https:\/\/dai-heidelberg.de\/de\/","name":"DAI Deutsch","description":"Deutsch-Amerikanisches Institut. Haus der Kultur.","potentialAction":[{"@type":"SearchAction","target":{"@type":"EntryPoint","urlTemplate":"https:\/\/dai-heidelberg.de\/de\/?s={search_term_string}"},"query-input":{"@type":"PropertyValueSpecification","valueRequired":true,"valueName":"search_term_string"}}],"inLanguage":"de"}]}},"_links":{"self":[{"href":"https:\/\/dai-heidelberg.de\/de\/wp-json\/wp\/v2\/dai_event\/72515","targetHints":{"allow":["GET"]}}],"collection":[{"href":"https:\/\/dai-heidelberg.de\/de\/wp-json\/wp\/v2\/dai_event"}],"about":[{"href":"https:\/\/dai-heidelberg.de\/de\/wp-json\/wp\/v2\/types\/dai_event"}],"version-history":[{"count":9,"href":"https:\/\/dai-heidelberg.de\/de\/wp-json\/wp\/v2\/dai_event\/72515\/revisions"}],"predecessor-version":[{"id":72570,"href":"https:\/\/dai-heidelberg.de\/de\/wp-json\/wp\/v2\/dai_event\/72515\/revisions\/72570"}],"wp:featuredmedia":[{"embeddable":true,"href":"https:\/\/dai-heidelberg.de\/de\/wp-json\/wp\/v2\/media\/72516"}],"wp:attachment":[{"href":"https:\/\/dai-heidelberg.de\/de\/wp-json\/wp\/v2\/media?parent=72515"}],"wp:term":[{"taxonomy":"post_tag","embeddable":true,"href":"https:\/\/dai-heidelberg.de\/de\/wp-json\/wp\/v2\/tags?post=72515"},{"taxonomy":"dai_event_category","embeddable":true,"href":"https:\/\/dai-heidelberg.de\/de\/wp-json\/wp\/v2\/dai_event_category?post=72515"},{"taxonomy":"dai_event_type","embeddable":true,"href":"https:\/\/dai-heidelberg.de\/de\/wp-json\/wp\/v2\/dai_event_type?post=72515"},{"taxonomy":"dai_event_location","embeddable":true,"href":"https:\/\/dai-heidelberg.de\/de\/wp-json\/wp\/v2\/dai_event_location?post=72515"}],"curies":[{"name":"wp","href":"https:\/\/api.w.org\/{rel}","templated":true}]}}