{"id":71977,"date":"2025-12-03T19:16:19","date_gmt":"2025-12-03T18:16:19","guid":{"rendered":"https:\/\/dai-heidelberg.de\/de\/?post_type=dai_event&#038;p=71977"},"modified":"2025-12-05T17:44:59","modified_gmt":"2025-12-05T16:44:59","slug":"can-duendar-2","status":"publish","type":"dai_event","link":"https:\/\/dai-heidelberg.de\/de\/veranstaltungen\/can-duendar-2-71977\/","title":{"rendered":"Can D\u00fcndar"},"content":{"rendered":"<p>Im Berliner Exil erh\u00e4lt der Journalist Can D\u00fcndar einen Brief des Mannes, der ihn im Auftrag des t\u00fcrkischen Geheimdienstes t\u00f6ten sollte. Der Grund: Er wusste von geheimen R\u00fcstungsgesch\u00e4ften und berichtete dar\u00fcber 2015 in der Tageszeitung Cumhuriyet. D\u00fcndar, der tats\u00e4chlich einen Attentatsversuch \u00fcberlebte, trifft den Mann, der ihn ermorden sollte, in Buenos Aires und erh\u00e4lt weitere brisante Informationen.<\/p>\n<p>In seinem neuen Buch liefert D\u00fcndar erdr\u00fcckende Beweise f\u00fcr die Verstrickung h\u00f6chster t\u00fcrkischer Regierungskreise in das organisierte Verbrechen \u2013 ein pers\u00f6nliches und politisches Zeugnis, das die Skrupellosigkeit autokratischer Systeme betont. Dabei hebt es den unverzichtbaren Wert der freien Presse hervor, in einer Zeit, in der vielerorts die Wahrheit selbst zur Zielscheibe wird.<\/p>\n<p><strong>Can D\u00fcndar<\/strong> ist Journalist und war Chefredakteur der Zeitung Cumhuriyet. Er schrieb die Kolumne <em>Meine T\u00fcrkei<\/em> f\u00fcr die ZEIT und ist Gr\u00fcnder und Chefredakteur der Oppositions-Plattform #\u00d6zg\u00fcr\u00fcz (T\u00fcrkisch: \u201eWir sind frei\u201c).<\/p>\n<p><strong>Sprache:<\/strong> Englisch<\/p>\n","protected":false},"excerpt":{"rendered":"<p>Im Berliner Exil erh\u00e4lt der Journalist Can D\u00fcndar einen Brief des Mannes, der ihn im Auftrag des t\u00fcrkischen Geheimdienstes t\u00f6ten&nbsp;&hellip;<\/p>\n","protected":false},"featured_media":71978,"template":"","meta":{"footnotes":""},"tags":[],"dai_event_category":[6],"dai_event_type":[21],"dai_event_location":[],"class_list":["post-71977","dai_event","type-dai_event","status-publish","has-post-thumbnail","hentry","dai_event_category-kulturveranstaltungen","dai_event_type-vortrag"],"better_featured_image":{"id":71978,"alt_text":"","caption":"Foto: Esra Rotthoff","description":"","media_type":"image","media_details":{"width":820,"height":370,"file":"2025\/12\/260205_Can-Duendar_c_Esra-Rotthoff.jpg","filesize":113993,"sizes":{"medium":{"file":"260205_Can-Duendar_c_Esra-Rotthoff-300x135.jpg","width":300,"height":135,"mime-type":"image\/jpeg","filesize":13126,"source_url":"https:\/\/dai-heidelberg.de\/de\/wp-content\/uploads\/sites\/2\/2025\/12\/260205_Can-Duendar_c_Esra-Rotthoff-300x135.jpg"},"thumbnail":{"file":"260205_Can-Duendar_c_Esra-Rotthoff-150x150.jpg","width":150,"height":150,"mime-type":"image\/jpeg","filesize":6682,"source_url":"https:\/\/dai-heidelberg.de\/de\/wp-content\/uploads\/sites\/2\/2025\/12\/260205_Can-Duendar_c_Esra-Rotthoff-150x150.jpg"},"medium_large":{"file":"260205_Can-Duendar_c_Esra-Rotthoff-768x347.jpg","width":768,"height":347,"mime-type":"image\/jpeg","filesize":57963,"source_url":"https:\/\/dai-heidelberg.de\/de\/wp-content\/uploads\/sites\/2\/2025\/12\/260205_Can-Duendar_c_Esra-Rotthoff-768x347.jpg"},"dai-list":{"file":"260205_Can-Duendar_c_Esra-Rotthoff-140x140.jpg","width":140,"height":140,"mime-type":"image\/jpeg","filesize":6101,"source_url":"https:\/\/dai-heidelberg.de\/de\/wp-content\/uploads\/sites\/2\/2025\/12\/260205_Can-Duendar_c_Esra-Rotthoff-140x140.jpg"},"dai-selector":{"file":"260205_Can-Duendar_c_Esra-Rotthoff-240x170.jpg","width":240,"height":170,"mime-type":"image\/jpeg","filesize":12022,"source_url":"https:\/\/dai-heidelberg.de\/de\/wp-content\/uploads\/sites\/2\/2025\/12\/260205_Can-Duendar_c_Esra-Rotthoff-240x170.jpg"},"dai-hof":{"file":"260205_Can-Duendar_c_Esra-Rotthoff-240x192.jpg","width":240,"height":192,"mime-type":"image\/jpeg","filesize":12554,"source_url":"https:\/\/dai-heidelberg.de\/de\/wp-content\/uploads\/sites\/2\/2025\/12\/260205_Can-Duendar_c_Esra-Rotthoff-240x192.jpg"}},"image_meta":{"aperture":"0","credit":"","camera":"","caption":"","created_timestamp":"0","copyright":"","focal_length":"0","iso":"0","shutter_speed":"0","title":"","orientation":"0","keywords":[]}},"post":71977,"source_url":"https:\/\/dai-heidelberg.de\/de\/wp-content\/uploads\/sites\/2\/2025\/12\/260205_Can-Duendar_c_Esra-Rotthoff.jpg"},"post-meta-fields":{"_edit_lock":["1764952993:10"],"_edit_last":["10"],"dai_event_datetime":["2026-02-05 20:00"],"dai_event_status":["planned"],"dai_event_language":["en"],"dai_event_type":["at_location"],"dai_event_featured":["0"],"dai_event_artist":["Ich traf meinen M\u00f6rder"],"dai_event_subtext":["Ein Journalist und die dunklen Seiten der Macht"],"dai_event_ticket_freeadmission":["0"],"dai_autotranslate_should_translate":["1"],"_thumbnail_id":["71978"],"dai_event_ticket_link":["https:\/\/shop.reservix.de\/?id=36ae96de8dddc4df70dce3f39db2b886ff117b9261533f02fa35ea4a3191d65e3a64633f4652f2d1ba3a365eff82ca70&vID=2736&eventGrpID=525152"],"dai_event_ticket_price_presale_standard":["15,90"],"dai_event_ticket_price_presale_reduced":["12,90"],"dai_event_ticket_price_presale_member":["9,90"],"dai_event_venus_id":["6967c4a5271a4e9826f8ebf2"],"dai_event_venus_image_id":["6967c4a6089d7e29d11f945b"],"dai_event_venus_image_thumbnail_id":["71978"],"dai_event_venus_updated_at":["2026-01-14 16:30:32"]},"yoast_head":"<!-- This site is optimized with the Yoast SEO plugin v27.4 - https:\/\/yoast.com\/product\/yoast-seo-wordpress\/ -->\n<title>Veranstaltungen - Deutsch-Amerikanisches Institut. Haus der Kultur.<\/title>\n<meta name=\"robots\" content=\"index, follow, max-snippet:-1, max-image-preview:large, max-video-preview:-1\" \/>\n<link rel=\"canonical\" href=\"https:\/\/dai-heidelberg.de\/de\/?post_type=dai_event&p=71977\" \/>\n<meta property=\"og:locale\" content=\"de_DE\" \/>\n<meta property=\"og:type\" content=\"article\" \/>\n<meta property=\"og:title\" content=\"Veranstaltungen - Deutsch-Amerikanisches Institut. Haus der Kultur.\" \/>\n<meta property=\"og:description\" content=\"Im Berliner Exil erh\u00e4lt der Journalist Can D\u00fcndar einen Brief des Mannes, der ihn im Auftrag des t\u00fcrkischen Geheimdienstes t\u00f6ten&nbsp;&hellip;\" \/>\n<meta property=\"og:url\" content=\"https:\/\/dai-heidelberg.de\/de\/?post_type=dai_event&amp;p=71977\" \/>\n<meta property=\"og:site_name\" content=\"DAI Deutsch\" \/>\n<meta property=\"article:modified_time\" content=\"2025-12-05T16:44:59+00:00\" \/>\n<meta name=\"twitter:label1\" content=\"Gesch\u00e4tzte Lesezeit\" \/>\n\t<meta name=\"twitter:data1\" content=\"1\u00a0Minute\" \/>\n<script type=\"application\/ld+json\" class=\"yoast-schema-graph\">{\"@context\":\"https:\\\/\\\/schema.org\",\"@graph\":[{\"@type\":\"WebPage\",\"@id\":\"https:\\\/\\\/dai-heidelberg.de\\\/de\\\/?post_type=dai_event&p=71977\",\"url\":\"https:\\\/\\\/dai-heidelberg.de\\\/de\\\/?post_type=dai_event&p=71977\",\"name\":\"Veranstaltungen - Deutsch-Amerikanisches Institut. Haus der Kultur.\",\"isPartOf\":{\"@id\":\"https:\\\/\\\/dai-heidelberg.de\\\/de\\\/#website\"},\"primaryImageOfPage\":{\"@id\":\"https:\\\/\\\/dai-heidelberg.de\\\/de\\\/?post_type=dai_event&p=71977#primaryimage\"},\"image\":{\"@id\":\"https:\\\/\\\/dai-heidelberg.de\\\/de\\\/?post_type=dai_event&p=71977#primaryimage\"},\"thumbnailUrl\":\"https:\\\/\\\/dai-heidelberg.de\\\/de\\\/wp-content\\\/uploads\\\/sites\\\/2\\\/2025\\\/12\\\/260205_Can-Duendar_c_Esra-Rotthoff.jpg\",\"datePublished\":\"2025-12-03T18:16:19+00:00\",\"dateModified\":\"2025-12-05T16:44:59+00:00\",\"breadcrumb\":{\"@id\":\"https:\\\/\\\/dai-heidelberg.de\\\/de\\\/?post_type=dai_event&p=71977#breadcrumb\"},\"inLanguage\":\"de\",\"potentialAction\":[{\"@type\":\"ReadAction\",\"target\":[\"https:\\\/\\\/dai-heidelberg.de\\\/de\\\/?post_type=dai_event&p=71977\"]}]},{\"@type\":\"ImageObject\",\"inLanguage\":\"de\",\"@id\":\"https:\\\/\\\/dai-heidelberg.de\\\/de\\\/?post_type=dai_event&p=71977#primaryimage\",\"url\":\"https:\\\/\\\/dai-heidelberg.de\\\/de\\\/wp-content\\\/uploads\\\/sites\\\/2\\\/2025\\\/12\\\/260205_Can-Duendar_c_Esra-Rotthoff.jpg\",\"contentUrl\":\"https:\\\/\\\/dai-heidelberg.de\\\/de\\\/wp-content\\\/uploads\\\/sites\\\/2\\\/2025\\\/12\\\/260205_Can-Duendar_c_Esra-Rotthoff.jpg\",\"width\":820,\"height\":370,\"caption\":\"Foto: Esra Rotthoff\"},{\"@type\":\"BreadcrumbList\",\"@id\":\"https:\\\/\\\/dai-heidelberg.de\\\/de\\\/?post_type=dai_event&p=71977#breadcrumb\",\"itemListElement\":[{\"@type\":\"ListItem\",\"position\":1,\"name\":\"Startseite\",\"item\":\"https:\\\/\\\/dai-heidelberg.de\\\/de\\\/\"},{\"@type\":\"ListItem\",\"position\":2,\"name\":\"Veranstaltungen\",\"item\":\"https:\\\/\\\/dai-heidelberg.de\\\/de\\\/veranstaltungen\\\/\"},{\"@type\":\"ListItem\",\"position\":3,\"name\":\"Can D\u00fcndar\"}]},{\"@type\":\"WebSite\",\"@id\":\"https:\\\/\\\/dai-heidelberg.de\\\/de\\\/#website\",\"url\":\"https:\\\/\\\/dai-heidelberg.de\\\/de\\\/\",\"name\":\"DAI Deutsch\",\"description\":\"Deutsch-Amerikanisches Institut. Haus der Kultur.\",\"potentialAction\":[{\"@type\":\"SearchAction\",\"target\":{\"@type\":\"EntryPoint\",\"urlTemplate\":\"https:\\\/\\\/dai-heidelberg.de\\\/de\\\/?s={search_term_string}\"},\"query-input\":{\"@type\":\"PropertyValueSpecification\",\"valueRequired\":true,\"valueName\":\"search_term_string\"}}],\"inLanguage\":\"de\"}]}<\/script>\n<!-- \/ Yoast SEO plugin. -->","yoast_head_json":{"title":"Veranstaltungen - Deutsch-Amerikanisches Institut. Haus der Kultur.","robots":{"index":"index","follow":"follow","max-snippet":"max-snippet:-1","max-image-preview":"max-image-preview:large","max-video-preview":"max-video-preview:-1"},"canonical":"https:\/\/dai-heidelberg.de\/de\/?post_type=dai_event&p=71977","og_locale":"de_DE","og_type":"article","og_title":"Veranstaltungen - Deutsch-Amerikanisches Institut. Haus der Kultur.","og_description":"Im Berliner Exil erh\u00e4lt der Journalist Can D\u00fcndar einen Brief des Mannes, der ihn im Auftrag des t\u00fcrkischen Geheimdienstes t\u00f6ten&nbsp;&hellip;","og_url":"https:\/\/dai-heidelberg.de\/de\/?post_type=dai_event&p=71977","og_site_name":"DAI Deutsch","article_modified_time":"2025-12-05T16:44:59+00:00","twitter_misc":{"Gesch\u00e4tzte Lesezeit":"1\u00a0Minute"},"schema":{"@context":"https:\/\/schema.org","@graph":[{"@type":"WebPage","@id":"https:\/\/dai-heidelberg.de\/de\/?post_type=dai_event&p=71977","url":"https:\/\/dai-heidelberg.de\/de\/?post_type=dai_event&p=71977","name":"Veranstaltungen - Deutsch-Amerikanisches Institut. Haus der Kultur.","isPartOf":{"@id":"https:\/\/dai-heidelberg.de\/de\/#website"},"primaryImageOfPage":{"@id":"https:\/\/dai-heidelberg.de\/de\/?post_type=dai_event&p=71977#primaryimage"},"image":{"@id":"https:\/\/dai-heidelberg.de\/de\/?post_type=dai_event&p=71977#primaryimage"},"thumbnailUrl":"https:\/\/dai-heidelberg.de\/de\/wp-content\/uploads\/sites\/2\/2025\/12\/260205_Can-Duendar_c_Esra-Rotthoff.jpg","datePublished":"2025-12-03T18:16:19+00:00","dateModified":"2025-12-05T16:44:59+00:00","breadcrumb":{"@id":"https:\/\/dai-heidelberg.de\/de\/?post_type=dai_event&p=71977#breadcrumb"},"inLanguage":"de","potentialAction":[{"@type":"ReadAction","target":["https:\/\/dai-heidelberg.de\/de\/?post_type=dai_event&p=71977"]}]},{"@type":"ImageObject","inLanguage":"de","@id":"https:\/\/dai-heidelberg.de\/de\/?post_type=dai_event&p=71977#primaryimage","url":"https:\/\/dai-heidelberg.de\/de\/wp-content\/uploads\/sites\/2\/2025\/12\/260205_Can-Duendar_c_Esra-Rotthoff.jpg","contentUrl":"https:\/\/dai-heidelberg.de\/de\/wp-content\/uploads\/sites\/2\/2025\/12\/260205_Can-Duendar_c_Esra-Rotthoff.jpg","width":820,"height":370,"caption":"Foto: Esra Rotthoff"},{"@type":"BreadcrumbList","@id":"https:\/\/dai-heidelberg.de\/de\/?post_type=dai_event&p=71977#breadcrumb","itemListElement":[{"@type":"ListItem","position":1,"name":"Startseite","item":"https:\/\/dai-heidelberg.de\/de\/"},{"@type":"ListItem","position":2,"name":"Veranstaltungen","item":"https:\/\/dai-heidelberg.de\/de\/veranstaltungen\/"},{"@type":"ListItem","position":3,"name":"Can D\u00fcndar"}]},{"@type":"WebSite","@id":"https:\/\/dai-heidelberg.de\/de\/#website","url":"https:\/\/dai-heidelberg.de\/de\/","name":"DAI Deutsch","description":"Deutsch-Amerikanisches Institut. Haus der Kultur.","potentialAction":[{"@type":"SearchAction","target":{"@type":"EntryPoint","urlTemplate":"https:\/\/dai-heidelberg.de\/de\/?s={search_term_string}"},"query-input":{"@type":"PropertyValueSpecification","valueRequired":true,"valueName":"search_term_string"}}],"inLanguage":"de"}]}},"_links":{"self":[{"href":"https:\/\/dai-heidelberg.de\/de\/wp-json\/wp\/v2\/dai_event\/71977","targetHints":{"allow":["GET"]}}],"collection":[{"href":"https:\/\/dai-heidelberg.de\/de\/wp-json\/wp\/v2\/dai_event"}],"about":[{"href":"https:\/\/dai-heidelberg.de\/de\/wp-json\/wp\/v2\/types\/dai_event"}],"version-history":[{"count":1,"href":"https:\/\/dai-heidelberg.de\/de\/wp-json\/wp\/v2\/dai_event\/71977\/revisions"}],"predecessor-version":[{"id":71979,"href":"https:\/\/dai-heidelberg.de\/de\/wp-json\/wp\/v2\/dai_event\/71977\/revisions\/71979"}],"wp:featuredmedia":[{"embeddable":true,"href":"https:\/\/dai-heidelberg.de\/de\/wp-json\/wp\/v2\/media\/71978"}],"wp:attachment":[{"href":"https:\/\/dai-heidelberg.de\/de\/wp-json\/wp\/v2\/media?parent=71977"}],"wp:term":[{"taxonomy":"post_tag","embeddable":true,"href":"https:\/\/dai-heidelberg.de\/de\/wp-json\/wp\/v2\/tags?post=71977"},{"taxonomy":"dai_event_category","embeddable":true,"href":"https:\/\/dai-heidelberg.de\/de\/wp-json\/wp\/v2\/dai_event_category?post=71977"},{"taxonomy":"dai_event_type","embeddable":true,"href":"https:\/\/dai-heidelberg.de\/de\/wp-json\/wp\/v2\/dai_event_type?post=71977"},{"taxonomy":"dai_event_location","embeddable":true,"href":"https:\/\/dai-heidelberg.de\/de\/wp-json\/wp\/v2\/dai_event_location?post=71977"}],"curies":[{"name":"wp","href":"https:\/\/api.w.org\/{rel}","templated":true}]}}