{"id":71901,"date":"2025-12-03T17:00:07","date_gmt":"2025-12-03T16:00:07","guid":{"rendered":"https:\/\/dai-heidelberg.de\/de\/?post_type=dai_event&#038;p=71901"},"modified":"2026-01-09T13:25:15","modified_gmt":"2026-01-09T12:25:15","slug":"seojun-lim","status":"publish","type":"dai_event","link":"https:\/\/dai-heidelberg.de\/de\/veranstaltungen\/seojun-lim-71901\/","title":{"rendered":"SeoJun Lim"},"content":{"rendered":"<p>SeoJun Lim entfaltete bereits in jungen Jahren eine au\u00dfergew\u00f6hnliche musikalische Sensibilit\u00e4t und Ausdruckskraft. Mit 17 Jahren gab er sein erstes Solokonzert in Korea, das vom Publikum und der Presse begeistert aufgenommen wurde. Ein Jahr sp\u00e4ter setzte er seine k\u00fcnstlerische Ausbildung in Hannover fort.<\/p>\n<p>Im Jahr 2025 gewann er den Ersten Preis beim Citt\u00e0 di Cant\u00f9 International Piano Festival in Italien und wurde zudem mit dem Sonderpreis f\u00fcr die beste Beethoven-Interpretation ausgezeichnet. Er trat bereits im Bechstein Centrum Hannover auf und \u00fcberzeugte dort durch seine klare Klanggestaltung und poetische Ausdruckskraft.<\/p>\n<p>Seit 2020 studiert SeoJun Lim in Hannover \u2013 zun\u00e4chst bei Lars Vogt, anschlie\u00dfend bei Alexander Schimpf, unter dessen Leitung er seine musikalische Entwicklung weiter vertieft.<\/p>\n<p>Im DAI spielt <strong>SeoJun Lim<\/strong> Werke von Franz Liszt, Franz Schubert und Maurice Ravel.<\/p>\n","protected":false},"excerpt":{"rendered":"<p>SeoJun Lim entfaltete bereits in jungen Jahren eine au\u00dfergew\u00f6hnliche musikalische Sensibilit\u00e4t und Ausdruckskraft. Mit 17 Jahren gab er sein erstes&nbsp;&hellip;<\/p>\n","protected":false},"featured_media":71902,"template":"","meta":{"footnotes":""},"tags":[],"dai_event_category":[6],"dai_event_type":[16],"dai_event_location":[],"class_list":["post-71901","dai_event","type-dai_event","status-publish","has-post-thumbnail","hentry","dai_event_category-kulturveranstaltungen","dai_event_type-konzert"],"better_featured_image":{"id":71902,"alt_text":"","caption":"Foto: ESTRO STUDIO","description":"","media_type":"image","media_details":{"width":820,"height":370,"file":"2025\/12\/260109_KW_Seojun-Lim_c_ESTRO-STUDIO.jpg","filesize":84167,"sizes":{"medium":{"file":"260109_KW_Seojun-Lim_c_ESTRO-STUDIO-300x135.jpg","width":300,"height":135,"mime-type":"image\/jpeg","filesize":9329,"source_url":"https:\/\/dai-heidelberg.de\/de\/wp-content\/uploads\/sites\/2\/2025\/12\/260109_KW_Seojun-Lim_c_ESTRO-STUDIO-300x135.jpg"},"thumbnail":{"file":"260109_KW_Seojun-Lim_c_ESTRO-STUDIO-150x150.jpg","width":150,"height":150,"mime-type":"image\/jpeg","filesize":4841,"source_url":"https:\/\/dai-heidelberg.de\/de\/wp-content\/uploads\/sites\/2\/2025\/12\/260109_KW_Seojun-Lim_c_ESTRO-STUDIO-150x150.jpg"},"medium_large":{"file":"260109_KW_Seojun-Lim_c_ESTRO-STUDIO-768x347.jpg","width":768,"height":347,"mime-type":"image\/jpeg","filesize":38819,"source_url":"https:\/\/dai-heidelberg.de\/de\/wp-content\/uploads\/sites\/2\/2025\/12\/260109_KW_Seojun-Lim_c_ESTRO-STUDIO-768x347.jpg"},"dai-list":{"file":"260109_KW_Seojun-Lim_c_ESTRO-STUDIO-140x140.jpg","width":140,"height":140,"mime-type":"image\/jpeg","filesize":4566,"source_url":"https:\/\/dai-heidelberg.de\/de\/wp-content\/uploads\/sites\/2\/2025\/12\/260109_KW_Seojun-Lim_c_ESTRO-STUDIO-140x140.jpg"},"dai-selector":{"file":"260109_KW_Seojun-Lim_c_ESTRO-STUDIO-240x170.jpg","width":240,"height":170,"mime-type":"image\/jpeg","filesize":8778,"source_url":"https:\/\/dai-heidelberg.de\/de\/wp-content\/uploads\/sites\/2\/2025\/12\/260109_KW_Seojun-Lim_c_ESTRO-STUDIO-240x170.jpg"},"dai-hof":{"file":"260109_KW_Seojun-Lim_c_ESTRO-STUDIO-240x192.jpg","width":240,"height":192,"mime-type":"image\/jpeg","filesize":8861,"source_url":"https:\/\/dai-heidelberg.de\/de\/wp-content\/uploads\/sites\/2\/2025\/12\/260109_KW_Seojun-Lim_c_ESTRO-STUDIO-240x192.jpg"}},"image_meta":{"aperture":"0","credit":"","camera":"","caption":"","created_timestamp":"0","copyright":"","focal_length":"0","iso":"0","shutter_speed":"0","title":"","orientation":"0","keywords":[]}},"post":71901,"source_url":"https:\/\/dai-heidelberg.de\/de\/wp-content\/uploads\/sites\/2\/2025\/12\/260109_KW_Seojun-Lim_c_ESTRO-STUDIO.jpg"},"post-meta-fields":{"_edit_lock":["1767961382:20"],"_edit_last":["20"],"_thumbnail_id":["71902"],"dai_event_datetime":["2026-01-09 19:00"],"dai_event_status":["cancelled"],"dai_event_language":["de"],"dai_event_type":["at_location"],"dai_event_featured":["0"],"dai_event_artist":["36. Heidelberger Klavierwoche"],"dai_event_subtext":["Eine Kooperation des DAI Heidelberg und der Jahrhundertwende-Gesellschaft e. V."],"dai_event_ticket_freeadmission":["0"],"dai_autotranslate_should_translate":["1"],"dai_event_ticket_link":["https:\/\/shop.reservix.de\/?id=36ae96de8dddc4df70dce3f39db2b886ff117b9261533f02fa35ea4a3191d65e3a64633f4652f2d1ba3a365eff82ca70&vID=2736&eventGrpID=525108&eventID=2497341"],"dai_event_ticket_price_presale_standard":["24,90"],"dai_event_ticket_price_presale_reduced":["19,90"],"dai_event_ticket_price_presale_member":["14,90"],"dai_event_notice":["Entf\u00e4llt"],"dai_event_content_notice":["Das heutige Konzert im Rahmen der Heidelberger Klavierwoche am DAI Heidelberg muss leider entfallen. Aufgrund der aktuellen Wetterlage in Norddeutschland kann SeoJun Lim nicht anreisen. Wir bitten herzlich um Entschuldigung f\u00fcr die kurzfristige Absage und danken Ihnen f\u00fcr Ihr Verst\u00e4ndnis."]},"yoast_head":"<!-- This site is optimized with the Yoast SEO plugin v27.4 - https:\/\/yoast.com\/product\/yoast-seo-wordpress\/ -->\n<title>Veranstaltungen - Deutsch-Amerikanisches Institut. Haus der Kultur.<\/title>\n<meta name=\"robots\" content=\"index, follow, max-snippet:-1, max-image-preview:large, max-video-preview:-1\" \/>\n<link rel=\"canonical\" href=\"https:\/\/dai-heidelberg.de\/de\/?post_type=dai_event&p=71901\" \/>\n<meta property=\"og:locale\" content=\"de_DE\" \/>\n<meta property=\"og:type\" content=\"article\" \/>\n<meta property=\"og:title\" content=\"Veranstaltungen - Deutsch-Amerikanisches Institut. Haus der Kultur.\" \/>\n<meta property=\"og:description\" content=\"SeoJun Lim entfaltete bereits in jungen Jahren eine au\u00dfergew\u00f6hnliche musikalische Sensibilit\u00e4t und Ausdruckskraft. Mit 17 Jahren gab er sein erstes&nbsp;&hellip;\" \/>\n<meta property=\"og:url\" content=\"https:\/\/dai-heidelberg.de\/de\/?post_type=dai_event&amp;p=71901\" \/>\n<meta property=\"og:site_name\" content=\"DAI Deutsch\" \/>\n<meta property=\"article:modified_time\" content=\"2026-01-09T12:25:15+00:00\" \/>\n<meta name=\"twitter:label1\" content=\"Gesch\u00e4tzte Lesezeit\" \/>\n\t<meta name=\"twitter:data1\" content=\"1\u00a0Minute\" \/>\n<script type=\"application\/ld+json\" class=\"yoast-schema-graph\">{\"@context\":\"https:\\\/\\\/schema.org\",\"@graph\":[{\"@type\":\"WebPage\",\"@id\":\"https:\\\/\\\/dai-heidelberg.de\\\/de\\\/?post_type=dai_event&p=71901\",\"url\":\"https:\\\/\\\/dai-heidelberg.de\\\/de\\\/?post_type=dai_event&p=71901\",\"name\":\"Veranstaltungen - Deutsch-Amerikanisches Institut. Haus der Kultur.\",\"isPartOf\":{\"@id\":\"https:\\\/\\\/dai-heidelberg.de\\\/de\\\/#website\"},\"primaryImageOfPage\":{\"@id\":\"https:\\\/\\\/dai-heidelberg.de\\\/de\\\/?post_type=dai_event&p=71901#primaryimage\"},\"image\":{\"@id\":\"https:\\\/\\\/dai-heidelberg.de\\\/de\\\/?post_type=dai_event&p=71901#primaryimage\"},\"thumbnailUrl\":\"https:\\\/\\\/dai-heidelberg.de\\\/de\\\/wp-content\\\/uploads\\\/sites\\\/2\\\/2025\\\/12\\\/260109_KW_Seojun-Lim_c_ESTRO-STUDIO.jpg\",\"datePublished\":\"2025-12-03T16:00:07+00:00\",\"dateModified\":\"2026-01-09T12:25:15+00:00\",\"breadcrumb\":{\"@id\":\"https:\\\/\\\/dai-heidelberg.de\\\/de\\\/?post_type=dai_event&p=71901#breadcrumb\"},\"inLanguage\":\"de\",\"potentialAction\":[{\"@type\":\"ReadAction\",\"target\":[\"https:\\\/\\\/dai-heidelberg.de\\\/de\\\/?post_type=dai_event&p=71901\"]}]},{\"@type\":\"ImageObject\",\"inLanguage\":\"de\",\"@id\":\"https:\\\/\\\/dai-heidelberg.de\\\/de\\\/?post_type=dai_event&p=71901#primaryimage\",\"url\":\"https:\\\/\\\/dai-heidelberg.de\\\/de\\\/wp-content\\\/uploads\\\/sites\\\/2\\\/2025\\\/12\\\/260109_KW_Seojun-Lim_c_ESTRO-STUDIO.jpg\",\"contentUrl\":\"https:\\\/\\\/dai-heidelberg.de\\\/de\\\/wp-content\\\/uploads\\\/sites\\\/2\\\/2025\\\/12\\\/260109_KW_Seojun-Lim_c_ESTRO-STUDIO.jpg\",\"width\":820,\"height\":370,\"caption\":\"Foto: ESTRO STUDIO\"},{\"@type\":\"BreadcrumbList\",\"@id\":\"https:\\\/\\\/dai-heidelberg.de\\\/de\\\/?post_type=dai_event&p=71901#breadcrumb\",\"itemListElement\":[{\"@type\":\"ListItem\",\"position\":1,\"name\":\"Startseite\",\"item\":\"https:\\\/\\\/dai-heidelberg.de\\\/de\\\/\"},{\"@type\":\"ListItem\",\"position\":2,\"name\":\"Veranstaltungen\",\"item\":\"https:\\\/\\\/dai-heidelberg.de\\\/de\\\/veranstaltungen\\\/\"},{\"@type\":\"ListItem\",\"position\":3,\"name\":\"SeoJun Lim\"}]},{\"@type\":\"WebSite\",\"@id\":\"https:\\\/\\\/dai-heidelberg.de\\\/de\\\/#website\",\"url\":\"https:\\\/\\\/dai-heidelberg.de\\\/de\\\/\",\"name\":\"DAI Deutsch\",\"description\":\"Deutsch-Amerikanisches Institut. Haus der Kultur.\",\"potentialAction\":[{\"@type\":\"SearchAction\",\"target\":{\"@type\":\"EntryPoint\",\"urlTemplate\":\"https:\\\/\\\/dai-heidelberg.de\\\/de\\\/?s={search_term_string}\"},\"query-input\":{\"@type\":\"PropertyValueSpecification\",\"valueRequired\":true,\"valueName\":\"search_term_string\"}}],\"inLanguage\":\"de\"}]}<\/script>\n<!-- \/ Yoast SEO plugin. -->","yoast_head_json":{"title":"Veranstaltungen - Deutsch-Amerikanisches Institut. Haus der Kultur.","robots":{"index":"index","follow":"follow","max-snippet":"max-snippet:-1","max-image-preview":"max-image-preview:large","max-video-preview":"max-video-preview:-1"},"canonical":"https:\/\/dai-heidelberg.de\/de\/?post_type=dai_event&p=71901","og_locale":"de_DE","og_type":"article","og_title":"Veranstaltungen - Deutsch-Amerikanisches Institut. Haus der Kultur.","og_description":"SeoJun Lim entfaltete bereits in jungen Jahren eine au\u00dfergew\u00f6hnliche musikalische Sensibilit\u00e4t und Ausdruckskraft. Mit 17 Jahren gab er sein erstes&nbsp;&hellip;","og_url":"https:\/\/dai-heidelberg.de\/de\/?post_type=dai_event&p=71901","og_site_name":"DAI Deutsch","article_modified_time":"2026-01-09T12:25:15+00:00","twitter_misc":{"Gesch\u00e4tzte Lesezeit":"1\u00a0Minute"},"schema":{"@context":"https:\/\/schema.org","@graph":[{"@type":"WebPage","@id":"https:\/\/dai-heidelberg.de\/de\/?post_type=dai_event&p=71901","url":"https:\/\/dai-heidelberg.de\/de\/?post_type=dai_event&p=71901","name":"Veranstaltungen - Deutsch-Amerikanisches Institut. Haus der Kultur.","isPartOf":{"@id":"https:\/\/dai-heidelberg.de\/de\/#website"},"primaryImageOfPage":{"@id":"https:\/\/dai-heidelberg.de\/de\/?post_type=dai_event&p=71901#primaryimage"},"image":{"@id":"https:\/\/dai-heidelberg.de\/de\/?post_type=dai_event&p=71901#primaryimage"},"thumbnailUrl":"https:\/\/dai-heidelberg.de\/de\/wp-content\/uploads\/sites\/2\/2025\/12\/260109_KW_Seojun-Lim_c_ESTRO-STUDIO.jpg","datePublished":"2025-12-03T16:00:07+00:00","dateModified":"2026-01-09T12:25:15+00:00","breadcrumb":{"@id":"https:\/\/dai-heidelberg.de\/de\/?post_type=dai_event&p=71901#breadcrumb"},"inLanguage":"de","potentialAction":[{"@type":"ReadAction","target":["https:\/\/dai-heidelberg.de\/de\/?post_type=dai_event&p=71901"]}]},{"@type":"ImageObject","inLanguage":"de","@id":"https:\/\/dai-heidelberg.de\/de\/?post_type=dai_event&p=71901#primaryimage","url":"https:\/\/dai-heidelberg.de\/de\/wp-content\/uploads\/sites\/2\/2025\/12\/260109_KW_Seojun-Lim_c_ESTRO-STUDIO.jpg","contentUrl":"https:\/\/dai-heidelberg.de\/de\/wp-content\/uploads\/sites\/2\/2025\/12\/260109_KW_Seojun-Lim_c_ESTRO-STUDIO.jpg","width":820,"height":370,"caption":"Foto: ESTRO STUDIO"},{"@type":"BreadcrumbList","@id":"https:\/\/dai-heidelberg.de\/de\/?post_type=dai_event&p=71901#breadcrumb","itemListElement":[{"@type":"ListItem","position":1,"name":"Startseite","item":"https:\/\/dai-heidelberg.de\/de\/"},{"@type":"ListItem","position":2,"name":"Veranstaltungen","item":"https:\/\/dai-heidelberg.de\/de\/veranstaltungen\/"},{"@type":"ListItem","position":3,"name":"SeoJun Lim"}]},{"@type":"WebSite","@id":"https:\/\/dai-heidelberg.de\/de\/#website","url":"https:\/\/dai-heidelberg.de\/de\/","name":"DAI Deutsch","description":"Deutsch-Amerikanisches Institut. Haus der Kultur.","potentialAction":[{"@type":"SearchAction","target":{"@type":"EntryPoint","urlTemplate":"https:\/\/dai-heidelberg.de\/de\/?s={search_term_string}"},"query-input":{"@type":"PropertyValueSpecification","valueRequired":true,"valueName":"search_term_string"}}],"inLanguage":"de"}]}},"_links":{"self":[{"href":"https:\/\/dai-heidelberg.de\/de\/wp-json\/wp\/v2\/dai_event\/71901","targetHints":{"allow":["GET"]}}],"collection":[{"href":"https:\/\/dai-heidelberg.de\/de\/wp-json\/wp\/v2\/dai_event"}],"about":[{"href":"https:\/\/dai-heidelberg.de\/de\/wp-json\/wp\/v2\/types\/dai_event"}],"version-history":[{"count":1,"href":"https:\/\/dai-heidelberg.de\/de\/wp-json\/wp\/v2\/dai_event\/71901\/revisions"}],"predecessor-version":[{"id":71903,"href":"https:\/\/dai-heidelberg.de\/de\/wp-json\/wp\/v2\/dai_event\/71901\/revisions\/71903"}],"wp:featuredmedia":[{"embeddable":true,"href":"https:\/\/dai-heidelberg.de\/de\/wp-json\/wp\/v2\/media\/71902"}],"wp:attachment":[{"href":"https:\/\/dai-heidelberg.de\/de\/wp-json\/wp\/v2\/media?parent=71901"}],"wp:term":[{"taxonomy":"post_tag","embeddable":true,"href":"https:\/\/dai-heidelberg.de\/de\/wp-json\/wp\/v2\/tags?post=71901"},{"taxonomy":"dai_event_category","embeddable":true,"href":"https:\/\/dai-heidelberg.de\/de\/wp-json\/wp\/v2\/dai_event_category?post=71901"},{"taxonomy":"dai_event_type","embeddable":true,"href":"https:\/\/dai-heidelberg.de\/de\/wp-json\/wp\/v2\/dai_event_type?post=71901"},{"taxonomy":"dai_event_location","embeddable":true,"href":"https:\/\/dai-heidelberg.de\/de\/wp-json\/wp\/v2\/dai_event_location?post=71901"}],"curies":[{"name":"wp","href":"https:\/\/api.w.org\/{rel}","templated":true}]}}