{"id":71031,"date":"2025-09-16T16:30:13","date_gmt":"2025-09-16T14:30:13","guid":{"rendered":"https:\/\/dai-heidelberg.de\/de\/?post_type=dai_event&#038;p=71031"},"modified":"2025-09-16T16:30:13","modified_gmt":"2025-09-16T14:30:13","slug":"think-drink-11","status":"publish","type":"dai_event","link":"https:\/\/dai-heidelberg.de\/de\/veranstaltungen\/think-drink-11-71031\/","title":{"rendered":"Think &amp; Drink"},"content":{"rendered":"<p class=\"elementtoproof\" style=\"margin: 12.0pt 0cm 12.0pt 0cm\"><span style=\"color: black\">In einer Welt zerfallender Ordnungen und schmelzender Polkappen, in der Jahrzehnte des Friedens in neuen Kriegen aufgehen und Maschinen immer \u00f6fter Menschen ersetzen, wird das Erleben von Verlust zu einer Grundstimmung. Hiervon profitieren unter anderem Populisten, die der Soziologe Andreas Reckwitz die &#8222;Verwalter des Verlusts&#8220; nennt. F\u00fcr Reckwitz stellen sich die Krisenph\u00e4nomene der westlichen Gesellschaften im Rahmen einer modernen Verlustdynamik seit dem 18. Jahrhundert dar, welche die Kehrseite des westlichen Fortschrittsglaubens bilde. Eine der existenziellen Fragen des 21. Jahrhunderts lautet daher: K\u00f6nnen Gesellschaften modern bleiben und sich zugleich produktiv mit Verlusten auseinandersetzen?\u00a0<\/span><\/p>\n<hr \/>\n<p>In dieser Reihe sollen in lockerer Atmosph\u00e4re Themen beleuchtet werden, die unsere Gesellschaft gerade in besonderem Ma\u00dfe besch\u00e4ftigen. Wir diskutieren ausgehend von einem aktuellen Text und suchen dabei auch in der Philosophie nach Anregungen und vielleicht sogar Antworten.<\/p>\n<p><strong>Dr. Max von Sponeck<\/strong> ist Lehrbeauftragter des Philosophischen Seminars an der Universit\u00e4t und an der P\u00e4dagogischen Hochschule Heidelberg. Sein wissenschaft\u00adliches Spezialgebiet liegt in der zeitgen\u00f6ssischen Philosophie des Geistes.<\/p>\n<p><strong>Sprache:<\/strong> Deutsch<br \/>\n<strong>Dauer:<\/strong> ca. 2 Stunden<br \/>\n<strong>Anmeldung:<\/strong> <a href=\"&#x6d;&#97;&#105;l&#x74;&#x6f;&#58;l&#x69;&#x62;&#114;a&#x72;&#x79;&#64;d&#x61;&#x69;&#45;h&#x65;&#x69;&#100;e&#x6c;&#x62;&#101;&#114;g&#x2e;&#x64;&#101;\">&#x6c;&#105;&#x62;&#x72;&#97;&#x72;&#x79;&#64;&#x64;&#x61;&#105;&#x2d;&#x68;e&#x69;&#x64;e&#x6c;&#98;e&#x72;&#103;&#46;&#x64;&#101;<\/a><\/p>\n<p>&nbsp;<\/p>\n","protected":false},"excerpt":{"rendered":"<p>In einer Welt zerfallender Ordnungen und schmelzender Polkappen, in der Jahrzehnte des Friedens in neuen Kriegen aufgehen und Maschinen immer&nbsp;&hellip;<\/p>\n","protected":false},"featured_media":56999,"template":"","meta":{"footnotes":""},"tags":[],"dai_event_category":[7],"dai_event_type":[19],"dai_event_location":[],"class_list":["post-71031","dai_event","type-dai_event","status-publish","has-post-thumbnail","hentry","dai_event_category-bibliothek","dai_event_type-social-activities"],"better_featured_image":{"id":56999,"alt_text":"","caption":"Foto: Jeff Siepman on unsplash.com","description":"","media_type":"image","media_details":{"width":820,"height":370,"file":"2023\/07\/231130_ThinkDrink_c_Jeff-Siepman_unsplash.jpg","filesize":78567,"sizes":{"medium":{"file":"231130_ThinkDrink_c_Jeff-Siepman_unsplash-300x135.jpg","width":300,"height":135,"mime-type":"image\/jpeg","filesize":9128,"source_url":"https:\/\/dai-heidelberg.de\/de\/wp-content\/uploads\/sites\/2\/2023\/07\/231130_ThinkDrink_c_Jeff-Siepman_unsplash-300x135.jpg"},"thumbnail":{"file":"231130_ThinkDrink_c_Jeff-Siepman_unsplash-150x150.jpg","width":150,"height":150,"mime-type":"image\/jpeg","filesize":5602,"source_url":"https:\/\/dai-heidelberg.de\/de\/wp-content\/uploads\/sites\/2\/2023\/07\/231130_ThinkDrink_c_Jeff-Siepman_unsplash-150x150.jpg"},"medium_large":{"file":"231130_ThinkDrink_c_Jeff-Siepman_unsplash-768x347.jpg","width":768,"height":347,"mime-type":"image\/jpeg","filesize":34520,"source_url":"https:\/\/dai-heidelberg.de\/de\/wp-content\/uploads\/sites\/2\/2023\/07\/231130_ThinkDrink_c_Jeff-Siepman_unsplash-768x347.jpg"},"dai-list":{"file":"231130_ThinkDrink_c_Jeff-Siepman_unsplash-140x140.jpg","width":140,"height":140,"mime-type":"image\/jpeg","filesize":5169,"source_url":"https:\/\/dai-heidelberg.de\/de\/wp-content\/uploads\/sites\/2\/2023\/07\/231130_ThinkDrink_c_Jeff-Siepman_unsplash-140x140.jpg"},"dai-selector":{"file":"231130_ThinkDrink_c_Jeff-Siepman_unsplash-240x170.jpg","width":240,"height":170,"mime-type":"image\/jpeg","filesize":8911,"source_url":"https:\/\/dai-heidelberg.de\/de\/wp-content\/uploads\/sites\/2\/2023\/07\/231130_ThinkDrink_c_Jeff-Siepman_unsplash-240x170.jpg"},"dai-hof":{"file":"231130_ThinkDrink_c_Jeff-Siepman_unsplash-240x192.jpg","width":240,"height":192,"mime-type":"image\/jpeg","filesize":9324,"source_url":"https:\/\/dai-heidelberg.de\/de\/wp-content\/uploads\/sites\/2\/2023\/07\/231130_ThinkDrink_c_Jeff-Siepman_unsplash-240x192.jpg"}},"image_meta":{"aperture":"0","credit":"","camera":"","caption":"","created_timestamp":"0","copyright":"","focal_length":"0","iso":"0","shutter_speed":"0","title":"","orientation":"0","keywords":[]}},"post":56998,"source_url":"https:\/\/dai-heidelberg.de\/de\/wp-content\/uploads\/sites\/2\/2023\/07\/231130_ThinkDrink_c_Jeff-Siepman_unsplash.jpg"},"post-meta-fields":{"_thumbnail_id":["56999"],"dai_event_datetime":["2025-09-30 18:30"],"dai_event_featured":["0"],"dai_event_artist":["Verlust"],"dai_event_subtext":["Max von Sponeck"],"dai_event_ticket_freeadmission":["1"],"dai_autotranslate_should_translate":["1"],"_dp_original":["68567"],"_edit_lock":["1758032893:20"],"_edit_last":["20"]},"yoast_head":"<!-- This site is optimized with the Yoast SEO plugin v28.3 - https:\/\/yoast.com\/product\/yoast-seo-wordpress\/ -->\n<title>Veranstaltungen - Deutsch-Amerikanisches Institut. Haus der Kultur.<\/title>\n<meta name=\"robots\" content=\"index, follow, max-snippet:-1, max-image-preview:large, max-video-preview:-1\" \/>\n<link rel=\"canonical\" href=\"https:\/\/dai-heidelberg.de\/de\/?post_type=dai_event&p=71031\" \/>\n<meta property=\"og:locale\" content=\"de_DE\" \/>\n<meta property=\"og:type\" content=\"article\" \/>\n<meta property=\"og:title\" content=\"Veranstaltungen - Deutsch-Amerikanisches Institut. Haus der Kultur.\" \/>\n<meta property=\"og:description\" content=\"In einer Welt zerfallender Ordnungen und schmelzender Polkappen, in der Jahrzehnte des Friedens in neuen Kriegen aufgehen und Maschinen immer&nbsp;&hellip;\" \/>\n<meta property=\"og:url\" content=\"https:\/\/dai-heidelberg.de\/de\/?post_type=dai_event&amp;p=71031\" \/>\n<meta property=\"og:site_name\" content=\"DAI Deutsch\" \/>\n<meta property=\"og:image\" content=\"https:\/\/dai-heidelberg.de\/de\/wp-content\/uploads\/sites\/2\/2023\/07\/231130_ThinkDrink_c_Jeff-Siepman_unsplash.jpg\" \/>\n\t<meta property=\"og:image:width\" content=\"820\" \/>\n\t<meta property=\"og:image:height\" content=\"370\" \/>\n\t<meta property=\"og:image:type\" content=\"image\/jpeg\" \/>\n<meta name=\"twitter:label1\" content=\"Gesch\u00e4tzte Lesezeit\" \/>\n\t<meta name=\"twitter:data1\" content=\"1\u00a0Minute\" \/>\n<script type=\"application\/ld+json\" class=\"yoast-schema-graph\">{\"@context\":\"https:\\\/\\\/schema.org\",\"@graph\":[{\"@type\":\"WebPage\",\"@id\":\"https:\\\/\\\/dai-heidelberg.de\\\/de\\\/?post_type=dai_event&p=71031\",\"url\":\"https:\\\/\\\/dai-heidelberg.de\\\/de\\\/?post_type=dai_event&p=71031\",\"name\":\"Veranstaltungen - Deutsch-Amerikanisches Institut. Haus der Kultur.\",\"isPartOf\":{\"@id\":\"https:\\\/\\\/dai-heidelberg.de\\\/de\\\/#website\"},\"primaryImageOfPage\":{\"@id\":\"https:\\\/\\\/dai-heidelberg.de\\\/de\\\/?post_type=dai_event&p=71031#primaryimage\"},\"image\":{\"@id\":\"https:\\\/\\\/dai-heidelberg.de\\\/de\\\/?post_type=dai_event&p=71031#primaryimage\"},\"thumbnailUrl\":\"https:\\\/\\\/dai-heidelberg.de\\\/de\\\/wp-content\\\/uploads\\\/sites\\\/2\\\/2023\\\/07\\\/231130_ThinkDrink_c_Jeff-Siepman_unsplash.jpg\",\"datePublished\":\"2025-09-16T14:30:13+00:00\",\"breadcrumb\":{\"@id\":\"https:\\\/\\\/dai-heidelberg.de\\\/de\\\/?post_type=dai_event&p=71031#breadcrumb\"},\"inLanguage\":\"de\",\"potentialAction\":[{\"@type\":\"ReadAction\",\"target\":[\"https:\\\/\\\/dai-heidelberg.de\\\/de\\\/?post_type=dai_event&p=71031\"]}]},{\"@type\":\"ImageObject\",\"inLanguage\":\"de\",\"@id\":\"https:\\\/\\\/dai-heidelberg.de\\\/de\\\/?post_type=dai_event&p=71031#primaryimage\",\"url\":\"https:\\\/\\\/dai-heidelberg.de\\\/de\\\/wp-content\\\/uploads\\\/sites\\\/2\\\/2023\\\/07\\\/231130_ThinkDrink_c_Jeff-Siepman_unsplash.jpg\",\"contentUrl\":\"https:\\\/\\\/dai-heidelberg.de\\\/de\\\/wp-content\\\/uploads\\\/sites\\\/2\\\/2023\\\/07\\\/231130_ThinkDrink_c_Jeff-Siepman_unsplash.jpg\",\"width\":820,\"height\":370,\"caption\":\"Foto: Jeff Siepman on unsplash.com\"},{\"@type\":\"BreadcrumbList\",\"@id\":\"https:\\\/\\\/dai-heidelberg.de\\\/de\\\/?post_type=dai_event&p=71031#breadcrumb\",\"itemListElement\":[{\"@type\":\"ListItem\",\"position\":1,\"name\":\"Startseite\",\"item\":\"https:\\\/\\\/dai-heidelberg.de\\\/de\\\/\"},{\"@type\":\"ListItem\",\"position\":2,\"name\":\"Veranstaltungen\",\"item\":\"https:\\\/\\\/dai-heidelberg.de\\\/de\\\/veranstaltungen\\\/\"},{\"@type\":\"ListItem\",\"position\":3,\"name\":\"Think &amp; Drink\"}]},{\"@type\":\"WebSite\",\"@id\":\"https:\\\/\\\/dai-heidelberg.de\\\/de\\\/#website\",\"url\":\"https:\\\/\\\/dai-heidelberg.de\\\/de\\\/\",\"name\":\"DAI Deutsch\",\"description\":\"Deutsch-Amerikanisches Institut. Haus der Kultur.\",\"potentialAction\":[{\"@type\":\"SearchAction\",\"target\":{\"@type\":\"EntryPoint\",\"urlTemplate\":\"https:\\\/\\\/dai-heidelberg.de\\\/de\\\/?s={search_term_string}\"},\"query-input\":{\"@type\":\"PropertyValueSpecification\",\"valueRequired\":true,\"valueName\":\"search_term_string\"}}],\"inLanguage\":\"de\"}]}<\/script>\n<!-- \/ Yoast SEO plugin. -->","yoast_head_json":{"title":"Veranstaltungen - Deutsch-Amerikanisches Institut. Haus der Kultur.","robots":{"index":"index","follow":"follow","max-snippet":"max-snippet:-1","max-image-preview":"max-image-preview:large","max-video-preview":"max-video-preview:-1"},"canonical":"https:\/\/dai-heidelberg.de\/de\/?post_type=dai_event&p=71031","og_locale":"de_DE","og_type":"article","og_title":"Veranstaltungen - Deutsch-Amerikanisches Institut. Haus der Kultur.","og_description":"In einer Welt zerfallender Ordnungen und schmelzender Polkappen, in der Jahrzehnte des Friedens in neuen Kriegen aufgehen und Maschinen immer&nbsp;&hellip;","og_url":"https:\/\/dai-heidelberg.de\/de\/?post_type=dai_event&p=71031","og_site_name":"DAI Deutsch","og_image":[{"width":820,"height":370,"url":"https:\/\/dai-heidelberg.de\/de\/wp-content\/uploads\/sites\/2\/2023\/07\/231130_ThinkDrink_c_Jeff-Siepman_unsplash.jpg","type":"image\/jpeg"}],"twitter_misc":{"Gesch\u00e4tzte Lesezeit":"1\u00a0Minute"},"schema":{"@context":"https:\/\/schema.org","@graph":[{"@type":"WebPage","@id":"https:\/\/dai-heidelberg.de\/de\/?post_type=dai_event&p=71031","url":"https:\/\/dai-heidelberg.de\/de\/?post_type=dai_event&p=71031","name":"Veranstaltungen - Deutsch-Amerikanisches Institut. Haus der Kultur.","isPartOf":{"@id":"https:\/\/dai-heidelberg.de\/de\/#website"},"primaryImageOfPage":{"@id":"https:\/\/dai-heidelberg.de\/de\/?post_type=dai_event&p=71031#primaryimage"},"image":{"@id":"https:\/\/dai-heidelberg.de\/de\/?post_type=dai_event&p=71031#primaryimage"},"thumbnailUrl":"https:\/\/dai-heidelberg.de\/de\/wp-content\/uploads\/sites\/2\/2023\/07\/231130_ThinkDrink_c_Jeff-Siepman_unsplash.jpg","datePublished":"2025-09-16T14:30:13+00:00","breadcrumb":{"@id":"https:\/\/dai-heidelberg.de\/de\/?post_type=dai_event&p=71031#breadcrumb"},"inLanguage":"de","potentialAction":[{"@type":"ReadAction","target":["https:\/\/dai-heidelberg.de\/de\/?post_type=dai_event&p=71031"]}]},{"@type":"ImageObject","inLanguage":"de","@id":"https:\/\/dai-heidelberg.de\/de\/?post_type=dai_event&p=71031#primaryimage","url":"https:\/\/dai-heidelberg.de\/de\/wp-content\/uploads\/sites\/2\/2023\/07\/231130_ThinkDrink_c_Jeff-Siepman_unsplash.jpg","contentUrl":"https:\/\/dai-heidelberg.de\/de\/wp-content\/uploads\/sites\/2\/2023\/07\/231130_ThinkDrink_c_Jeff-Siepman_unsplash.jpg","width":820,"height":370,"caption":"Foto: Jeff Siepman on unsplash.com"},{"@type":"BreadcrumbList","@id":"https:\/\/dai-heidelberg.de\/de\/?post_type=dai_event&p=71031#breadcrumb","itemListElement":[{"@type":"ListItem","position":1,"name":"Startseite","item":"https:\/\/dai-heidelberg.de\/de\/"},{"@type":"ListItem","position":2,"name":"Veranstaltungen","item":"https:\/\/dai-heidelberg.de\/de\/veranstaltungen\/"},{"@type":"ListItem","position":3,"name":"Think &amp; Drink"}]},{"@type":"WebSite","@id":"https:\/\/dai-heidelberg.de\/de\/#website","url":"https:\/\/dai-heidelberg.de\/de\/","name":"DAI Deutsch","description":"Deutsch-Amerikanisches Institut. Haus der Kultur.","potentialAction":[{"@type":"SearchAction","target":{"@type":"EntryPoint","urlTemplate":"https:\/\/dai-heidelberg.de\/de\/?s={search_term_string}"},"query-input":{"@type":"PropertyValueSpecification","valueRequired":true,"valueName":"search_term_string"}}],"inLanguage":"de"}]}},"_links":{"self":[{"href":"https:\/\/dai-heidelberg.de\/de\/wp-json\/wp\/v2\/dai_event\/71031","targetHints":{"allow":["GET"]}}],"collection":[{"href":"https:\/\/dai-heidelberg.de\/de\/wp-json\/wp\/v2\/dai_event"}],"about":[{"href":"https:\/\/dai-heidelberg.de\/de\/wp-json\/wp\/v2\/types\/dai_event"}],"version-history":[{"count":2,"href":"https:\/\/dai-heidelberg.de\/de\/wp-json\/wp\/v2\/dai_event\/71031\/revisions"}],"predecessor-version":[{"id":71038,"href":"https:\/\/dai-heidelberg.de\/de\/wp-json\/wp\/v2\/dai_event\/71031\/revisions\/71038"}],"wp:featuredmedia":[{"embeddable":true,"href":"https:\/\/dai-heidelberg.de\/de\/wp-json\/wp\/v2\/media\/56999"}],"wp:attachment":[{"href":"https:\/\/dai-heidelberg.de\/de\/wp-json\/wp\/v2\/media?parent=71031"}],"wp:term":[{"taxonomy":"post_tag","embeddable":true,"href":"https:\/\/dai-heidelberg.de\/de\/wp-json\/wp\/v2\/tags?post=71031"},{"taxonomy":"dai_event_category","embeddable":true,"href":"https:\/\/dai-heidelberg.de\/de\/wp-json\/wp\/v2\/dai_event_category?post=71031"},{"taxonomy":"dai_event_type","embeddable":true,"href":"https:\/\/dai-heidelberg.de\/de\/wp-json\/wp\/v2\/dai_event_type?post=71031"},{"taxonomy":"dai_event_location","embeddable":true,"href":"https:\/\/dai-heidelberg.de\/de\/wp-json\/wp\/v2\/dai_event_location?post=71031"}],"curies":[{"name":"wp","href":"https:\/\/api.w.org\/{rel}","templated":true}]}}