{"id":69067,"date":"2025-05-14T18:43:00","date_gmt":"2025-05-14T16:43:00","guid":{"rendered":"https:\/\/dai-heidelberg.de\/de\/?post_type=dai_event&#038;p=69067"},"modified":"2025-10-28T17:12:35","modified_gmt":"2025-10-28T16:12:35","slug":"christof-hamann-urs-heftrich-halyna-petrosaniak-stefaniya-ptashnik","status":"publish","type":"dai_event","link":"https:\/\/dai-heidelberg.de\/de\/veranstaltungen\/christof-hamann-urs-heftrich-halyna-petrosaniak-stefaniya-ptashnik-69067\/","title":{"rendered":"Christof Hamann, Urs Heftrich, Halyna Petrosaniak &amp; Stefaniya Ptashnyk"},"content":{"rendered":"<p>Weil die Wunden V\u00f6gel werden\u201c \u2013 mit diesem Vers ist die 295. Ausgabe der Zeitschrift <em>die horen<\/em> vom Herbst 2024 \u00fcberschrieben, die sich aktueller Literatur aus der Ukraine widmet. Die Gedichtzeile stammt von Maksym Krywtsow, der nur 34 Jahre alt wurde \u2013 zu Beginn des vergangenen Jahres ist er in der Verteidigung der Ukraine gegen den russischen Angriffskrieg gefallen. Alle 20 Autorinnen und Autoren sprechen in ihren Gedichten, Prosatexten und Essays auf je eigene Weise vom Krieg: mal anklagend, mal verzweifelt, mal n\u00fcchtern beschreibend oder mit trockenem Humor, mal voller k\u00e4mpferischer Zuversicht.<\/p>\n<p>Im Gespr\u00e4ch mit Christof Hamann, dem Herausgeber der Zeitschrift, stellen Stefaniya Ptashnyk, Mitarbeiterin der Heidelberger Akademie der Wissenschaften, Urs Heftrich, Professor f\u00fcr slavische Literaturwissenschaft an der Universit\u00e4t Heidelberg, sowie die in der Schweiz lebende ukrainische Schriftstellerin Halyna Petrosaniak diese <em>horen<\/em>-Ausgabe vor. Da alle drei auch \u00fcbersetzen, wird es au\u00dferdem um die Freuden und M\u00fchen derjenigen gehen, die sich mit dem \u201a\u00dcber-setzen\u2018 von einer Sprache in eine andere befassen und so den Austausch mit anderen Lebenswelten \u00fcberhaupt erst m\u00f6glich machen.<\/p>\n<p><strong>Freier Eintritt f\u00fcr ukrainische Gefl\u00fcchtete \u2013 Anmeldung erforderlich:\u00a0<\/strong><br \/>\n<strong>Anmeldung:<\/strong> Jutta Wagner, <a href=\"&#109;&#x61;&#105;&#x6c;t&#x6f;:&#106;&#x75;&#116;&#x74;&#97;&#x2e;w&#x61;g&#110;&#x65;&#114;&#x40;d&#x61;i&#x2d;&#x68;&#101;&#x69;&#100;&#x65;l&#x62;e&#114;&#x67;&#46;&#x64;&#101;\">&#x6a;&#x75;&#116;&#116;&#97;&#46;&#x77;&#x61;&#x67;&#110;&#101;r&#64;&#x64;&#x61;&#x69;&#45;&#104;e&#x69;&#x64;&#x65;&#108;&#98;&#101;r&#x67;&#x2e;&#x64;&#101;<\/a><\/p>\n","protected":false},"excerpt":{"rendered":"<p>Weil die Wunden V\u00f6gel werden\u201c \u2013 mit diesem Vers ist die 295. Ausgabe der Zeitschrift die horen vom Herbst 2024&nbsp;&hellip;<\/p>\n","protected":false},"featured_media":71315,"template":"","meta":{"footnotes":""},"tags":[],"dai_event_category":[6],"dai_event_type":[229,17],"dai_event_location":[],"class_list":["post-69067","dai_event","type-dai_event","status-publish","has-post-thumbnail","hentry","dai_event_category-kulturveranstaltungen","dai_event_type-literarisches-zentrum-heidelberg","dai_event_type-literatur"],"better_featured_image":{"id":71315,"alt_text":"","caption":"Foto: Sarina Chamatova","description":"","media_type":"image","media_details":{"width":820,"height":370,"file":"2025\/05\/250625_Hamann_Heftrich_Petrosaniak_Ptashnik_sc_01.jpg","filesize":187334,"sizes":{"medium":{"file":"250625_Hamann_Heftrich_Petrosaniak_Ptashnik_sc_01-300x135.jpg","width":300,"height":135,"mime-type":"image\/jpeg","filesize":18932,"source_url":"https:\/\/dai-heidelberg.de\/de\/wp-content\/uploads\/sites\/2\/2025\/05\/250625_Hamann_Heftrich_Petrosaniak_Ptashnik_sc_01-300x135.jpg"},"thumbnail":{"file":"250625_Hamann_Heftrich_Petrosaniak_Ptashnik_sc_01-150x150.jpg","width":150,"height":150,"mime-type":"image\/jpeg","filesize":11027,"source_url":"https:\/\/dai-heidelberg.de\/de\/wp-content\/uploads\/sites\/2\/2025\/05\/250625_Hamann_Heftrich_Petrosaniak_Ptashnik_sc_01-150x150.jpg"},"medium_large":{"file":"250625_Hamann_Heftrich_Petrosaniak_Ptashnik_sc_01-768x347.jpg","width":768,"height":347,"mime-type":"image\/jpeg","filesize":93669,"source_url":"https:\/\/dai-heidelberg.de\/de\/wp-content\/uploads\/sites\/2\/2025\/05\/250625_Hamann_Heftrich_Petrosaniak_Ptashnik_sc_01-768x347.jpg"},"dai-list":{"file":"250625_Hamann_Heftrich_Petrosaniak_Ptashnik_sc_01-140x140.jpg","width":140,"height":140,"mime-type":"image\/jpeg","filesize":9911,"source_url":"https:\/\/dai-heidelberg.de\/de\/wp-content\/uploads\/sites\/2\/2025\/05\/250625_Hamann_Heftrich_Petrosaniak_Ptashnik_sc_01-140x140.jpg"},"dai-selector":{"file":"250625_Hamann_Heftrich_Petrosaniak_Ptashnik_sc_01-240x170.jpg","width":240,"height":170,"mime-type":"image\/jpeg","filesize":19265,"source_url":"https:\/\/dai-heidelberg.de\/de\/wp-content\/uploads\/sites\/2\/2025\/05\/250625_Hamann_Heftrich_Petrosaniak_Ptashnik_sc_01-240x170.jpg"},"dai-hof":{"file":"250625_Hamann_Heftrich_Petrosaniak_Ptashnik_sc_01-240x192.jpg","width":240,"height":192,"mime-type":"image\/jpeg","filesize":20257,"source_url":"https:\/\/dai-heidelberg.de\/de\/wp-content\/uploads\/sites\/2\/2025\/05\/250625_Hamann_Heftrich_Petrosaniak_Ptashnik_sc_01-240x192.jpg"}},"image_meta":{"aperture":"0","credit":"","camera":"","caption":"","created_timestamp":"0","copyright":"","focal_length":"0","iso":"0","shutter_speed":"0","title":"","orientation":"0","keywords":[]}},"post":69067,"source_url":"https:\/\/dai-heidelberg.de\/de\/wp-content\/uploads\/sites\/2\/2025\/05\/250625_Hamann_Heftrich_Petrosaniak_Ptashnik_sc_01.jpg"},"post-meta-fields":{"_edit_lock":["1761668025:10"],"_edit_last":["10"],"dai_event_datetime":["2025-06-25 20:00"],"dai_event_featured":["0"],"dai_event_artist":["Weil die Wunden V\u00f6gel werden"],"dai_event_subtext":["Ukrainische Dichtung in der Zeitschrift die horen"],"dai_event_ticket_freeadmission":["0"],"dai_autotranslate_should_translate":["1"],"_wp_old_slug":["hristof-hamann-urs-heftrich-halyna-petrosaniak-stefaniya-ptashnik"],"dai_event_ticket_link":["https:\/\/shop.reservix.de\/?id=36ae96de8dddc4df70dce3f39db2b886ff117b9261533f02fa35ea4a3191d65e3a64633f4652f2d1ba3a365eff82ca70&vID=2736&eventGrpID=505753"],"dai_event_ticket_price_presale_standard":["11,90"],"dai_event_ticket_price_presale_reduced":["9,90"],"dai_event_ticket_price_presale_member":["6,90"],"_thumbnail_id":["71315"]},"yoast_head":"<!-- This site is optimized with the Yoast SEO plugin v28.3 - https:\/\/yoast.com\/product\/yoast-seo-wordpress\/ -->\n<title>Veranstaltungen - Deutsch-Amerikanisches Institut. Haus der Kultur.<\/title>\n<meta name=\"robots\" content=\"index, follow, max-snippet:-1, max-image-preview:large, max-video-preview:-1\" \/>\n<link rel=\"canonical\" href=\"https:\/\/dai-heidelberg.de\/de\/?post_type=dai_event&p=69067\" \/>\n<meta property=\"og:locale\" content=\"de_DE\" \/>\n<meta property=\"og:type\" content=\"article\" \/>\n<meta property=\"og:title\" content=\"Veranstaltungen - Deutsch-Amerikanisches Institut. Haus der Kultur.\" \/>\n<meta property=\"og:description\" content=\"Weil die Wunden V\u00f6gel werden\u201c \u2013 mit diesem Vers ist die 295. Ausgabe der Zeitschrift die horen vom Herbst 2024&nbsp;&hellip;\" \/>\n<meta property=\"og:url\" content=\"https:\/\/dai-heidelberg.de\/de\/?post_type=dai_event&amp;p=69067\" \/>\n<meta property=\"og:site_name\" content=\"DAI Deutsch\" \/>\n<meta property=\"article:modified_time\" content=\"2025-10-28T16:12:35+00:00\" \/>\n<meta name=\"twitter:label1\" content=\"Gesch\u00e4tzte Lesezeit\" \/>\n\t<meta name=\"twitter:data1\" content=\"1\u00a0Minute\" \/>\n<script type=\"application\/ld+json\" class=\"yoast-schema-graph\">{\"@context\":\"https:\\\/\\\/schema.org\",\"@graph\":[{\"@type\":\"WebPage\",\"@id\":\"https:\\\/\\\/dai-heidelberg.de\\\/de\\\/?post_type=dai_event&p=69067\",\"url\":\"https:\\\/\\\/dai-heidelberg.de\\\/de\\\/?post_type=dai_event&p=69067\",\"name\":\"Veranstaltungen - Deutsch-Amerikanisches Institut. Haus der Kultur.\",\"isPartOf\":{\"@id\":\"https:\\\/\\\/dai-heidelberg.de\\\/de\\\/#website\"},\"primaryImageOfPage\":{\"@id\":\"https:\\\/\\\/dai-heidelberg.de\\\/de\\\/?post_type=dai_event&p=69067#primaryimage\"},\"image\":{\"@id\":\"https:\\\/\\\/dai-heidelberg.de\\\/de\\\/?post_type=dai_event&p=69067#primaryimage\"},\"thumbnailUrl\":\"https:\\\/\\\/dai-heidelberg.de\\\/de\\\/wp-content\\\/uploads\\\/sites\\\/2\\\/2025\\\/05\\\/250625_Hamann_Heftrich_Petrosaniak_Ptashnik_sc_01.jpg\",\"datePublished\":\"2025-05-14T16:43:00+00:00\",\"dateModified\":\"2025-10-28T16:12:35+00:00\",\"breadcrumb\":{\"@id\":\"https:\\\/\\\/dai-heidelberg.de\\\/de\\\/?post_type=dai_event&p=69067#breadcrumb\"},\"inLanguage\":\"de\",\"potentialAction\":[{\"@type\":\"ReadAction\",\"target\":[\"https:\\\/\\\/dai-heidelberg.de\\\/de\\\/?post_type=dai_event&p=69067\"]}]},{\"@type\":\"ImageObject\",\"inLanguage\":\"de\",\"@id\":\"https:\\\/\\\/dai-heidelberg.de\\\/de\\\/?post_type=dai_event&p=69067#primaryimage\",\"url\":\"https:\\\/\\\/dai-heidelberg.de\\\/de\\\/wp-content\\\/uploads\\\/sites\\\/2\\\/2025\\\/05\\\/250625_Hamann_Heftrich_Petrosaniak_Ptashnik_sc_01.jpg\",\"contentUrl\":\"https:\\\/\\\/dai-heidelberg.de\\\/de\\\/wp-content\\\/uploads\\\/sites\\\/2\\\/2025\\\/05\\\/250625_Hamann_Heftrich_Petrosaniak_Ptashnik_sc_01.jpg\",\"width\":820,\"height\":370,\"caption\":\"Foto: Sarina Chamatova\"},{\"@type\":\"BreadcrumbList\",\"@id\":\"https:\\\/\\\/dai-heidelberg.de\\\/de\\\/?post_type=dai_event&p=69067#breadcrumb\",\"itemListElement\":[{\"@type\":\"ListItem\",\"position\":1,\"name\":\"Startseite\",\"item\":\"https:\\\/\\\/dai-heidelberg.de\\\/de\\\/\"},{\"@type\":\"ListItem\",\"position\":2,\"name\":\"Veranstaltungen\",\"item\":\"https:\\\/\\\/dai-heidelberg.de\\\/de\\\/veranstaltungen\\\/\"},{\"@type\":\"ListItem\",\"position\":3,\"name\":\"hristof Hamann, Urs Heftrich, Halyna Petrosaniak &#038; Stefaniya Ptashnik\"}]},{\"@type\":\"WebSite\",\"@id\":\"https:\\\/\\\/dai-heidelberg.de\\\/de\\\/#website\",\"url\":\"https:\\\/\\\/dai-heidelberg.de\\\/de\\\/\",\"name\":\"DAI Deutsch\",\"description\":\"Deutsch-Amerikanisches Institut. Haus der Kultur.\",\"potentialAction\":[{\"@type\":\"SearchAction\",\"target\":{\"@type\":\"EntryPoint\",\"urlTemplate\":\"https:\\\/\\\/dai-heidelberg.de\\\/de\\\/?s={search_term_string}\"},\"query-input\":{\"@type\":\"PropertyValueSpecification\",\"valueRequired\":true,\"valueName\":\"search_term_string\"}}],\"inLanguage\":\"de\"}]}<\/script>\n<!-- \/ Yoast SEO plugin. -->","yoast_head_json":{"title":"Veranstaltungen - Deutsch-Amerikanisches Institut. Haus der Kultur.","robots":{"index":"index","follow":"follow","max-snippet":"max-snippet:-1","max-image-preview":"max-image-preview:large","max-video-preview":"max-video-preview:-1"},"canonical":"https:\/\/dai-heidelberg.de\/de\/?post_type=dai_event&p=69067","og_locale":"de_DE","og_type":"article","og_title":"Veranstaltungen - Deutsch-Amerikanisches Institut. Haus der Kultur.","og_description":"Weil die Wunden V\u00f6gel werden\u201c \u2013 mit diesem Vers ist die 295. Ausgabe der Zeitschrift die horen vom Herbst 2024&nbsp;&hellip;","og_url":"https:\/\/dai-heidelberg.de\/de\/?post_type=dai_event&p=69067","og_site_name":"DAI Deutsch","article_modified_time":"2025-10-28T16:12:35+00:00","twitter_misc":{"Gesch\u00e4tzte Lesezeit":"1\u00a0Minute"},"schema":{"@context":"https:\/\/schema.org","@graph":[{"@type":"WebPage","@id":"https:\/\/dai-heidelberg.de\/de\/?post_type=dai_event&p=69067","url":"https:\/\/dai-heidelberg.de\/de\/?post_type=dai_event&p=69067","name":"Veranstaltungen - Deutsch-Amerikanisches Institut. Haus der Kultur.","isPartOf":{"@id":"https:\/\/dai-heidelberg.de\/de\/#website"},"primaryImageOfPage":{"@id":"https:\/\/dai-heidelberg.de\/de\/?post_type=dai_event&p=69067#primaryimage"},"image":{"@id":"https:\/\/dai-heidelberg.de\/de\/?post_type=dai_event&p=69067#primaryimage"},"thumbnailUrl":"https:\/\/dai-heidelberg.de\/de\/wp-content\/uploads\/sites\/2\/2025\/05\/250625_Hamann_Heftrich_Petrosaniak_Ptashnik_sc_01.jpg","datePublished":"2025-05-14T16:43:00+00:00","dateModified":"2025-10-28T16:12:35+00:00","breadcrumb":{"@id":"https:\/\/dai-heidelberg.de\/de\/?post_type=dai_event&p=69067#breadcrumb"},"inLanguage":"de","potentialAction":[{"@type":"ReadAction","target":["https:\/\/dai-heidelberg.de\/de\/?post_type=dai_event&p=69067"]}]},{"@type":"ImageObject","inLanguage":"de","@id":"https:\/\/dai-heidelberg.de\/de\/?post_type=dai_event&p=69067#primaryimage","url":"https:\/\/dai-heidelberg.de\/de\/wp-content\/uploads\/sites\/2\/2025\/05\/250625_Hamann_Heftrich_Petrosaniak_Ptashnik_sc_01.jpg","contentUrl":"https:\/\/dai-heidelberg.de\/de\/wp-content\/uploads\/sites\/2\/2025\/05\/250625_Hamann_Heftrich_Petrosaniak_Ptashnik_sc_01.jpg","width":820,"height":370,"caption":"Foto: Sarina Chamatova"},{"@type":"BreadcrumbList","@id":"https:\/\/dai-heidelberg.de\/de\/?post_type=dai_event&p=69067#breadcrumb","itemListElement":[{"@type":"ListItem","position":1,"name":"Startseite","item":"https:\/\/dai-heidelberg.de\/de\/"},{"@type":"ListItem","position":2,"name":"Veranstaltungen","item":"https:\/\/dai-heidelberg.de\/de\/veranstaltungen\/"},{"@type":"ListItem","position":3,"name":"hristof Hamann, Urs Heftrich, Halyna Petrosaniak &#038; Stefaniya Ptashnik"}]},{"@type":"WebSite","@id":"https:\/\/dai-heidelberg.de\/de\/#website","url":"https:\/\/dai-heidelberg.de\/de\/","name":"DAI Deutsch","description":"Deutsch-Amerikanisches Institut. Haus der Kultur.","potentialAction":[{"@type":"SearchAction","target":{"@type":"EntryPoint","urlTemplate":"https:\/\/dai-heidelberg.de\/de\/?s={search_term_string}"},"query-input":{"@type":"PropertyValueSpecification","valueRequired":true,"valueName":"search_term_string"}}],"inLanguage":"de"}]}},"_links":{"self":[{"href":"https:\/\/dai-heidelberg.de\/de\/wp-json\/wp\/v2\/dai_event\/69067","targetHints":{"allow":["GET"]}}],"collection":[{"href":"https:\/\/dai-heidelberg.de\/de\/wp-json\/wp\/v2\/dai_event"}],"about":[{"href":"https:\/\/dai-heidelberg.de\/de\/wp-json\/wp\/v2\/types\/dai_event"}],"version-history":[{"count":8,"href":"https:\/\/dai-heidelberg.de\/de\/wp-json\/wp\/v2\/dai_event\/69067\/revisions"}],"predecessor-version":[{"id":69106,"href":"https:\/\/dai-heidelberg.de\/de\/wp-json\/wp\/v2\/dai_event\/69067\/revisions\/69106"}],"wp:featuredmedia":[{"embeddable":true,"href":"https:\/\/dai-heidelberg.de\/de\/wp-json\/wp\/v2\/media\/71315"}],"wp:attachment":[{"href":"https:\/\/dai-heidelberg.de\/de\/wp-json\/wp\/v2\/media?parent=69067"}],"wp:term":[{"taxonomy":"post_tag","embeddable":true,"href":"https:\/\/dai-heidelberg.de\/de\/wp-json\/wp\/v2\/tags?post=69067"},{"taxonomy":"dai_event_category","embeddable":true,"href":"https:\/\/dai-heidelberg.de\/de\/wp-json\/wp\/v2\/dai_event_category?post=69067"},{"taxonomy":"dai_event_type","embeddable":true,"href":"https:\/\/dai-heidelberg.de\/de\/wp-json\/wp\/v2\/dai_event_type?post=69067"},{"taxonomy":"dai_event_location","embeddable":true,"href":"https:\/\/dai-heidelberg.de\/de\/wp-json\/wp\/v2\/dai_event_location?post=69067"}],"curies":[{"name":"wp","href":"https:\/\/api.w.org\/{rel}","templated":true}]}}