{"id":68564,"date":"2025-04-02T17:04:04","date_gmt":"2025-04-02T15:04:04","guid":{"rendered":"https:\/\/dai-heidelberg.de\/de\/?post_type=dai_event&#038;p=68564"},"modified":"2025-04-02T17:07:51","modified_gmt":"2025-04-02T15:07:51","slug":"think-drink-8","status":"publish","type":"dai_event","link":"https:\/\/dai-heidelberg.de\/de\/veranstaltungen\/think-drink-8-68564\/","title":{"rendered":"Think &#038; Drink"},"content":{"rendered":"<p>Mit Staunen hat die Welt k\u00fcrzlich auf das Bild einiger M\u00e4nner in Kalifornien geblickt, die scheinbar ruhig ihrem Golfspiel nachgingen, w\u00e4hrend unmittelbar hinter ihnen die Welt in Flammen stand. Doch hinter diesem Verhalten verbirgt sich keineswegs Gleichg\u00fcltigkeit, wie Wissenschaftler erkl\u00e4ren. Menschen suchen angesichts gro\u00dfer Katastrophen gerne vertrautes Terrain, machen weiter mit dem, was sie gerade tun, weil sich auf diese Weise die Illusion von Normalit\u00e4t aufrechterhalten l\u00e4sst. <em>Normalcy bias<\/em>\u00a0nennen Psychologen dieses Ph\u00e4nomen: Wir <em>er<\/em>kennen nicht, was wir nicht kennen. Doch dieser Mechanismus ist gef\u00e4hrlich &#8211; zum Beispiel dann, wenn wir als Menschheit nicht sehen, wohin uns fortschreitender Klimawandel f\u00fchrt.<\/p>\n<hr \/>\n<p>In dieser Reihe sollen in lockerer Atmosph\u00e4re Themen beleuchtet werden, die unsere Gesellschaft gerade in besonderem Ma\u00dfe besch\u00e4ftigen. Wir diskutieren ausgehend von einem aktuellen Text und suchen dabei auch in der Philosophie nach Anregungen und vielleicht sogar Antworten.<\/p>\n<p><strong>Dr. Max von Sponeck<\/strong> ist Lehrbeauftragter des Philosophischen Seminars an der Universit\u00e4t und an der P\u00e4dagogischen Hochschule Heidelberg. Sein wissenschaft\u00adliches Spezialgebiet liegt in der zeitgen\u00f6ssischen Philosophie des Geistes.<\/p>\n<p><strong>Sprache:<\/strong> Deutsch<br \/>\n<strong>Dauer:<\/strong> ca. 2 Stunden<br \/>\n<strong>Anmeldung:<\/strong> <a href=\"mailto&#58;&#108;&#105;&#98;&#114;&#97;&#114;&#x79;&#x40;&#x64;&#x61;&#x69;&#x2d;&#x68;&#x65;&#x69;&#x64;&#x65;&#x6c;berg&#46;d&#101;\">l&#105;&#x62;&#x72;a&#114;&#121;&#x40;&#x64;a&#105;&#45;&#x68;&#x65;i&#100;&#x65;&#x6c;&#x62;e&#114;&#x67;&#x2e;d&#101;<\/a><\/p>\n<p>&nbsp;<\/p>\n","protected":false},"excerpt":{"rendered":"<p>Mit Staunen hat die Welt k\u00fcrzlich auf das Bild einiger M\u00e4nner in Kalifornien geblickt, die scheinbar ruhig ihrem Golfspiel nachgingen,&nbsp;&hellip;<\/p>\n","protected":false},"featured_media":56999,"template":"","meta":{"footnotes":""},"tags":[],"dai_event_category":[7],"dai_event_type":[19],"dai_event_location":[],"class_list":["post-68564","dai_event","type-dai_event","status-publish","has-post-thumbnail","hentry","dai_event_category-bibliothek","dai_event_type-social-activities"],"better_featured_image":{"id":56999,"alt_text":"","caption":"Foto: Jeff Siepman on unsplash.com","description":"","media_type":"image","media_details":{"width":820,"height":370,"file":"2023\/07\/231130_ThinkDrink_c_Jeff-Siepman_unsplash.jpg","filesize":78567,"sizes":{"medium":{"file":"231130_ThinkDrink_c_Jeff-Siepman_unsplash-300x135.jpg","width":300,"height":135,"mime-type":"image\/jpeg","filesize":9128,"source_url":"https:\/\/dai-heidelberg.de\/de\/wp-content\/uploads\/sites\/2\/2023\/07\/231130_ThinkDrink_c_Jeff-Siepman_unsplash-300x135.jpg"},"thumbnail":{"file":"231130_ThinkDrink_c_Jeff-Siepman_unsplash-150x150.jpg","width":150,"height":150,"mime-type":"image\/jpeg","filesize":5602,"source_url":"https:\/\/dai-heidelberg.de\/de\/wp-content\/uploads\/sites\/2\/2023\/07\/231130_ThinkDrink_c_Jeff-Siepman_unsplash-150x150.jpg"},"medium_large":{"file":"231130_ThinkDrink_c_Jeff-Siepman_unsplash-768x347.jpg","width":768,"height":347,"mime-type":"image\/jpeg","filesize":34520,"source_url":"https:\/\/dai-heidelberg.de\/de\/wp-content\/uploads\/sites\/2\/2023\/07\/231130_ThinkDrink_c_Jeff-Siepman_unsplash-768x347.jpg"},"dai-list":{"file":"231130_ThinkDrink_c_Jeff-Siepman_unsplash-140x140.jpg","width":140,"height":140,"mime-type":"image\/jpeg","filesize":5169,"source_url":"https:\/\/dai-heidelberg.de\/de\/wp-content\/uploads\/sites\/2\/2023\/07\/231130_ThinkDrink_c_Jeff-Siepman_unsplash-140x140.jpg"},"dai-selector":{"file":"231130_ThinkDrink_c_Jeff-Siepman_unsplash-240x170.jpg","width":240,"height":170,"mime-type":"image\/jpeg","filesize":8911,"source_url":"https:\/\/dai-heidelberg.de\/de\/wp-content\/uploads\/sites\/2\/2023\/07\/231130_ThinkDrink_c_Jeff-Siepman_unsplash-240x170.jpg"},"dai-hof":{"file":"231130_ThinkDrink_c_Jeff-Siepman_unsplash-240x192.jpg","width":240,"height":192,"mime-type":"image\/jpeg","filesize":9324,"source_url":"https:\/\/dai-heidelberg.de\/de\/wp-content\/uploads\/sites\/2\/2023\/07\/231130_ThinkDrink_c_Jeff-Siepman_unsplash-240x192.jpg"}},"image_meta":{"aperture":"0","credit":"","camera":"","caption":"","created_timestamp":"0","copyright":"","focal_length":"0","iso":"0","shutter_speed":"0","title":"","orientation":"0","keywords":[]}},"post":56998,"source_url":"https:\/\/dai-heidelberg.de\/de\/wp-content\/uploads\/sites\/2\/2023\/07\/231130_ThinkDrink_c_Jeff-Siepman_unsplash.jpg"},"post-meta-fields":{"_thumbnail_id":["56999"],"dai_event_datetime":["2025-05-22 18:30"],"dai_event_featured":["0"],"dai_event_artist":["Nicht fit f\u00fcr diese Welt?"],"dai_event_subtext":["Max von Sponeck"],"dai_event_ticket_freeadmission":["1"],"dai_autotranslate_should_translate":["1"],"_dp_original":["67570"],"_edit_lock":["1747656316:10"],"_edit_last":["10"]},"yoast_head":"<!-- This site is optimized with the Yoast SEO plugin v28.3 - https:\/\/yoast.com\/product\/yoast-seo-wordpress\/ -->\n<title>Veranstaltungen - Deutsch-Amerikanisches Institut. Haus der Kultur.<\/title>\n<meta name=\"robots\" content=\"index, follow, max-snippet:-1, max-image-preview:large, max-video-preview:-1\" \/>\n<link rel=\"canonical\" href=\"https:\/\/dai-heidelberg.de\/de\/?post_type=dai_event&p=68564\" \/>\n<meta property=\"og:locale\" content=\"de_DE\" \/>\n<meta property=\"og:type\" content=\"article\" \/>\n<meta property=\"og:title\" content=\"Veranstaltungen - Deutsch-Amerikanisches Institut. Haus der Kultur.\" \/>\n<meta property=\"og:description\" content=\"Mit Staunen hat die Welt k\u00fcrzlich auf das Bild einiger M\u00e4nner in Kalifornien geblickt, die scheinbar ruhig ihrem Golfspiel nachgingen,&nbsp;&hellip;\" \/>\n<meta property=\"og:url\" content=\"https:\/\/dai-heidelberg.de\/de\/?post_type=dai_event&amp;p=68564\" \/>\n<meta property=\"og:site_name\" content=\"DAI Deutsch\" \/>\n<meta property=\"article:modified_time\" content=\"2025-04-02T15:07:51+00:00\" \/>\n<meta property=\"og:image\" content=\"https:\/\/dai-heidelberg.de\/de\/wp-content\/uploads\/sites\/2\/2023\/07\/231130_ThinkDrink_c_Jeff-Siepman_unsplash.jpg\" \/>\n\t<meta property=\"og:image:width\" content=\"820\" \/>\n\t<meta property=\"og:image:height\" content=\"370\" \/>\n\t<meta property=\"og:image:type\" content=\"image\/jpeg\" \/>\n<meta name=\"twitter:label1\" content=\"Gesch\u00e4tzte Lesezeit\" \/>\n\t<meta name=\"twitter:data1\" content=\"1\u00a0Minute\" \/>\n<script type=\"application\/ld+json\" class=\"yoast-schema-graph\">{\"@context\":\"https:\\\/\\\/schema.org\",\"@graph\":[{\"@type\":\"WebPage\",\"@id\":\"https:\\\/\\\/dai-heidelberg.de\\\/de\\\/?post_type=dai_event&p=68564\",\"url\":\"https:\\\/\\\/dai-heidelberg.de\\\/de\\\/?post_type=dai_event&p=68564\",\"name\":\"Veranstaltungen - Deutsch-Amerikanisches Institut. Haus der Kultur.\",\"isPartOf\":{\"@id\":\"https:\\\/\\\/dai-heidelberg.de\\\/de\\\/#website\"},\"primaryImageOfPage\":{\"@id\":\"https:\\\/\\\/dai-heidelberg.de\\\/de\\\/?post_type=dai_event&p=68564#primaryimage\"},\"image\":{\"@id\":\"https:\\\/\\\/dai-heidelberg.de\\\/de\\\/?post_type=dai_event&p=68564#primaryimage\"},\"thumbnailUrl\":\"https:\\\/\\\/dai-heidelberg.de\\\/de\\\/wp-content\\\/uploads\\\/sites\\\/2\\\/2023\\\/07\\\/231130_ThinkDrink_c_Jeff-Siepman_unsplash.jpg\",\"datePublished\":\"2025-04-02T15:04:04+00:00\",\"dateModified\":\"2025-04-02T15:07:51+00:00\",\"breadcrumb\":{\"@id\":\"https:\\\/\\\/dai-heidelberg.de\\\/de\\\/?post_type=dai_event&p=68564#breadcrumb\"},\"inLanguage\":\"de\",\"potentialAction\":[{\"@type\":\"ReadAction\",\"target\":[\"https:\\\/\\\/dai-heidelberg.de\\\/de\\\/?post_type=dai_event&p=68564\"]}]},{\"@type\":\"ImageObject\",\"inLanguage\":\"de\",\"@id\":\"https:\\\/\\\/dai-heidelberg.de\\\/de\\\/?post_type=dai_event&p=68564#primaryimage\",\"url\":\"https:\\\/\\\/dai-heidelberg.de\\\/de\\\/wp-content\\\/uploads\\\/sites\\\/2\\\/2023\\\/07\\\/231130_ThinkDrink_c_Jeff-Siepman_unsplash.jpg\",\"contentUrl\":\"https:\\\/\\\/dai-heidelberg.de\\\/de\\\/wp-content\\\/uploads\\\/sites\\\/2\\\/2023\\\/07\\\/231130_ThinkDrink_c_Jeff-Siepman_unsplash.jpg\",\"width\":820,\"height\":370,\"caption\":\"Foto: Jeff Siepman on unsplash.com\"},{\"@type\":\"BreadcrumbList\",\"@id\":\"https:\\\/\\\/dai-heidelberg.de\\\/de\\\/?post_type=dai_event&p=68564#breadcrumb\",\"itemListElement\":[{\"@type\":\"ListItem\",\"position\":1,\"name\":\"Startseite\",\"item\":\"https:\\\/\\\/dai-heidelberg.de\\\/de\\\/\"},{\"@type\":\"ListItem\",\"position\":2,\"name\":\"Veranstaltungen\",\"item\":\"https:\\\/\\\/dai-heidelberg.de\\\/de\\\/veranstaltungen\\\/\"},{\"@type\":\"ListItem\",\"position\":3,\"name\":\"Think &#038; Drink\"}]},{\"@type\":\"WebSite\",\"@id\":\"https:\\\/\\\/dai-heidelberg.de\\\/de\\\/#website\",\"url\":\"https:\\\/\\\/dai-heidelberg.de\\\/de\\\/\",\"name\":\"DAI Deutsch\",\"description\":\"Deutsch-Amerikanisches Institut. Haus der Kultur.\",\"potentialAction\":[{\"@type\":\"SearchAction\",\"target\":{\"@type\":\"EntryPoint\",\"urlTemplate\":\"https:\\\/\\\/dai-heidelberg.de\\\/de\\\/?s={search_term_string}\"},\"query-input\":{\"@type\":\"PropertyValueSpecification\",\"valueRequired\":true,\"valueName\":\"search_term_string\"}}],\"inLanguage\":\"de\"}]}<\/script>\n<!-- \/ Yoast SEO plugin. -->","yoast_head_json":{"title":"Veranstaltungen - Deutsch-Amerikanisches Institut. Haus der Kultur.","robots":{"index":"index","follow":"follow","max-snippet":"max-snippet:-1","max-image-preview":"max-image-preview:large","max-video-preview":"max-video-preview:-1"},"canonical":"https:\/\/dai-heidelberg.de\/de\/?post_type=dai_event&p=68564","og_locale":"de_DE","og_type":"article","og_title":"Veranstaltungen - Deutsch-Amerikanisches Institut. Haus der Kultur.","og_description":"Mit Staunen hat die Welt k\u00fcrzlich auf das Bild einiger M\u00e4nner in Kalifornien geblickt, die scheinbar ruhig ihrem Golfspiel nachgingen,&nbsp;&hellip;","og_url":"https:\/\/dai-heidelberg.de\/de\/?post_type=dai_event&p=68564","og_site_name":"DAI Deutsch","article_modified_time":"2025-04-02T15:07:51+00:00","og_image":[{"width":820,"height":370,"url":"https:\/\/dai-heidelberg.de\/de\/wp-content\/uploads\/sites\/2\/2023\/07\/231130_ThinkDrink_c_Jeff-Siepman_unsplash.jpg","type":"image\/jpeg"}],"twitter_misc":{"Gesch\u00e4tzte Lesezeit":"1\u00a0Minute"},"schema":{"@context":"https:\/\/schema.org","@graph":[{"@type":"WebPage","@id":"https:\/\/dai-heidelberg.de\/de\/?post_type=dai_event&p=68564","url":"https:\/\/dai-heidelberg.de\/de\/?post_type=dai_event&p=68564","name":"Veranstaltungen - Deutsch-Amerikanisches Institut. Haus der Kultur.","isPartOf":{"@id":"https:\/\/dai-heidelberg.de\/de\/#website"},"primaryImageOfPage":{"@id":"https:\/\/dai-heidelberg.de\/de\/?post_type=dai_event&p=68564#primaryimage"},"image":{"@id":"https:\/\/dai-heidelberg.de\/de\/?post_type=dai_event&p=68564#primaryimage"},"thumbnailUrl":"https:\/\/dai-heidelberg.de\/de\/wp-content\/uploads\/sites\/2\/2023\/07\/231130_ThinkDrink_c_Jeff-Siepman_unsplash.jpg","datePublished":"2025-04-02T15:04:04+00:00","dateModified":"2025-04-02T15:07:51+00:00","breadcrumb":{"@id":"https:\/\/dai-heidelberg.de\/de\/?post_type=dai_event&p=68564#breadcrumb"},"inLanguage":"de","potentialAction":[{"@type":"ReadAction","target":["https:\/\/dai-heidelberg.de\/de\/?post_type=dai_event&p=68564"]}]},{"@type":"ImageObject","inLanguage":"de","@id":"https:\/\/dai-heidelberg.de\/de\/?post_type=dai_event&p=68564#primaryimage","url":"https:\/\/dai-heidelberg.de\/de\/wp-content\/uploads\/sites\/2\/2023\/07\/231130_ThinkDrink_c_Jeff-Siepman_unsplash.jpg","contentUrl":"https:\/\/dai-heidelberg.de\/de\/wp-content\/uploads\/sites\/2\/2023\/07\/231130_ThinkDrink_c_Jeff-Siepman_unsplash.jpg","width":820,"height":370,"caption":"Foto: Jeff Siepman on unsplash.com"},{"@type":"BreadcrumbList","@id":"https:\/\/dai-heidelberg.de\/de\/?post_type=dai_event&p=68564#breadcrumb","itemListElement":[{"@type":"ListItem","position":1,"name":"Startseite","item":"https:\/\/dai-heidelberg.de\/de\/"},{"@type":"ListItem","position":2,"name":"Veranstaltungen","item":"https:\/\/dai-heidelberg.de\/de\/veranstaltungen\/"},{"@type":"ListItem","position":3,"name":"Think &#038; Drink"}]},{"@type":"WebSite","@id":"https:\/\/dai-heidelberg.de\/de\/#website","url":"https:\/\/dai-heidelberg.de\/de\/","name":"DAI Deutsch","description":"Deutsch-Amerikanisches Institut. Haus der Kultur.","potentialAction":[{"@type":"SearchAction","target":{"@type":"EntryPoint","urlTemplate":"https:\/\/dai-heidelberg.de\/de\/?s={search_term_string}"},"query-input":{"@type":"PropertyValueSpecification","valueRequired":true,"valueName":"search_term_string"}}],"inLanguage":"de"}]}},"_links":{"self":[{"href":"https:\/\/dai-heidelberg.de\/de\/wp-json\/wp\/v2\/dai_event\/68564","targetHints":{"allow":["GET"]}}],"collection":[{"href":"https:\/\/dai-heidelberg.de\/de\/wp-json\/wp\/v2\/dai_event"}],"about":[{"href":"https:\/\/dai-heidelberg.de\/de\/wp-json\/wp\/v2\/types\/dai_event"}],"version-history":[{"count":2,"href":"https:\/\/dai-heidelberg.de\/de\/wp-json\/wp\/v2\/dai_event\/68564\/revisions"}],"predecessor-version":[{"id":68566,"href":"https:\/\/dai-heidelberg.de\/de\/wp-json\/wp\/v2\/dai_event\/68564\/revisions\/68566"}],"wp:featuredmedia":[{"embeddable":true,"href":"https:\/\/dai-heidelberg.de\/de\/wp-json\/wp\/v2\/media\/56999"}],"wp:attachment":[{"href":"https:\/\/dai-heidelberg.de\/de\/wp-json\/wp\/v2\/media?parent=68564"}],"wp:term":[{"taxonomy":"post_tag","embeddable":true,"href":"https:\/\/dai-heidelberg.de\/de\/wp-json\/wp\/v2\/tags?post=68564"},{"taxonomy":"dai_event_category","embeddable":true,"href":"https:\/\/dai-heidelberg.de\/de\/wp-json\/wp\/v2\/dai_event_category?post=68564"},{"taxonomy":"dai_event_type","embeddable":true,"href":"https:\/\/dai-heidelberg.de\/de\/wp-json\/wp\/v2\/dai_event_type?post=68564"},{"taxonomy":"dai_event_location","embeddable":true,"href":"https:\/\/dai-heidelberg.de\/de\/wp-json\/wp\/v2\/dai_event_location?post=68564"}],"curies":[{"name":"wp","href":"https:\/\/api.w.org\/{rel}","templated":true}]}}