{"id":66047,"date":"2024-12-05T18:29:09","date_gmt":"2024-12-05T17:29:09","guid":{"rendered":"https:\/\/dai-heidelberg.de\/de\/?post_type=dai_event&#038;p=66047"},"modified":"2025-04-08T17:31:47","modified_gmt":"2025-04-08T15:31:47","slug":"ken-krimstein","status":"publish","type":"dai_event","link":"https:\/\/dai-heidelberg.de\/de\/veranstaltungen\/ken-krimstein-66047\/","title":{"rendered":"Ken Krimstein"},"content":{"rendered":"<p>Treffen sich zwei in Prag&#8230; Basierend auf Tagebu\u0308chern, Briefen und Berichten rekonstruiert Ken Krimstein die unerz\u00e4hlte Geschichte des Jahres 1911\/12, in dem in Prag ein frustrierter Patentpru\u0308fer auf einen ehrgeizigen Versicherungsangestellten trifft. Damit k\u00f6nnte die Geschichte auch schon enden. Doch der eine ist kein Geringerer als Albert Einstein und der andere niemand anders als Franz Kafka. Das DAI Heidelberg er\u00f6ffnet die Ausstellung <strong>Einstein, Kafka, Arendt &amp; more \u2013 The Graphic Novel Universe of KEN KRIMSTEIN <\/strong>mit Zeichnungen des amerikanischen K\u00fcnstlers aus seinem neuen Buch <em>Einstein in Kafkaland<\/em>. Zu diesem Anlass diskutiert Ken Krimstein mit Markus P\u00f6ssel, Astrophysiker am Max-Planck-Institut f\u00fcr Astronomie, \u00fcber Einsteins Bedeutung f\u00fcr Wissenschaft und Gesellschaft und die visuelle Vermittlung komplexer Theorien.<\/p>\n<p><strong>Ken Krimsteins<\/strong> Cartoons erscheinen im New Yorker, in Punch und dem Wall Street Journal. Seine Graphic Novel <em>Die drei Leben der Hannah Arendt<\/em> (2018) avancierte in Deutschland zum Bestseller und wurde in neun Sprachen u\u0308bersetzt. Ken Krimstein lebt in New York. 2025 ist er Mercedes-Benz Fellow der American Academy in Berlin.<\/p>\n<p><strong>Sprache:<\/strong> Englisch<\/p>\n<p>Die Ausstellung wurde konzipiert und realisiert in Zusammenarbeit mit <a href=\"https:\/\/kontext-kom.de\/\" target=\"_blank\" rel=\"noopener\">KontextKommunikation<\/a><\/p>\n<p>In Kooperation mit<br \/>\n<a href=\"https:\/\/www.americanacademy.de\/\" target=\"_blank\" rel=\"noopener\"><img loading=\"lazy\" decoding=\"async\" class=\"alignnone wp-image-66052\" src=\"https:\/\/dai-heidelberg.de\/de\/wp-content\/uploads\/sites\/2\/2024\/12\/AAB_25years-aabLogo_RGB.jpg\" sizes=\"auto, (max-width: 152px) 100vw, 152px\" srcset=\"https:\/\/dai-heidelberg.de\/de\/wp-content\/uploads\/sites\/2\/2024\/12\/AAB_25years-aabLogo_RGB.jpg 1772w, https:\/\/dai-heidelberg.de\/de\/wp-content\/uploads\/sites\/2\/2024\/12\/AAB_25years-aabLogo_RGB-300x237.jpg 300w, https:\/\/dai-heidelberg.de\/de\/wp-content\/uploads\/sites\/2\/2024\/12\/AAB_25years-aabLogo_RGB-1024x810.jpg 1024w, https:\/\/dai-heidelberg.de\/de\/wp-content\/uploads\/sites\/2\/2024\/12\/AAB_25years-aabLogo_RGB-768x607.jpg 768w, https:\/\/dai-heidelberg.de\/de\/wp-content\/uploads\/sites\/2\/2024\/12\/AAB_25years-aabLogo_RGB-1536x1214.jpg 1536w, https:\/\/dai-heidelberg.de\/de\/wp-content\/uploads\/sites\/2\/2024\/12\/AAB_25years-aabLogo_RGB-820x648.jpg 820w\" alt=\"\" width=\"152\" height=\"120\" \/><\/a><\/p>\n","protected":false},"excerpt":{"rendered":"<p>Treffen sich zwei in Prag&#8230; Basierend auf Tagebu\u0308chern, Briefen und Berichten rekonstruiert Ken Krimstein die unerz\u00e4hlte Geschichte des Jahres 1911\/12,&nbsp;&hellip;<\/p>\n","protected":false},"featured_media":68707,"template":"","meta":{"footnotes":""},"tags":[],"dai_event_category":[6],"dai_event_type":[12,229,10],"dai_event_location":[],"class_list":["post-66047","dai_event","type-dai_event","status-publish","has-post-thumbnail","hentry","dai_event_category-kulturveranstaltungen","dai_event_type-im-dialog","dai_event_type-literarisches-zentrum-heidelberg","dai_event_type-vernissage"],"better_featured_image":{"id":68707,"alt_text":"","caption":"Foto: Sarina Chamatova","description":"","media_type":"image","media_details":{"width":820,"height":370,"file":"2024\/12\/250320_Ken_Krimstein_Vernissage_sc_30.jpg","filesize":100366,"sizes":{"medium":{"file":"250320_Ken_Krimstein_Vernissage_sc_30-300x135.jpg","width":300,"height":135,"mime-type":"image\/jpeg","filesize":12444,"source_url":"https:\/\/dai-heidelberg.de\/de\/wp-content\/uploads\/sites\/2\/2024\/12\/250320_Ken_Krimstein_Vernissage_sc_30-300x135.jpg"},"thumbnail":{"file":"250320_Ken_Krimstein_Vernissage_sc_30-150x150.jpg","width":150,"height":150,"mime-type":"image\/jpeg","filesize":6964,"source_url":"https:\/\/dai-heidelberg.de\/de\/wp-content\/uploads\/sites\/2\/2024\/12\/250320_Ken_Krimstein_Vernissage_sc_30-150x150.jpg"},"medium_large":{"file":"250320_Ken_Krimstein_Vernissage_sc_30-768x347.jpg","width":768,"height":347,"mime-type":"image\/jpeg","filesize":51475,"source_url":"https:\/\/dai-heidelberg.de\/de\/wp-content\/uploads\/sites\/2\/2024\/12\/250320_Ken_Krimstein_Vernissage_sc_30-768x347.jpg"},"dai-list":{"file":"250320_Ken_Krimstein_Vernissage_sc_30-140x140.jpg","width":140,"height":140,"mime-type":"image\/jpeg","filesize":6411,"source_url":"https:\/\/dai-heidelberg.de\/de\/wp-content\/uploads\/sites\/2\/2024\/12\/250320_Ken_Krimstein_Vernissage_sc_30-140x140.jpg"},"dai-selector":{"file":"250320_Ken_Krimstein_Vernissage_sc_30-240x170.jpg","width":240,"height":170,"mime-type":"image\/jpeg","filesize":11572,"source_url":"https:\/\/dai-heidelberg.de\/de\/wp-content\/uploads\/sites\/2\/2024\/12\/250320_Ken_Krimstein_Vernissage_sc_30-240x170.jpg"},"dai-hof":{"file":"250320_Ken_Krimstein_Vernissage_sc_30-240x192.jpg","width":240,"height":192,"mime-type":"image\/jpeg","filesize":12186,"source_url":"https:\/\/dai-heidelberg.de\/de\/wp-content\/uploads\/sites\/2\/2024\/12\/250320_Ken_Krimstein_Vernissage_sc_30-240x192.jpg"}},"image_meta":{"aperture":"0","credit":"","camera":"","caption":"","created_timestamp":"0","copyright":"","focal_length":"0","iso":"0","shutter_speed":"0","title":"","orientation":"0","keywords":[]}},"post":66047,"source_url":"https:\/\/dai-heidelberg.de\/de\/wp-content\/uploads\/sites\/2\/2024\/12\/250320_Ken_Krimstein_Vernissage_sc_30.jpg"},"post-meta-fields":{"_edit_lock":["1744126201:10"],"_edit_last":["10"],"dai_event_datetime":["2025-03-20 20:00"],"dai_event_featured":["0"],"dai_event_artist":["Einstein in Kafkaland: Wie Einstein und Kafka eine neue Welt erschufen"],"dai_event_ticket_freeadmission":["0"],"dai_autotranslate_should_translate":["1"],"dai_event_ticket_link":["https:\/\/shop.reservix.de\/?id=36ae96de8dddc4df70dce3f39db2b886ff117b9261533f02fa35ea4a3191d65e3a64633f4652f2d1ba3a365eff82ca70&vID=2736&eventGrpID=491094"],"dai_event_ticket_price_presale_standard":["11,90"],"dai_event_ticket_price_presale_reduced":["9,90"],"dai_event_ticket_price_presale_member":["6,90"],"_thumbnail_id":["68707"]},"yoast_head":"<!-- This site is optimized with the Yoast SEO plugin v27.4 - https:\/\/yoast.com\/product\/yoast-seo-wordpress\/ -->\n<title>Veranstaltungen - Deutsch-Amerikanisches Institut. Haus der Kultur.<\/title>\n<meta name=\"robots\" content=\"index, follow, max-snippet:-1, max-image-preview:large, max-video-preview:-1\" \/>\n<link rel=\"canonical\" href=\"https:\/\/dai-heidelberg.de\/de\/?post_type=dai_event&p=66047\" \/>\n<meta property=\"og:locale\" content=\"de_DE\" \/>\n<meta property=\"og:type\" content=\"article\" \/>\n<meta property=\"og:title\" content=\"Veranstaltungen - Deutsch-Amerikanisches Institut. Haus der Kultur.\" \/>\n<meta property=\"og:description\" content=\"Treffen sich zwei in Prag&#8230; Basierend auf Tagebu\u0308chern, Briefen und Berichten rekonstruiert Ken Krimstein die unerz\u00e4hlte Geschichte des Jahres 1911\/12,&nbsp;&hellip;\" \/>\n<meta property=\"og:url\" content=\"https:\/\/dai-heidelberg.de\/de\/?post_type=dai_event&amp;p=66047\" \/>\n<meta property=\"og:site_name\" content=\"DAI Deutsch\" \/>\n<meta property=\"article:modified_time\" content=\"2025-04-08T15:31:47+00:00\" \/>\n<meta name=\"twitter:label1\" content=\"Gesch\u00e4tzte Lesezeit\" \/>\n\t<meta name=\"twitter:data1\" content=\"1\u00a0Minute\" \/>\n<script type=\"application\/ld+json\" class=\"yoast-schema-graph\">{\"@context\":\"https:\\\/\\\/schema.org\",\"@graph\":[{\"@type\":\"WebPage\",\"@id\":\"https:\\\/\\\/dai-heidelberg.de\\\/de\\\/?post_type=dai_event&p=66047\",\"url\":\"https:\\\/\\\/dai-heidelberg.de\\\/de\\\/?post_type=dai_event&p=66047\",\"name\":\"Veranstaltungen - Deutsch-Amerikanisches Institut. Haus der Kultur.\",\"isPartOf\":{\"@id\":\"https:\\\/\\\/dai-heidelberg.de\\\/de\\\/#website\"},\"primaryImageOfPage\":{\"@id\":\"https:\\\/\\\/dai-heidelberg.de\\\/de\\\/?post_type=dai_event&p=66047#primaryimage\"},\"image\":{\"@id\":\"https:\\\/\\\/dai-heidelberg.de\\\/de\\\/?post_type=dai_event&p=66047#primaryimage\"},\"thumbnailUrl\":\"https:\\\/\\\/dai-heidelberg.de\\\/de\\\/wp-content\\\/uploads\\\/sites\\\/2\\\/2024\\\/12\\\/250320_Ken_Krimstein_Vernissage_sc_30.jpg\",\"datePublished\":\"2024-12-05T17:29:09+00:00\",\"dateModified\":\"2025-04-08T15:31:47+00:00\",\"breadcrumb\":{\"@id\":\"https:\\\/\\\/dai-heidelberg.de\\\/de\\\/?post_type=dai_event&p=66047#breadcrumb\"},\"inLanguage\":\"de\",\"potentialAction\":[{\"@type\":\"ReadAction\",\"target\":[\"https:\\\/\\\/dai-heidelberg.de\\\/de\\\/?post_type=dai_event&p=66047\"]}]},{\"@type\":\"ImageObject\",\"inLanguage\":\"de\",\"@id\":\"https:\\\/\\\/dai-heidelberg.de\\\/de\\\/?post_type=dai_event&p=66047#primaryimage\",\"url\":\"https:\\\/\\\/dai-heidelberg.de\\\/de\\\/wp-content\\\/uploads\\\/sites\\\/2\\\/2024\\\/12\\\/250320_Ken_Krimstein_Vernissage_sc_30.jpg\",\"contentUrl\":\"https:\\\/\\\/dai-heidelberg.de\\\/de\\\/wp-content\\\/uploads\\\/sites\\\/2\\\/2024\\\/12\\\/250320_Ken_Krimstein_Vernissage_sc_30.jpg\",\"width\":820,\"height\":370,\"caption\":\"Foto: Sarina Chamatova\"},{\"@type\":\"BreadcrumbList\",\"@id\":\"https:\\\/\\\/dai-heidelberg.de\\\/de\\\/?post_type=dai_event&p=66047#breadcrumb\",\"itemListElement\":[{\"@type\":\"ListItem\",\"position\":1,\"name\":\"Startseite\",\"item\":\"https:\\\/\\\/dai-heidelberg.de\\\/de\\\/\"},{\"@type\":\"ListItem\",\"position\":2,\"name\":\"Veranstaltungen\",\"item\":\"https:\\\/\\\/dai-heidelberg.de\\\/de\\\/veranstaltungen\\\/\"},{\"@type\":\"ListItem\",\"position\":3,\"name\":\"Ken Krimstein\"}]},{\"@type\":\"WebSite\",\"@id\":\"https:\\\/\\\/dai-heidelberg.de\\\/de\\\/#website\",\"url\":\"https:\\\/\\\/dai-heidelberg.de\\\/de\\\/\",\"name\":\"DAI Deutsch\",\"description\":\"Deutsch-Amerikanisches Institut. Haus der Kultur.\",\"potentialAction\":[{\"@type\":\"SearchAction\",\"target\":{\"@type\":\"EntryPoint\",\"urlTemplate\":\"https:\\\/\\\/dai-heidelberg.de\\\/de\\\/?s={search_term_string}\"},\"query-input\":{\"@type\":\"PropertyValueSpecification\",\"valueRequired\":true,\"valueName\":\"search_term_string\"}}],\"inLanguage\":\"de\"}]}<\/script>\n<!-- \/ Yoast SEO plugin. -->","yoast_head_json":{"title":"Veranstaltungen - Deutsch-Amerikanisches Institut. Haus der Kultur.","robots":{"index":"index","follow":"follow","max-snippet":"max-snippet:-1","max-image-preview":"max-image-preview:large","max-video-preview":"max-video-preview:-1"},"canonical":"https:\/\/dai-heidelberg.de\/de\/?post_type=dai_event&p=66047","og_locale":"de_DE","og_type":"article","og_title":"Veranstaltungen - Deutsch-Amerikanisches Institut. Haus der Kultur.","og_description":"Treffen sich zwei in Prag&#8230; Basierend auf Tagebu\u0308chern, Briefen und Berichten rekonstruiert Ken Krimstein die unerz\u00e4hlte Geschichte des Jahres 1911\/12,&nbsp;&hellip;","og_url":"https:\/\/dai-heidelberg.de\/de\/?post_type=dai_event&p=66047","og_site_name":"DAI Deutsch","article_modified_time":"2025-04-08T15:31:47+00:00","twitter_misc":{"Gesch\u00e4tzte Lesezeit":"1\u00a0Minute"},"schema":{"@context":"https:\/\/schema.org","@graph":[{"@type":"WebPage","@id":"https:\/\/dai-heidelberg.de\/de\/?post_type=dai_event&p=66047","url":"https:\/\/dai-heidelberg.de\/de\/?post_type=dai_event&p=66047","name":"Veranstaltungen - Deutsch-Amerikanisches Institut. Haus der Kultur.","isPartOf":{"@id":"https:\/\/dai-heidelberg.de\/de\/#website"},"primaryImageOfPage":{"@id":"https:\/\/dai-heidelberg.de\/de\/?post_type=dai_event&p=66047#primaryimage"},"image":{"@id":"https:\/\/dai-heidelberg.de\/de\/?post_type=dai_event&p=66047#primaryimage"},"thumbnailUrl":"https:\/\/dai-heidelberg.de\/de\/wp-content\/uploads\/sites\/2\/2024\/12\/250320_Ken_Krimstein_Vernissage_sc_30.jpg","datePublished":"2024-12-05T17:29:09+00:00","dateModified":"2025-04-08T15:31:47+00:00","breadcrumb":{"@id":"https:\/\/dai-heidelberg.de\/de\/?post_type=dai_event&p=66047#breadcrumb"},"inLanguage":"de","potentialAction":[{"@type":"ReadAction","target":["https:\/\/dai-heidelberg.de\/de\/?post_type=dai_event&p=66047"]}]},{"@type":"ImageObject","inLanguage":"de","@id":"https:\/\/dai-heidelberg.de\/de\/?post_type=dai_event&p=66047#primaryimage","url":"https:\/\/dai-heidelberg.de\/de\/wp-content\/uploads\/sites\/2\/2024\/12\/250320_Ken_Krimstein_Vernissage_sc_30.jpg","contentUrl":"https:\/\/dai-heidelberg.de\/de\/wp-content\/uploads\/sites\/2\/2024\/12\/250320_Ken_Krimstein_Vernissage_sc_30.jpg","width":820,"height":370,"caption":"Foto: Sarina Chamatova"},{"@type":"BreadcrumbList","@id":"https:\/\/dai-heidelberg.de\/de\/?post_type=dai_event&p=66047#breadcrumb","itemListElement":[{"@type":"ListItem","position":1,"name":"Startseite","item":"https:\/\/dai-heidelberg.de\/de\/"},{"@type":"ListItem","position":2,"name":"Veranstaltungen","item":"https:\/\/dai-heidelberg.de\/de\/veranstaltungen\/"},{"@type":"ListItem","position":3,"name":"Ken Krimstein"}]},{"@type":"WebSite","@id":"https:\/\/dai-heidelberg.de\/de\/#website","url":"https:\/\/dai-heidelberg.de\/de\/","name":"DAI Deutsch","description":"Deutsch-Amerikanisches Institut. Haus der Kultur.","potentialAction":[{"@type":"SearchAction","target":{"@type":"EntryPoint","urlTemplate":"https:\/\/dai-heidelberg.de\/de\/?s={search_term_string}"},"query-input":{"@type":"PropertyValueSpecification","valueRequired":true,"valueName":"search_term_string"}}],"inLanguage":"de"}]}},"_links":{"self":[{"href":"https:\/\/dai-heidelberg.de\/de\/wp-json\/wp\/v2\/dai_event\/66047","targetHints":{"allow":["GET"]}}],"collection":[{"href":"https:\/\/dai-heidelberg.de\/de\/wp-json\/wp\/v2\/dai_event"}],"about":[{"href":"https:\/\/dai-heidelberg.de\/de\/wp-json\/wp\/v2\/types\/dai_event"}],"version-history":[{"count":4,"href":"https:\/\/dai-heidelberg.de\/de\/wp-json\/wp\/v2\/dai_event\/66047\/revisions"}],"predecessor-version":[{"id":68705,"href":"https:\/\/dai-heidelberg.de\/de\/wp-json\/wp\/v2\/dai_event\/66047\/revisions\/68705"}],"wp:featuredmedia":[{"embeddable":true,"href":"https:\/\/dai-heidelberg.de\/de\/wp-json\/wp\/v2\/media\/68707"}],"wp:attachment":[{"href":"https:\/\/dai-heidelberg.de\/de\/wp-json\/wp\/v2\/media?parent=66047"}],"wp:term":[{"taxonomy":"post_tag","embeddable":true,"href":"https:\/\/dai-heidelberg.de\/de\/wp-json\/wp\/v2\/tags?post=66047"},{"taxonomy":"dai_event_category","embeddable":true,"href":"https:\/\/dai-heidelberg.de\/de\/wp-json\/wp\/v2\/dai_event_category?post=66047"},{"taxonomy":"dai_event_type","embeddable":true,"href":"https:\/\/dai-heidelberg.de\/de\/wp-json\/wp\/v2\/dai_event_type?post=66047"},{"taxonomy":"dai_event_location","embeddable":true,"href":"https:\/\/dai-heidelberg.de\/de\/wp-json\/wp\/v2\/dai_event_location?post=66047"}],"curies":[{"name":"wp","href":"https:\/\/api.w.org\/{rel}","templated":true}]}}