{"id":65819,"date":"2024-12-04T15:33:29","date_gmt":"2024-12-04T14:33:29","guid":{"rendered":"https:\/\/dai-heidelberg.de\/de\/?post_type=dai_event&#038;p=65819"},"modified":"2025-04-04T15:31:39","modified_gmt":"2025-04-04T13:31:39","slug":"35-heidelberger-klavierwoche-11","status":"publish","type":"dai_event","link":"https:\/\/dai-heidelberg.de\/de\/veranstaltungen\/35-heidelberger-klavierwoche-11-65819\/","title":{"rendered":"35. Heidelberger Klavierwoche"},"content":{"rendered":"<p>Henley Jun gab sein Deb\u00fct als Solist mit Orchester im Alter von 14 Jahren mit Mendelssohns Klavierkonzert Nr. 2 und tritt seitdem regelm\u00e4\u00dfig mit Orchestern auf, u. a. mit dem Cape Town Philharmonic Orchestra. Schon w\u00e4hrend seines Studiums erhielt er mehrere Auszeichnungen bei internationalen Wettbewerben.<\/p>\n<p>Weitere musikalische Einfl\u00fcsse erhielt er von Andrzej Jasi\u0144ski, Jacques Rouvier, Gilead Mishory, Rena Shereshevskaya, Bernd Goetzke und Arie Vardi. Henley ist K\u00fcnstler bei Weltklassik am Klavier.<\/p>\n<p><strong>Henley Jun<\/strong> spielt am DAI u. a. <em>Deux L\u00e9gendes<\/em> von Franz Liszt, der 1858 in den Franziskanerorden eingetreten war, in der ersten Legende lautmalerisch von der Vogelpredigt des Franz von Assisi. Die zweite Legende basiert auf der Legende Franz von Paolas, der auf der Stra\u00dfe von Messina die F\u00e4hre ablehnte und seinen Umhang aufs Wasser legend, ein Ende am Stab befestigt als Segel nutzend, \u00fcber die Meerenge segelte. Zudem spielt Jun Werke von Franz Schubert und Alexander Nikolajewitsch Skrjabin.<\/p>\n","protected":false},"excerpt":{"rendered":"<p>Henley Jun gab sein Deb\u00fct als Solist mit Orchester im Alter von 14 Jahren mit Mendelssohns Klavierkonzert Nr. 2 und&nbsp;&hellip;<\/p>\n","protected":false},"featured_media":65778,"template":"","meta":{"footnotes":""},"tags":[],"dai_event_category":[6],"dai_event_type":[16],"dai_event_location":[],"class_list":["post-65819","dai_event","type-dai_event","status-publish","has-post-thumbnail","hentry","dai_event_category-kulturveranstaltungen","dai_event_type-konzert"],"better_featured_image":{"id":65778,"alt_text":"","caption":"Foto: Geert Pieters \/ unsplash.com","description":"","media_type":"image","media_details":{"width":820,"height":370,"file":"2024\/12\/250102-KW.jpg","filesize":67751,"sizes":{"medium":{"file":"250102-KW-300x135.jpg","width":300,"height":135,"mime-type":"image\/jpeg","filesize":9671,"source_url":"https:\/\/dai-heidelberg.de\/de\/wp-content\/uploads\/sites\/2\/2024\/12\/250102-KW-300x135.jpg"},"thumbnail":{"file":"250102-KW-150x150.jpg","width":150,"height":150,"mime-type":"image\/jpeg","filesize":6446,"source_url":"https:\/\/dai-heidelberg.de\/de\/wp-content\/uploads\/sites\/2\/2024\/12\/250102-KW-150x150.jpg"},"medium_large":{"file":"250102-KW-768x347.jpg","width":768,"height":347,"mime-type":"image\/jpeg","filesize":35396,"source_url":"https:\/\/dai-heidelberg.de\/de\/wp-content\/uploads\/sites\/2\/2024\/12\/250102-KW-768x347.jpg"},"dai-list":{"file":"250102-KW-140x140.jpg","width":140,"height":140,"mime-type":"image\/jpeg","filesize":5905,"source_url":"https:\/\/dai-heidelberg.de\/de\/wp-content\/uploads\/sites\/2\/2024\/12\/250102-KW-140x140.jpg"},"dai-selector":{"file":"250102-KW-240x170.jpg","width":240,"height":170,"mime-type":"image\/jpeg","filesize":10045,"source_url":"https:\/\/dai-heidelberg.de\/de\/wp-content\/uploads\/sites\/2\/2024\/12\/250102-KW-240x170.jpg"},"dai-hof":{"file":"250102-KW-240x192.jpg","width":240,"height":192,"mime-type":"image\/jpeg","filesize":10712,"source_url":"https:\/\/dai-heidelberg.de\/de\/wp-content\/uploads\/sites\/2\/2024\/12\/250102-KW-240x192.jpg"},"gform-image-choice-sm":{"file":"250102-KW-300x300.jpg","width":300,"height":300,"mime-type":"image\/jpeg","filesize":16315,"source_url":"https:\/\/dai-heidelberg.de\/de\/wp-content\/uploads\/sites\/2\/2024\/12\/250102-KW-300x300.jpg"},"gform-image-choice-md":{"file":"250102-KW-400x370.jpg","width":400,"height":370,"mime-type":"image\/jpeg","filesize":24410,"source_url":"https:\/\/dai-heidelberg.de\/de\/wp-content\/uploads\/sites\/2\/2024\/12\/250102-KW-400x370.jpg"},"gform-image-choice-lg":{"file":"250102-KW-600x370.jpg","width":600,"height":370,"mime-type":"image\/jpeg","filesize":33705,"source_url":"https:\/\/dai-heidelberg.de\/de\/wp-content\/uploads\/sites\/2\/2024\/12\/250102-KW-600x370.jpg"}},"image_meta":{"aperture":"0","credit":"","camera":"","caption":"","created_timestamp":"0","copyright":"","focal_length":"0","iso":"0","shutter_speed":"0","title":"","orientation":"0","keywords":[]}},"post":65777,"source_url":"https:\/\/dai-heidelberg.de\/de\/wp-content\/uploads\/sites\/2\/2024\/12\/250102-KW.jpg"},"post-meta-fields":{"dai_event_datetime":["2025-01-11 18:00"],"dai_event_featured":["0"],"dai_event_artist":["Henley Jun"],"dai_event_subtext":["In Zusammenarbeit mit der Jahrhundertwende-Gesellschaft"],"dai_event_ticket_freeadmission":["0"],"dai_autotranslate_should_translate":["1"],"_dp_original":["65815"],"_edit_lock":["1743773602:10"],"_edit_last":["10"],"dai_event_ticket_link":["https:\/\/jahrhundertwende-gesellschaft.reservix.de\/events"],"dai_event_ticket_price_presale_standard":["23,20"],"dai_event_ticket_price_presale_reduced":["17,70"],"dai_event_ticket_price_presale_member":["17,70"],"_thumbnail_id":["65778"]},"yoast_head":"<!-- This site is optimized with the Yoast SEO plugin v27.4 - https:\/\/yoast.com\/product\/yoast-seo-wordpress\/ -->\n<title>Veranstaltungen - Deutsch-Amerikanisches Institut. Haus der Kultur.<\/title>\n<meta name=\"robots\" content=\"index, follow, max-snippet:-1, max-image-preview:large, max-video-preview:-1\" \/>\n<link rel=\"canonical\" href=\"https:\/\/dai-heidelberg.de\/de\/?post_type=dai_event&p=65819\" \/>\n<meta property=\"og:locale\" content=\"de_DE\" \/>\n<meta property=\"og:type\" content=\"article\" \/>\n<meta property=\"og:title\" content=\"Veranstaltungen - Deutsch-Amerikanisches Institut. Haus der Kultur.\" \/>\n<meta property=\"og:description\" content=\"Henley Jun gab sein Deb\u00fct als Solist mit Orchester im Alter von 14 Jahren mit Mendelssohns Klavierkonzert Nr. 2 und&nbsp;&hellip;\" \/>\n<meta property=\"og:url\" content=\"https:\/\/dai-heidelberg.de\/de\/?post_type=dai_event&amp;p=65819\" \/>\n<meta property=\"og:site_name\" content=\"DAI Deutsch\" \/>\n<meta property=\"article:modified_time\" content=\"2025-04-04T13:31:39+00:00\" \/>\n<meta property=\"og:image\" content=\"https:\/\/dai-heidelberg.de\/de\/wp-content\/uploads\/sites\/2\/2024\/12\/250110_Ruishi-Zheng_C_TONG-Photography.jpg\" \/>\n\t<meta property=\"og:image:width\" content=\"820\" \/>\n\t<meta property=\"og:image:height\" content=\"370\" \/>\n\t<meta property=\"og:image:type\" content=\"image\/jpeg\" \/>\n<meta name=\"twitter:label1\" content=\"Gesch\u00e4tzte Lesezeit\" \/>\n\t<meta name=\"twitter:data1\" content=\"1\u00a0Minute\" \/>\n<script type=\"application\/ld+json\" class=\"yoast-schema-graph\">{\"@context\":\"https:\\\/\\\/schema.org\",\"@graph\":[{\"@type\":\"WebPage\",\"@id\":\"https:\\\/\\\/dai-heidelberg.de\\\/de\\\/?post_type=dai_event&p=65819\",\"url\":\"https:\\\/\\\/dai-heidelberg.de\\\/de\\\/?post_type=dai_event&p=65819\",\"name\":\"Veranstaltungen - Deutsch-Amerikanisches Institut. Haus der Kultur.\",\"isPartOf\":{\"@id\":\"https:\\\/\\\/dai-heidelberg.de\\\/de\\\/#website\"},\"primaryImageOfPage\":{\"@id\":\"https:\\\/\\\/dai-heidelberg.de\\\/de\\\/?post_type=dai_event&p=65819#primaryimage\"},\"image\":{\"@id\":\"https:\\\/\\\/dai-heidelberg.de\\\/de\\\/?post_type=dai_event&p=65819#primaryimage\"},\"thumbnailUrl\":\"https:\\\/\\\/dai-heidelberg.de\\\/de\\\/wp-content\\\/uploads\\\/sites\\\/2\\\/2024\\\/12\\\/250102-KW.jpg\",\"datePublished\":\"2024-12-04T14:33:29+00:00\",\"dateModified\":\"2025-04-04T13:31:39+00:00\",\"breadcrumb\":{\"@id\":\"https:\\\/\\\/dai-heidelberg.de\\\/de\\\/?post_type=dai_event&p=65819#breadcrumb\"},\"inLanguage\":\"de\",\"potentialAction\":[{\"@type\":\"ReadAction\",\"target\":[\"https:\\\/\\\/dai-heidelberg.de\\\/de\\\/?post_type=dai_event&p=65819\"]}]},{\"@type\":\"ImageObject\",\"inLanguage\":\"de\",\"@id\":\"https:\\\/\\\/dai-heidelberg.de\\\/de\\\/?post_type=dai_event&p=65819#primaryimage\",\"url\":\"https:\\\/\\\/dai-heidelberg.de\\\/de\\\/wp-content\\\/uploads\\\/sites\\\/2\\\/2024\\\/12\\\/250102-KW.jpg\",\"contentUrl\":\"https:\\\/\\\/dai-heidelberg.de\\\/de\\\/wp-content\\\/uploads\\\/sites\\\/2\\\/2024\\\/12\\\/250102-KW.jpg\",\"width\":820,\"height\":370,\"caption\":\"Foto: Geert Pieters \\\/ unsplash.com\"},{\"@type\":\"BreadcrumbList\",\"@id\":\"https:\\\/\\\/dai-heidelberg.de\\\/de\\\/?post_type=dai_event&p=65819#breadcrumb\",\"itemListElement\":[{\"@type\":\"ListItem\",\"position\":1,\"name\":\"Startseite\",\"item\":\"https:\\\/\\\/dai-heidelberg.de\\\/de\\\/\"},{\"@type\":\"ListItem\",\"position\":2,\"name\":\"Veranstaltungen\",\"item\":\"https:\\\/\\\/dai-heidelberg.de\\\/de\\\/veranstaltungen\\\/\"},{\"@type\":\"ListItem\",\"position\":3,\"name\":\"35. Heidelberger Klavierwoche\"}]},{\"@type\":\"WebSite\",\"@id\":\"https:\\\/\\\/dai-heidelberg.de\\\/de\\\/#website\",\"url\":\"https:\\\/\\\/dai-heidelberg.de\\\/de\\\/\",\"name\":\"DAI Deutsch\",\"description\":\"Deutsch-Amerikanisches Institut. Haus der Kultur.\",\"potentialAction\":[{\"@type\":\"SearchAction\",\"target\":{\"@type\":\"EntryPoint\",\"urlTemplate\":\"https:\\\/\\\/dai-heidelberg.de\\\/de\\\/?s={search_term_string}\"},\"query-input\":{\"@type\":\"PropertyValueSpecification\",\"valueRequired\":true,\"valueName\":\"search_term_string\"}}],\"inLanguage\":\"de\"}]}<\/script>\n<!-- \/ Yoast SEO plugin. -->","yoast_head_json":{"title":"Veranstaltungen - Deutsch-Amerikanisches Institut. Haus der Kultur.","robots":{"index":"index","follow":"follow","max-snippet":"max-snippet:-1","max-image-preview":"max-image-preview:large","max-video-preview":"max-video-preview:-1"},"canonical":"https:\/\/dai-heidelberg.de\/de\/?post_type=dai_event&p=65819","og_locale":"de_DE","og_type":"article","og_title":"Veranstaltungen - Deutsch-Amerikanisches Institut. Haus der Kultur.","og_description":"Henley Jun gab sein Deb\u00fct als Solist mit Orchester im Alter von 14 Jahren mit Mendelssohns Klavierkonzert Nr. 2 und&nbsp;&hellip;","og_url":"https:\/\/dai-heidelberg.de\/de\/?post_type=dai_event&p=65819","og_site_name":"DAI Deutsch","article_modified_time":"2025-04-04T13:31:39+00:00","og_image":[{"width":820,"height":370,"url":"https:\/\/dai-heidelberg.de\/de\/wp-content\/uploads\/sites\/2\/2024\/12\/250110_Ruishi-Zheng_C_TONG-Photography.jpg","type":"image\/jpeg"}],"twitter_misc":{"Gesch\u00e4tzte Lesezeit":"1\u00a0Minute"},"schema":{"@context":"https:\/\/schema.org","@graph":[{"@type":"WebPage","@id":"https:\/\/dai-heidelberg.de\/de\/?post_type=dai_event&p=65819","url":"https:\/\/dai-heidelberg.de\/de\/?post_type=dai_event&p=65819","name":"Veranstaltungen - Deutsch-Amerikanisches Institut. Haus der Kultur.","isPartOf":{"@id":"https:\/\/dai-heidelberg.de\/de\/#website"},"primaryImageOfPage":{"@id":"https:\/\/dai-heidelberg.de\/de\/?post_type=dai_event&p=65819#primaryimage"},"image":{"@id":"https:\/\/dai-heidelberg.de\/de\/?post_type=dai_event&p=65819#primaryimage"},"thumbnailUrl":"https:\/\/dai-heidelberg.de\/de\/wp-content\/uploads\/sites\/2\/2024\/12\/250102-KW.jpg","datePublished":"2024-12-04T14:33:29+00:00","dateModified":"2025-04-04T13:31:39+00:00","breadcrumb":{"@id":"https:\/\/dai-heidelberg.de\/de\/?post_type=dai_event&p=65819#breadcrumb"},"inLanguage":"de","potentialAction":[{"@type":"ReadAction","target":["https:\/\/dai-heidelberg.de\/de\/?post_type=dai_event&p=65819"]}]},{"@type":"ImageObject","inLanguage":"de","@id":"https:\/\/dai-heidelberg.de\/de\/?post_type=dai_event&p=65819#primaryimage","url":"https:\/\/dai-heidelberg.de\/de\/wp-content\/uploads\/sites\/2\/2024\/12\/250102-KW.jpg","contentUrl":"https:\/\/dai-heidelberg.de\/de\/wp-content\/uploads\/sites\/2\/2024\/12\/250102-KW.jpg","width":820,"height":370,"caption":"Foto: Geert Pieters \/ unsplash.com"},{"@type":"BreadcrumbList","@id":"https:\/\/dai-heidelberg.de\/de\/?post_type=dai_event&p=65819#breadcrumb","itemListElement":[{"@type":"ListItem","position":1,"name":"Startseite","item":"https:\/\/dai-heidelberg.de\/de\/"},{"@type":"ListItem","position":2,"name":"Veranstaltungen","item":"https:\/\/dai-heidelberg.de\/de\/veranstaltungen\/"},{"@type":"ListItem","position":3,"name":"35. Heidelberger Klavierwoche"}]},{"@type":"WebSite","@id":"https:\/\/dai-heidelberg.de\/de\/#website","url":"https:\/\/dai-heidelberg.de\/de\/","name":"DAI Deutsch","description":"Deutsch-Amerikanisches Institut. Haus der Kultur.","potentialAction":[{"@type":"SearchAction","target":{"@type":"EntryPoint","urlTemplate":"https:\/\/dai-heidelberg.de\/de\/?s={search_term_string}"},"query-input":{"@type":"PropertyValueSpecification","valueRequired":true,"valueName":"search_term_string"}}],"inLanguage":"de"}]}},"_links":{"self":[{"href":"https:\/\/dai-heidelberg.de\/de\/wp-json\/wp\/v2\/dai_event\/65819","targetHints":{"allow":["GET"]}}],"collection":[{"href":"https:\/\/dai-heidelberg.de\/de\/wp-json\/wp\/v2\/dai_event"}],"about":[{"href":"https:\/\/dai-heidelberg.de\/de\/wp-json\/wp\/v2\/types\/dai_event"}],"version-history":[{"count":1,"href":"https:\/\/dai-heidelberg.de\/de\/wp-json\/wp\/v2\/dai_event\/65819\/revisions"}],"predecessor-version":[{"id":65821,"href":"https:\/\/dai-heidelberg.de\/de\/wp-json\/wp\/v2\/dai_event\/65819\/revisions\/65821"}],"wp:featuredmedia":[{"embeddable":true,"href":"https:\/\/dai-heidelberg.de\/de\/wp-json\/wp\/v2\/media\/65778"}],"wp:attachment":[{"href":"https:\/\/dai-heidelberg.de\/de\/wp-json\/wp\/v2\/media?parent=65819"}],"wp:term":[{"taxonomy":"post_tag","embeddable":true,"href":"https:\/\/dai-heidelberg.de\/de\/wp-json\/wp\/v2\/tags?post=65819"},{"taxonomy":"dai_event_category","embeddable":true,"href":"https:\/\/dai-heidelberg.de\/de\/wp-json\/wp\/v2\/dai_event_category?post=65819"},{"taxonomy":"dai_event_type","embeddable":true,"href":"https:\/\/dai-heidelberg.de\/de\/wp-json\/wp\/v2\/dai_event_type?post=65819"},{"taxonomy":"dai_event_location","embeddable":true,"href":"https:\/\/dai-heidelberg.de\/de\/wp-json\/wp\/v2\/dai_event_location?post=65819"}],"curies":[{"name":"wp","href":"https:\/\/api.w.org\/{rel}","templated":true}]}}