{"id":65785,"date":"2024-12-04T14:46:34","date_gmt":"2024-12-04T13:46:34","guid":{"rendered":"https:\/\/dai-heidelberg.de\/de\/?post_type=dai_event&#038;p=65785"},"modified":"2025-04-04T15:10:27","modified_gmt":"2025-04-04T13:10:27","slug":"35-heidelberger-klavierwoche-3","status":"publish","type":"dai_event","link":"https:\/\/dai-heidelberg.de\/de\/veranstaltungen\/35-heidelberger-klavierwoche-3-65785\/","title":{"rendered":"35. Heidelberger Klavierwoche"},"content":{"rendered":"<p>Gorka Plada begann im Alter von f\u00fcnf Jahren als Autodidakt mit dem Klavierspiel. Mit 14 Jahren erhielt er ein Vollstipendium an der Yehudi Menuhin School. Derzeit studiert er an der Hochschule f\u00fcr Musik Hanns Eisler bei Eldar Nebolsin. Er nahm an mehreren Festivals teil und erhielt au\u00dferdem wichtige Ratschl\u00e4ge von K\u00fcnstler\u00adpers\u00f6nlichkeiten wie Andr\u00e1s Schiff, Claudio Martinez Mehner und Robert Levin. 2023 erhielt er in Berlin den Steinway-F\u00f6rderpreis. 2025 wird er im Heidelberger Fr\u00fchling Festivalcampus-Ensemble als Kurator und K\u00fcnstler mitwirken.<\/p>\n<p>Gorka Plada spielt u. a. ein St\u00fcck von Lili Boulanger. Sie erhielt ihren ersten Klavierunterricht bei Gabriel Faur\u00e9. Als erste Frau gewann sie 1913 den Prix de Rome f\u00fcr musikalische Komposition. Ihr letztes Werk, das Ensemble-St\u00fcck <em>Pie Jesu<\/em>, diktierte sie ihrer \u00e4lteren Schwester Nadia, der P\u00e4dagogin und Komponistin, noch auf ihrem Sterbebett. Die Bearbeitung f\u00fcr Klavier stammt von Gorka Plada pers\u00f6nlich.<\/p>\n<p><strong>Gorka Plada<\/strong> spielt Werke von Domenico Scarlatti, Isaac Alb\u00e9niz, Gabriel Faur\u00e9, Lili Boulanger, B\u00e9la Bart\u00f3k und Johannes Brahms.<\/p>\n","protected":false},"excerpt":{"rendered":"<p>Gorka Plada begann im Alter von f\u00fcnf Jahren als Autodidakt mit dem Klavierspiel. Mit 14 Jahren erhielt er ein Vollstipendium&nbsp;&hellip;<\/p>\n","protected":false},"featured_media":65778,"template":"","meta":{"footnotes":""},"tags":[],"dai_event_category":[6],"dai_event_type":[16],"dai_event_location":[],"class_list":["post-65785","dai_event","type-dai_event","status-publish","has-post-thumbnail","hentry","dai_event_category-kulturveranstaltungen","dai_event_type-konzert"],"better_featured_image":{"id":65778,"alt_text":"","caption":"Foto: Geert Pieters \/ unsplash.com","description":"","media_type":"image","media_details":{"width":820,"height":370,"file":"2024\/12\/250102-KW.jpg","filesize":67751,"sizes":{"medium":{"file":"250102-KW-300x135.jpg","width":300,"height":135,"mime-type":"image\/jpeg","filesize":9671,"source_url":"https:\/\/dai-heidelberg.de\/de\/wp-content\/uploads\/sites\/2\/2024\/12\/250102-KW-300x135.jpg"},"thumbnail":{"file":"250102-KW-150x150.jpg","width":150,"height":150,"mime-type":"image\/jpeg","filesize":6446,"source_url":"https:\/\/dai-heidelberg.de\/de\/wp-content\/uploads\/sites\/2\/2024\/12\/250102-KW-150x150.jpg"},"medium_large":{"file":"250102-KW-768x347.jpg","width":768,"height":347,"mime-type":"image\/jpeg","filesize":35396,"source_url":"https:\/\/dai-heidelberg.de\/de\/wp-content\/uploads\/sites\/2\/2024\/12\/250102-KW-768x347.jpg"},"dai-list":{"file":"250102-KW-140x140.jpg","width":140,"height":140,"mime-type":"image\/jpeg","filesize":5905,"source_url":"https:\/\/dai-heidelberg.de\/de\/wp-content\/uploads\/sites\/2\/2024\/12\/250102-KW-140x140.jpg"},"dai-selector":{"file":"250102-KW-240x170.jpg","width":240,"height":170,"mime-type":"image\/jpeg","filesize":10045,"source_url":"https:\/\/dai-heidelberg.de\/de\/wp-content\/uploads\/sites\/2\/2024\/12\/250102-KW-240x170.jpg"},"dai-hof":{"file":"250102-KW-240x192.jpg","width":240,"height":192,"mime-type":"image\/jpeg","filesize":10712,"source_url":"https:\/\/dai-heidelberg.de\/de\/wp-content\/uploads\/sites\/2\/2024\/12\/250102-KW-240x192.jpg"},"gform-image-choice-sm":{"file":"250102-KW-300x300.jpg","width":300,"height":300,"mime-type":"image\/jpeg","filesize":16315,"source_url":"https:\/\/dai-heidelberg.de\/de\/wp-content\/uploads\/sites\/2\/2024\/12\/250102-KW-300x300.jpg"},"gform-image-choice-md":{"file":"250102-KW-400x370.jpg","width":400,"height":370,"mime-type":"image\/jpeg","filesize":24410,"source_url":"https:\/\/dai-heidelberg.de\/de\/wp-content\/uploads\/sites\/2\/2024\/12\/250102-KW-400x370.jpg"},"gform-image-choice-lg":{"file":"250102-KW-600x370.jpg","width":600,"height":370,"mime-type":"image\/jpeg","filesize":33705,"source_url":"https:\/\/dai-heidelberg.de\/de\/wp-content\/uploads\/sites\/2\/2024\/12\/250102-KW-600x370.jpg"}},"image_meta":{"aperture":"0","credit":"","camera":"","caption":"","created_timestamp":"0","copyright":"","focal_length":"0","iso":"0","shutter_speed":"0","title":"","orientation":"0","keywords":[]}},"post":65777,"source_url":"https:\/\/dai-heidelberg.de\/de\/wp-content\/uploads\/sites\/2\/2024\/12\/250102-KW.jpg"},"post-meta-fields":{"dai_event_datetime":["2025-01-03 18:00"],"dai_event_featured":["0"],"dai_event_artist":["Gorka Plada"],"dai_event_subtext":["In Zusammenarbeit mit der Jahrhundertwende-Gesellschaft"],"dai_event_ticket_freeadmission":["0"],"dai_autotranslate_should_translate":["1"],"_dp_original":["65781"],"_edit_lock":["1743772097:10"],"_edit_last":["10"],"dai_event_ticket_link":["https:\/\/jahrhundertwende-gesellschaft.reservix.de\/events"],"dai_event_ticket_price_presale_standard":["23,20"],"dai_event_ticket_price_presale_reduced":["17,70"],"dai_event_ticket_price_presale_member":["17,70"],"_thumbnail_id":["65778"]},"yoast_head":"<!-- This site is optimized with the Yoast SEO plugin v28.3 - https:\/\/yoast.com\/product\/yoast-seo-wordpress\/ -->\n<title>Veranstaltungen - Deutsch-Amerikanisches Institut. Haus der Kultur.<\/title>\n<meta name=\"robots\" content=\"index, follow, max-snippet:-1, max-image-preview:large, max-video-preview:-1\" \/>\n<link rel=\"canonical\" href=\"https:\/\/dai-heidelberg.de\/de\/?post_type=dai_event&p=65785\" \/>\n<meta property=\"og:locale\" content=\"de_DE\" \/>\n<meta property=\"og:type\" content=\"article\" \/>\n<meta property=\"og:title\" content=\"Veranstaltungen - Deutsch-Amerikanisches Institut. Haus der Kultur.\" \/>\n<meta property=\"og:description\" content=\"Gorka Plada begann im Alter von f\u00fcnf Jahren als Autodidakt mit dem Klavierspiel. Mit 14 Jahren erhielt er ein Vollstipendium&nbsp;&hellip;\" \/>\n<meta property=\"og:url\" content=\"https:\/\/dai-heidelberg.de\/de\/?post_type=dai_event&amp;p=65785\" \/>\n<meta property=\"og:site_name\" content=\"DAI Deutsch\" \/>\n<meta property=\"article:modified_time\" content=\"2025-04-04T13:10:27+00:00\" \/>\n<meta property=\"og:image\" content=\"https:\/\/dai-heidelberg.de\/de\/wp-content\/uploads\/sites\/2\/2024\/12\/250102_Vincent-Neeb_c_schneiderphotography.jpg\" \/>\n\t<meta property=\"og:image:width\" content=\"820\" \/>\n\t<meta property=\"og:image:height\" content=\"370\" \/>\n\t<meta property=\"og:image:type\" content=\"image\/jpeg\" \/>\n<meta name=\"twitter:label1\" content=\"Gesch\u00e4tzte Lesezeit\" \/>\n\t<meta name=\"twitter:data1\" content=\"1\u00a0Minute\" \/>\n<script type=\"application\/ld+json\" class=\"yoast-schema-graph\">{\"@context\":\"https:\\\/\\\/schema.org\",\"@graph\":[{\"@type\":\"WebPage\",\"@id\":\"https:\\\/\\\/dai-heidelberg.de\\\/de\\\/?post_type=dai_event&p=65785\",\"url\":\"https:\\\/\\\/dai-heidelberg.de\\\/de\\\/?post_type=dai_event&p=65785\",\"name\":\"Veranstaltungen - Deutsch-Amerikanisches Institut. Haus der Kultur.\",\"isPartOf\":{\"@id\":\"https:\\\/\\\/dai-heidelberg.de\\\/de\\\/#website\"},\"primaryImageOfPage\":{\"@id\":\"https:\\\/\\\/dai-heidelberg.de\\\/de\\\/?post_type=dai_event&p=65785#primaryimage\"},\"image\":{\"@id\":\"https:\\\/\\\/dai-heidelberg.de\\\/de\\\/?post_type=dai_event&p=65785#primaryimage\"},\"thumbnailUrl\":\"https:\\\/\\\/dai-heidelberg.de\\\/de\\\/wp-content\\\/uploads\\\/sites\\\/2\\\/2024\\\/12\\\/250102-KW.jpg\",\"datePublished\":\"2024-12-04T13:46:34+00:00\",\"dateModified\":\"2025-04-04T13:10:27+00:00\",\"breadcrumb\":{\"@id\":\"https:\\\/\\\/dai-heidelberg.de\\\/de\\\/?post_type=dai_event&p=65785#breadcrumb\"},\"inLanguage\":\"de\",\"potentialAction\":[{\"@type\":\"ReadAction\",\"target\":[\"https:\\\/\\\/dai-heidelberg.de\\\/de\\\/?post_type=dai_event&p=65785\"]}]},{\"@type\":\"ImageObject\",\"inLanguage\":\"de\",\"@id\":\"https:\\\/\\\/dai-heidelberg.de\\\/de\\\/?post_type=dai_event&p=65785#primaryimage\",\"url\":\"https:\\\/\\\/dai-heidelberg.de\\\/de\\\/wp-content\\\/uploads\\\/sites\\\/2\\\/2024\\\/12\\\/250102-KW.jpg\",\"contentUrl\":\"https:\\\/\\\/dai-heidelberg.de\\\/de\\\/wp-content\\\/uploads\\\/sites\\\/2\\\/2024\\\/12\\\/250102-KW.jpg\",\"width\":820,\"height\":370,\"caption\":\"Foto: Geert Pieters \\\/ unsplash.com\"},{\"@type\":\"BreadcrumbList\",\"@id\":\"https:\\\/\\\/dai-heidelberg.de\\\/de\\\/?post_type=dai_event&p=65785#breadcrumb\",\"itemListElement\":[{\"@type\":\"ListItem\",\"position\":1,\"name\":\"Startseite\",\"item\":\"https:\\\/\\\/dai-heidelberg.de\\\/de\\\/\"},{\"@type\":\"ListItem\",\"position\":2,\"name\":\"Veranstaltungen\",\"item\":\"https:\\\/\\\/dai-heidelberg.de\\\/de\\\/veranstaltungen\\\/\"},{\"@type\":\"ListItem\",\"position\":3,\"name\":\"35. Heidelberger Klavierwoche\"}]},{\"@type\":\"WebSite\",\"@id\":\"https:\\\/\\\/dai-heidelberg.de\\\/de\\\/#website\",\"url\":\"https:\\\/\\\/dai-heidelberg.de\\\/de\\\/\",\"name\":\"DAI Deutsch\",\"description\":\"Deutsch-Amerikanisches Institut. Haus der Kultur.\",\"potentialAction\":[{\"@type\":\"SearchAction\",\"target\":{\"@type\":\"EntryPoint\",\"urlTemplate\":\"https:\\\/\\\/dai-heidelberg.de\\\/de\\\/?s={search_term_string}\"},\"query-input\":{\"@type\":\"PropertyValueSpecification\",\"valueRequired\":true,\"valueName\":\"search_term_string\"}}],\"inLanguage\":\"de\"}]}<\/script>\n<!-- \/ Yoast SEO plugin. -->","yoast_head_json":{"title":"Veranstaltungen - Deutsch-Amerikanisches Institut. Haus der Kultur.","robots":{"index":"index","follow":"follow","max-snippet":"max-snippet:-1","max-image-preview":"max-image-preview:large","max-video-preview":"max-video-preview:-1"},"canonical":"https:\/\/dai-heidelberg.de\/de\/?post_type=dai_event&p=65785","og_locale":"de_DE","og_type":"article","og_title":"Veranstaltungen - Deutsch-Amerikanisches Institut. Haus der Kultur.","og_description":"Gorka Plada begann im Alter von f\u00fcnf Jahren als Autodidakt mit dem Klavierspiel. Mit 14 Jahren erhielt er ein Vollstipendium&nbsp;&hellip;","og_url":"https:\/\/dai-heidelberg.de\/de\/?post_type=dai_event&p=65785","og_site_name":"DAI Deutsch","article_modified_time":"2025-04-04T13:10:27+00:00","og_image":[{"width":820,"height":370,"url":"https:\/\/dai-heidelberg.de\/de\/wp-content\/uploads\/sites\/2\/2024\/12\/250102_Vincent-Neeb_c_schneiderphotography.jpg","type":"image\/jpeg"}],"twitter_misc":{"Gesch\u00e4tzte Lesezeit":"1\u00a0Minute"},"schema":{"@context":"https:\/\/schema.org","@graph":[{"@type":"WebPage","@id":"https:\/\/dai-heidelberg.de\/de\/?post_type=dai_event&p=65785","url":"https:\/\/dai-heidelberg.de\/de\/?post_type=dai_event&p=65785","name":"Veranstaltungen - Deutsch-Amerikanisches Institut. Haus der Kultur.","isPartOf":{"@id":"https:\/\/dai-heidelberg.de\/de\/#website"},"primaryImageOfPage":{"@id":"https:\/\/dai-heidelberg.de\/de\/?post_type=dai_event&p=65785#primaryimage"},"image":{"@id":"https:\/\/dai-heidelberg.de\/de\/?post_type=dai_event&p=65785#primaryimage"},"thumbnailUrl":"https:\/\/dai-heidelberg.de\/de\/wp-content\/uploads\/sites\/2\/2024\/12\/250102-KW.jpg","datePublished":"2024-12-04T13:46:34+00:00","dateModified":"2025-04-04T13:10:27+00:00","breadcrumb":{"@id":"https:\/\/dai-heidelberg.de\/de\/?post_type=dai_event&p=65785#breadcrumb"},"inLanguage":"de","potentialAction":[{"@type":"ReadAction","target":["https:\/\/dai-heidelberg.de\/de\/?post_type=dai_event&p=65785"]}]},{"@type":"ImageObject","inLanguage":"de","@id":"https:\/\/dai-heidelberg.de\/de\/?post_type=dai_event&p=65785#primaryimage","url":"https:\/\/dai-heidelberg.de\/de\/wp-content\/uploads\/sites\/2\/2024\/12\/250102-KW.jpg","contentUrl":"https:\/\/dai-heidelberg.de\/de\/wp-content\/uploads\/sites\/2\/2024\/12\/250102-KW.jpg","width":820,"height":370,"caption":"Foto: Geert Pieters \/ unsplash.com"},{"@type":"BreadcrumbList","@id":"https:\/\/dai-heidelberg.de\/de\/?post_type=dai_event&p=65785#breadcrumb","itemListElement":[{"@type":"ListItem","position":1,"name":"Startseite","item":"https:\/\/dai-heidelberg.de\/de\/"},{"@type":"ListItem","position":2,"name":"Veranstaltungen","item":"https:\/\/dai-heidelberg.de\/de\/veranstaltungen\/"},{"@type":"ListItem","position":3,"name":"35. Heidelberger Klavierwoche"}]},{"@type":"WebSite","@id":"https:\/\/dai-heidelberg.de\/de\/#website","url":"https:\/\/dai-heidelberg.de\/de\/","name":"DAI Deutsch","description":"Deutsch-Amerikanisches Institut. Haus der Kultur.","potentialAction":[{"@type":"SearchAction","target":{"@type":"EntryPoint","urlTemplate":"https:\/\/dai-heidelberg.de\/de\/?s={search_term_string}"},"query-input":{"@type":"PropertyValueSpecification","valueRequired":true,"valueName":"search_term_string"}}],"inLanguage":"de"}]}},"_links":{"self":[{"href":"https:\/\/dai-heidelberg.de\/de\/wp-json\/wp\/v2\/dai_event\/65785","targetHints":{"allow":["GET"]}}],"collection":[{"href":"https:\/\/dai-heidelberg.de\/de\/wp-json\/wp\/v2\/dai_event"}],"about":[{"href":"https:\/\/dai-heidelberg.de\/de\/wp-json\/wp\/v2\/types\/dai_event"}],"version-history":[{"count":1,"href":"https:\/\/dai-heidelberg.de\/de\/wp-json\/wp\/v2\/dai_event\/65785\/revisions"}],"predecessor-version":[{"id":65787,"href":"https:\/\/dai-heidelberg.de\/de\/wp-json\/wp\/v2\/dai_event\/65785\/revisions\/65787"}],"wp:featuredmedia":[{"embeddable":true,"href":"https:\/\/dai-heidelberg.de\/de\/wp-json\/wp\/v2\/media\/65778"}],"wp:attachment":[{"href":"https:\/\/dai-heidelberg.de\/de\/wp-json\/wp\/v2\/media?parent=65785"}],"wp:term":[{"taxonomy":"post_tag","embeddable":true,"href":"https:\/\/dai-heidelberg.de\/de\/wp-json\/wp\/v2\/tags?post=65785"},{"taxonomy":"dai_event_category","embeddable":true,"href":"https:\/\/dai-heidelberg.de\/de\/wp-json\/wp\/v2\/dai_event_category?post=65785"},{"taxonomy":"dai_event_type","embeddable":true,"href":"https:\/\/dai-heidelberg.de\/de\/wp-json\/wp\/v2\/dai_event_type?post=65785"},{"taxonomy":"dai_event_location","embeddable":true,"href":"https:\/\/dai-heidelberg.de\/de\/wp-json\/wp\/v2\/dai_event_location?post=65785"}],"curies":[{"name":"wp","href":"https:\/\/api.w.org\/{rel}","templated":true}]}}