{"id":63645,"date":"2024-07-15T14:31:23","date_gmt":"2024-07-15T12:31:23","guid":{"rendered":"https:\/\/dai-heidelberg.de\/de\/?post_type=dai_event&#038;p=63645"},"modified":"2025-02-03T19:01:30","modified_gmt":"2025-02-03T18:01:30","slug":"general-ben-hodges-david-ranan","status":"publish","type":"dai_event","link":"https:\/\/dai-heidelberg.de\/de\/veranstaltungen\/general-ben-hodges-david-ranan-63645\/","title":{"rendered":"General Ben Hodges &#038; David Ranan"},"content":{"rendered":"<p>Der ehemalige US-Milit\u00e4rkommandeur Ben Hodges und David Ranan, Experte f\u00fcr interkulturelle Kommunikation, setzen ihre Debatte \u00fcber aktuelle globale Herausforderungen fort: In ihrem Gespr\u00e4ch diskutieren sie die derzeitige Lage des Nahost-Konflikts, geben Einblicke in den Krieg Russlands gegen die Ukraine und widmen sich m\u00f6glichen Konsequenzen der bevorstehenden amerikanischen Pr\u00e4sidentschaftswahl. Denn ein Sieg Donald Trumps sei nicht nur f\u00fcr die amerikanische Bev\u00f6lkerung, sondern auch f\u00fcr die Weltpolitik und die L\u00f6sung von globalen Konflikten bedenklich, so General Hodges. W\u00e4hrend er Sicherheitsfragen und Milit\u00e4rstrategien von einem pragmatischen Standpunkt beleuchtet, erweitert David Ranan den Diskurs um eine zivile Perspektive, die interkulturelle wie internationale Kommunikation in den Fokus r\u00fcckt.<\/p>\n<p><strong>General Ben Hodges<\/strong> studierte an der US-Milit\u00e4rakademie und durchlief in der US-Armee eine Karriere vom Leutnant bis zum Generalleutnant. Von 2014 bis 2017 war er Kommandeur der US-Streitkr\u00e4fte in Europa. Seitdem dient Hodges mehreren Einrichtungen als Berater f\u00fcr sicherheitspolitische Analysen.<\/p>\n<p><strong>Dr. David Ranan<\/strong> ist ein israelisch-britisch-deutscher Autor sowie Kultur- und Politikwissenschaftler. Er untersucht den Antisemitismus-Diskurs in Deutschland und dessen Politisierung wie auch Antisemitismus unter MuslimInnen.<\/p>\n<p><strong>Sprache:<\/strong> Englisch<\/p>\n","protected":false},"excerpt":{"rendered":"<p>Der ehemalige US-Milit\u00e4rkommandeur Ben Hodges und David Ranan, Experte f\u00fcr interkulturelle Kommunikation, setzen ihre Debatte \u00fcber aktuelle globale Herausforderungen fort:&nbsp;&hellip;<\/p>\n","protected":false},"featured_media":63314,"template":"","meta":{"footnotes":""},"tags":[],"dai_event_category":[6],"dai_event_type":[12],"dai_event_location":[],"class_list":["post-63645","dai_event","type-dai_event","status-publish","has-post-thumbnail","hentry","dai_event_category-kulturveranstaltungen","dai_event_type-im-dialog"],"better_featured_image":{"id":63314,"alt_text":"","caption":"Foto: Sarina Chamatova","description":"","media_type":"image","media_details":{"width":820,"height":370,"file":"2023\/12\/240312_-Hodges_Ranan_sc_18.jpg","filesize":123930,"sizes":{"medium":{"file":"240312_-Hodges_Ranan_sc_18-300x135.jpg","width":300,"height":135,"mime-type":"image\/jpeg","filesize":12206,"source_url":"https:\/\/dai-heidelberg.de\/de\/wp-content\/uploads\/sites\/2\/2023\/12\/240312_-Hodges_Ranan_sc_18-300x135.jpg"},"thumbnail":{"file":"240312_-Hodges_Ranan_sc_18-150x150.jpg","width":150,"height":150,"mime-type":"image\/jpeg","filesize":6317,"source_url":"https:\/\/dai-heidelberg.de\/de\/wp-content\/uploads\/sites\/2\/2023\/12\/240312_-Hodges_Ranan_sc_18-150x150.jpg"},"medium_large":{"file":"240312_-Hodges_Ranan_sc_18-768x347.jpg","width":768,"height":347,"mime-type":"image\/jpeg","filesize":58123,"source_url":"https:\/\/dai-heidelberg.de\/de\/wp-content\/uploads\/sites\/2\/2023\/12\/240312_-Hodges_Ranan_sc_18-768x347.jpg"},"dai-list":{"file":"240312_-Hodges_Ranan_sc_18-140x140.jpg","width":140,"height":140,"mime-type":"image\/jpeg","filesize":5811,"source_url":"https:\/\/dai-heidelberg.de\/de\/wp-content\/uploads\/sites\/2\/2023\/12\/240312_-Hodges_Ranan_sc_18-140x140.jpg"},"dai-selector":{"file":"240312_-Hodges_Ranan_sc_18-240x170.jpg","width":240,"height":170,"mime-type":"image\/jpeg","filesize":11076,"source_url":"https:\/\/dai-heidelberg.de\/de\/wp-content\/uploads\/sites\/2\/2023\/12\/240312_-Hodges_Ranan_sc_18-240x170.jpg"},"dai-hof":{"file":"240312_-Hodges_Ranan_sc_18-240x192.jpg","width":240,"height":192,"mime-type":"image\/jpeg","filesize":11823,"source_url":"https:\/\/dai-heidelberg.de\/de\/wp-content\/uploads\/sites\/2\/2023\/12\/240312_-Hodges_Ranan_sc_18-240x192.jpg"}},"image_meta":{"aperture":"0","credit":"","camera":"","caption":"","created_timestamp":"0","copyright":"","focal_length":"0","iso":"0","shutter_speed":"0","title":"","orientation":"0","keywords":[]}},"post":60394,"source_url":"https:\/\/dai-heidelberg.de\/de\/wp-content\/uploads\/sites\/2\/2023\/12\/240312_-Hodges_Ranan_sc_18.jpg"},"post-meta-fields":{"_edit_lock":["1738605643:10"],"_edit_last":["10"],"dai_event_datetime":["2024-09-25 20:00"],"dai_event_featured":["0"],"dai_event_artist":["\u201eDavid und Goliath\u201c in globalen Herausforderungen"],"dai_event_ticket_freeadmission":["0"],"dai_autotranslate_should_translate":["1"],"dai_event_ticket_link":["https:\/\/shop.reservix.de\/?id=36ae96de8dddc4df70dce3f39db2b886ff117b9261533f02fa35ea4a3191d65e3a64633f4652f2d1ba3a365eff82ca70&vID=2736&eventGrpID=477341"],"dai_event_ticket_price_presale_standard":["11,90"],"dai_event_ticket_price_presale_reduced":["9,90"],"dai_event_ticket_price_presale_member":["6,90"],"_thumbnail_id":["63314"]},"yoast_head":"<!-- This site is optimized with the Yoast SEO plugin v27.4 - https:\/\/yoast.com\/product\/yoast-seo-wordpress\/ -->\n<title>Veranstaltungen - Deutsch-Amerikanisches Institut. Haus der Kultur.<\/title>\n<meta name=\"robots\" content=\"index, follow, max-snippet:-1, max-image-preview:large, max-video-preview:-1\" \/>\n<link rel=\"canonical\" href=\"https:\/\/dai-heidelberg.de\/de\/?post_type=dai_event&p=63645\" \/>\n<meta property=\"og:locale\" content=\"de_DE\" \/>\n<meta property=\"og:type\" content=\"article\" \/>\n<meta property=\"og:title\" content=\"Veranstaltungen - Deutsch-Amerikanisches Institut. Haus der Kultur.\" \/>\n<meta property=\"og:description\" content=\"Der ehemalige US-Milit\u00e4rkommandeur Ben Hodges und David Ranan, Experte f\u00fcr interkulturelle Kommunikation, setzen ihre Debatte \u00fcber aktuelle globale Herausforderungen fort:&nbsp;&hellip;\" \/>\n<meta property=\"og:url\" content=\"https:\/\/dai-heidelberg.de\/de\/?post_type=dai_event&amp;p=63645\" \/>\n<meta property=\"og:site_name\" content=\"DAI Deutsch\" \/>\n<meta property=\"article:modified_time\" content=\"2025-02-03T18:01:30+00:00\" \/>\n<meta name=\"twitter:label1\" content=\"Gesch\u00e4tzte Lesezeit\" \/>\n\t<meta name=\"twitter:data1\" content=\"1\u00a0Minute\" \/>\n<script type=\"application\/ld+json\" class=\"yoast-schema-graph\">{\"@context\":\"https:\\\/\\\/schema.org\",\"@graph\":[{\"@type\":\"WebPage\",\"@id\":\"https:\\\/\\\/dai-heidelberg.de\\\/de\\\/?post_type=dai_event&p=63645\",\"url\":\"https:\\\/\\\/dai-heidelberg.de\\\/de\\\/?post_type=dai_event&p=63645\",\"name\":\"Veranstaltungen - Deutsch-Amerikanisches Institut. Haus der Kultur.\",\"isPartOf\":{\"@id\":\"https:\\\/\\\/dai-heidelberg.de\\\/de\\\/#website\"},\"primaryImageOfPage\":{\"@id\":\"https:\\\/\\\/dai-heidelberg.de\\\/de\\\/?post_type=dai_event&p=63645#primaryimage\"},\"image\":{\"@id\":\"https:\\\/\\\/dai-heidelberg.de\\\/de\\\/?post_type=dai_event&p=63645#primaryimage\"},\"thumbnailUrl\":\"https:\\\/\\\/dai-heidelberg.de\\\/de\\\/wp-content\\\/uploads\\\/sites\\\/2\\\/2023\\\/12\\\/240312_-Hodges_Ranan_sc_18.jpg\",\"datePublished\":\"2024-07-15T12:31:23+00:00\",\"dateModified\":\"2025-02-03T18:01:30+00:00\",\"breadcrumb\":{\"@id\":\"https:\\\/\\\/dai-heidelberg.de\\\/de\\\/?post_type=dai_event&p=63645#breadcrumb\"},\"inLanguage\":\"de\",\"potentialAction\":[{\"@type\":\"ReadAction\",\"target\":[\"https:\\\/\\\/dai-heidelberg.de\\\/de\\\/?post_type=dai_event&p=63645\"]}]},{\"@type\":\"ImageObject\",\"inLanguage\":\"de\",\"@id\":\"https:\\\/\\\/dai-heidelberg.de\\\/de\\\/?post_type=dai_event&p=63645#primaryimage\",\"url\":\"https:\\\/\\\/dai-heidelberg.de\\\/de\\\/wp-content\\\/uploads\\\/sites\\\/2\\\/2023\\\/12\\\/240312_-Hodges_Ranan_sc_18.jpg\",\"contentUrl\":\"https:\\\/\\\/dai-heidelberg.de\\\/de\\\/wp-content\\\/uploads\\\/sites\\\/2\\\/2023\\\/12\\\/240312_-Hodges_Ranan_sc_18.jpg\",\"width\":820,\"height\":370,\"caption\":\"Foto: Sarina Chamatova\"},{\"@type\":\"BreadcrumbList\",\"@id\":\"https:\\\/\\\/dai-heidelberg.de\\\/de\\\/?post_type=dai_event&p=63645#breadcrumb\",\"itemListElement\":[{\"@type\":\"ListItem\",\"position\":1,\"name\":\"Startseite\",\"item\":\"https:\\\/\\\/dai-heidelberg.de\\\/de\\\/\"},{\"@type\":\"ListItem\",\"position\":2,\"name\":\"Veranstaltungen\",\"item\":\"https:\\\/\\\/dai-heidelberg.de\\\/de\\\/veranstaltungen\\\/\"},{\"@type\":\"ListItem\",\"position\":3,\"name\":\"General Ben Hodges &#038; David Ranan\"}]},{\"@type\":\"WebSite\",\"@id\":\"https:\\\/\\\/dai-heidelberg.de\\\/de\\\/#website\",\"url\":\"https:\\\/\\\/dai-heidelberg.de\\\/de\\\/\",\"name\":\"DAI Deutsch\",\"description\":\"Deutsch-Amerikanisches Institut. Haus der Kultur.\",\"potentialAction\":[{\"@type\":\"SearchAction\",\"target\":{\"@type\":\"EntryPoint\",\"urlTemplate\":\"https:\\\/\\\/dai-heidelberg.de\\\/de\\\/?s={search_term_string}\"},\"query-input\":{\"@type\":\"PropertyValueSpecification\",\"valueRequired\":true,\"valueName\":\"search_term_string\"}}],\"inLanguage\":\"de\"}]}<\/script>\n<!-- \/ Yoast SEO plugin. -->","yoast_head_json":{"title":"Veranstaltungen - Deutsch-Amerikanisches Institut. Haus der Kultur.","robots":{"index":"index","follow":"follow","max-snippet":"max-snippet:-1","max-image-preview":"max-image-preview:large","max-video-preview":"max-video-preview:-1"},"canonical":"https:\/\/dai-heidelberg.de\/de\/?post_type=dai_event&p=63645","og_locale":"de_DE","og_type":"article","og_title":"Veranstaltungen - Deutsch-Amerikanisches Institut. Haus der Kultur.","og_description":"Der ehemalige US-Milit\u00e4rkommandeur Ben Hodges und David Ranan, Experte f\u00fcr interkulturelle Kommunikation, setzen ihre Debatte \u00fcber aktuelle globale Herausforderungen fort:&nbsp;&hellip;","og_url":"https:\/\/dai-heidelberg.de\/de\/?post_type=dai_event&p=63645","og_site_name":"DAI Deutsch","article_modified_time":"2025-02-03T18:01:30+00:00","twitter_misc":{"Gesch\u00e4tzte Lesezeit":"1\u00a0Minute"},"schema":{"@context":"https:\/\/schema.org","@graph":[{"@type":"WebPage","@id":"https:\/\/dai-heidelberg.de\/de\/?post_type=dai_event&p=63645","url":"https:\/\/dai-heidelberg.de\/de\/?post_type=dai_event&p=63645","name":"Veranstaltungen - Deutsch-Amerikanisches Institut. Haus der Kultur.","isPartOf":{"@id":"https:\/\/dai-heidelberg.de\/de\/#website"},"primaryImageOfPage":{"@id":"https:\/\/dai-heidelberg.de\/de\/?post_type=dai_event&p=63645#primaryimage"},"image":{"@id":"https:\/\/dai-heidelberg.de\/de\/?post_type=dai_event&p=63645#primaryimage"},"thumbnailUrl":"https:\/\/dai-heidelberg.de\/de\/wp-content\/uploads\/sites\/2\/2023\/12\/240312_-Hodges_Ranan_sc_18.jpg","datePublished":"2024-07-15T12:31:23+00:00","dateModified":"2025-02-03T18:01:30+00:00","breadcrumb":{"@id":"https:\/\/dai-heidelberg.de\/de\/?post_type=dai_event&p=63645#breadcrumb"},"inLanguage":"de","potentialAction":[{"@type":"ReadAction","target":["https:\/\/dai-heidelberg.de\/de\/?post_type=dai_event&p=63645"]}]},{"@type":"ImageObject","inLanguage":"de","@id":"https:\/\/dai-heidelberg.de\/de\/?post_type=dai_event&p=63645#primaryimage","url":"https:\/\/dai-heidelberg.de\/de\/wp-content\/uploads\/sites\/2\/2023\/12\/240312_-Hodges_Ranan_sc_18.jpg","contentUrl":"https:\/\/dai-heidelberg.de\/de\/wp-content\/uploads\/sites\/2\/2023\/12\/240312_-Hodges_Ranan_sc_18.jpg","width":820,"height":370,"caption":"Foto: Sarina Chamatova"},{"@type":"BreadcrumbList","@id":"https:\/\/dai-heidelberg.de\/de\/?post_type=dai_event&p=63645#breadcrumb","itemListElement":[{"@type":"ListItem","position":1,"name":"Startseite","item":"https:\/\/dai-heidelberg.de\/de\/"},{"@type":"ListItem","position":2,"name":"Veranstaltungen","item":"https:\/\/dai-heidelberg.de\/de\/veranstaltungen\/"},{"@type":"ListItem","position":3,"name":"General Ben Hodges &#038; David Ranan"}]},{"@type":"WebSite","@id":"https:\/\/dai-heidelberg.de\/de\/#website","url":"https:\/\/dai-heidelberg.de\/de\/","name":"DAI Deutsch","description":"Deutsch-Amerikanisches Institut. Haus der Kultur.","potentialAction":[{"@type":"SearchAction","target":{"@type":"EntryPoint","urlTemplate":"https:\/\/dai-heidelberg.de\/de\/?s={search_term_string}"},"query-input":{"@type":"PropertyValueSpecification","valueRequired":true,"valueName":"search_term_string"}}],"inLanguage":"de"}]}},"_links":{"self":[{"href":"https:\/\/dai-heidelberg.de\/de\/wp-json\/wp\/v2\/dai_event\/63645","targetHints":{"allow":["GET"]}}],"collection":[{"href":"https:\/\/dai-heidelberg.de\/de\/wp-json\/wp\/v2\/dai_event"}],"about":[{"href":"https:\/\/dai-heidelberg.de\/de\/wp-json\/wp\/v2\/types\/dai_event"}],"version-history":[{"count":2,"href":"https:\/\/dai-heidelberg.de\/de\/wp-json\/wp\/v2\/dai_event\/63645\/revisions"}],"predecessor-version":[{"id":67117,"href":"https:\/\/dai-heidelberg.de\/de\/wp-json\/wp\/v2\/dai_event\/63645\/revisions\/67117"}],"wp:featuredmedia":[{"embeddable":true,"href":"https:\/\/dai-heidelberg.de\/de\/wp-json\/wp\/v2\/media\/63314"}],"wp:attachment":[{"href":"https:\/\/dai-heidelberg.de\/de\/wp-json\/wp\/v2\/media?parent=63645"}],"wp:term":[{"taxonomy":"post_tag","embeddable":true,"href":"https:\/\/dai-heidelberg.de\/de\/wp-json\/wp\/v2\/tags?post=63645"},{"taxonomy":"dai_event_category","embeddable":true,"href":"https:\/\/dai-heidelberg.de\/de\/wp-json\/wp\/v2\/dai_event_category?post=63645"},{"taxonomy":"dai_event_type","embeddable":true,"href":"https:\/\/dai-heidelberg.de\/de\/wp-json\/wp\/v2\/dai_event_type?post=63645"},{"taxonomy":"dai_event_location","embeddable":true,"href":"https:\/\/dai-heidelberg.de\/de\/wp-json\/wp\/v2\/dai_event_location?post=63645"}],"curies":[{"name":"wp","href":"https:\/\/api.w.org\/{rel}","templated":true}]}}