{"id":61965,"date":"2024-03-13T20:41:52","date_gmt":"2024-03-13T19:41:52","guid":{"rendered":"https:\/\/dai-heidelberg.de\/de\/?post_type=dai_event&#038;p=61965"},"modified":"2024-09-04T20:34:59","modified_gmt":"2024-09-04T18:34:59","slug":"christoph-schoenberger","status":"publish","type":"dai_event","link":"https:\/\/dai-heidelberg.de\/de\/veranstaltungen\/christoph-schoenberger-61965\/","title":{"rendered":"Christoph Sch\u00f6nberger"},"content":{"rendered":"<p>Die aktuell angespannte politische Lage in Deutschland und der Anstieg populistischer Stimmen hat eine Debatte um den Status und den Schutz des Bundesverfassungsgerichts ausgel\u00f6st. Eine politische Instrumentalisierung des h\u00f6chsten Gerichts auf legalem Wege w\u00e4re durchaus m\u00f6glich \u2013 mit einer einfachen parlamentarischen Mehrheit lie\u00dfe sich das Bundesverfassungsgericht umstrukturieren oder gar aushebeln.<\/p>\n<p>Auch wenn dieses Szenario im Moment noch dystopisch scheint, wei\u00df Christoph Sch\u00f6nberger um die Bedrohungslage unseres h\u00f6chsten Gerichts als Pfeiler unseres demokratischen Systems. Seine Forschung zur Reichsb\u00fcrgerbewegung macht deutlich, dass die wachsende Szene von paradigmatischer Bedeutung f\u00fcr die gegenw\u00e4rtige Bedrohung der Demokratie ist. Er erkl\u00e4rt, welche Folgen sich dadurch f\u00fcr das Bundesverfassungsgericht ergeben und wie wir es gegen m\u00f6gliche Angriffe auf unsere Demokratie sch\u00fctzen k\u00f6nnen.<\/p>\n<p><strong>Christoph Sch\u00f6nberger<\/strong> ist Professor f\u00fcr Staatsrecht, Staatsphilosophie und Recht der Politik an der Universit\u00e4t zu K\u00f6ln und forscht zur deutschen Verfassungsgeschichte. Gemeinsam mit Sophie Sch\u00f6nberger ver\u00f6ffentlichte er das Buch <em>Die Reichsb\u00fcrger. Eine neue verfassungsfeindliche Bewegung zwischen Staatsverweigerung und Verschw\u00f6rungstheorie<\/em> (2020).<\/p>\n<p>In der Reihe <em>Schlagl\u00f6cher<\/em><\/p>\n","protected":false},"excerpt":{"rendered":"<p>Die aktuell angespannte politische Lage in Deutschland und der Anstieg populistischer Stimmen hat eine Debatte um den Status und den&nbsp;&hellip;<\/p>\n","protected":false},"featured_media":64928,"template":"","meta":{"footnotes":""},"tags":[],"dai_event_category":[6],"dai_event_type":[21],"dai_event_location":[],"class_list":["post-61965","dai_event","type-dai_event","status-publish","has-post-thumbnail","hentry","dai_event_category-kulturveranstaltungen","dai_event_type-vortrag"],"better_featured_image":{"id":64928,"alt_text":"","caption":"Foto: Sarina Chamatova","description":"","media_type":"image","media_details":{"width":820,"height":370,"file":"2024\/03\/240611_Schoenberger_sc_01.jpg","filesize":96491,"sizes":{"medium":{"file":"240611_Schoenberger_sc_01-300x135.jpg","width":300,"height":135,"mime-type":"image\/jpeg","filesize":11141,"source_url":"https:\/\/dai-heidelberg.de\/de\/wp-content\/uploads\/sites\/2\/2024\/03\/240611_Schoenberger_sc_01-300x135.jpg"},"thumbnail":{"file":"240611_Schoenberger_sc_01-150x150.jpg","width":150,"height":150,"mime-type":"image\/jpeg","filesize":6766,"source_url":"https:\/\/dai-heidelberg.de\/de\/wp-content\/uploads\/sites\/2\/2024\/03\/240611_Schoenberger_sc_01-150x150.jpg"},"medium_large":{"file":"240611_Schoenberger_sc_01-768x347.jpg","width":768,"height":347,"mime-type":"image\/jpeg","filesize":46875,"source_url":"https:\/\/dai-heidelberg.de\/de\/wp-content\/uploads\/sites\/2\/2024\/03\/240611_Schoenberger_sc_01-768x347.jpg"},"dai-list":{"file":"240611_Schoenberger_sc_01-140x140.jpg","width":140,"height":140,"mime-type":"image\/jpeg","filesize":6179,"source_url":"https:\/\/dai-heidelberg.de\/de\/wp-content\/uploads\/sites\/2\/2024\/03\/240611_Schoenberger_sc_01-140x140.jpg"},"dai-selector":{"file":"240611_Schoenberger_sc_01-240x170.jpg","width":240,"height":170,"mime-type":"image\/jpeg","filesize":10930,"source_url":"https:\/\/dai-heidelberg.de\/de\/wp-content\/uploads\/sites\/2\/2024\/03\/240611_Schoenberger_sc_01-240x170.jpg"},"dai-hof":{"file":"240611_Schoenberger_sc_01-240x192.jpg","width":240,"height":192,"mime-type":"image\/jpeg","filesize":11685,"source_url":"https:\/\/dai-heidelberg.de\/de\/wp-content\/uploads\/sites\/2\/2024\/03\/240611_Schoenberger_sc_01-240x192.jpg"}},"image_meta":{"aperture":"0","credit":"","camera":"","caption":"","created_timestamp":"0","copyright":"","focal_length":"0","iso":"0","shutter_speed":"0","title":"","orientation":"0","keywords":[]}},"post":61965,"source_url":"https:\/\/dai-heidelberg.de\/de\/wp-content\/uploads\/sites\/2\/2024\/03\/240611_Schoenberger_sc_01.jpg"},"post-meta-fields":{"_edit_lock":["1725474799:10"],"_edit_last":["10"],"dai_event_datetime":["2024-06-11 20:00"],"dai_event_featured":["0"],"dai_event_artist":["Verfassungsgerichte in der Krise der Demokratie"],"dai_event_ticket_freeadmission":["0"],"dai_event_ticket_price_presale_standard":["11,90"],"dai_event_ticket_price_presale_reduced":["9,90"],"dai_event_ticket_price_presale_member":["6,90"],"dai_autotranslate_should_translate":["1"],"dai_event_ticket_link":["https:\/\/shop.reservix.de\/?id=36ae96de8dddc4df70dce3f39db2b886ff117b9261533f02fa35ea4a3191d65e3a64633f4652f2d1ba3a365eff82ca70&vID=2736&eventGrpID=464796&eventID=2244861"],"_thumbnail_id":["64928"]},"yoast_head":"<!-- This site is optimized with the Yoast SEO plugin v27.4 - https:\/\/yoast.com\/product\/yoast-seo-wordpress\/ -->\n<title>Veranstaltungen - Deutsch-Amerikanisches Institut. Haus der Kultur.<\/title>\n<meta name=\"robots\" content=\"index, follow, max-snippet:-1, max-image-preview:large, max-video-preview:-1\" \/>\n<link rel=\"canonical\" href=\"https:\/\/dai-heidelberg.de\/de\/?post_type=dai_event&p=61965\" \/>\n<meta property=\"og:locale\" content=\"de_DE\" \/>\n<meta property=\"og:type\" content=\"article\" \/>\n<meta property=\"og:title\" content=\"Veranstaltungen - Deutsch-Amerikanisches Institut. Haus der Kultur.\" \/>\n<meta property=\"og:description\" content=\"Die aktuell angespannte politische Lage in Deutschland und der Anstieg populistischer Stimmen hat eine Debatte um den Status und den&nbsp;&hellip;\" \/>\n<meta property=\"og:url\" content=\"https:\/\/dai-heidelberg.de\/de\/?post_type=dai_event&amp;p=61965\" \/>\n<meta property=\"og:site_name\" content=\"DAI Deutsch\" \/>\n<meta property=\"article:modified_time\" content=\"2024-09-04T18:34:59+00:00\" \/>\n<meta name=\"twitter:label1\" content=\"Gesch\u00e4tzte Lesezeit\" \/>\n\t<meta name=\"twitter:data1\" content=\"1\u00a0Minute\" \/>\n<script type=\"application\/ld+json\" class=\"yoast-schema-graph\">{\"@context\":\"https:\\\/\\\/schema.org\",\"@graph\":[{\"@type\":\"WebPage\",\"@id\":\"https:\\\/\\\/dai-heidelberg.de\\\/de\\\/?post_type=dai_event&p=61965\",\"url\":\"https:\\\/\\\/dai-heidelberg.de\\\/de\\\/?post_type=dai_event&p=61965\",\"name\":\"Veranstaltungen - Deutsch-Amerikanisches Institut. Haus der Kultur.\",\"isPartOf\":{\"@id\":\"https:\\\/\\\/dai-heidelberg.de\\\/de\\\/#website\"},\"primaryImageOfPage\":{\"@id\":\"https:\\\/\\\/dai-heidelberg.de\\\/de\\\/?post_type=dai_event&p=61965#primaryimage\"},\"image\":{\"@id\":\"https:\\\/\\\/dai-heidelberg.de\\\/de\\\/?post_type=dai_event&p=61965#primaryimage\"},\"thumbnailUrl\":\"https:\\\/\\\/dai-heidelberg.de\\\/de\\\/wp-content\\\/uploads\\\/sites\\\/2\\\/2024\\\/03\\\/240611_Schoenberger_sc_01.jpg\",\"datePublished\":\"2024-03-13T19:41:52+00:00\",\"dateModified\":\"2024-09-04T18:34:59+00:00\",\"breadcrumb\":{\"@id\":\"https:\\\/\\\/dai-heidelberg.de\\\/de\\\/?post_type=dai_event&p=61965#breadcrumb\"},\"inLanguage\":\"de\",\"potentialAction\":[{\"@type\":\"ReadAction\",\"target\":[\"https:\\\/\\\/dai-heidelberg.de\\\/de\\\/?post_type=dai_event&p=61965\"]}]},{\"@type\":\"ImageObject\",\"inLanguage\":\"de\",\"@id\":\"https:\\\/\\\/dai-heidelberg.de\\\/de\\\/?post_type=dai_event&p=61965#primaryimage\",\"url\":\"https:\\\/\\\/dai-heidelberg.de\\\/de\\\/wp-content\\\/uploads\\\/sites\\\/2\\\/2024\\\/03\\\/240611_Schoenberger_sc_01.jpg\",\"contentUrl\":\"https:\\\/\\\/dai-heidelberg.de\\\/de\\\/wp-content\\\/uploads\\\/sites\\\/2\\\/2024\\\/03\\\/240611_Schoenberger_sc_01.jpg\",\"width\":820,\"height\":370,\"caption\":\"Foto: Sarina Chamatova\"},{\"@type\":\"BreadcrumbList\",\"@id\":\"https:\\\/\\\/dai-heidelberg.de\\\/de\\\/?post_type=dai_event&p=61965#breadcrumb\",\"itemListElement\":[{\"@type\":\"ListItem\",\"position\":1,\"name\":\"Startseite\",\"item\":\"https:\\\/\\\/dai-heidelberg.de\\\/de\\\/\"},{\"@type\":\"ListItem\",\"position\":2,\"name\":\"Veranstaltungen\",\"item\":\"https:\\\/\\\/dai-heidelberg.de\\\/de\\\/veranstaltungen\\\/\"},{\"@type\":\"ListItem\",\"position\":3,\"name\":\"Christoph Sch\u00f6nberger\"}]},{\"@type\":\"WebSite\",\"@id\":\"https:\\\/\\\/dai-heidelberg.de\\\/de\\\/#website\",\"url\":\"https:\\\/\\\/dai-heidelberg.de\\\/de\\\/\",\"name\":\"DAI Deutsch\",\"description\":\"Deutsch-Amerikanisches Institut. Haus der Kultur.\",\"potentialAction\":[{\"@type\":\"SearchAction\",\"target\":{\"@type\":\"EntryPoint\",\"urlTemplate\":\"https:\\\/\\\/dai-heidelberg.de\\\/de\\\/?s={search_term_string}\"},\"query-input\":{\"@type\":\"PropertyValueSpecification\",\"valueRequired\":true,\"valueName\":\"search_term_string\"}}],\"inLanguage\":\"de\"}]}<\/script>\n<!-- \/ Yoast SEO plugin. -->","yoast_head_json":{"title":"Veranstaltungen - Deutsch-Amerikanisches Institut. Haus der Kultur.","robots":{"index":"index","follow":"follow","max-snippet":"max-snippet:-1","max-image-preview":"max-image-preview:large","max-video-preview":"max-video-preview:-1"},"canonical":"https:\/\/dai-heidelberg.de\/de\/?post_type=dai_event&p=61965","og_locale":"de_DE","og_type":"article","og_title":"Veranstaltungen - Deutsch-Amerikanisches Institut. Haus der Kultur.","og_description":"Die aktuell angespannte politische Lage in Deutschland und der Anstieg populistischer Stimmen hat eine Debatte um den Status und den&nbsp;&hellip;","og_url":"https:\/\/dai-heidelberg.de\/de\/?post_type=dai_event&p=61965","og_site_name":"DAI Deutsch","article_modified_time":"2024-09-04T18:34:59+00:00","twitter_misc":{"Gesch\u00e4tzte Lesezeit":"1\u00a0Minute"},"schema":{"@context":"https:\/\/schema.org","@graph":[{"@type":"WebPage","@id":"https:\/\/dai-heidelberg.de\/de\/?post_type=dai_event&p=61965","url":"https:\/\/dai-heidelberg.de\/de\/?post_type=dai_event&p=61965","name":"Veranstaltungen - Deutsch-Amerikanisches Institut. Haus der Kultur.","isPartOf":{"@id":"https:\/\/dai-heidelberg.de\/de\/#website"},"primaryImageOfPage":{"@id":"https:\/\/dai-heidelberg.de\/de\/?post_type=dai_event&p=61965#primaryimage"},"image":{"@id":"https:\/\/dai-heidelberg.de\/de\/?post_type=dai_event&p=61965#primaryimage"},"thumbnailUrl":"https:\/\/dai-heidelberg.de\/de\/wp-content\/uploads\/sites\/2\/2024\/03\/240611_Schoenberger_sc_01.jpg","datePublished":"2024-03-13T19:41:52+00:00","dateModified":"2024-09-04T18:34:59+00:00","breadcrumb":{"@id":"https:\/\/dai-heidelberg.de\/de\/?post_type=dai_event&p=61965#breadcrumb"},"inLanguage":"de","potentialAction":[{"@type":"ReadAction","target":["https:\/\/dai-heidelberg.de\/de\/?post_type=dai_event&p=61965"]}]},{"@type":"ImageObject","inLanguage":"de","@id":"https:\/\/dai-heidelberg.de\/de\/?post_type=dai_event&p=61965#primaryimage","url":"https:\/\/dai-heidelberg.de\/de\/wp-content\/uploads\/sites\/2\/2024\/03\/240611_Schoenberger_sc_01.jpg","contentUrl":"https:\/\/dai-heidelberg.de\/de\/wp-content\/uploads\/sites\/2\/2024\/03\/240611_Schoenberger_sc_01.jpg","width":820,"height":370,"caption":"Foto: Sarina Chamatova"},{"@type":"BreadcrumbList","@id":"https:\/\/dai-heidelberg.de\/de\/?post_type=dai_event&p=61965#breadcrumb","itemListElement":[{"@type":"ListItem","position":1,"name":"Startseite","item":"https:\/\/dai-heidelberg.de\/de\/"},{"@type":"ListItem","position":2,"name":"Veranstaltungen","item":"https:\/\/dai-heidelberg.de\/de\/veranstaltungen\/"},{"@type":"ListItem","position":3,"name":"Christoph Sch\u00f6nberger"}]},{"@type":"WebSite","@id":"https:\/\/dai-heidelberg.de\/de\/#website","url":"https:\/\/dai-heidelberg.de\/de\/","name":"DAI Deutsch","description":"Deutsch-Amerikanisches Institut. Haus der Kultur.","potentialAction":[{"@type":"SearchAction","target":{"@type":"EntryPoint","urlTemplate":"https:\/\/dai-heidelberg.de\/de\/?s={search_term_string}"},"query-input":{"@type":"PropertyValueSpecification","valueRequired":true,"valueName":"search_term_string"}}],"inLanguage":"de"}]}},"_links":{"self":[{"href":"https:\/\/dai-heidelberg.de\/de\/wp-json\/wp\/v2\/dai_event\/61965","targetHints":{"allow":["GET"]}}],"collection":[{"href":"https:\/\/dai-heidelberg.de\/de\/wp-json\/wp\/v2\/dai_event"}],"about":[{"href":"https:\/\/dai-heidelberg.de\/de\/wp-json\/wp\/v2\/types\/dai_event"}],"version-history":[{"count":2,"href":"https:\/\/dai-heidelberg.de\/de\/wp-json\/wp\/v2\/dai_event\/61965\/revisions"}],"predecessor-version":[{"id":63353,"href":"https:\/\/dai-heidelberg.de\/de\/wp-json\/wp\/v2\/dai_event\/61965\/revisions\/63353"}],"wp:featuredmedia":[{"embeddable":true,"href":"https:\/\/dai-heidelberg.de\/de\/wp-json\/wp\/v2\/media\/64928"}],"wp:attachment":[{"href":"https:\/\/dai-heidelberg.de\/de\/wp-json\/wp\/v2\/media?parent=61965"}],"wp:term":[{"taxonomy":"post_tag","embeddable":true,"href":"https:\/\/dai-heidelberg.de\/de\/wp-json\/wp\/v2\/tags?post=61965"},{"taxonomy":"dai_event_category","embeddable":true,"href":"https:\/\/dai-heidelberg.de\/de\/wp-json\/wp\/v2\/dai_event_category?post=61965"},{"taxonomy":"dai_event_type","embeddable":true,"href":"https:\/\/dai-heidelberg.de\/de\/wp-json\/wp\/v2\/dai_event_type?post=61965"},{"taxonomy":"dai_event_location","embeddable":true,"href":"https:\/\/dai-heidelberg.de\/de\/wp-json\/wp\/v2\/dai_event_location?post=61965"}],"curies":[{"name":"wp","href":"https:\/\/api.w.org\/{rel}","templated":true}]}}