{"id":61711,"date":"2024-03-11T16:33:54","date_gmt":"2024-03-11T15:33:54","guid":{"rendered":"https:\/\/dai-heidelberg.de\/de\/?post_type=dai_event&#038;p=61711"},"modified":"2024-09-05T13:43:07","modified_gmt":"2024-09-05T11:43:07","slug":"ralph-dutli-3","status":"publish","type":"dai_event","link":"https:\/\/dai-heidelberg.de\/de\/veranstaltungen\/ralph-dutli-3-61711\/","title":{"rendered":"Ralph Dutli"},"content":{"rendered":"<p>Sie ist eine der bedeutendsten franz\u00f6sischen Lyrikerinnen und eine prominente weibliche Stimme der Weltpoesie, die f\u00fcr die W\u00fcrde der Frau warb und Gleichberechtigung mit den M\u00e4nnern forderte. Louise Lab\u00e9, 1524 in Lyon geboren, war Tochter eines Seilfabrikanten, Ehefrau eines Seilfabrikanten und unterhielt einen Salon, der als europ\u00e4ische Drehscheibe f\u00fcr das Gedankengut der italienischen Humanisten galt. Sie sprach mehrere Sprachen, spielte mehrere Musikinstrumente, \u00fcbte sich im Reiten und Fechten. Die leidenschaftlichen Liebessonette der \u201eSappho von Lyon\u201c, wie man sie nannte, wurden u. a. von Rainer Maria Rilke und Paul Zech \u00fcbertragen und begeisterten Unz\u00e4hlige.<\/p>\n<p>Zu ihrem 500. Geburtstag liest der \u00dcbersetzer und Schriftsteller <strong>Dr. Ralph Dutli<\/strong> Louise Lab\u00e9s Gedichte und die ihrer Zeitgenossen Cl\u00e9ment Marot und Pierre de Ronsard, auch in eigenen \u00dcbertragungen. Im Wechsel sind Vertonungen des in Auschwitz ermordeten Komponisten Viktor Ullmann und Maurice Ravels zu h\u00f6ren mit <strong>J. Marc Reichow<\/strong> am Klavier und <strong>Cl\u00e9mence Boullu<\/strong> (Sopran).<\/p>\n<p><em>In Kooperation mit dem <a href=\"https:\/\/www.deutsch-franzoesischer-kulturkreis.de\/\" target=\"_blank\" rel=\"noopener\">Deutsch-Franz\u00f6sischen Kulturkreis Heidelberg (dfk)<\/a> und dem <a href=\"https:\/\/klangforum-heidelberg.de\/\" target=\"_blank\" rel=\"noopener\">KlangForum Heidelberg<\/a><br \/>\n<img loading=\"lazy\" decoding=\"async\" class=\"alignleft wp-image-43312\" src=\"https:\/\/dai-heidelberg.de\/de\/wp-content\/uploads\/sites\/2\/2021\/05\/dfk-Logo-2019-jpg.jpg\" alt=\"\" width=\"100\" height=\"100\" srcset=\"https:\/\/dai-heidelberg.de\/de\/wp-content\/uploads\/sites\/2\/2021\/05\/dfk-Logo-2019-jpg.jpg 1181w, https:\/\/dai-heidelberg.de\/de\/wp-content\/uploads\/sites\/2\/2021\/05\/dfk-Logo-2019-jpg-300x300.jpg 300w, https:\/\/dai-heidelberg.de\/de\/wp-content\/uploads\/sites\/2\/2021\/05\/dfk-Logo-2019-jpg-1024x1024.jpg 1024w, https:\/\/dai-heidelberg.de\/de\/wp-content\/uploads\/sites\/2\/2021\/05\/dfk-Logo-2019-jpg-150x150.jpg 150w, https:\/\/dai-heidelberg.de\/de\/wp-content\/uploads\/sites\/2\/2021\/05\/dfk-Logo-2019-jpg-768x768.jpg 768w, https:\/\/dai-heidelberg.de\/de\/wp-content\/uploads\/sites\/2\/2021\/05\/dfk-Logo-2019-jpg-820x820.jpg 820w, https:\/\/dai-heidelberg.de\/de\/wp-content\/uploads\/sites\/2\/2021\/05\/dfk-Logo-2019-jpg-140x140.jpg 140w\" sizes=\"auto, (max-width: 100px) 100vw, 100px\" \/><br \/>\n<img loading=\"lazy\" decoding=\"async\" class=\"alignnone wp-image-61712\" src=\"https:\/\/dai-heidelberg.de\/de\/wp-content\/uploads\/sites\/2\/2024\/03\/KLANGFORUM-heidelberg_Signet_CMYK_rz.jpg\" alt=\"\" width=\"488\" height=\"100\" srcset=\"https:\/\/dai-heidelberg.de\/de\/wp-content\/uploads\/sites\/2\/2024\/03\/KLANGFORUM-heidelberg_Signet_CMYK_rz.jpg 727w, https:\/\/dai-heidelberg.de\/de\/wp-content\/uploads\/sites\/2\/2024\/03\/KLANGFORUM-heidelberg_Signet_CMYK_rz-300x61.jpg 300w\" sizes=\"auto, (max-width: 488px) 100vw, 488px\" \/><br \/>\n<\/em><\/p>\n","protected":false},"excerpt":{"rendered":"<p>Sie ist eine der bedeutendsten franz\u00f6sischen Lyrikerinnen und eine prominente weibliche Stimme der Weltpoesie, die f\u00fcr die W\u00fcrde der Frau&nbsp;&hellip;<\/p>\n","protected":false},"featured_media":19213,"template":"","meta":{"footnotes":""},"tags":[],"dai_event_category":[6],"dai_event_type":[229,17],"dai_event_location":[],"class_list":["post-61711","dai_event","type-dai_event","status-publish","has-post-thumbnail","hentry","dai_event_category-kulturveranstaltungen","dai_event_type-literarisches-zentrum-heidelberg","dai_event_type-literatur"],"better_featured_image":{"id":19213,"alt_text":"","caption":"Foto: Hentschel","description":"","media_type":"image","media_details":{"width":700,"height":312,"file":"2017\/07\/171118-Duttli_c_Hentschel.jpg","sizes":{"medium":{"file":"171118-Duttli_c_Hentschel-300x134.jpg","width":300,"height":134,"mime-type":"image\/jpeg","source_url":"https:\/\/dai-heidelberg.de\/de\/wp-content\/uploads\/sites\/2\/2017\/07\/171118-Duttli_c_Hentschel-300x134.jpg"},"thumbnail":{"file":"171118-Duttli_c_Hentschel-150x150.jpg","width":150,"height":150,"mime-type":"image\/jpeg","source_url":"https:\/\/dai-heidelberg.de\/de\/wp-content\/uploads\/sites\/2\/2017\/07\/171118-Duttli_c_Hentschel-150x150.jpg"},"dai-list":{"file":"171118-Duttli_c_Hentschel-140x140.jpg","width":140,"height":140,"mime-type":"image\/jpeg","source_url":"https:\/\/dai-heidelberg.de\/de\/wp-content\/uploads\/sites\/2\/2017\/07\/171118-Duttli_c_Hentschel-140x140.jpg"},"dai-selector":{"file":"171118-Duttli_c_Hentschel-240x170.jpg","width":240,"height":170,"mime-type":"image\/jpeg","source_url":"https:\/\/dai-heidelberg.de\/de\/wp-content\/uploads\/sites\/2\/2017\/07\/171118-Duttli_c_Hentschel-240x170.jpg"},"dai-hof":{"file":"171118-Duttli_c_Hentschel-240x192.jpg","width":240,"height":192,"mime-type":"image\/jpeg","source_url":"https:\/\/dai-heidelberg.de\/de\/wp-content\/uploads\/sites\/2\/2017\/07\/171118-Duttli_c_Hentschel-240x192.jpg"}},"image_meta":{"aperture":"0","credit":"","camera":"","caption":"","created_timestamp":"0","copyright":"","focal_length":"0","iso":"0","shutter_speed":"0","title":"","orientation":"0","keywords":[]}},"post":17046,"source_url":"https:\/\/dai-heidelberg.de\/de\/wp-content\/uploads\/sites\/2\/2017\/07\/171118-Duttli_c_Hentschel.jpg"},"post-meta-fields":{"_edit_lock":["1725536475:10"],"_edit_last":["10"],"dai_event_datetime":["2024-06-23 17:00"],"dai_event_featured":["0"],"dai_event_artist":["Louise Lab\u00e9, \u201edie Sappho von Lyon\u201c \u2013 zum 500. Geburtstag"],"dai_event_ticket_freeadmission":["0"],"dai_autotranslate_should_translate":["1"],"dai_event_ticket_link":["https:\/\/shop.reservix.de\/?id=36ae96de8dddc4df70dce3f39db2b886ff117b9261533f02fa35ea4a3191d65e3a64633f4652f2d1ba3a365eff82ca70&vID=2736&eventGrpID=464953&eventID=2245623"],"dai_event_ticket_price_presale_standard":["15,90"],"dai_event_ticket_price_presale_reduced":["12,90"],"dai_event_ticket_price_presale_member":["9,90"],"_thumbnail_id":["19213"]},"yoast_head":"<!-- This site is optimized with the Yoast SEO plugin v27.4 - https:\/\/yoast.com\/product\/yoast-seo-wordpress\/ -->\n<title>Veranstaltungen - Deutsch-Amerikanisches Institut. Haus der Kultur.<\/title>\n<meta name=\"robots\" content=\"index, follow, max-snippet:-1, max-image-preview:large, max-video-preview:-1\" \/>\n<link rel=\"canonical\" href=\"https:\/\/dai-heidelberg.de\/de\/?post_type=dai_event&p=61711\" \/>\n<meta property=\"og:locale\" content=\"de_DE\" \/>\n<meta property=\"og:type\" content=\"article\" \/>\n<meta property=\"og:title\" content=\"Veranstaltungen - Deutsch-Amerikanisches Institut. Haus der Kultur.\" \/>\n<meta property=\"og:description\" content=\"Sie ist eine der bedeutendsten franz\u00f6sischen Lyrikerinnen und eine prominente weibliche Stimme der Weltpoesie, die f\u00fcr die W\u00fcrde der Frau&nbsp;&hellip;\" \/>\n<meta property=\"og:url\" content=\"https:\/\/dai-heidelberg.de\/de\/?post_type=dai_event&amp;p=61711\" \/>\n<meta property=\"og:site_name\" content=\"DAI Deutsch\" \/>\n<meta property=\"article:modified_time\" content=\"2024-09-05T11:43:07+00:00\" \/>\n<meta property=\"og:image\" content=\"https:\/\/dai-heidelberg.de\/de\/wp-content\/uploads\/sites\/2\/2021\/05\/dfk-Logo-2019-jpg.jpg\" \/>\n<meta name=\"twitter:label1\" content=\"Gesch\u00e4tzte Lesezeit\" \/>\n\t<meta name=\"twitter:data1\" content=\"1\u00a0Minute\" \/>\n<script type=\"application\/ld+json\" class=\"yoast-schema-graph\">{\"@context\":\"https:\\\/\\\/schema.org\",\"@graph\":[{\"@type\":\"WebPage\",\"@id\":\"https:\\\/\\\/dai-heidelberg.de\\\/de\\\/?post_type=dai_event&p=61711\",\"url\":\"https:\\\/\\\/dai-heidelberg.de\\\/de\\\/?post_type=dai_event&p=61711\",\"name\":\"Veranstaltungen - Deutsch-Amerikanisches Institut. Haus der Kultur.\",\"isPartOf\":{\"@id\":\"https:\\\/\\\/dai-heidelberg.de\\\/de\\\/#website\"},\"primaryImageOfPage\":{\"@id\":\"https:\\\/\\\/dai-heidelberg.de\\\/de\\\/?post_type=dai_event&p=61711#primaryimage\"},\"image\":{\"@id\":\"https:\\\/\\\/dai-heidelberg.de\\\/de\\\/?post_type=dai_event&p=61711#primaryimage\"},\"thumbnailUrl\":\"https:\\\/\\\/dai-heidelberg.de\\\/de\\\/wp-content\\\/uploads\\\/sites\\\/2\\\/2017\\\/07\\\/171118-Duttli_c_Hentschel.jpg\",\"datePublished\":\"2024-03-11T15:33:54+00:00\",\"dateModified\":\"2024-09-05T11:43:07+00:00\",\"breadcrumb\":{\"@id\":\"https:\\\/\\\/dai-heidelberg.de\\\/de\\\/?post_type=dai_event&p=61711#breadcrumb\"},\"inLanguage\":\"de\",\"potentialAction\":[{\"@type\":\"ReadAction\",\"target\":[\"https:\\\/\\\/dai-heidelberg.de\\\/de\\\/?post_type=dai_event&p=61711\"]}]},{\"@type\":\"ImageObject\",\"inLanguage\":\"de\",\"@id\":\"https:\\\/\\\/dai-heidelberg.de\\\/de\\\/?post_type=dai_event&p=61711#primaryimage\",\"url\":\"https:\\\/\\\/dai-heidelberg.de\\\/de\\\/wp-content\\\/uploads\\\/sites\\\/2\\\/2017\\\/07\\\/171118-Duttli_c_Hentschel.jpg\",\"contentUrl\":\"https:\\\/\\\/dai-heidelberg.de\\\/de\\\/wp-content\\\/uploads\\\/sites\\\/2\\\/2017\\\/07\\\/171118-Duttli_c_Hentschel.jpg\",\"width\":700,\"height\":312,\"caption\":\"Foto: Hentschel\"},{\"@type\":\"BreadcrumbList\",\"@id\":\"https:\\\/\\\/dai-heidelberg.de\\\/de\\\/?post_type=dai_event&p=61711#breadcrumb\",\"itemListElement\":[{\"@type\":\"ListItem\",\"position\":1,\"name\":\"Startseite\",\"item\":\"https:\\\/\\\/dai-heidelberg.de\\\/de\\\/\"},{\"@type\":\"ListItem\",\"position\":2,\"name\":\"Veranstaltungen\",\"item\":\"https:\\\/\\\/dai-heidelberg.de\\\/de\\\/veranstaltungen\\\/\"},{\"@type\":\"ListItem\",\"position\":3,\"name\":\"Ralph Dutli\"}]},{\"@type\":\"WebSite\",\"@id\":\"https:\\\/\\\/dai-heidelberg.de\\\/de\\\/#website\",\"url\":\"https:\\\/\\\/dai-heidelberg.de\\\/de\\\/\",\"name\":\"DAI Deutsch\",\"description\":\"Deutsch-Amerikanisches Institut. Haus der Kultur.\",\"potentialAction\":[{\"@type\":\"SearchAction\",\"target\":{\"@type\":\"EntryPoint\",\"urlTemplate\":\"https:\\\/\\\/dai-heidelberg.de\\\/de\\\/?s={search_term_string}\"},\"query-input\":{\"@type\":\"PropertyValueSpecification\",\"valueRequired\":true,\"valueName\":\"search_term_string\"}}],\"inLanguage\":\"de\"}]}<\/script>\n<!-- \/ Yoast SEO plugin. -->","yoast_head_json":{"title":"Veranstaltungen - Deutsch-Amerikanisches Institut. Haus der Kultur.","robots":{"index":"index","follow":"follow","max-snippet":"max-snippet:-1","max-image-preview":"max-image-preview:large","max-video-preview":"max-video-preview:-1"},"canonical":"https:\/\/dai-heidelberg.de\/de\/?post_type=dai_event&p=61711","og_locale":"de_DE","og_type":"article","og_title":"Veranstaltungen - Deutsch-Amerikanisches Institut. Haus der Kultur.","og_description":"Sie ist eine der bedeutendsten franz\u00f6sischen Lyrikerinnen und eine prominente weibliche Stimme der Weltpoesie, die f\u00fcr die W\u00fcrde der Frau&nbsp;&hellip;","og_url":"https:\/\/dai-heidelberg.de\/de\/?post_type=dai_event&p=61711","og_site_name":"DAI Deutsch","article_modified_time":"2024-09-05T11:43:07+00:00","og_image":[{"url":"https:\/\/dai-heidelberg.de\/de\/wp-content\/uploads\/sites\/2\/2021\/05\/dfk-Logo-2019-jpg.jpg","type":"","width":"","height":""}],"twitter_misc":{"Gesch\u00e4tzte Lesezeit":"1\u00a0Minute"},"schema":{"@context":"https:\/\/schema.org","@graph":[{"@type":"WebPage","@id":"https:\/\/dai-heidelberg.de\/de\/?post_type=dai_event&p=61711","url":"https:\/\/dai-heidelberg.de\/de\/?post_type=dai_event&p=61711","name":"Veranstaltungen - Deutsch-Amerikanisches Institut. Haus der Kultur.","isPartOf":{"@id":"https:\/\/dai-heidelberg.de\/de\/#website"},"primaryImageOfPage":{"@id":"https:\/\/dai-heidelberg.de\/de\/?post_type=dai_event&p=61711#primaryimage"},"image":{"@id":"https:\/\/dai-heidelberg.de\/de\/?post_type=dai_event&p=61711#primaryimage"},"thumbnailUrl":"https:\/\/dai-heidelberg.de\/de\/wp-content\/uploads\/sites\/2\/2017\/07\/171118-Duttli_c_Hentschel.jpg","datePublished":"2024-03-11T15:33:54+00:00","dateModified":"2024-09-05T11:43:07+00:00","breadcrumb":{"@id":"https:\/\/dai-heidelberg.de\/de\/?post_type=dai_event&p=61711#breadcrumb"},"inLanguage":"de","potentialAction":[{"@type":"ReadAction","target":["https:\/\/dai-heidelberg.de\/de\/?post_type=dai_event&p=61711"]}]},{"@type":"ImageObject","inLanguage":"de","@id":"https:\/\/dai-heidelberg.de\/de\/?post_type=dai_event&p=61711#primaryimage","url":"https:\/\/dai-heidelberg.de\/de\/wp-content\/uploads\/sites\/2\/2017\/07\/171118-Duttli_c_Hentschel.jpg","contentUrl":"https:\/\/dai-heidelberg.de\/de\/wp-content\/uploads\/sites\/2\/2017\/07\/171118-Duttli_c_Hentschel.jpg","width":700,"height":312,"caption":"Foto: Hentschel"},{"@type":"BreadcrumbList","@id":"https:\/\/dai-heidelberg.de\/de\/?post_type=dai_event&p=61711#breadcrumb","itemListElement":[{"@type":"ListItem","position":1,"name":"Startseite","item":"https:\/\/dai-heidelberg.de\/de\/"},{"@type":"ListItem","position":2,"name":"Veranstaltungen","item":"https:\/\/dai-heidelberg.de\/de\/veranstaltungen\/"},{"@type":"ListItem","position":3,"name":"Ralph Dutli"}]},{"@type":"WebSite","@id":"https:\/\/dai-heidelberg.de\/de\/#website","url":"https:\/\/dai-heidelberg.de\/de\/","name":"DAI Deutsch","description":"Deutsch-Amerikanisches Institut. Haus der Kultur.","potentialAction":[{"@type":"SearchAction","target":{"@type":"EntryPoint","urlTemplate":"https:\/\/dai-heidelberg.de\/de\/?s={search_term_string}"},"query-input":{"@type":"PropertyValueSpecification","valueRequired":true,"valueName":"search_term_string"}}],"inLanguage":"de"}]}},"_links":{"self":[{"href":"https:\/\/dai-heidelberg.de\/de\/wp-json\/wp\/v2\/dai_event\/61711","targetHints":{"allow":["GET"]}}],"collection":[{"href":"https:\/\/dai-heidelberg.de\/de\/wp-json\/wp\/v2\/dai_event"}],"about":[{"href":"https:\/\/dai-heidelberg.de\/de\/wp-json\/wp\/v2\/types\/dai_event"}],"version-history":[{"count":2,"href":"https:\/\/dai-heidelberg.de\/de\/wp-json\/wp\/v2\/dai_event\/61711\/revisions"}],"predecessor-version":[{"id":64938,"href":"https:\/\/dai-heidelberg.de\/de\/wp-json\/wp\/v2\/dai_event\/61711\/revisions\/64938"}],"wp:featuredmedia":[{"embeddable":true,"href":"https:\/\/dai-heidelberg.de\/de\/wp-json\/wp\/v2\/media\/19213"}],"wp:attachment":[{"href":"https:\/\/dai-heidelberg.de\/de\/wp-json\/wp\/v2\/media?parent=61711"}],"wp:term":[{"taxonomy":"post_tag","embeddable":true,"href":"https:\/\/dai-heidelberg.de\/de\/wp-json\/wp\/v2\/tags?post=61711"},{"taxonomy":"dai_event_category","embeddable":true,"href":"https:\/\/dai-heidelberg.de\/de\/wp-json\/wp\/v2\/dai_event_category?post=61711"},{"taxonomy":"dai_event_type","embeddable":true,"href":"https:\/\/dai-heidelberg.de\/de\/wp-json\/wp\/v2\/dai_event_type?post=61711"},{"taxonomy":"dai_event_location","embeddable":true,"href":"https:\/\/dai-heidelberg.de\/de\/wp-json\/wp\/v2\/dai_event_location?post=61711"}],"curies":[{"name":"wp","href":"https:\/\/api.w.org\/{rel}","templated":true}]}}