{"id":5986,"date":"2011-07-20T11:58:19","date_gmt":"2011-07-20T09:58:19","guid":{"rendered":"http:\/\/dai-heidelberg.de\/de\/veranstaltungen\/arme-superkinder\/"},"modified":"2017-07-31T17:32:45","modified_gmt":"2017-07-31T15:32:45","slug":"arme-superkinder","status":"publish","type":"dai_event","link":"https:\/\/dai-heidelberg.de\/de\/veranstaltungen\/arme-superkinder-5986\/","title":{"rendered":"Arme Superkinder"},"content":{"rendered":"<p>Kinder werden rar. Und deswegen immer kostbarer &#8211; als Prestigeobjekt und Projektionsfl\u00e4che vieler Eltern, als Zielgruppe boomender F\u00f6rderinstitute, als knappe Ressource f\u00fcr die Wirtschaft von morgen. Unter dem heimlichen Einfluss der Wirtschaft und Stiftungen setzt die Bildungspolitik alles daran, unsere Kinder immer schneller und unter enormen Leistungsdruck durch Kindergarten und Schule zu schleusen. Eltern ziehen mit und melden schon die Allerkleinsten zu Privatkursen an &#8211; aus Angst, ausgerechnet ihr Nachwuchs k\u00f6nnte sp\u00e4ter den Anschluss verlieren.<\/p>\n<p>Und wenn die &#8222;Superkinder&#8220; schlie\u00dflich am F\u00f6rderwahn zu zerbrechen drohen, profitieren Therapeuten und Pharmaindustrie. Schonungslos analysiert Felicitas R\u00f6mer, wie die allseitigen Interessen am Kind den Familienalltag pr\u00e4gen und macht Eltern Mut, sich und ihre Familie nicht l\u00e4nger vereinnahmen zu lassen.<\/p>\n<p>Felicitas R\u00f6mer ist systemische Familienberaterin, freie Journalistin, Autorin, Familien-Coach und vierfache Mutter. Dr. Claus Koch ist Diplom-Psychologe und Verlagsleiter<br \/>\nbeim Beltz-Verlag.<\/p>\n<p><a href=\"http:\/\/www.reservix.de\/off\/login_check.php?id=c6ec16e8cf3cd5077514ebef590a1f763d4616b372ef8900411779bf6bedf213&#038;vID=2736&#038;eventGrpID=62009&#038;eventID=231747\">Karten online kaufen zzgl. VVK-Geb\u00fchr<\/a><\/p>\n<p>In Zusammenarbeit mit dem Beltz Verlag<\/p>\n","protected":false},"excerpt":{"rendered":"<p>Kinder werden rar. Und deswegen immer kostbarer &#8211; als Prestigeobjekt und Projektionsfl\u00e4che vieler Eltern, als Zielgruppe boomender F\u00f6rderinstitute, als knappe&nbsp;&hellip;<\/p>\n","protected":false},"featured_media":17574,"template":"","meta":{"footnotes":""},"tags":[],"dai_event_category":[6],"dai_event_type":[209,12],"dai_event_location":[],"class_list":["post-5986","dai_event","type-dai_event","status-publish","has-post-thumbnail","hentry","dai_event_category-kulturveranstaltungen","dai_event_type-geist-heidelberg","dai_event_type-im-dialog"],"better_featured_image":{"id":17574,"alt_text":"","caption":"","description":"","media_type":"image","media_details":{"width":700,"height":312,"file":"2011\/07\/111102_Roemer_Koch_DAI_cTinaScholz.jpg","sizes":{"medium":{"file":"111102_Roemer_Koch_DAI_cTinaScholz-300x134.jpg","width":300,"height":134,"mime-type":"image\/jpeg","source_url":"https:\/\/dai-heidelberg.de\/de\/wp-content\/uploads\/sites\/2\/2011\/07\/111102_Roemer_Koch_DAI_cTinaScholz-300x134.jpg"},"thumbnail":{"file":"111102_Roemer_Koch_DAI_cTinaScholz-150x150.jpg","width":150,"height":150,"mime-type":"image\/jpeg","source_url":"https:\/\/dai-heidelberg.de\/de\/wp-content\/uploads\/sites\/2\/2011\/07\/111102_Roemer_Koch_DAI_cTinaScholz-150x150.jpg"},"dai-list":{"file":"111102_Roemer_Koch_DAI_cTinaScholz-140x140.jpg","width":140,"height":140,"mime-type":"image\/jpeg","source_url":"https:\/\/dai-heidelberg.de\/de\/wp-content\/uploads\/sites\/2\/2011\/07\/111102_Roemer_Koch_DAI_cTinaScholz-140x140.jpg"},"dai-selector":{"file":"111102_Roemer_Koch_DAI_cTinaScholz-240x170.jpg","width":240,"height":170,"mime-type":"image\/jpeg","source_url":"https:\/\/dai-heidelberg.de\/de\/wp-content\/uploads\/sites\/2\/2011\/07\/111102_Roemer_Koch_DAI_cTinaScholz-240x170.jpg"},"dai-hof":{"file":"111102_Roemer_Koch_DAI_cTinaScholz-240x192.jpg","width":240,"height":192,"mime-type":"image\/jpeg","source_url":"https:\/\/dai-heidelberg.de\/de\/wp-content\/uploads\/sites\/2\/2011\/07\/111102_Roemer_Koch_DAI_cTinaScholz-240x192.jpg"}},"image_meta":{"aperture":"0","credit":"","camera":"","caption":"","created_timestamp":"0","copyright":"","focal_length":"0","iso":"0","shutter_speed":"0","title":"","orientation":"0","keywords":[]}},"post":5986,"source_url":"https:\/\/dai-heidelberg.de\/de\/wp-content\/uploads\/sites\/2\/2011\/07\/111102_Roemer_Koch_DAI_cTinaScholz.jpg"},"post-meta-fields":{"dai_event_datetime":["2011-11-02 20:00:00"],"dai_event_featured":["1"],"dai_event_artist":["Felicitas R\u00f6mer und Claus Koch"],"dai_event_ticket_price_boxoffice_standard":["12.00"],"dai_event_ticket_price_boxoffice_reduced":["10.00"],"dai_event_ticket_price_boxoffice_member":["8.00"],"_edit_lock":["1501515033:10"],"_edit_last":["10"],"dai_event_ticket_freeadmission":["0"],"_yoast_wpseo_content_score":["30"],"_yoast_wpseo_primary_dai_event_category":[""],"_yoast_wpseo_primary_dai_event_type":["12"],"_yoast_wpseo_primary_dai_event_location":[""],"_post_is_translated":["0"],"_trash_the_other_posts":["0"],"_thumbnail_id":["17574"]},"yoast_head":"<!-- This site is optimized with the Yoast SEO plugin v27.4 - https:\/\/yoast.com\/product\/yoast-seo-wordpress\/ -->\n<title>Veranstaltungen - Deutsch-Amerikanisches Institut. Haus der Kultur.<\/title>\n<meta name=\"robots\" content=\"index, follow, max-snippet:-1, max-image-preview:large, max-video-preview:-1\" \/>\n<link rel=\"canonical\" href=\"https:\/\/dai-heidelberg.de\/de\/veranstaltungen\/arme-superkinder-5986\/\" \/>\n<meta property=\"og:locale\" content=\"de_DE\" \/>\n<meta property=\"og:type\" content=\"article\" \/>\n<meta property=\"og:title\" content=\"Veranstaltungen - Deutsch-Amerikanisches Institut. Haus der Kultur.\" \/>\n<meta property=\"og:description\" content=\"Kinder werden rar. Und deswegen immer kostbarer &#8211; als Prestigeobjekt und Projektionsfl\u00e4che vieler Eltern, als Zielgruppe boomender F\u00f6rderinstitute, als knappe&nbsp;&hellip;\" \/>\n<meta property=\"og:url\" content=\"https:\/\/dai-heidelberg.de\/de\/veranstaltungen\/arme-superkinder-5986\/\" \/>\n<meta property=\"og:site_name\" content=\"DAI Deutsch\" \/>\n<meta property=\"article:modified_time\" content=\"2017-07-31T15:32:45+00:00\" \/>\n<meta property=\"og:image\" content=\"https:\/\/dai-heidelberg.de\/de\/wp-content\/uploads\/sites\/2\/2011\/07\/111102_Roemer_Koch_DAI_cTinaScholz.jpg\" \/>\n\t<meta property=\"og:image:width\" content=\"700\" \/>\n\t<meta property=\"og:image:height\" content=\"312\" \/>\n\t<meta property=\"og:image:type\" content=\"image\/jpeg\" \/>\n<meta name=\"twitter:label1\" content=\"Gesch\u00e4tzte Lesezeit\" \/>\n\t<meta name=\"twitter:data1\" content=\"1\u00a0Minute\" \/>\n<script type=\"application\/ld+json\" class=\"yoast-schema-graph\">{\"@context\":\"https:\\\/\\\/schema.org\",\"@graph\":[{\"@type\":\"WebPage\",\"@id\":\"https:\\\/\\\/dai-heidelberg.de\\\/de\\\/veranstaltungen\\\/arme-superkinder-5986\\\/\",\"url\":\"https:\\\/\\\/dai-heidelberg.de\\\/de\\\/veranstaltungen\\\/arme-superkinder-5986\\\/\",\"name\":\"Veranstaltungen - Deutsch-Amerikanisches Institut. Haus der Kultur.\",\"isPartOf\":{\"@id\":\"https:\\\/\\\/dai-heidelberg.de\\\/de\\\/#website\"},\"primaryImageOfPage\":{\"@id\":\"https:\\\/\\\/dai-heidelberg.de\\\/de\\\/veranstaltungen\\\/arme-superkinder-5986\\\/#primaryimage\"},\"image\":{\"@id\":\"https:\\\/\\\/dai-heidelberg.de\\\/de\\\/veranstaltungen\\\/arme-superkinder-5986\\\/#primaryimage\"},\"thumbnailUrl\":\"https:\\\/\\\/dai-heidelberg.de\\\/de\\\/wp-content\\\/uploads\\\/sites\\\/2\\\/2011\\\/07\\\/111102_Roemer_Koch_DAI_cTinaScholz.jpg\",\"datePublished\":\"2011-07-20T09:58:19+00:00\",\"dateModified\":\"2017-07-31T15:32:45+00:00\",\"breadcrumb\":{\"@id\":\"https:\\\/\\\/dai-heidelberg.de\\\/de\\\/veranstaltungen\\\/arme-superkinder-5986\\\/#breadcrumb\"},\"inLanguage\":\"de\",\"potentialAction\":[{\"@type\":\"ReadAction\",\"target\":[\"https:\\\/\\\/dai-heidelberg.de\\\/de\\\/veranstaltungen\\\/arme-superkinder-5986\\\/\"]}]},{\"@type\":\"ImageObject\",\"inLanguage\":\"de\",\"@id\":\"https:\\\/\\\/dai-heidelberg.de\\\/de\\\/veranstaltungen\\\/arme-superkinder-5986\\\/#primaryimage\",\"url\":\"https:\\\/\\\/dai-heidelberg.de\\\/de\\\/wp-content\\\/uploads\\\/sites\\\/2\\\/2011\\\/07\\\/111102_Roemer_Koch_DAI_cTinaScholz.jpg\",\"contentUrl\":\"https:\\\/\\\/dai-heidelberg.de\\\/de\\\/wp-content\\\/uploads\\\/sites\\\/2\\\/2011\\\/07\\\/111102_Roemer_Koch_DAI_cTinaScholz.jpg\",\"width\":700,\"height\":312},{\"@type\":\"BreadcrumbList\",\"@id\":\"https:\\\/\\\/dai-heidelberg.de\\\/de\\\/veranstaltungen\\\/arme-superkinder-5986\\\/#breadcrumb\",\"itemListElement\":[{\"@type\":\"ListItem\",\"position\":1,\"name\":\"Startseite\",\"item\":\"https:\\\/\\\/dai-heidelberg.de\\\/de\\\/\"},{\"@type\":\"ListItem\",\"position\":2,\"name\":\"Veranstaltungen\",\"item\":\"https:\\\/\\\/dai-heidelberg.de\\\/de\\\/veranstaltungen\\\/\"},{\"@type\":\"ListItem\",\"position\":3,\"name\":\"Arme Superkinder\"}]},{\"@type\":\"WebSite\",\"@id\":\"https:\\\/\\\/dai-heidelberg.de\\\/de\\\/#website\",\"url\":\"https:\\\/\\\/dai-heidelberg.de\\\/de\\\/\",\"name\":\"DAI Deutsch\",\"description\":\"Deutsch-Amerikanisches Institut. Haus der Kultur.\",\"potentialAction\":[{\"@type\":\"SearchAction\",\"target\":{\"@type\":\"EntryPoint\",\"urlTemplate\":\"https:\\\/\\\/dai-heidelberg.de\\\/de\\\/?s={search_term_string}\"},\"query-input\":{\"@type\":\"PropertyValueSpecification\",\"valueRequired\":true,\"valueName\":\"search_term_string\"}}],\"inLanguage\":\"de\"}]}<\/script>\n<!-- \/ Yoast SEO plugin. -->","yoast_head_json":{"title":"Veranstaltungen - Deutsch-Amerikanisches Institut. Haus der Kultur.","robots":{"index":"index","follow":"follow","max-snippet":"max-snippet:-1","max-image-preview":"max-image-preview:large","max-video-preview":"max-video-preview:-1"},"canonical":"https:\/\/dai-heidelberg.de\/de\/veranstaltungen\/arme-superkinder-5986\/","og_locale":"de_DE","og_type":"article","og_title":"Veranstaltungen - Deutsch-Amerikanisches Institut. Haus der Kultur.","og_description":"Kinder werden rar. Und deswegen immer kostbarer &#8211; als Prestigeobjekt und Projektionsfl\u00e4che vieler Eltern, als Zielgruppe boomender F\u00f6rderinstitute, als knappe&nbsp;&hellip;","og_url":"https:\/\/dai-heidelberg.de\/de\/veranstaltungen\/arme-superkinder-5986\/","og_site_name":"DAI Deutsch","article_modified_time":"2017-07-31T15:32:45+00:00","og_image":[{"width":700,"height":312,"url":"https:\/\/dai-heidelberg.de\/de\/wp-content\/uploads\/sites\/2\/2011\/07\/111102_Roemer_Koch_DAI_cTinaScholz.jpg","type":"image\/jpeg"}],"twitter_misc":{"Gesch\u00e4tzte Lesezeit":"1\u00a0Minute"},"schema":{"@context":"https:\/\/schema.org","@graph":[{"@type":"WebPage","@id":"https:\/\/dai-heidelberg.de\/de\/veranstaltungen\/arme-superkinder-5986\/","url":"https:\/\/dai-heidelberg.de\/de\/veranstaltungen\/arme-superkinder-5986\/","name":"Veranstaltungen - Deutsch-Amerikanisches Institut. Haus der Kultur.","isPartOf":{"@id":"https:\/\/dai-heidelberg.de\/de\/#website"},"primaryImageOfPage":{"@id":"https:\/\/dai-heidelberg.de\/de\/veranstaltungen\/arme-superkinder-5986\/#primaryimage"},"image":{"@id":"https:\/\/dai-heidelberg.de\/de\/veranstaltungen\/arme-superkinder-5986\/#primaryimage"},"thumbnailUrl":"https:\/\/dai-heidelberg.de\/de\/wp-content\/uploads\/sites\/2\/2011\/07\/111102_Roemer_Koch_DAI_cTinaScholz.jpg","datePublished":"2011-07-20T09:58:19+00:00","dateModified":"2017-07-31T15:32:45+00:00","breadcrumb":{"@id":"https:\/\/dai-heidelberg.de\/de\/veranstaltungen\/arme-superkinder-5986\/#breadcrumb"},"inLanguage":"de","potentialAction":[{"@type":"ReadAction","target":["https:\/\/dai-heidelberg.de\/de\/veranstaltungen\/arme-superkinder-5986\/"]}]},{"@type":"ImageObject","inLanguage":"de","@id":"https:\/\/dai-heidelberg.de\/de\/veranstaltungen\/arme-superkinder-5986\/#primaryimage","url":"https:\/\/dai-heidelberg.de\/de\/wp-content\/uploads\/sites\/2\/2011\/07\/111102_Roemer_Koch_DAI_cTinaScholz.jpg","contentUrl":"https:\/\/dai-heidelberg.de\/de\/wp-content\/uploads\/sites\/2\/2011\/07\/111102_Roemer_Koch_DAI_cTinaScholz.jpg","width":700,"height":312},{"@type":"BreadcrumbList","@id":"https:\/\/dai-heidelberg.de\/de\/veranstaltungen\/arme-superkinder-5986\/#breadcrumb","itemListElement":[{"@type":"ListItem","position":1,"name":"Startseite","item":"https:\/\/dai-heidelberg.de\/de\/"},{"@type":"ListItem","position":2,"name":"Veranstaltungen","item":"https:\/\/dai-heidelberg.de\/de\/veranstaltungen\/"},{"@type":"ListItem","position":3,"name":"Arme Superkinder"}]},{"@type":"WebSite","@id":"https:\/\/dai-heidelberg.de\/de\/#website","url":"https:\/\/dai-heidelberg.de\/de\/","name":"DAI Deutsch","description":"Deutsch-Amerikanisches Institut. Haus der Kultur.","potentialAction":[{"@type":"SearchAction","target":{"@type":"EntryPoint","urlTemplate":"https:\/\/dai-heidelberg.de\/de\/?s={search_term_string}"},"query-input":{"@type":"PropertyValueSpecification","valueRequired":true,"valueName":"search_term_string"}}],"inLanguage":"de"}]}},"_links":{"self":[{"href":"https:\/\/dai-heidelberg.de\/de\/wp-json\/wp\/v2\/dai_event\/5986","targetHints":{"allow":["GET"]}}],"collection":[{"href":"https:\/\/dai-heidelberg.de\/de\/wp-json\/wp\/v2\/dai_event"}],"about":[{"href":"https:\/\/dai-heidelberg.de\/de\/wp-json\/wp\/v2\/types\/dai_event"}],"version-history":[{"count":3,"href":"https:\/\/dai-heidelberg.de\/de\/wp-json\/wp\/v2\/dai_event\/5986\/revisions"}],"predecessor-version":[{"id":17575,"href":"https:\/\/dai-heidelberg.de\/de\/wp-json\/wp\/v2\/dai_event\/5986\/revisions\/17575"}],"wp:featuredmedia":[{"embeddable":true,"href":"https:\/\/dai-heidelberg.de\/de\/wp-json\/wp\/v2\/media\/17574"}],"wp:attachment":[{"href":"https:\/\/dai-heidelberg.de\/de\/wp-json\/wp\/v2\/media?parent=5986"}],"wp:term":[{"taxonomy":"post_tag","embeddable":true,"href":"https:\/\/dai-heidelberg.de\/de\/wp-json\/wp\/v2\/tags?post=5986"},{"taxonomy":"dai_event_category","embeddable":true,"href":"https:\/\/dai-heidelberg.de\/de\/wp-json\/wp\/v2\/dai_event_category?post=5986"},{"taxonomy":"dai_event_type","embeddable":true,"href":"https:\/\/dai-heidelberg.de\/de\/wp-json\/wp\/v2\/dai_event_type?post=5986"},{"taxonomy":"dai_event_location","embeddable":true,"href":"https:\/\/dai-heidelberg.de\/de\/wp-json\/wp\/v2\/dai_event_location?post=5986"}],"curies":[{"name":"wp","href":"https:\/\/api.w.org\/{rel}","templated":true}]}}