{"id":57038,"date":"2023-07-19T18:22:14","date_gmt":"2023-07-19T16:22:14","guid":{"rendered":"https:\/\/dai-heidelberg.de\/de\/?post_type=dai_event&#038;p=57038"},"modified":"2024-05-07T19:27:16","modified_gmt":"2024-05-07T17:27:16","slug":"insa-thiele-eich","status":"publish","type":"dai_event","link":"https:\/\/dai-heidelberg.de\/de\/veranstaltungen\/insa-thiele-eich-57038\/","title":{"rendered":"Insa Thiele-Eich"},"content":{"rendered":"<p>Wann hat es zum ersten Mal geregnet? Wie kann ich selbst das Wetter vorhersagen? Hat ein Sonnenstrahl den Maler Monet ber\u00fchmt gemacht? Und ist die Schwalbe eigentlich der bessere Wetterfrosch? Die Meteorologin Insa Thiele-Eich wei\u00df alles \u00fcber das Wetter und noch viel mehr. Sie nimmt uns mit auf eine unterhaltsame und zugleich lehrreiche Reise durch die Welt der Wolken, Winde und Wurmhotels \u2013 und zeigt, warum B\u00e4ume im Herbst nicht \u00fcberall die Farbe wechseln, weshalb wir bei Hitze aggressiv werden und was es mit alten Bauernregeln auf sich hat. Thiele-Eich vermittelt nicht nur witzig und originell die Grundlagen der Forschung, sondern auch skurrile Tatsachen: Damit werden Gespr\u00e4che \u00fcber das Wetter garantiert nie wieder langweilig.<\/p>\n<p>Die geb\u00fcrtige Heidelbergerin <strong>Dr. Insa Thiele-Eich<\/strong> koordiniert an der Universit\u00e4t Bonn die University Partnership for Atmospheric Sciences und forscht zu Klimawandel und Gesundheit. Gleichzeitig bereitet sie sich auf ihren ersten Flug ins Weltall vor. Seit 2022 moderiert sie mit Linda Zervakis den Podcast <em>Stardust<\/em>.<\/p>\n<p>Im Rahmen des <em>International Science Festival \u2013 Geist Heidelberg<\/em><\/p>\n","protected":false},"excerpt":{"rendered":"<p>Wann hat es zum ersten Mal geregnet? Wie kann ich selbst das Wetter vorhersagen? Hat ein Sonnenstrahl den Maler Monet&nbsp;&hellip;<\/p>\n","protected":false},"featured_media":63058,"template":"","meta":{"footnotes":""},"tags":[],"dai_event_category":[6],"dai_event_type":[209,21],"dai_event_location":[],"class_list":["post-57038","dai_event","type-dai_event","status-publish","has-post-thumbnail","hentry","dai_event_category-kulturveranstaltungen","dai_event_type-geist-heidelberg","dai_event_type-vortrag"],"better_featured_image":{"id":63058,"alt_text":"","caption":"Foto: Tobias Dittmer","description":"","media_type":"image","media_details":{"width":820,"height":370,"file":"2023\/07\/231208_Thiele-Eich_Tobias-Dittmer.jpg","filesize":81524,"sizes":{"medium":{"file":"231208_Thiele-Eich_Tobias-Dittmer-300x135.jpg","width":300,"height":135,"mime-type":"image\/jpeg","filesize":8679,"source_url":"https:\/\/dai-heidelberg.de\/de\/wp-content\/uploads\/sites\/2\/2023\/07\/231208_Thiele-Eich_Tobias-Dittmer-300x135.jpg"},"thumbnail":{"file":"231208_Thiele-Eich_Tobias-Dittmer-150x150.jpg","width":150,"height":150,"mime-type":"image\/jpeg","filesize":7107,"source_url":"https:\/\/dai-heidelberg.de\/de\/wp-content\/uploads\/sites\/2\/2023\/07\/231208_Thiele-Eich_Tobias-Dittmer-150x150.jpg"},"medium_large":{"file":"231208_Thiele-Eich_Tobias-Dittmer-768x347.jpg","width":768,"height":347,"mime-type":"image\/jpeg","filesize":39041,"source_url":"https:\/\/dai-heidelberg.de\/de\/wp-content\/uploads\/sites\/2\/2023\/07\/231208_Thiele-Eich_Tobias-Dittmer-768x347.jpg"},"dai-list":{"file":"231208_Thiele-Eich_Tobias-Dittmer-140x140.jpg","width":140,"height":140,"mime-type":"image\/jpeg","filesize":6479,"source_url":"https:\/\/dai-heidelberg.de\/de\/wp-content\/uploads\/sites\/2\/2023\/07\/231208_Thiele-Eich_Tobias-Dittmer-140x140.jpg"},"dai-selector":{"file":"231208_Thiele-Eich_Tobias-Dittmer-240x170.jpg","width":240,"height":170,"mime-type":"image\/jpeg","filesize":10736,"source_url":"https:\/\/dai-heidelberg.de\/de\/wp-content\/uploads\/sites\/2\/2023\/07\/231208_Thiele-Eich_Tobias-Dittmer-240x170.jpg"},"dai-hof":{"file":"231208_Thiele-Eich_Tobias-Dittmer-240x192.jpg","width":240,"height":192,"mime-type":"image\/jpeg","filesize":12105,"source_url":"https:\/\/dai-heidelberg.de\/de\/wp-content\/uploads\/sites\/2\/2023\/07\/231208_Thiele-Eich_Tobias-Dittmer-240x192.jpg"}},"image_meta":{"aperture":"0","credit":"","camera":"","caption":"","created_timestamp":"0","copyright":"","focal_length":"0","iso":"0","shutter_speed":"0","title":"","orientation":"0","keywords":[]}},"post":57038,"source_url":"https:\/\/dai-heidelberg.de\/de\/wp-content\/uploads\/sites\/2\/2023\/07\/231208_Thiele-Eich_Tobias-Dittmer.jpg"},"post-meta-fields":{"_edit_lock":["1715102769:10"],"_edit_last":["10"],"_yoast_wpseo_estimated-reading-time-minutes":["1"],"_yoast_wpseo_wordproof_timestamp":[""],"dai_event_datetime":["2023-12-08 20:00"],"dai_event_featured":["0"],"dai_event_artist":["Wolken, W\u00fcrmer, Weltgeschehen \u2013 Wetter ist einfach \u00fcberall"],"dai_event_ticket_freeadmission":["0"],"dai_event_ticket_price_presale_standard":["11,90"],"dai_event_ticket_price_presale_reduced":["9,90"],"dai_event_ticket_price_presale_member":["6,90"],"dai_autotranslate_should_translate":["1"],"_yoast_wpseo_content_score":["90"],"dai_event_ticket_link":["https:\/\/shop.reservix.de\/?id=36ae96de8dddc4df70dce3f39db2b886ff117b9261533f02fa35ea4a3191d65e3a64633f4652f2d1ba3a365eff82ca70&vID=2736&eventGrpID=443050"],"_thumbnail_id":["63058"]},"yoast_head":"<!-- This site is optimized with the Yoast SEO plugin v27.4 - https:\/\/yoast.com\/product\/yoast-seo-wordpress\/ -->\n<title>Veranstaltungen - Deutsch-Amerikanisches Institut. Haus der Kultur.<\/title>\n<meta name=\"robots\" content=\"index, follow, max-snippet:-1, max-image-preview:large, max-video-preview:-1\" \/>\n<link rel=\"canonical\" href=\"https:\/\/dai-heidelberg.de\/de\/?post_type=dai_event&p=57038\" \/>\n<meta property=\"og:locale\" content=\"de_DE\" \/>\n<meta property=\"og:type\" content=\"article\" \/>\n<meta property=\"og:title\" content=\"Veranstaltungen - Deutsch-Amerikanisches Institut. Haus der Kultur.\" \/>\n<meta property=\"og:description\" content=\"Wann hat es zum ersten Mal geregnet? Wie kann ich selbst das Wetter vorhersagen? Hat ein Sonnenstrahl den Maler Monet&nbsp;&hellip;\" \/>\n<meta property=\"og:url\" content=\"https:\/\/dai-heidelberg.de\/de\/?post_type=dai_event&amp;p=57038\" \/>\n<meta property=\"og:site_name\" content=\"DAI Deutsch\" \/>\n<meta property=\"article:modified_time\" content=\"2024-05-07T17:27:16+00:00\" \/>\n<meta name=\"twitter:label1\" content=\"Gesch\u00e4tzte Lesezeit\" \/>\n\t<meta name=\"twitter:data1\" content=\"1\u00a0Minute\" \/>\n<script type=\"application\/ld+json\" class=\"yoast-schema-graph\">{\"@context\":\"https:\\\/\\\/schema.org\",\"@graph\":[{\"@type\":\"WebPage\",\"@id\":\"https:\\\/\\\/dai-heidelberg.de\\\/de\\\/?post_type=dai_event&p=57038\",\"url\":\"https:\\\/\\\/dai-heidelberg.de\\\/de\\\/?post_type=dai_event&p=57038\",\"name\":\"Veranstaltungen - Deutsch-Amerikanisches Institut. Haus der Kultur.\",\"isPartOf\":{\"@id\":\"https:\\\/\\\/dai-heidelberg.de\\\/de\\\/#website\"},\"primaryImageOfPage\":{\"@id\":\"https:\\\/\\\/dai-heidelberg.de\\\/de\\\/?post_type=dai_event&p=57038#primaryimage\"},\"image\":{\"@id\":\"https:\\\/\\\/dai-heidelberg.de\\\/de\\\/?post_type=dai_event&p=57038#primaryimage\"},\"thumbnailUrl\":\"https:\\\/\\\/dai-heidelberg.de\\\/de\\\/wp-content\\\/uploads\\\/sites\\\/2\\\/2023\\\/07\\\/231208_Thiele-Eich_Tobias-Dittmer.jpg\",\"datePublished\":\"2023-07-19T16:22:14+00:00\",\"dateModified\":\"2024-05-07T17:27:16+00:00\",\"breadcrumb\":{\"@id\":\"https:\\\/\\\/dai-heidelberg.de\\\/de\\\/?post_type=dai_event&p=57038#breadcrumb\"},\"inLanguage\":\"de\",\"potentialAction\":[{\"@type\":\"ReadAction\",\"target\":[\"https:\\\/\\\/dai-heidelberg.de\\\/de\\\/?post_type=dai_event&p=57038\"]}]},{\"@type\":\"ImageObject\",\"inLanguage\":\"de\",\"@id\":\"https:\\\/\\\/dai-heidelberg.de\\\/de\\\/?post_type=dai_event&p=57038#primaryimage\",\"url\":\"https:\\\/\\\/dai-heidelberg.de\\\/de\\\/wp-content\\\/uploads\\\/sites\\\/2\\\/2023\\\/07\\\/231208_Thiele-Eich_Tobias-Dittmer.jpg\",\"contentUrl\":\"https:\\\/\\\/dai-heidelberg.de\\\/de\\\/wp-content\\\/uploads\\\/sites\\\/2\\\/2023\\\/07\\\/231208_Thiele-Eich_Tobias-Dittmer.jpg\",\"width\":820,\"height\":370,\"caption\":\"Foto: Tobias Dittmer\"},{\"@type\":\"BreadcrumbList\",\"@id\":\"https:\\\/\\\/dai-heidelberg.de\\\/de\\\/?post_type=dai_event&p=57038#breadcrumb\",\"itemListElement\":[{\"@type\":\"ListItem\",\"position\":1,\"name\":\"Startseite\",\"item\":\"https:\\\/\\\/dai-heidelberg.de\\\/de\\\/\"},{\"@type\":\"ListItem\",\"position\":2,\"name\":\"Veranstaltungen\",\"item\":\"https:\\\/\\\/dai-heidelberg.de\\\/de\\\/veranstaltungen\\\/\"},{\"@type\":\"ListItem\",\"position\":3,\"name\":\"Insa Thiele-Eich\"}]},{\"@type\":\"WebSite\",\"@id\":\"https:\\\/\\\/dai-heidelberg.de\\\/de\\\/#website\",\"url\":\"https:\\\/\\\/dai-heidelberg.de\\\/de\\\/\",\"name\":\"DAI Deutsch\",\"description\":\"Deutsch-Amerikanisches Institut. Haus der Kultur.\",\"potentialAction\":[{\"@type\":\"SearchAction\",\"target\":{\"@type\":\"EntryPoint\",\"urlTemplate\":\"https:\\\/\\\/dai-heidelberg.de\\\/de\\\/?s={search_term_string}\"},\"query-input\":{\"@type\":\"PropertyValueSpecification\",\"valueRequired\":true,\"valueName\":\"search_term_string\"}}],\"inLanguage\":\"de\"}]}<\/script>\n<!-- \/ Yoast SEO plugin. -->","yoast_head_json":{"title":"Veranstaltungen - Deutsch-Amerikanisches Institut. Haus der Kultur.","robots":{"index":"index","follow":"follow","max-snippet":"max-snippet:-1","max-image-preview":"max-image-preview:large","max-video-preview":"max-video-preview:-1"},"canonical":"https:\/\/dai-heidelberg.de\/de\/?post_type=dai_event&p=57038","og_locale":"de_DE","og_type":"article","og_title":"Veranstaltungen - Deutsch-Amerikanisches Institut. Haus der Kultur.","og_description":"Wann hat es zum ersten Mal geregnet? Wie kann ich selbst das Wetter vorhersagen? Hat ein Sonnenstrahl den Maler Monet&nbsp;&hellip;","og_url":"https:\/\/dai-heidelberg.de\/de\/?post_type=dai_event&p=57038","og_site_name":"DAI Deutsch","article_modified_time":"2024-05-07T17:27:16+00:00","twitter_misc":{"Gesch\u00e4tzte Lesezeit":"1\u00a0Minute"},"schema":{"@context":"https:\/\/schema.org","@graph":[{"@type":"WebPage","@id":"https:\/\/dai-heidelberg.de\/de\/?post_type=dai_event&p=57038","url":"https:\/\/dai-heidelberg.de\/de\/?post_type=dai_event&p=57038","name":"Veranstaltungen - Deutsch-Amerikanisches Institut. Haus der Kultur.","isPartOf":{"@id":"https:\/\/dai-heidelberg.de\/de\/#website"},"primaryImageOfPage":{"@id":"https:\/\/dai-heidelberg.de\/de\/?post_type=dai_event&p=57038#primaryimage"},"image":{"@id":"https:\/\/dai-heidelberg.de\/de\/?post_type=dai_event&p=57038#primaryimage"},"thumbnailUrl":"https:\/\/dai-heidelberg.de\/de\/wp-content\/uploads\/sites\/2\/2023\/07\/231208_Thiele-Eich_Tobias-Dittmer.jpg","datePublished":"2023-07-19T16:22:14+00:00","dateModified":"2024-05-07T17:27:16+00:00","breadcrumb":{"@id":"https:\/\/dai-heidelberg.de\/de\/?post_type=dai_event&p=57038#breadcrumb"},"inLanguage":"de","potentialAction":[{"@type":"ReadAction","target":["https:\/\/dai-heidelberg.de\/de\/?post_type=dai_event&p=57038"]}]},{"@type":"ImageObject","inLanguage":"de","@id":"https:\/\/dai-heidelberg.de\/de\/?post_type=dai_event&p=57038#primaryimage","url":"https:\/\/dai-heidelberg.de\/de\/wp-content\/uploads\/sites\/2\/2023\/07\/231208_Thiele-Eich_Tobias-Dittmer.jpg","contentUrl":"https:\/\/dai-heidelberg.de\/de\/wp-content\/uploads\/sites\/2\/2023\/07\/231208_Thiele-Eich_Tobias-Dittmer.jpg","width":820,"height":370,"caption":"Foto: Tobias Dittmer"},{"@type":"BreadcrumbList","@id":"https:\/\/dai-heidelberg.de\/de\/?post_type=dai_event&p=57038#breadcrumb","itemListElement":[{"@type":"ListItem","position":1,"name":"Startseite","item":"https:\/\/dai-heidelberg.de\/de\/"},{"@type":"ListItem","position":2,"name":"Veranstaltungen","item":"https:\/\/dai-heidelberg.de\/de\/veranstaltungen\/"},{"@type":"ListItem","position":3,"name":"Insa Thiele-Eich"}]},{"@type":"WebSite","@id":"https:\/\/dai-heidelberg.de\/de\/#website","url":"https:\/\/dai-heidelberg.de\/de\/","name":"DAI Deutsch","description":"Deutsch-Amerikanisches Institut. Haus der Kultur.","potentialAction":[{"@type":"SearchAction","target":{"@type":"EntryPoint","urlTemplate":"https:\/\/dai-heidelberg.de\/de\/?s={search_term_string}"},"query-input":{"@type":"PropertyValueSpecification","valueRequired":true,"valueName":"search_term_string"}}],"inLanguage":"de"}]}},"_links":{"self":[{"href":"https:\/\/dai-heidelberg.de\/de\/wp-json\/wp\/v2\/dai_event\/57038","targetHints":{"allow":["GET"]}}],"collection":[{"href":"https:\/\/dai-heidelberg.de\/de\/wp-json\/wp\/v2\/dai_event"}],"about":[{"href":"https:\/\/dai-heidelberg.de\/de\/wp-json\/wp\/v2\/types\/dai_event"}],"version-history":[{"count":3,"href":"https:\/\/dai-heidelberg.de\/de\/wp-json\/wp\/v2\/dai_event\/57038\/revisions"}],"predecessor-version":[{"id":57947,"href":"https:\/\/dai-heidelberg.de\/de\/wp-json\/wp\/v2\/dai_event\/57038\/revisions\/57947"}],"wp:featuredmedia":[{"embeddable":true,"href":"https:\/\/dai-heidelberg.de\/de\/wp-json\/wp\/v2\/media\/63058"}],"wp:attachment":[{"href":"https:\/\/dai-heidelberg.de\/de\/wp-json\/wp\/v2\/media?parent=57038"}],"wp:term":[{"taxonomy":"post_tag","embeddable":true,"href":"https:\/\/dai-heidelberg.de\/de\/wp-json\/wp\/v2\/tags?post=57038"},{"taxonomy":"dai_event_category","embeddable":true,"href":"https:\/\/dai-heidelberg.de\/de\/wp-json\/wp\/v2\/dai_event_category?post=57038"},{"taxonomy":"dai_event_type","embeddable":true,"href":"https:\/\/dai-heidelberg.de\/de\/wp-json\/wp\/v2\/dai_event_type?post=57038"},{"taxonomy":"dai_event_location","embeddable":true,"href":"https:\/\/dai-heidelberg.de\/de\/wp-json\/wp\/v2\/dai_event_location?post=57038"}],"curies":[{"name":"wp","href":"https:\/\/api.w.org\/{rel}","templated":true}]}}