{"id":48543,"date":"2022-03-07T20:22:20","date_gmt":"2022-03-07T19:22:20","guid":{"rendered":"https:\/\/dai-heidelberg.de\/de\/?post_type=dai_event&#038;p=48543"},"modified":"2022-06-21T18:31:45","modified_gmt":"2022-06-21T16:31:45","slug":"kein-frieden-ohne-feminismus","status":"publish","type":"dai_event","link":"https:\/\/dai-heidelberg.de\/de\/veranstaltungen\/kein-frieden-ohne-feminismus-48543\/","title":{"rendered":"Kein Frieden ohne Feminismus?"},"content":{"rendered":"<p>Immer noch dominieren alte, wei\u00dfe, westliche M\u00e4nner die Politik sowie Theorie und Praxis der internationalen Beziehungen. Dadurch werden die Bed\u00fcrfnisse von Frauen und Minderheiten permanent ignoriert. Die Welt ist voller Kriege, Krisen und Unrecht. Das Zentrum f\u00fcr Feministische Au\u00dfenpolitik will das \u00e4ndern und setzt statt Machtgebaren und Milit\u00e4r auf Mediation in Friedensverhandlungen, feministische Machtanalysen und Klimagerechtigkeit. Kann so das Gegeneinander der Nationen endlich abgel\u00f6st werden, damit alle in gr\u00f6\u00dferer Sicherheit und mit weniger Konflikten leben k\u00f6nnen?<\/p>\n<p>Kristina Lunz arbeitete f\u00fcr die UN in Myanmar, eine NGO in Kolumbien und ist Mitgr\u00fcnderin des Centre for Feminist Foreign Policy in Berlin. Sie ist Politikwissenschaftlerin, Aktivistin und Autorin von<em> Die Zukunft der Au\u00dfenpolitik ist feministisch<\/em> (2022).<\/p>\n<p><strong>Einf\u00fchrung<\/strong>: Stefanie Jansen, B\u00fcrgermeisterin f\u00fcr Soziales, Bildung, Familie und Chancengleichheit und Dr. Marie-Luise L\u00f6ffler, Gleichstellungsbeauftragte.<br \/>\nIn Kooperation mit dem Amt f\u00fcr Chancengleichheit.<\/p>\n<p><img loading=\"lazy\" decoding=\"async\" class=\"alignnone wp-image-49038 size-medium\" src=\"https:\/\/dai-heidelberg.de\/de\/wp-content\/uploads\/sites\/2\/2022\/03\/2016_Logo_Schwarz_Bildmarke_Schriftzug_Schutzraum-Kopie-300x103.png\" alt=\"\" width=\"300\" height=\"103\" srcset=\"https:\/\/dai-heidelberg.de\/de\/wp-content\/uploads\/sites\/2\/2022\/03\/2016_Logo_Schwarz_Bildmarke_Schriftzug_Schutzraum-Kopie-300x103.png 300w, https:\/\/dai-heidelberg.de\/de\/wp-content\/uploads\/sites\/2\/2022\/03\/2016_Logo_Schwarz_Bildmarke_Schriftzug_Schutzraum-Kopie.png 731w\" sizes=\"auto, (max-width: 300px) 100vw, 300px\" \/><\/p>\n<p><b>Die Veranstaltung findet im DAI Heidelberg und parallel im dai HOME Livestream statt.<br \/>\n<\/b>Mit unseren\u00a0<a href=\"https:\/\/bit.ly\/DAIshop\"><b>Digitalabos<\/b><\/a><b>\u00a0haben Sie jederzeit unbegrenzten Zugriff auf das\u00a0<\/b><a href=\"http:\/\/bit.ly\/daiHOME\"><b>neue dai HOME<\/b><\/a><b>\u00a0mit allen Livestreams und Aufzeichnungen\u00a0<\/b>vergangener Veranstaltungen.<br \/>\n<b>Mitglieder des\u00a0<\/b><a href=\"https:\/\/bit.ly\/DAI_Mitgliedschaft\"><b>DAI Freundeskreises<\/b><\/a>\u00a0genie\u00dfen das dai HOME kostenfrei. Bitte senden Sie uns eine Mail an\u00a0<a href=\"m&#97;&#105;&#x6c;&#x74;&#x6f;:i&#110;&#102;&#x6f;&#x40;&#x64;a&#105;&#45;&#104;&#x65;&#x69;&#x64;e&#108;&#98;&#x65;&#x72;&#x67;&#46;d&#101;\">i&#110;&#x66;&#x6f;&#64;&#100;&#97;&#x69;&#x2d;h&#101;&#105;&#x64;&#x65;l&#98;&#x65;&#x72;&#x67;&#46;&#100;&#x65;<\/a>, falls Sie bisher noch keine Information zum dai HOME erhalten haben.<\/p>\n","protected":false},"excerpt":{"rendered":"<p>Immer noch dominieren alte, wei\u00dfe, westliche M\u00e4nner die Politik sowie Theorie und Praxis der internationalen Beziehungen. Dadurch werden die Bed\u00fcrfnisse&nbsp;&hellip;<\/p>\n","protected":false},"featured_media":0,"template":"","meta":{"footnotes":""},"tags":[],"dai_event_category":[6],"dai_event_type":[21],"dai_event_location":[],"class_list":["post-48543","dai_event","type-dai_event","status-publish","hentry","dai_event_category-kulturveranstaltungen","dai_event_type-vortrag"],"better_featured_image":null,"post-meta-fields":{"_edit_lock":["1655828989:10"],"_edit_last":["10"],"_yoast_wpseo_content_score":["90"],"_yoast_wpseo_estimated-reading-time-minutes":[""],"dai_event_datetime":["2022-04-05 20:00"],"dai_event_featured":["0"],"dai_event_artist":["Wie globale Krisen gel\u00f6st werden m\u00fcssen"],"dai_event_subtext":["Kristina Lunz"],"dai_event_ticket_freeadmission":["0"],"dai_autotranslate_should_translate":["1"],"dai_event_ticket_link":["https:\/\/shop.reservix.de\/?id=36ae96de8dddc4df70dce3f39db2b886ff117b9261533f02fa35ea4a3191d65e3a64633f4652f2d1ba3a365eff82ca70&vID=2736&eventGrpID=398751"],"dai_event_ticket_price_presale_standard":["9,90"],"dai_event_ticket_price_presale_reduced":["5,90"],"dai_event_ticket_price_presale_member":["4,90"],"dai_event_notice":["Hybridveranstaltung"],"dai_event_content_notice":["Hybridveranstaltung"]},"yoast_head":"<!-- This site is optimized with the Yoast SEO plugin v27.4 - https:\/\/yoast.com\/product\/yoast-seo-wordpress\/ -->\n<title>Veranstaltungen - Deutsch-Amerikanisches Institut. Haus der Kultur.<\/title>\n<meta name=\"robots\" content=\"index, follow, max-snippet:-1, max-image-preview:large, max-video-preview:-1\" \/>\n<link rel=\"canonical\" href=\"https:\/\/dai-heidelberg.de\/de\/?post_type=dai_event&p=48543\" \/>\n<meta property=\"og:locale\" content=\"de_DE\" \/>\n<meta property=\"og:type\" content=\"article\" \/>\n<meta property=\"og:title\" content=\"Veranstaltungen - Deutsch-Amerikanisches Institut. Haus der Kultur.\" \/>\n<meta property=\"og:description\" content=\"Immer noch dominieren alte, wei\u00dfe, westliche M\u00e4nner die Politik sowie Theorie und Praxis der internationalen Beziehungen. Dadurch werden die Bed\u00fcrfnisse&nbsp;&hellip;\" \/>\n<meta property=\"og:url\" content=\"https:\/\/dai-heidelberg.de\/de\/?post_type=dai_event&amp;p=48543\" \/>\n<meta property=\"og:site_name\" content=\"DAI Deutsch\" \/>\n<meta property=\"article:modified_time\" content=\"2022-06-21T16:31:45+00:00\" \/>\n<meta name=\"twitter:label1\" content=\"Gesch\u00e4tzte Lesezeit\" \/>\n\t<meta name=\"twitter:data1\" content=\"1\u00a0Minute\" \/>\n<script type=\"application\/ld+json\" class=\"yoast-schema-graph\">{\"@context\":\"https:\\\/\\\/schema.org\",\"@graph\":[{\"@type\":\"WebPage\",\"@id\":\"https:\\\/\\\/dai-heidelberg.de\\\/de\\\/?post_type=dai_event&p=48543\",\"url\":\"https:\\\/\\\/dai-heidelberg.de\\\/de\\\/?post_type=dai_event&p=48543\",\"name\":\"Veranstaltungen - Deutsch-Amerikanisches Institut. Haus der Kultur.\",\"isPartOf\":{\"@id\":\"https:\\\/\\\/dai-heidelberg.de\\\/de\\\/#website\"},\"primaryImageOfPage\":{\"@id\":\"https:\\\/\\\/dai-heidelberg.de\\\/de\\\/?post_type=dai_event&p=48543#primaryimage\"},\"image\":{\"@id\":\"https:\\\/\\\/dai-heidelberg.de\\\/de\\\/?post_type=dai_event&p=48543#primaryimage\"},\"thumbnailUrl\":\"https:\\\/\\\/dai-heidelberg.de\\\/de\\\/wp-content\\\/uploads\\\/sites\\\/2\\\/2022\\\/03\\\/2016_Logo_Schwarz_Bildmarke_Schriftzug_Schutzraum-Kopie-300x103.png\",\"datePublished\":\"2022-03-07T19:22:20+00:00\",\"dateModified\":\"2022-06-21T16:31:45+00:00\",\"breadcrumb\":{\"@id\":\"https:\\\/\\\/dai-heidelberg.de\\\/de\\\/?post_type=dai_event&p=48543#breadcrumb\"},\"inLanguage\":\"de\",\"potentialAction\":[{\"@type\":\"ReadAction\",\"target\":[\"https:\\\/\\\/dai-heidelberg.de\\\/de\\\/?post_type=dai_event&p=48543\"]}]},{\"@type\":\"ImageObject\",\"inLanguage\":\"de\",\"@id\":\"https:\\\/\\\/dai-heidelberg.de\\\/de\\\/?post_type=dai_event&p=48543#primaryimage\",\"url\":\"https:\\\/\\\/dai-heidelberg.de\\\/de\\\/wp-content\\\/uploads\\\/sites\\\/2\\\/2022\\\/03\\\/2016_Logo_Schwarz_Bildmarke_Schriftzug_Schutzraum-Kopie.png\",\"contentUrl\":\"https:\\\/\\\/dai-heidelberg.de\\\/de\\\/wp-content\\\/uploads\\\/sites\\\/2\\\/2022\\\/03\\\/2016_Logo_Schwarz_Bildmarke_Schriftzug_Schutzraum-Kopie.png\",\"width\":731,\"height\":250},{\"@type\":\"BreadcrumbList\",\"@id\":\"https:\\\/\\\/dai-heidelberg.de\\\/de\\\/?post_type=dai_event&p=48543#breadcrumb\",\"itemListElement\":[{\"@type\":\"ListItem\",\"position\":1,\"name\":\"Startseite\",\"item\":\"https:\\\/\\\/dai-heidelberg.de\\\/de\\\/\"},{\"@type\":\"ListItem\",\"position\":2,\"name\":\"Veranstaltungen\",\"item\":\"https:\\\/\\\/dai-heidelberg.de\\\/de\\\/veranstaltungen\\\/\"},{\"@type\":\"ListItem\",\"position\":3,\"name\":\"Kein Frieden ohne Feminismus?\"}]},{\"@type\":\"WebSite\",\"@id\":\"https:\\\/\\\/dai-heidelberg.de\\\/de\\\/#website\",\"url\":\"https:\\\/\\\/dai-heidelberg.de\\\/de\\\/\",\"name\":\"DAI Deutsch\",\"description\":\"Deutsch-Amerikanisches Institut. Haus der Kultur.\",\"potentialAction\":[{\"@type\":\"SearchAction\",\"target\":{\"@type\":\"EntryPoint\",\"urlTemplate\":\"https:\\\/\\\/dai-heidelberg.de\\\/de\\\/?s={search_term_string}\"},\"query-input\":{\"@type\":\"PropertyValueSpecification\",\"valueRequired\":true,\"valueName\":\"search_term_string\"}}],\"inLanguage\":\"de\"}]}<\/script>\n<!-- \/ Yoast SEO plugin. -->","yoast_head_json":{"title":"Veranstaltungen - Deutsch-Amerikanisches Institut. Haus der Kultur.","robots":{"index":"index","follow":"follow","max-snippet":"max-snippet:-1","max-image-preview":"max-image-preview:large","max-video-preview":"max-video-preview:-1"},"canonical":"https:\/\/dai-heidelberg.de\/de\/?post_type=dai_event&p=48543","og_locale":"de_DE","og_type":"article","og_title":"Veranstaltungen - Deutsch-Amerikanisches Institut. Haus der Kultur.","og_description":"Immer noch dominieren alte, wei\u00dfe, westliche M\u00e4nner die Politik sowie Theorie und Praxis der internationalen Beziehungen. Dadurch werden die Bed\u00fcrfnisse&nbsp;&hellip;","og_url":"https:\/\/dai-heidelberg.de\/de\/?post_type=dai_event&p=48543","og_site_name":"DAI Deutsch","article_modified_time":"2022-06-21T16:31:45+00:00","twitter_misc":{"Gesch\u00e4tzte Lesezeit":"1\u00a0Minute"},"schema":{"@context":"https:\/\/schema.org","@graph":[{"@type":"WebPage","@id":"https:\/\/dai-heidelberg.de\/de\/?post_type=dai_event&p=48543","url":"https:\/\/dai-heidelberg.de\/de\/?post_type=dai_event&p=48543","name":"Veranstaltungen - Deutsch-Amerikanisches Institut. Haus der Kultur.","isPartOf":{"@id":"https:\/\/dai-heidelberg.de\/de\/#website"},"primaryImageOfPage":{"@id":"https:\/\/dai-heidelberg.de\/de\/?post_type=dai_event&p=48543#primaryimage"},"image":{"@id":"https:\/\/dai-heidelberg.de\/de\/?post_type=dai_event&p=48543#primaryimage"},"thumbnailUrl":"https:\/\/dai-heidelberg.de\/de\/wp-content\/uploads\/sites\/2\/2022\/03\/2016_Logo_Schwarz_Bildmarke_Schriftzug_Schutzraum-Kopie-300x103.png","datePublished":"2022-03-07T19:22:20+00:00","dateModified":"2022-06-21T16:31:45+00:00","breadcrumb":{"@id":"https:\/\/dai-heidelberg.de\/de\/?post_type=dai_event&p=48543#breadcrumb"},"inLanguage":"de","potentialAction":[{"@type":"ReadAction","target":["https:\/\/dai-heidelberg.de\/de\/?post_type=dai_event&p=48543"]}]},{"@type":"ImageObject","inLanguage":"de","@id":"https:\/\/dai-heidelberg.de\/de\/?post_type=dai_event&p=48543#primaryimage","url":"https:\/\/dai-heidelberg.de\/de\/wp-content\/uploads\/sites\/2\/2022\/03\/2016_Logo_Schwarz_Bildmarke_Schriftzug_Schutzraum-Kopie.png","contentUrl":"https:\/\/dai-heidelberg.de\/de\/wp-content\/uploads\/sites\/2\/2022\/03\/2016_Logo_Schwarz_Bildmarke_Schriftzug_Schutzraum-Kopie.png","width":731,"height":250},{"@type":"BreadcrumbList","@id":"https:\/\/dai-heidelberg.de\/de\/?post_type=dai_event&p=48543#breadcrumb","itemListElement":[{"@type":"ListItem","position":1,"name":"Startseite","item":"https:\/\/dai-heidelberg.de\/de\/"},{"@type":"ListItem","position":2,"name":"Veranstaltungen","item":"https:\/\/dai-heidelberg.de\/de\/veranstaltungen\/"},{"@type":"ListItem","position":3,"name":"Kein Frieden ohne Feminismus?"}]},{"@type":"WebSite","@id":"https:\/\/dai-heidelberg.de\/de\/#website","url":"https:\/\/dai-heidelberg.de\/de\/","name":"DAI Deutsch","description":"Deutsch-Amerikanisches Institut. Haus der Kultur.","potentialAction":[{"@type":"SearchAction","target":{"@type":"EntryPoint","urlTemplate":"https:\/\/dai-heidelberg.de\/de\/?s={search_term_string}"},"query-input":{"@type":"PropertyValueSpecification","valueRequired":true,"valueName":"search_term_string"}}],"inLanguage":"de"}]}},"_links":{"self":[{"href":"https:\/\/dai-heidelberg.de\/de\/wp-json\/wp\/v2\/dai_event\/48543","targetHints":{"allow":["GET"]}}],"collection":[{"href":"https:\/\/dai-heidelberg.de\/de\/wp-json\/wp\/v2\/dai_event"}],"about":[{"href":"https:\/\/dai-heidelberg.de\/de\/wp-json\/wp\/v2\/types\/dai_event"}],"version-history":[{"count":8,"href":"https:\/\/dai-heidelberg.de\/de\/wp-json\/wp\/v2\/dai_event\/48543\/revisions"}],"predecessor-version":[{"id":50330,"href":"https:\/\/dai-heidelberg.de\/de\/wp-json\/wp\/v2\/dai_event\/48543\/revisions\/50330"}],"wp:attachment":[{"href":"https:\/\/dai-heidelberg.de\/de\/wp-json\/wp\/v2\/media?parent=48543"}],"wp:term":[{"taxonomy":"post_tag","embeddable":true,"href":"https:\/\/dai-heidelberg.de\/de\/wp-json\/wp\/v2\/tags?post=48543"},{"taxonomy":"dai_event_category","embeddable":true,"href":"https:\/\/dai-heidelberg.de\/de\/wp-json\/wp\/v2\/dai_event_category?post=48543"},{"taxonomy":"dai_event_type","embeddable":true,"href":"https:\/\/dai-heidelberg.de\/de\/wp-json\/wp\/v2\/dai_event_type?post=48543"},{"taxonomy":"dai_event_location","embeddable":true,"href":"https:\/\/dai-heidelberg.de\/de\/wp-json\/wp\/v2\/dai_event_location?post=48543"}],"curies":[{"name":"wp","href":"https:\/\/api.w.org\/{rel}","templated":true}]}}