{"id":46668,"date":"2021-12-08T20:30:36","date_gmt":"2021-12-08T19:30:36","guid":{"rendered":"https:\/\/dai-heidelberg.de\/de\/?post_type=dai_event&#038;p=46668"},"modified":"2022-06-15T15:01:30","modified_gmt":"2022-06-15T13:01:30","slug":"halbwahrheiten-2","status":"publish","type":"dai_event","link":"https:\/\/dai-heidelberg.de\/de\/veranstaltungen\/halbwahrheiten-2-46668\/","title":{"rendered":"Halbwahrheiten"},"content":{"rendered":"<p>Ob Fake News, Verschw\u00f6rungserz\u00e4hlungen oder populistische Propaganda: Sie alle kommen nicht ohne Halbwahrheiten und ihre Manipulation von Wirklichkeit aus.<br \/>\nZugleich geh\u00f6ren Halbwahrheiten zu den wirkm\u00e4chtigsten Instrumenten des sogenannten \u201epostfaktischen\u201c politischen Diskurses: Ein Diskurs, f\u00fcr den die Verwandlung von Fakten in blo\u00dfe Meinungen ebenso typisch ist wie das Streben nach Aufmerksamkeit und autorit\u00e4rer Setzung, der h\u00e4ufig zwischen Relativismus und Zynismus schwankt.<\/p>\n<p>Nicola Gess setzt die Halbwahrheit mit dem Ideologiebegriff in Beziehung. Sie formuliert eine Theorie der Halbwahrheit als narrative Kleinform, die nicht nach dem Code \u201ewahr\/falsch\u201c, sondern nach \u201eglaubw\u00fcrdig\/unglaubw\u00fcrdig\u201c funktioniert. Am Beispiel des gefallenen Journalisten Claas Relotius, des Verschw\u00f6rungstheoretikers Ken Jebsen und des Schriftstellers Uwe Tellkamp untersucht sie, wie eine Rhetorik der Halbwahrheiten arbeitet und warum man ihr mit einem \u201eFiktionscheck\u201c besser begegnen kann, als mit einem \u201eFaktencheck\u201c.<\/p>\n<p><strong>Nicola Gess<\/strong> ist lehrt Neuere deutsche und Allgemeine Literaturwissenschaft an der Universit\u00e4t Basel. Sie ist Leiterin des vom Schweizer Nationalfonds gef\u00f6rderten Forschungsprojekts <em>Halbwahrheiten. Wahrheit, Fiktion und Konspiration im \u201apostfaktischen Zeitalter\u2018<\/em> und Co-Leiterin der ebenfalls vom Nationalfonds gef\u00f6rderten Sinergia-Forschergruppe <em>The Power of Wonder<\/em>. Zu ihren Ver\u00f6ffentlichungen geh\u00f6ren: <em>Staunen. Eine Poetik<\/em> (2019), und <em>Primitives Denken. Kinder, Wilde und Wahnsinnige in der literarischen Moderne <\/em>(2013).<\/p>\n","protected":false},"excerpt":{"rendered":"<p>Ob Fake News, Verschw\u00f6rungserz\u00e4hlungen oder populistische Propaganda: Sie alle kommen nicht ohne Halbwahrheiten und ihre Manipulation von Wirklichkeit aus. Zugleich&nbsp;&hellip;<\/p>\n","protected":false},"featured_media":50241,"template":"","meta":{"footnotes":""},"tags":[],"dai_event_category":[6],"dai_event_type":[229,17,21],"dai_event_location":[],"class_list":["post-46668","dai_event","type-dai_event","status-publish","has-post-thumbnail","hentry","dai_event_category-kulturveranstaltungen","dai_event_type-literarisches-zentrum-heidelberg","dai_event_type-literatur","dai_event_type-vortrag"],"better_featured_image":{"id":50241,"alt_text":"","caption":"Foto: Sarina Chamatova","description":"","media_type":"image","media_details":{"width":820,"height":370,"file":"2021\/12\/220224_Gess_sc_11.jpg","sizes":{"medium":{"file":"220224_Gess_sc_11-300x135.jpg","width":300,"height":135,"mime-type":"image\/jpeg","source_url":"https:\/\/dai-heidelberg.de\/de\/wp-content\/uploads\/sites\/2\/2021\/12\/220224_Gess_sc_11-300x135.jpg"},"thumbnail":{"file":"220224_Gess_sc_11-150x150.jpg","width":150,"height":150,"mime-type":"image\/jpeg","source_url":"https:\/\/dai-heidelberg.de\/de\/wp-content\/uploads\/sites\/2\/2021\/12\/220224_Gess_sc_11-150x150.jpg"},"medium_large":{"file":"220224_Gess_sc_11-768x347.jpg","width":768,"height":347,"mime-type":"image\/jpeg","source_url":"https:\/\/dai-heidelberg.de\/de\/wp-content\/uploads\/sites\/2\/2021\/12\/220224_Gess_sc_11-768x347.jpg"},"dai-list":{"file":"220224_Gess_sc_11-140x140.jpg","width":140,"height":140,"mime-type":"image\/jpeg","source_url":"https:\/\/dai-heidelberg.de\/de\/wp-content\/uploads\/sites\/2\/2021\/12\/220224_Gess_sc_11-140x140.jpg"},"dai-selector":{"file":"220224_Gess_sc_11-240x170.jpg","width":240,"height":170,"mime-type":"image\/jpeg","source_url":"https:\/\/dai-heidelberg.de\/de\/wp-content\/uploads\/sites\/2\/2021\/12\/220224_Gess_sc_11-240x170.jpg"},"dai-hof":{"file":"220224_Gess_sc_11-240x192.jpg","width":240,"height":192,"mime-type":"image\/jpeg","source_url":"https:\/\/dai-heidelberg.de\/de\/wp-content\/uploads\/sites\/2\/2021\/12\/220224_Gess_sc_11-240x192.jpg"}},"image_meta":{"aperture":"0","credit":"","camera":"","caption":"","created_timestamp":"0","copyright":"","focal_length":"0","iso":"0","shutter_speed":"0","title":"","orientation":"0","keywords":[]}},"post":46668,"source_url":"https:\/\/dai-heidelberg.de\/de\/wp-content\/uploads\/sites\/2\/2021\/12\/220224_Gess_sc_11.jpg"},"post-meta-fields":{"_edit_lock":["1655298267:10"],"_edit_last":["10"],"_yoast_wpseo_content_score":["90"],"_yoast_wpseo_estimated-reading-time-minutes":[""],"dai_event_datetime":["2022-02-24 20:00"],"dai_event_featured":["0"],"dai_event_artist":["Zur Manipulation von Wirklichkeit"],"dai_event_subtext":["Nicola Gess"],"dai_event_ticket_freeadmission":["0"],"dai_autotranslate_should_translate":["1"],"dai_event_ticket_link":["https:\/\/shop.reservix.de\/?id=36ae96de8dddc4df70dce3f39db2b886ff117b9261533f02fa35ea4a3191d65e3a64633f4652f2d1ba3a365eff82ca70&vID=2736&eventGrpID=377772"],"dai_event_ticket_price_presale_standard":["9,90"],"dai_event_ticket_price_presale_reduced":["5,90"],"dai_event_ticket_price_presale_member":["4,90"],"_thumbnail_id":["50241"]},"yoast_head":"<!-- This site is optimized with the Yoast SEO plugin v27.4 - https:\/\/yoast.com\/product\/yoast-seo-wordpress\/ -->\n<title>Veranstaltungen - Deutsch-Amerikanisches Institut. Haus der Kultur.<\/title>\n<meta name=\"robots\" content=\"index, follow, max-snippet:-1, max-image-preview:large, max-video-preview:-1\" \/>\n<link rel=\"canonical\" href=\"https:\/\/dai-heidelberg.de\/de\/?post_type=dai_event&p=46668\" \/>\n<meta property=\"og:locale\" content=\"de_DE\" \/>\n<meta property=\"og:type\" content=\"article\" \/>\n<meta property=\"og:title\" content=\"Veranstaltungen - Deutsch-Amerikanisches Institut. Haus der Kultur.\" \/>\n<meta property=\"og:description\" content=\"Ob Fake News, Verschw\u00f6rungserz\u00e4hlungen oder populistische Propaganda: Sie alle kommen nicht ohne Halbwahrheiten und ihre Manipulation von Wirklichkeit aus. Zugleich&nbsp;&hellip;\" \/>\n<meta property=\"og:url\" content=\"https:\/\/dai-heidelberg.de\/de\/?post_type=dai_event&amp;p=46668\" \/>\n<meta property=\"og:site_name\" content=\"DAI Deutsch\" \/>\n<meta property=\"article:modified_time\" content=\"2022-06-15T13:01:30+00:00\" \/>\n<meta name=\"twitter:label1\" content=\"Gesch\u00e4tzte Lesezeit\" \/>\n\t<meta name=\"twitter:data1\" content=\"1\u00a0Minute\" \/>\n<script type=\"application\/ld+json\" class=\"yoast-schema-graph\">{\"@context\":\"https:\\\/\\\/schema.org\",\"@graph\":[{\"@type\":\"WebPage\",\"@id\":\"https:\\\/\\\/dai-heidelberg.de\\\/de\\\/?post_type=dai_event&p=46668\",\"url\":\"https:\\\/\\\/dai-heidelberg.de\\\/de\\\/?post_type=dai_event&p=46668\",\"name\":\"Veranstaltungen - Deutsch-Amerikanisches Institut. Haus der Kultur.\",\"isPartOf\":{\"@id\":\"https:\\\/\\\/dai-heidelberg.de\\\/de\\\/#website\"},\"primaryImageOfPage\":{\"@id\":\"https:\\\/\\\/dai-heidelberg.de\\\/de\\\/?post_type=dai_event&p=46668#primaryimage\"},\"image\":{\"@id\":\"https:\\\/\\\/dai-heidelberg.de\\\/de\\\/?post_type=dai_event&p=46668#primaryimage\"},\"thumbnailUrl\":\"https:\\\/\\\/dai-heidelberg.de\\\/de\\\/wp-content\\\/uploads\\\/sites\\\/2\\\/2021\\\/12\\\/220224_Gess_sc_11.jpg\",\"datePublished\":\"2021-12-08T19:30:36+00:00\",\"dateModified\":\"2022-06-15T13:01:30+00:00\",\"breadcrumb\":{\"@id\":\"https:\\\/\\\/dai-heidelberg.de\\\/de\\\/?post_type=dai_event&p=46668#breadcrumb\"},\"inLanguage\":\"de\",\"potentialAction\":[{\"@type\":\"ReadAction\",\"target\":[\"https:\\\/\\\/dai-heidelberg.de\\\/de\\\/?post_type=dai_event&p=46668\"]}]},{\"@type\":\"ImageObject\",\"inLanguage\":\"de\",\"@id\":\"https:\\\/\\\/dai-heidelberg.de\\\/de\\\/?post_type=dai_event&p=46668#primaryimage\",\"url\":\"https:\\\/\\\/dai-heidelberg.de\\\/de\\\/wp-content\\\/uploads\\\/sites\\\/2\\\/2021\\\/12\\\/220224_Gess_sc_11.jpg\",\"contentUrl\":\"https:\\\/\\\/dai-heidelberg.de\\\/de\\\/wp-content\\\/uploads\\\/sites\\\/2\\\/2021\\\/12\\\/220224_Gess_sc_11.jpg\",\"width\":820,\"height\":370,\"caption\":\"Foto: Sarina Chamatova\"},{\"@type\":\"BreadcrumbList\",\"@id\":\"https:\\\/\\\/dai-heidelberg.de\\\/de\\\/?post_type=dai_event&p=46668#breadcrumb\",\"itemListElement\":[{\"@type\":\"ListItem\",\"position\":1,\"name\":\"Startseite\",\"item\":\"https:\\\/\\\/dai-heidelberg.de\\\/de\\\/\"},{\"@type\":\"ListItem\",\"position\":2,\"name\":\"Veranstaltungen\",\"item\":\"https:\\\/\\\/dai-heidelberg.de\\\/de\\\/veranstaltungen\\\/\"},{\"@type\":\"ListItem\",\"position\":3,\"name\":\"Halbwahrheiten\"}]},{\"@type\":\"WebSite\",\"@id\":\"https:\\\/\\\/dai-heidelberg.de\\\/de\\\/#website\",\"url\":\"https:\\\/\\\/dai-heidelberg.de\\\/de\\\/\",\"name\":\"DAI Deutsch\",\"description\":\"Deutsch-Amerikanisches Institut. Haus der Kultur.\",\"potentialAction\":[{\"@type\":\"SearchAction\",\"target\":{\"@type\":\"EntryPoint\",\"urlTemplate\":\"https:\\\/\\\/dai-heidelberg.de\\\/de\\\/?s={search_term_string}\"},\"query-input\":{\"@type\":\"PropertyValueSpecification\",\"valueRequired\":true,\"valueName\":\"search_term_string\"}}],\"inLanguage\":\"de\"}]}<\/script>\n<!-- \/ Yoast SEO plugin. -->","yoast_head_json":{"title":"Veranstaltungen - Deutsch-Amerikanisches Institut. Haus der Kultur.","robots":{"index":"index","follow":"follow","max-snippet":"max-snippet:-1","max-image-preview":"max-image-preview:large","max-video-preview":"max-video-preview:-1"},"canonical":"https:\/\/dai-heidelberg.de\/de\/?post_type=dai_event&p=46668","og_locale":"de_DE","og_type":"article","og_title":"Veranstaltungen - Deutsch-Amerikanisches Institut. Haus der Kultur.","og_description":"Ob Fake News, Verschw\u00f6rungserz\u00e4hlungen oder populistische Propaganda: Sie alle kommen nicht ohne Halbwahrheiten und ihre Manipulation von Wirklichkeit aus. Zugleich&nbsp;&hellip;","og_url":"https:\/\/dai-heidelberg.de\/de\/?post_type=dai_event&p=46668","og_site_name":"DAI Deutsch","article_modified_time":"2022-06-15T13:01:30+00:00","twitter_misc":{"Gesch\u00e4tzte Lesezeit":"1\u00a0Minute"},"schema":{"@context":"https:\/\/schema.org","@graph":[{"@type":"WebPage","@id":"https:\/\/dai-heidelberg.de\/de\/?post_type=dai_event&p=46668","url":"https:\/\/dai-heidelberg.de\/de\/?post_type=dai_event&p=46668","name":"Veranstaltungen - Deutsch-Amerikanisches Institut. Haus der Kultur.","isPartOf":{"@id":"https:\/\/dai-heidelberg.de\/de\/#website"},"primaryImageOfPage":{"@id":"https:\/\/dai-heidelberg.de\/de\/?post_type=dai_event&p=46668#primaryimage"},"image":{"@id":"https:\/\/dai-heidelberg.de\/de\/?post_type=dai_event&p=46668#primaryimage"},"thumbnailUrl":"https:\/\/dai-heidelberg.de\/de\/wp-content\/uploads\/sites\/2\/2021\/12\/220224_Gess_sc_11.jpg","datePublished":"2021-12-08T19:30:36+00:00","dateModified":"2022-06-15T13:01:30+00:00","breadcrumb":{"@id":"https:\/\/dai-heidelberg.de\/de\/?post_type=dai_event&p=46668#breadcrumb"},"inLanguage":"de","potentialAction":[{"@type":"ReadAction","target":["https:\/\/dai-heidelberg.de\/de\/?post_type=dai_event&p=46668"]}]},{"@type":"ImageObject","inLanguage":"de","@id":"https:\/\/dai-heidelberg.de\/de\/?post_type=dai_event&p=46668#primaryimage","url":"https:\/\/dai-heidelberg.de\/de\/wp-content\/uploads\/sites\/2\/2021\/12\/220224_Gess_sc_11.jpg","contentUrl":"https:\/\/dai-heidelberg.de\/de\/wp-content\/uploads\/sites\/2\/2021\/12\/220224_Gess_sc_11.jpg","width":820,"height":370,"caption":"Foto: Sarina Chamatova"},{"@type":"BreadcrumbList","@id":"https:\/\/dai-heidelberg.de\/de\/?post_type=dai_event&p=46668#breadcrumb","itemListElement":[{"@type":"ListItem","position":1,"name":"Startseite","item":"https:\/\/dai-heidelberg.de\/de\/"},{"@type":"ListItem","position":2,"name":"Veranstaltungen","item":"https:\/\/dai-heidelberg.de\/de\/veranstaltungen\/"},{"@type":"ListItem","position":3,"name":"Halbwahrheiten"}]},{"@type":"WebSite","@id":"https:\/\/dai-heidelberg.de\/de\/#website","url":"https:\/\/dai-heidelberg.de\/de\/","name":"DAI Deutsch","description":"Deutsch-Amerikanisches Institut. Haus der Kultur.","potentialAction":[{"@type":"SearchAction","target":{"@type":"EntryPoint","urlTemplate":"https:\/\/dai-heidelberg.de\/de\/?s={search_term_string}"},"query-input":{"@type":"PropertyValueSpecification","valueRequired":true,"valueName":"search_term_string"}}],"inLanguage":"de"}]}},"_links":{"self":[{"href":"https:\/\/dai-heidelberg.de\/de\/wp-json\/wp\/v2\/dai_event\/46668","targetHints":{"allow":["GET"]}}],"collection":[{"href":"https:\/\/dai-heidelberg.de\/de\/wp-json\/wp\/v2\/dai_event"}],"about":[{"href":"https:\/\/dai-heidelberg.de\/de\/wp-json\/wp\/v2\/types\/dai_event"}],"version-history":[{"count":1,"href":"https:\/\/dai-heidelberg.de\/de\/wp-json\/wp\/v2\/dai_event\/46668\/revisions"}],"predecessor-version":[{"id":46670,"href":"https:\/\/dai-heidelberg.de\/de\/wp-json\/wp\/v2\/dai_event\/46668\/revisions\/46670"}],"wp:featuredmedia":[{"embeddable":true,"href":"https:\/\/dai-heidelberg.de\/de\/wp-json\/wp\/v2\/media\/50241"}],"wp:attachment":[{"href":"https:\/\/dai-heidelberg.de\/de\/wp-json\/wp\/v2\/media?parent=46668"}],"wp:term":[{"taxonomy":"post_tag","embeddable":true,"href":"https:\/\/dai-heidelberg.de\/de\/wp-json\/wp\/v2\/tags?post=46668"},{"taxonomy":"dai_event_category","embeddable":true,"href":"https:\/\/dai-heidelberg.de\/de\/wp-json\/wp\/v2\/dai_event_category?post=46668"},{"taxonomy":"dai_event_type","embeddable":true,"href":"https:\/\/dai-heidelberg.de\/de\/wp-json\/wp\/v2\/dai_event_type?post=46668"},{"taxonomy":"dai_event_location","embeddable":true,"href":"https:\/\/dai-heidelberg.de\/de\/wp-json\/wp\/v2\/dai_event_location?post=46668"}],"curies":[{"name":"wp","href":"https:\/\/api.w.org\/{rel}","templated":true}]}}