{"id":42742,"date":"2021-04-22T20:22:42","date_gmt":"2021-04-22T18:22:42","guid":{"rendered":"https:\/\/dai-heidelberg.de\/de\/?post_type=dai_event&#038;p=42742"},"modified":"2021-06-11T20:30:53","modified_gmt":"2021-06-11T18:30:53","slug":"musical-sunday-9","status":"publish","type":"dai_event","link":"https:\/\/dai-heidelberg.de\/de\/veranstaltungen\/musical-sunday-9-42742\/","title":{"rendered":"Musical Sunday"},"content":{"rendered":"<p>Nachdem er zuvor nur mit kleineren Werken in Erscheinung getreten war, begr\u00fcndete Igor Strawinsky im Paris der 1910er Jahre mit der Ballett-Trias Feuervogel, Petruschka und Le sacre du printemps seinen Weltruhm. In Petruschka erz\u00e4hlt Strawinsky die Geschichte dreier Puppen, die auf geheimnisvolle Weise auf einem Jahrmarkt zum Leben erwachen. Um die einzelnen Figuren zu charakterisieren und dramaturgisch in Beziehung zueinander zu setzen, bedient er sich einer faszinierenden kompositorischen Collage-Technik.<\/p>\n<p>Mit Timo Jouko Herrmann und Marcus Imbsweiler kommen zwei Enthusiasten zu Wort, die ihren ganz eigenen sprachlichen Zugang zu Musik haben.<br \/>\nImbsweiler ver\u00f6ffentlichte bisher Romane und Erz\u00e4hlungen \u00fcber Komponisten von Haydn bis Schostakowitsch.<br \/>\nHerrmann ist Gastdirigent der Heidelberger Sinfoniker; seine Wiederentdeckung des von Salieri, Mozart und Cornetti komponierten Freudenliedes \u201ePer la ricuperata salute di Ofelia\u201c machte ihn weltweit bekannt.<\/p>\n<p>In der Reihe<em> Musical Sunday<\/em>.<\/p>\n<p><strong>Die Veranstaltung findet im DAI und zus\u00e4tzlich online\u00a0<a href=\"https:\/\/youtu.be\/i1hX3I_jO2M\" target=\"_blank\" rel=\"noopener\">im kostenfreien Livestream<\/a>\u00a0statt.<\/strong><br \/>\n<a href=\"https:\/\/dai-heidelberg.de\/de\/das-dai\/newsletter\/\">Abonniert unseren DAI Newsletter<\/a>, um keine Veranstaltung zu verpassen!<\/p>\n","protected":false},"excerpt":{"rendered":"<p>Nachdem er zuvor nur mit kleineren Werken in Erscheinung getreten war, begr\u00fcndete Igor Strawinsky im Paris der 1910er Jahre mit&nbsp;&hellip;<\/p>\n","protected":false},"featured_media":29782,"template":"","meta":{"footnotes":""},"tags":[],"dai_event_category":[6],"dai_event_type":[16,229,17],"dai_event_location":[],"class_list":["post-42742","dai_event","type-dai_event","status-publish","has-post-thumbnail","hentry","dai_event_category-kulturveranstaltungen","dai_event_type-konzert","dai_event_type-literarisches-zentrum-heidelberg","dai_event_type-literatur"],"better_featured_image":{"id":29782,"alt_text":"","caption":"\u00a9 v.l.n.r.: Fenja Zeppei \/ Hentschel","description":"","media_type":"image","media_details":{"width":700,"height":312,"file":"2019\/08\/191216-Timo-Jouko-Herrmann-und-Marcus-Imbsweiler.jpg","sizes":{"medium":{"file":"191216-Timo-Jouko-Herrmann-und-Marcus-Imbsweiler-300x134.jpg","width":300,"height":134,"mime-type":"image\/jpeg","source_url":"https:\/\/dai-heidelberg.de\/de\/wp-content\/uploads\/sites\/2\/2019\/08\/191216-Timo-Jouko-Herrmann-und-Marcus-Imbsweiler-300x134.jpg"},"thumbnail":{"file":"191216-Timo-Jouko-Herrmann-und-Marcus-Imbsweiler-150x150.jpg","width":150,"height":150,"mime-type":"image\/jpeg","source_url":"https:\/\/dai-heidelberg.de\/de\/wp-content\/uploads\/sites\/2\/2019\/08\/191216-Timo-Jouko-Herrmann-und-Marcus-Imbsweiler-150x150.jpg"},"dai-list":{"file":"191216-Timo-Jouko-Herrmann-und-Marcus-Imbsweiler-140x140.jpg","width":140,"height":140,"mime-type":"image\/jpeg","source_url":"https:\/\/dai-heidelberg.de\/de\/wp-content\/uploads\/sites\/2\/2019\/08\/191216-Timo-Jouko-Herrmann-und-Marcus-Imbsweiler-140x140.jpg"},"dai-selector":{"file":"191216-Timo-Jouko-Herrmann-und-Marcus-Imbsweiler-240x170.jpg","width":240,"height":170,"mime-type":"image\/jpeg","source_url":"https:\/\/dai-heidelberg.de\/de\/wp-content\/uploads\/sites\/2\/2019\/08\/191216-Timo-Jouko-Herrmann-und-Marcus-Imbsweiler-240x170.jpg"},"dai-hof":{"file":"191216-Timo-Jouko-Herrmann-und-Marcus-Imbsweiler-240x192.jpg","width":240,"height":192,"mime-type":"image\/jpeg","source_url":"https:\/\/dai-heidelberg.de\/de\/wp-content\/uploads\/sites\/2\/2019\/08\/191216-Timo-Jouko-Herrmann-und-Marcus-Imbsweiler-240x192.jpg"}},"image_meta":{"aperture":"0","credit":"","camera":"","caption":"","created_timestamp":"0","copyright":"","focal_length":"0","iso":"0","shutter_speed":"0","title":"","orientation":"0","keywords":[]}},"post":29781,"source_url":"https:\/\/dai-heidelberg.de\/de\/wp-content\/uploads\/sites\/2\/2019\/08\/191216-Timo-Jouko-Herrmann-und-Marcus-Imbsweiler.jpg"},"post-meta-fields":{"_edit_lock":["1623436124:10"],"_edit_last":["10"],"_thumbnail_id":["29782"],"dai_event_datetime":["2021-06-27 11:00"],"dai_event_featured":["0"],"dai_event_artist":["Igor Strawinsky: \"Petruschka\""],"dai_event_subtext":["Marcus Imbsweiler und Timo J. Herrmann"],"dai_event_ticket_freeadmission":["0"],"dai_event_notice":["Hybridveranstaltung"],"dai_event_content_notice":["Hybridveranstaltung"],"dai_autotranslate_should_translate":["1"],"dai_event_ticket_link":["https:\/\/shop.reservix.de\/off\/login_check.php?vID=2736&id=36ae96de8dddc4df70dce3f39db2b886ff117b9261533f02fa35ea4a3191d65e3a64633f4652f2d1ba3a365eff82ca70&eventGrpID=360440&eventID=1670282"],"dai_event_ticket_price_presale_standard":["9,90"],"dai_event_ticket_price_presale_reduced":["5,90"],"dai_event_ticket_price_presale_member":["4,90"]},"yoast_head":"<!-- This site is optimized with the Yoast SEO plugin v27.4 - https:\/\/yoast.com\/product\/yoast-seo-wordpress\/ -->\n<title>Veranstaltungen - Deutsch-Amerikanisches Institut. Haus der Kultur.<\/title>\n<meta name=\"robots\" content=\"index, follow, max-snippet:-1, max-image-preview:large, max-video-preview:-1\" \/>\n<link rel=\"canonical\" href=\"https:\/\/dai-heidelberg.de\/de\/veranstaltungen\/musical-sunday-9-42742\/\" \/>\n<meta property=\"og:locale\" content=\"de_DE\" \/>\n<meta property=\"og:type\" content=\"article\" \/>\n<meta property=\"og:title\" content=\"Veranstaltungen - Deutsch-Amerikanisches Institut. Haus der Kultur.\" \/>\n<meta property=\"og:description\" content=\"Nachdem er zuvor nur mit kleineren Werken in Erscheinung getreten war, begr\u00fcndete Igor Strawinsky im Paris der 1910er Jahre mit&nbsp;&hellip;\" \/>\n<meta property=\"og:url\" content=\"https:\/\/dai-heidelberg.de\/de\/veranstaltungen\/musical-sunday-9-42742\/\" \/>\n<meta property=\"og:site_name\" content=\"DAI Deutsch\" \/>\n<meta property=\"article:modified_time\" content=\"2021-06-11T18:30:53+00:00\" \/>\n<meta property=\"og:image\" content=\"https:\/\/dai-heidelberg.de\/de\/wp-content\/uploads\/sites\/2\/2019\/08\/191216-Timo-Jouko-Herrmann-und-Marcus-Imbsweiler.jpg\" \/>\n\t<meta property=\"og:image:width\" content=\"700\" \/>\n\t<meta property=\"og:image:height\" content=\"312\" \/>\n\t<meta property=\"og:image:type\" content=\"image\/jpeg\" \/>\n<meta name=\"twitter:label1\" content=\"Gesch\u00e4tzte Lesezeit\" \/>\n\t<meta name=\"twitter:data1\" content=\"1\u00a0Minute\" \/>\n<script type=\"application\/ld+json\" class=\"yoast-schema-graph\">{\"@context\":\"https:\\\/\\\/schema.org\",\"@graph\":[{\"@type\":\"WebPage\",\"@id\":\"https:\\\/\\\/dai-heidelberg.de\\\/de\\\/veranstaltungen\\\/musical-sunday-9-42742\\\/\",\"url\":\"https:\\\/\\\/dai-heidelberg.de\\\/de\\\/veranstaltungen\\\/musical-sunday-9-42742\\\/\",\"name\":\"Veranstaltungen - Deutsch-Amerikanisches Institut. Haus der Kultur.\",\"isPartOf\":{\"@id\":\"https:\\\/\\\/dai-heidelberg.de\\\/de\\\/#website\"},\"primaryImageOfPage\":{\"@id\":\"https:\\\/\\\/dai-heidelberg.de\\\/de\\\/veranstaltungen\\\/musical-sunday-9-42742\\\/#primaryimage\"},\"image\":{\"@id\":\"https:\\\/\\\/dai-heidelberg.de\\\/de\\\/veranstaltungen\\\/musical-sunday-9-42742\\\/#primaryimage\"},\"thumbnailUrl\":\"https:\\\/\\\/dai-heidelberg.de\\\/de\\\/wp-content\\\/uploads\\\/sites\\\/2\\\/2019\\\/08\\\/191216-Timo-Jouko-Herrmann-und-Marcus-Imbsweiler.jpg\",\"datePublished\":\"2021-04-22T18:22:42+00:00\",\"dateModified\":\"2021-06-11T18:30:53+00:00\",\"breadcrumb\":{\"@id\":\"https:\\\/\\\/dai-heidelberg.de\\\/de\\\/veranstaltungen\\\/musical-sunday-9-42742\\\/#breadcrumb\"},\"inLanguage\":\"de\",\"potentialAction\":[{\"@type\":\"ReadAction\",\"target\":[\"https:\\\/\\\/dai-heidelberg.de\\\/de\\\/veranstaltungen\\\/musical-sunday-9-42742\\\/\"]}]},{\"@type\":\"ImageObject\",\"inLanguage\":\"de\",\"@id\":\"https:\\\/\\\/dai-heidelberg.de\\\/de\\\/veranstaltungen\\\/musical-sunday-9-42742\\\/#primaryimage\",\"url\":\"https:\\\/\\\/dai-heidelberg.de\\\/de\\\/wp-content\\\/uploads\\\/sites\\\/2\\\/2019\\\/08\\\/191216-Timo-Jouko-Herrmann-und-Marcus-Imbsweiler.jpg\",\"contentUrl\":\"https:\\\/\\\/dai-heidelberg.de\\\/de\\\/wp-content\\\/uploads\\\/sites\\\/2\\\/2019\\\/08\\\/191216-Timo-Jouko-Herrmann-und-Marcus-Imbsweiler.jpg\",\"width\":700,\"height\":312,\"caption\":\"\u00a9 v.l.n.r.: Fenja Zeppei \\\/ Hentschel\"},{\"@type\":\"BreadcrumbList\",\"@id\":\"https:\\\/\\\/dai-heidelberg.de\\\/de\\\/veranstaltungen\\\/musical-sunday-9-42742\\\/#breadcrumb\",\"itemListElement\":[{\"@type\":\"ListItem\",\"position\":1,\"name\":\"Startseite\",\"item\":\"https:\\\/\\\/dai-heidelberg.de\\\/de\\\/\"},{\"@type\":\"ListItem\",\"position\":2,\"name\":\"Veranstaltungen\",\"item\":\"https:\\\/\\\/dai-heidelberg.de\\\/de\\\/veranstaltungen\\\/\"},{\"@type\":\"ListItem\",\"position\":3,\"name\":\"Musical Sunday\"}]},{\"@type\":\"WebSite\",\"@id\":\"https:\\\/\\\/dai-heidelberg.de\\\/de\\\/#website\",\"url\":\"https:\\\/\\\/dai-heidelberg.de\\\/de\\\/\",\"name\":\"DAI Deutsch\",\"description\":\"Deutsch-Amerikanisches Institut. Haus der Kultur.\",\"potentialAction\":[{\"@type\":\"SearchAction\",\"target\":{\"@type\":\"EntryPoint\",\"urlTemplate\":\"https:\\\/\\\/dai-heidelberg.de\\\/de\\\/?s={search_term_string}\"},\"query-input\":{\"@type\":\"PropertyValueSpecification\",\"valueRequired\":true,\"valueName\":\"search_term_string\"}}],\"inLanguage\":\"de\"}]}<\/script>\n<!-- \/ Yoast SEO plugin. -->","yoast_head_json":{"title":"Veranstaltungen - Deutsch-Amerikanisches Institut. Haus der Kultur.","robots":{"index":"index","follow":"follow","max-snippet":"max-snippet:-1","max-image-preview":"max-image-preview:large","max-video-preview":"max-video-preview:-1"},"canonical":"https:\/\/dai-heidelberg.de\/de\/veranstaltungen\/musical-sunday-9-42742\/","og_locale":"de_DE","og_type":"article","og_title":"Veranstaltungen - Deutsch-Amerikanisches Institut. Haus der Kultur.","og_description":"Nachdem er zuvor nur mit kleineren Werken in Erscheinung getreten war, begr\u00fcndete Igor Strawinsky im Paris der 1910er Jahre mit&nbsp;&hellip;","og_url":"https:\/\/dai-heidelberg.de\/de\/veranstaltungen\/musical-sunday-9-42742\/","og_site_name":"DAI Deutsch","article_modified_time":"2021-06-11T18:30:53+00:00","og_image":[{"width":700,"height":312,"url":"https:\/\/dai-heidelberg.de\/de\/wp-content\/uploads\/sites\/2\/2019\/08\/191216-Timo-Jouko-Herrmann-und-Marcus-Imbsweiler.jpg","type":"image\/jpeg"}],"twitter_misc":{"Gesch\u00e4tzte Lesezeit":"1\u00a0Minute"},"schema":{"@context":"https:\/\/schema.org","@graph":[{"@type":"WebPage","@id":"https:\/\/dai-heidelberg.de\/de\/veranstaltungen\/musical-sunday-9-42742\/","url":"https:\/\/dai-heidelberg.de\/de\/veranstaltungen\/musical-sunday-9-42742\/","name":"Veranstaltungen - Deutsch-Amerikanisches Institut. Haus der Kultur.","isPartOf":{"@id":"https:\/\/dai-heidelberg.de\/de\/#website"},"primaryImageOfPage":{"@id":"https:\/\/dai-heidelberg.de\/de\/veranstaltungen\/musical-sunday-9-42742\/#primaryimage"},"image":{"@id":"https:\/\/dai-heidelberg.de\/de\/veranstaltungen\/musical-sunday-9-42742\/#primaryimage"},"thumbnailUrl":"https:\/\/dai-heidelberg.de\/de\/wp-content\/uploads\/sites\/2\/2019\/08\/191216-Timo-Jouko-Herrmann-und-Marcus-Imbsweiler.jpg","datePublished":"2021-04-22T18:22:42+00:00","dateModified":"2021-06-11T18:30:53+00:00","breadcrumb":{"@id":"https:\/\/dai-heidelberg.de\/de\/veranstaltungen\/musical-sunday-9-42742\/#breadcrumb"},"inLanguage":"de","potentialAction":[{"@type":"ReadAction","target":["https:\/\/dai-heidelberg.de\/de\/veranstaltungen\/musical-sunday-9-42742\/"]}]},{"@type":"ImageObject","inLanguage":"de","@id":"https:\/\/dai-heidelberg.de\/de\/veranstaltungen\/musical-sunday-9-42742\/#primaryimage","url":"https:\/\/dai-heidelberg.de\/de\/wp-content\/uploads\/sites\/2\/2019\/08\/191216-Timo-Jouko-Herrmann-und-Marcus-Imbsweiler.jpg","contentUrl":"https:\/\/dai-heidelberg.de\/de\/wp-content\/uploads\/sites\/2\/2019\/08\/191216-Timo-Jouko-Herrmann-und-Marcus-Imbsweiler.jpg","width":700,"height":312,"caption":"\u00a9 v.l.n.r.: Fenja Zeppei \/ Hentschel"},{"@type":"BreadcrumbList","@id":"https:\/\/dai-heidelberg.de\/de\/veranstaltungen\/musical-sunday-9-42742\/#breadcrumb","itemListElement":[{"@type":"ListItem","position":1,"name":"Startseite","item":"https:\/\/dai-heidelberg.de\/de\/"},{"@type":"ListItem","position":2,"name":"Veranstaltungen","item":"https:\/\/dai-heidelberg.de\/de\/veranstaltungen\/"},{"@type":"ListItem","position":3,"name":"Musical Sunday"}]},{"@type":"WebSite","@id":"https:\/\/dai-heidelberg.de\/de\/#website","url":"https:\/\/dai-heidelberg.de\/de\/","name":"DAI Deutsch","description":"Deutsch-Amerikanisches Institut. Haus der Kultur.","potentialAction":[{"@type":"SearchAction","target":{"@type":"EntryPoint","urlTemplate":"https:\/\/dai-heidelberg.de\/de\/?s={search_term_string}"},"query-input":{"@type":"PropertyValueSpecification","valueRequired":true,"valueName":"search_term_string"}}],"inLanguage":"de"}]}},"_links":{"self":[{"href":"https:\/\/dai-heidelberg.de\/de\/wp-json\/wp\/v2\/dai_event\/42742","targetHints":{"allow":["GET"]}}],"collection":[{"href":"https:\/\/dai-heidelberg.de\/de\/wp-json\/wp\/v2\/dai_event"}],"about":[{"href":"https:\/\/dai-heidelberg.de\/de\/wp-json\/wp\/v2\/types\/dai_event"}],"version-history":[{"count":5,"href":"https:\/\/dai-heidelberg.de\/de\/wp-json\/wp\/v2\/dai_event\/42742\/revisions"}],"predecessor-version":[{"id":43352,"href":"https:\/\/dai-heidelberg.de\/de\/wp-json\/wp\/v2\/dai_event\/42742\/revisions\/43352"}],"wp:featuredmedia":[{"embeddable":true,"href":"https:\/\/dai-heidelberg.de\/de\/wp-json\/wp\/v2\/media\/29782"}],"wp:attachment":[{"href":"https:\/\/dai-heidelberg.de\/de\/wp-json\/wp\/v2\/media?parent=42742"}],"wp:term":[{"taxonomy":"post_tag","embeddable":true,"href":"https:\/\/dai-heidelberg.de\/de\/wp-json\/wp\/v2\/tags?post=42742"},{"taxonomy":"dai_event_category","embeddable":true,"href":"https:\/\/dai-heidelberg.de\/de\/wp-json\/wp\/v2\/dai_event_category?post=42742"},{"taxonomy":"dai_event_type","embeddable":true,"href":"https:\/\/dai-heidelberg.de\/de\/wp-json\/wp\/v2\/dai_event_type?post=42742"},{"taxonomy":"dai_event_location","embeddable":true,"href":"https:\/\/dai-heidelberg.de\/de\/wp-json\/wp\/v2\/dai_event_location?post=42742"}],"curies":[{"name":"wp","href":"https:\/\/api.w.org\/{rel}","templated":true}]}}