{"id":42730,"date":"2021-04-22T20:12:49","date_gmt":"2021-04-22T18:12:49","guid":{"rendered":"https:\/\/dai-heidelberg.de\/de\/?post_type=dai_event&#038;p=42730"},"modified":"2022-02-10T17:14:52","modified_gmt":"2022-02-10T16:14:52","slug":"nukleare-auf-oder-abruestung","status":"publish","type":"dai_event","link":"https:\/\/dai-heidelberg.de\/de\/veranstaltungen\/nukleare-auf-oder-abruestung-42730\/","title":{"rendered":"Nukleare Auf- oder Abr\u00fcstung?"},"content":{"rendered":"<p><strong>Die Veranstaltung findet ausschlie\u00dflich online\u00a0<a href=\"http:\/\/bit.ly\/daiHOME_Hall\">im kostenfreien YouTube Livestream<\/a>\u00a0statt. Fragen und Diskussionsbeitr\u00e4ge k\u00f6nnen im Livechat der Veranstaltung oder gerne auch vorab\u00a0<a href=\"&#109;&#x61;&#105;&#x6c;&#116;&#x6f;&#58;&#x69;n&#x66;o&#x40;d&#x61;i&#45;&#x68;&#101;&#x69;&#100;&#x65;&#108;&#x62;&#101;&#x72;g&#x2e;d&#x65;\">per E-Mail an &#x69;n&#x66;&#111;&#x40;&#100;a&#x69;-&#x68;&#101;&#x69;&#100;e&#x6c;&#98;&#x65;&#114;g&#x2e;d&#x65;<\/a>\u00a0gestellt werden.<\/strong><br \/>\n<strong><a href=\"https:\/\/dai-heidelberg.de\/de\/das-dai\/newsletter\/\">Abonniert unseren DAI Newsletter<\/a>, um keine kostenfreie Online-Veranstaltung zu verpassen!<\/strong><\/p>\n<p>Im Januar trat der Vertrag zum Verbot von Atomwaffen (AVV) in Kraft. 84 Staaten unterschrieben. Da sich jedoch kein Atomwaffenstaat zum Vertrag bekannte, steht er stark in der Kritik.<\/p>\n<p>Der Vertrag gilt eher als symbolische Zusammenkunft einiger Staaten und wird international angezweifelt. Viele Atomm\u00e4chte lehnen den Vertrag g\u00e4nzlich ab und nehmen eine offensiv positive Haltung gegen\u00fcber Atomwaffen ein.<br \/>\nZuletzt gab es immer wieder neue Spannungen zwischen Atomm\u00e4chten, wie den USA und dem Iran Anfang 2020, daher argumentieren Bef\u00fcrworter, dass der Vertrag dennoch ein richtiger und wichtiger Schritt sei, um das langfristige Ziel einer atomwaffenfreien Welt zu erreichen.<\/p>\n<p>Welche Wirkungskraft hat der Vertrag und auf welche Grenzen st\u00f6\u00dft er?<br \/>\nZusammen mit der Abr\u00fcstungsreferentin Xanthe Hall versuchen wir herauszufinden, welche Schritte nun zur atomaren Abr\u00fcstung notwendig sind und welche Rolle der Atomwaffenverbotsvertrag dabei spielen kann.<\/p>\n<p>Xanthe Hall wurde 1959 in Schottland geboren und arbeitet seit 1992 als Internationale Campaignerin der deutschen Sektion der <em>Internationalen \u00c4rzte f\u00fcr die Verh\u00fctung des Atomkriegs<\/em> (IPPNW).<br \/>\nSie ist au\u00dferdem Vorstand und Mitbegr\u00fcnderin der deutschen Sektion der<em> International Campaign to Abolish Nuclear Weapons<\/em> (ICAN), welche 2017 mit dem Friedensnobelpreis ausgezeichnet wurde.<\/p>\n<p>In Kooperation mit<\/p>\n<p><a href=\"https:\/\/www.boell-bw.de\/\" target=\"_blank\" rel=\"noopener\"> <img loading=\"lazy\" decoding=\"async\" class=\"wp-image-42991 alignnone\" src=\"https:\/\/dai-heidelberg.de\/de\/wp-content\/uploads\/sites\/2\/2021\/04\/HBS_Logo_2zeilig_RGB-online.jpg\" alt=\"\" width=\"360\" height=\"50\" srcset=\"https:\/\/dai-heidelberg.de\/de\/wp-content\/uploads\/sites\/2\/2021\/04\/HBS_Logo_2zeilig_RGB-online.jpg 591w, https:\/\/dai-heidelberg.de\/de\/wp-content\/uploads\/sites\/2\/2021\/04\/HBS_Logo_2zeilig_RGB-online-300x42.jpg 300w\" sizes=\"auto, (max-width: 360px) 100vw, 360px\" \/><\/a><\/p>\n","protected":false},"excerpt":{"rendered":"<p>Die Veranstaltung findet ausschlie\u00dflich online\u00a0im kostenfreien YouTube Livestream\u00a0statt. Fragen und Diskussionsbeitr\u00e4ge k\u00f6nnen im Livechat der Veranstaltung oder gerne auch vorab\u00a0per&nbsp;&hellip;<\/p>\n","protected":false},"featured_media":11418,"template":"","meta":{"footnotes":""},"tags":[],"dai_event_category":[6],"dai_event_type":[21],"dai_event_location":[],"class_list":["post-42730","dai_event","type-dai_event","status-publish","has-post-thumbnail","hentry","dai_event_category-kulturveranstaltungen","dai_event_type-vortrag"],"better_featured_image":{"id":11418,"alt_text":"","caption":"","description":"","media_type":"image","media_details":{"width":700,"height":312,"file":"2015\/04\/00-Vermietung_neu_v021.jpg","sizes":{"medium":{"file":"00-Vermietung_neu_v021-300x134.jpg","width":300,"height":134,"mime-type":"image\/jpeg","source_url":"https:\/\/dai-heidelberg.de\/de\/wp-content\/uploads\/sites\/2\/2015\/04\/00-Vermietung_neu_v021-300x134.jpg"},"thumbnail":{"file":"00-Vermietung_neu_v021-150x150.jpg","width":150,"height":150,"mime-type":"image\/jpeg","source_url":"https:\/\/dai-heidelberg.de\/de\/wp-content\/uploads\/sites\/2\/2015\/04\/00-Vermietung_neu_v021-150x150.jpg"},"dai-list":{"file":"00-Vermietung_neu_v021-140x140.jpg","width":140,"height":140,"mime-type":"image\/jpeg","source_url":"https:\/\/dai-heidelberg.de\/de\/wp-content\/uploads\/sites\/2\/2015\/04\/00-Vermietung_neu_v021-140x140.jpg"},"dai-selector":{"file":"00-Vermietung_neu_v021-240x170.jpg","width":240,"height":170,"mime-type":"image\/jpeg","source_url":"https:\/\/dai-heidelberg.de\/de\/wp-content\/uploads\/sites\/2\/2015\/04\/00-Vermietung_neu_v021-240x170.jpg"},"dai-hof":{"file":"00-Vermietung_neu_v021-240x192.jpg","width":240,"height":192,"mime-type":"image\/jpeg","source_url":"https:\/\/dai-heidelberg.de\/de\/wp-content\/uploads\/sites\/2\/2015\/04\/00-Vermietung_neu_v021-240x192.jpg"}},"image_meta":{"aperture":"0","credit":"","camera":"","caption":"","created_timestamp":"0","copyright":"","focal_length":"0","iso":"0","shutter_speed":"0","title":"","orientation":"0","keywords":[]}},"post":11340,"source_url":"https:\/\/dai-heidelberg.de\/de\/wp-content\/uploads\/sites\/2\/2015\/04\/00-Vermietung_neu_v021.jpg"},"post-meta-fields":{"_edit_lock":["1644509615:10"],"_edit_last":["10"],"dai_event_datetime":["2021-06-23 20:00"],"dai_event_featured":["0"],"dai_event_artist":["Die m\u00f6gliche Rolle des Atomwaffenverbotsvertrags"],"dai_event_subtext":["Xanthe Hall"],"dai_event_ticket_freeadmission":["0"],"dai_event_notice":["Kostenfreie Online-Veranstaltung"],"dai_event_content_notice":["Kostenfreie Online-Veranstaltung"],"dai_autotranslate_should_translate":["1"],"_thumbnail_id":["11418"]},"yoast_head":"<!-- This site is optimized with the Yoast SEO plugin v27.4 - https:\/\/yoast.com\/product\/yoast-seo-wordpress\/ -->\n<title>Veranstaltungen - Deutsch-Amerikanisches Institut. Haus der Kultur.<\/title>\n<meta name=\"robots\" content=\"index, follow, max-snippet:-1, max-image-preview:large, max-video-preview:-1\" \/>\n<link rel=\"canonical\" href=\"https:\/\/dai-heidelberg.de\/de\/veranstaltungen\/nukleare-auf-oder-abruestung-42730\/\" \/>\n<meta property=\"og:locale\" content=\"de_DE\" \/>\n<meta property=\"og:type\" content=\"article\" \/>\n<meta property=\"og:title\" content=\"Veranstaltungen - Deutsch-Amerikanisches Institut. Haus der Kultur.\" \/>\n<meta property=\"og:description\" content=\"Die Veranstaltung findet ausschlie\u00dflich online\u00a0im kostenfreien YouTube Livestream\u00a0statt. Fragen und Diskussionsbeitr\u00e4ge k\u00f6nnen im Livechat der Veranstaltung oder gerne auch vorab\u00a0per&nbsp;&hellip;\" \/>\n<meta property=\"og:url\" content=\"https:\/\/dai-heidelberg.de\/de\/veranstaltungen\/nukleare-auf-oder-abruestung-42730\/\" \/>\n<meta property=\"og:site_name\" content=\"DAI Deutsch\" \/>\n<meta property=\"article:modified_time\" content=\"2022-02-10T16:14:52+00:00\" \/>\n<meta property=\"og:image\" content=\"https:\/\/dai-heidelberg.de\/de\/wp-content\/uploads\/sites\/2\/2021\/04\/210623-Xanthe-Hall.jpg\" \/>\n\t<meta property=\"og:image:width\" content=\"820\" \/>\n\t<meta property=\"og:image:height\" content=\"370\" \/>\n\t<meta property=\"og:image:type\" content=\"image\/jpeg\" \/>\n<meta name=\"twitter:label1\" content=\"Gesch\u00e4tzte Lesezeit\" \/>\n\t<meta name=\"twitter:data1\" content=\"1\u00a0Minute\" \/>\n<script type=\"application\/ld+json\" class=\"yoast-schema-graph\">{\"@context\":\"https:\\\/\\\/schema.org\",\"@graph\":[{\"@type\":\"WebPage\",\"@id\":\"https:\\\/\\\/dai-heidelberg.de\\\/de\\\/veranstaltungen\\\/nukleare-auf-oder-abruestung-42730\\\/\",\"url\":\"https:\\\/\\\/dai-heidelberg.de\\\/de\\\/veranstaltungen\\\/nukleare-auf-oder-abruestung-42730\\\/\",\"name\":\"Veranstaltungen - Deutsch-Amerikanisches Institut. Haus der Kultur.\",\"isPartOf\":{\"@id\":\"https:\\\/\\\/dai-heidelberg.de\\\/de\\\/#website\"},\"primaryImageOfPage\":{\"@id\":\"https:\\\/\\\/dai-heidelberg.de\\\/de\\\/veranstaltungen\\\/nukleare-auf-oder-abruestung-42730\\\/#primaryimage\"},\"image\":{\"@id\":\"https:\\\/\\\/dai-heidelberg.de\\\/de\\\/veranstaltungen\\\/nukleare-auf-oder-abruestung-42730\\\/#primaryimage\"},\"thumbnailUrl\":\"https:\\\/\\\/dai-heidelberg.de\\\/de\\\/wp-content\\\/uploads\\\/sites\\\/2\\\/2015\\\/04\\\/00-Vermietung_neu_v021.jpg\",\"datePublished\":\"2021-04-22T18:12:49+00:00\",\"dateModified\":\"2022-02-10T16:14:52+00:00\",\"breadcrumb\":{\"@id\":\"https:\\\/\\\/dai-heidelberg.de\\\/de\\\/veranstaltungen\\\/nukleare-auf-oder-abruestung-42730\\\/#breadcrumb\"},\"inLanguage\":\"de\",\"potentialAction\":[{\"@type\":\"ReadAction\",\"target\":[\"https:\\\/\\\/dai-heidelberg.de\\\/de\\\/veranstaltungen\\\/nukleare-auf-oder-abruestung-42730\\\/\"]}]},{\"@type\":\"ImageObject\",\"inLanguage\":\"de\",\"@id\":\"https:\\\/\\\/dai-heidelberg.de\\\/de\\\/veranstaltungen\\\/nukleare-auf-oder-abruestung-42730\\\/#primaryimage\",\"url\":\"https:\\\/\\\/dai-heidelberg.de\\\/de\\\/wp-content\\\/uploads\\\/sites\\\/2\\\/2015\\\/04\\\/00-Vermietung_neu_v021.jpg\",\"contentUrl\":\"https:\\\/\\\/dai-heidelberg.de\\\/de\\\/wp-content\\\/uploads\\\/sites\\\/2\\\/2015\\\/04\\\/00-Vermietung_neu_v021.jpg\",\"width\":700,\"height\":312},{\"@type\":\"BreadcrumbList\",\"@id\":\"https:\\\/\\\/dai-heidelberg.de\\\/de\\\/veranstaltungen\\\/nukleare-auf-oder-abruestung-42730\\\/#breadcrumb\",\"itemListElement\":[{\"@type\":\"ListItem\",\"position\":1,\"name\":\"Startseite\",\"item\":\"https:\\\/\\\/dai-heidelberg.de\\\/de\\\/\"},{\"@type\":\"ListItem\",\"position\":2,\"name\":\"Veranstaltungen\",\"item\":\"https:\\\/\\\/dai-heidelberg.de\\\/de\\\/veranstaltungen\\\/\"},{\"@type\":\"ListItem\",\"position\":3,\"name\":\"Nukleare Auf- oder Abr\u00fcstung?\"}]},{\"@type\":\"WebSite\",\"@id\":\"https:\\\/\\\/dai-heidelberg.de\\\/de\\\/#website\",\"url\":\"https:\\\/\\\/dai-heidelberg.de\\\/de\\\/\",\"name\":\"DAI Deutsch\",\"description\":\"Deutsch-Amerikanisches Institut. Haus der Kultur.\",\"potentialAction\":[{\"@type\":\"SearchAction\",\"target\":{\"@type\":\"EntryPoint\",\"urlTemplate\":\"https:\\\/\\\/dai-heidelberg.de\\\/de\\\/?s={search_term_string}\"},\"query-input\":{\"@type\":\"PropertyValueSpecification\",\"valueRequired\":true,\"valueName\":\"search_term_string\"}}],\"inLanguage\":\"de\"}]}<\/script>\n<!-- \/ Yoast SEO plugin. -->","yoast_head_json":{"title":"Veranstaltungen - Deutsch-Amerikanisches Institut. Haus der Kultur.","robots":{"index":"index","follow":"follow","max-snippet":"max-snippet:-1","max-image-preview":"max-image-preview:large","max-video-preview":"max-video-preview:-1"},"canonical":"https:\/\/dai-heidelberg.de\/de\/veranstaltungen\/nukleare-auf-oder-abruestung-42730\/","og_locale":"de_DE","og_type":"article","og_title":"Veranstaltungen - Deutsch-Amerikanisches Institut. Haus der Kultur.","og_description":"Die Veranstaltung findet ausschlie\u00dflich online\u00a0im kostenfreien YouTube Livestream\u00a0statt. Fragen und Diskussionsbeitr\u00e4ge k\u00f6nnen im Livechat der Veranstaltung oder gerne auch vorab\u00a0per&nbsp;&hellip;","og_url":"https:\/\/dai-heidelberg.de\/de\/veranstaltungen\/nukleare-auf-oder-abruestung-42730\/","og_site_name":"DAI Deutsch","article_modified_time":"2022-02-10T16:14:52+00:00","og_image":[{"width":820,"height":370,"url":"https:\/\/dai-heidelberg.de\/de\/wp-content\/uploads\/sites\/2\/2021\/04\/210623-Xanthe-Hall.jpg","type":"image\/jpeg"}],"twitter_misc":{"Gesch\u00e4tzte Lesezeit":"1\u00a0Minute"},"schema":{"@context":"https:\/\/schema.org","@graph":[{"@type":"WebPage","@id":"https:\/\/dai-heidelberg.de\/de\/veranstaltungen\/nukleare-auf-oder-abruestung-42730\/","url":"https:\/\/dai-heidelberg.de\/de\/veranstaltungen\/nukleare-auf-oder-abruestung-42730\/","name":"Veranstaltungen - Deutsch-Amerikanisches Institut. Haus der Kultur.","isPartOf":{"@id":"https:\/\/dai-heidelberg.de\/de\/#website"},"primaryImageOfPage":{"@id":"https:\/\/dai-heidelberg.de\/de\/veranstaltungen\/nukleare-auf-oder-abruestung-42730\/#primaryimage"},"image":{"@id":"https:\/\/dai-heidelberg.de\/de\/veranstaltungen\/nukleare-auf-oder-abruestung-42730\/#primaryimage"},"thumbnailUrl":"https:\/\/dai-heidelberg.de\/de\/wp-content\/uploads\/sites\/2\/2015\/04\/00-Vermietung_neu_v021.jpg","datePublished":"2021-04-22T18:12:49+00:00","dateModified":"2022-02-10T16:14:52+00:00","breadcrumb":{"@id":"https:\/\/dai-heidelberg.de\/de\/veranstaltungen\/nukleare-auf-oder-abruestung-42730\/#breadcrumb"},"inLanguage":"de","potentialAction":[{"@type":"ReadAction","target":["https:\/\/dai-heidelberg.de\/de\/veranstaltungen\/nukleare-auf-oder-abruestung-42730\/"]}]},{"@type":"ImageObject","inLanguage":"de","@id":"https:\/\/dai-heidelberg.de\/de\/veranstaltungen\/nukleare-auf-oder-abruestung-42730\/#primaryimage","url":"https:\/\/dai-heidelberg.de\/de\/wp-content\/uploads\/sites\/2\/2015\/04\/00-Vermietung_neu_v021.jpg","contentUrl":"https:\/\/dai-heidelberg.de\/de\/wp-content\/uploads\/sites\/2\/2015\/04\/00-Vermietung_neu_v021.jpg","width":700,"height":312},{"@type":"BreadcrumbList","@id":"https:\/\/dai-heidelberg.de\/de\/veranstaltungen\/nukleare-auf-oder-abruestung-42730\/#breadcrumb","itemListElement":[{"@type":"ListItem","position":1,"name":"Startseite","item":"https:\/\/dai-heidelberg.de\/de\/"},{"@type":"ListItem","position":2,"name":"Veranstaltungen","item":"https:\/\/dai-heidelberg.de\/de\/veranstaltungen\/"},{"@type":"ListItem","position":3,"name":"Nukleare Auf- oder Abr\u00fcstung?"}]},{"@type":"WebSite","@id":"https:\/\/dai-heidelberg.de\/de\/#website","url":"https:\/\/dai-heidelberg.de\/de\/","name":"DAI Deutsch","description":"Deutsch-Amerikanisches Institut. Haus der Kultur.","potentialAction":[{"@type":"SearchAction","target":{"@type":"EntryPoint","urlTemplate":"https:\/\/dai-heidelberg.de\/de\/?s={search_term_string}"},"query-input":{"@type":"PropertyValueSpecification","valueRequired":true,"valueName":"search_term_string"}}],"inLanguage":"de"}]}},"_links":{"self":[{"href":"https:\/\/dai-heidelberg.de\/de\/wp-json\/wp\/v2\/dai_event\/42730","targetHints":{"allow":["GET"]}}],"collection":[{"href":"https:\/\/dai-heidelberg.de\/de\/wp-json\/wp\/v2\/dai_event"}],"about":[{"href":"https:\/\/dai-heidelberg.de\/de\/wp-json\/wp\/v2\/types\/dai_event"}],"version-history":[{"count":4,"href":"https:\/\/dai-heidelberg.de\/de\/wp-json\/wp\/v2\/dai_event\/42730\/revisions"}],"predecessor-version":[{"id":48141,"href":"https:\/\/dai-heidelberg.de\/de\/wp-json\/wp\/v2\/dai_event\/42730\/revisions\/48141"}],"wp:featuredmedia":[{"embeddable":true,"href":"https:\/\/dai-heidelberg.de\/de\/wp-json\/wp\/v2\/media\/11418"}],"wp:attachment":[{"href":"https:\/\/dai-heidelberg.de\/de\/wp-json\/wp\/v2\/media?parent=42730"}],"wp:term":[{"taxonomy":"post_tag","embeddable":true,"href":"https:\/\/dai-heidelberg.de\/de\/wp-json\/wp\/v2\/tags?post=42730"},{"taxonomy":"dai_event_category","embeddable":true,"href":"https:\/\/dai-heidelberg.de\/de\/wp-json\/wp\/v2\/dai_event_category?post=42730"},{"taxonomy":"dai_event_type","embeddable":true,"href":"https:\/\/dai-heidelberg.de\/de\/wp-json\/wp\/v2\/dai_event_type?post=42730"},{"taxonomy":"dai_event_location","embeddable":true,"href":"https:\/\/dai-heidelberg.de\/de\/wp-json\/wp\/v2\/dai_event_location?post=42730"}],"curies":[{"name":"wp","href":"https:\/\/api.w.org\/{rel}","templated":true}]}}