{"id":40434,"date":"2020-11-17T20:32:27","date_gmt":"2020-11-17T19:32:27","guid":{"rendered":"https:\/\/dai-heidelberg.de\/de\/?post_type=dai_event&#038;p=40434"},"modified":"2022-01-31T20:14:02","modified_gmt":"2022-01-31T19:14:02","slug":"rhythm-is-it2","status":"publish","type":"dai_event","link":"https:\/\/dai-heidelberg.de\/de\/veranstaltungen\/rhythm-is-it2-40434\/","title":{"rendered":"Rhythm is it!"},"content":{"rendered":"<p><strong>Die Veranstaltung findet ausschlie\u00dflich online\u00a0<a href=\"http:\/\/bit.ly\/rhythm_is_it\">im kostenfreien YouTube Livestream<\/a>\u00a0statt. Fragen und Diskussionsbeitr\u00e4ge k\u00f6nnen im Livechat der Veranstaltung oder gerne auch vorab\u00a0<a href=\"&#x6d;&#x61;&#105;lt&#x6f;&#x3a;&#105;&#110;f&#x6f;&#x40;&#100;&#97;i&#x2d;&#x68;&#x65;&#105;de&#x6c;&#x62;&#101;&#114;g&#x2e;&#x64;&#101;\">per E-Mail an &#x69;&#110;f&#x6f;&#64;&#100;&#x61;&#x69;&#45;h&#x65;&#105;d&#x65;&#x6c;&#98;e&#x72;&#103;&#46;&#x64;&#x65;<\/a>\u00a0gestellt werden.<\/strong><br \/>\n<strong><a href=\"https:\/\/dai-heidelberg.de\/de\/das-dai\/newsletter\/\">Abonniert unseren DAI Newsletter<\/a>, um keine kostenfreie Online-Veranstaltung zu verpassen!<\/strong><\/p>\n<p><a href=\"https:\/\/dai-heidelberg.de\/de\/wp-content\/uploads\/sites\/2\/2020\/10\/978-3-426-67598-4_Druck.jpg\"><img loading=\"lazy\" decoding=\"async\" class=\"size-medium wp-image-39337 alignleft\" src=\"https:\/\/dai-heidelberg.de\/de\/wp-content\/uploads\/sites\/2\/2020\/10\/978-3-426-67598-4_Druck-183x300.jpg\" alt=\"\" width=\"183\" height=\"300\" srcset=\"https:\/\/dai-heidelberg.de\/de\/wp-content\/uploads\/sites\/2\/2020\/10\/978-3-426-67598-4_Druck-183x300.jpg 183w, https:\/\/dai-heidelberg.de\/de\/wp-content\/uploads\/sites\/2\/2020\/10\/978-3-426-67598-4_Druck-625x1024.jpg 625w, https:\/\/dai-heidelberg.de\/de\/wp-content\/uploads\/sites\/2\/2020\/10\/978-3-426-67598-4_Druck-768x1258.jpg 768w, https:\/\/dai-heidelberg.de\/de\/wp-content\/uploads\/sites\/2\/2020\/10\/978-3-426-67598-4_Druck-938x1536.jpg 938w, https:\/\/dai-heidelberg.de\/de\/wp-content\/uploads\/sites\/2\/2020\/10\/978-3-426-67598-4_Druck-1250x2048.jpg 1250w, https:\/\/dai-heidelberg.de\/de\/wp-content\/uploads\/sites\/2\/2020\/10\/978-3-426-67598-4_Druck-1024x1677.jpg 1024w, https:\/\/dai-heidelberg.de\/de\/wp-content\/uploads\/sites\/2\/2020\/10\/978-3-426-67598-4_Druck-820x1343.jpg 820w, https:\/\/dai-heidelberg.de\/de\/wp-content\/uploads\/sites\/2\/2020\/10\/978-3-426-67598-4_Druck.jpg 1500w\" sizes=\"auto, (max-width: 183px) 100vw, 183px\" \/><\/a>Die umw\u00e4lzenden Ereignisse in 2020 haben mit enormer Schubkraft Ver\u00e4nderungen in der Arbeitswelt bef\u00f6rdert: Forderungen nach mehr Flexibilit\u00e4t und mehr Individualisierung, neue Arbeitsmodelle und generelle Umw\u00e4lzungen in Kommunikation und Organisation von Arbeit sind in aller Munde und Arbeits- und Lebenswelt von Mitarbeitern greifen immer st\u00e4rker ineinander.<\/p>\n<p>Die Frage, <em>wann<\/em> wir arbeiten, bringt hier die R\u00fccksicht auf unsere Chronobiologie ins Spiel, das hei\u00dft unseren inneren Rhythmus, der im Stillen unser Leben strukturiert. Wir arbeiten nicht zu viel \u2013 wir arbeiten falsch, so die These der Autoren: Im Einklang mit biologischen Intervallen werden Energien frei, wer aber gegen seinen Rhythmus arbeiten muss, der leidet unter diesem Gegensatz, arbeitet letztlich gegen sich selbst, wird im schlimmsten Falle krank.<\/p>\n<p>Eine Debatte \u00fcber gestalterische M\u00f6glichkeiten und Grenzen unserer Arbeitswelt in v\u00f6llig neuen Zeiten und im Angesicht neuer Herausforderungen.<\/p>\n<p>&nbsp;<\/p>\n<p><strong>Mit:<br \/>\nSilvia Sperling<\/strong>, Wirtschaftsjournalistin, Autorin und Acquisition Editor f\u00fcr Themen rund um Pers\u00f6nlichkeitsentwicklung, Lebensbalance und gesunde Lebensf\u00fchrung<br \/>\n<strong>Lothar Seiwert<\/strong>, Europas f\u00fchrender und bekanntester Experte f\u00fcr das neue Zeit- und Lebensmanagement, Experte f\u00fcr die Themen Time-Management, Life-Leadership\u00ae und Work-Life-Balance<br \/>\n<strong>Cawa Younosi<\/strong>, Personalleiter und Mitglied der Gesch\u00e4ftsf\u00fchrung der SAP Deutschland. Unter dem Motto &#8222;#SAPDoch!&#8220; setzt er neue Trends im Personalmanagement, stets mit der Devise: der Mensch im Mittelpunkt.<\/p>\n<p><strong>Moderation:<br \/>\n<\/strong>Alexander Hagel\u00fcken, Leitender Redakteur f\u00fcr Wirtschaftspolitik der S\u00fcddeutschen Zeitung und ehemaliger Europakorrespondent in Br\u00fcssel<\/p>\n","protected":false},"excerpt":{"rendered":"<p>Die Veranstaltung findet ausschlie\u00dflich online\u00a0im kostenfreien YouTube Livestream\u00a0statt. Fragen und Diskussionsbeitr\u00e4ge k\u00f6nnen im Livechat der Veranstaltung oder gerne auch vorab\u00a0per&nbsp;&hellip;<\/p>\n","protected":false},"featured_media":11418,"template":"","meta":{"footnotes":""},"tags":[],"dai_event_category":[6],"dai_event_type":[12],"dai_event_location":[],"class_list":["post-40434","dai_event","type-dai_event","status-publish","has-post-thumbnail","hentry","dai_event_category-kulturveranstaltungen","dai_event_type-im-dialog"],"better_featured_image":{"id":11418,"alt_text":"","caption":"","description":"","media_type":"image","media_details":{"width":700,"height":312,"file":"2015\/04\/00-Vermietung_neu_v021.jpg","sizes":{"medium":{"file":"00-Vermietung_neu_v021-300x134.jpg","width":300,"height":134,"mime-type":"image\/jpeg","source_url":"https:\/\/dai-heidelberg.de\/de\/wp-content\/uploads\/sites\/2\/2015\/04\/00-Vermietung_neu_v021-300x134.jpg"},"thumbnail":{"file":"00-Vermietung_neu_v021-150x150.jpg","width":150,"height":150,"mime-type":"image\/jpeg","source_url":"https:\/\/dai-heidelberg.de\/de\/wp-content\/uploads\/sites\/2\/2015\/04\/00-Vermietung_neu_v021-150x150.jpg"},"dai-list":{"file":"00-Vermietung_neu_v021-140x140.jpg","width":140,"height":140,"mime-type":"image\/jpeg","source_url":"https:\/\/dai-heidelberg.de\/de\/wp-content\/uploads\/sites\/2\/2015\/04\/00-Vermietung_neu_v021-140x140.jpg"},"dai-selector":{"file":"00-Vermietung_neu_v021-240x170.jpg","width":240,"height":170,"mime-type":"image\/jpeg","source_url":"https:\/\/dai-heidelberg.de\/de\/wp-content\/uploads\/sites\/2\/2015\/04\/00-Vermietung_neu_v021-240x170.jpg"},"dai-hof":{"file":"00-Vermietung_neu_v021-240x192.jpg","width":240,"height":192,"mime-type":"image\/jpeg","source_url":"https:\/\/dai-heidelberg.de\/de\/wp-content\/uploads\/sites\/2\/2015\/04\/00-Vermietung_neu_v021-240x192.jpg"}},"image_meta":{"aperture":"0","credit":"","camera":"","caption":"","created_timestamp":"0","copyright":"","focal_length":"0","iso":"0","shutter_speed":"0","title":"","orientation":"0","keywords":[]}},"post":11340,"source_url":"https:\/\/dai-heidelberg.de\/de\/wp-content\/uploads\/sites\/2\/2015\/04\/00-Vermietung_neu_v021.jpg"},"post-meta-fields":{"dai_event_datetime":["2021-04-13 20:00"],"dai_event_featured":["0"],"dai_event_artist":["Die Intervall-Woche: Neue Paradigmen der Arbeitswelt"],"dai_event_ticket_freeadmission":["0"],"dai_autotranslate_should_translate":["1"],"_dp_original":["39335"],"_edit_lock":["1643657053:10"],"_edit_last":["10"],"_wp_old_slug":["rhythm-is-it-2"],"dai_event_notice":["Kostenfreie Online-Veranstaltung"],"dai_event_content_notice":["Kostenfreie Online-Veranstaltung"],"_thumbnail_id":["11418"]},"yoast_head":"<!-- This site is optimized with the Yoast SEO plugin v27.4 - https:\/\/yoast.com\/product\/yoast-seo-wordpress\/ -->\n<title>Veranstaltungen - Deutsch-Amerikanisches Institut. Haus der Kultur.<\/title>\n<meta name=\"robots\" content=\"index, follow, max-snippet:-1, max-image-preview:large, max-video-preview:-1\" \/>\n<link rel=\"canonical\" href=\"https:\/\/dai-heidelberg.de\/de\/veranstaltungen\/rhythm-is-it2-40434\/\" \/>\n<meta property=\"og:locale\" content=\"de_DE\" \/>\n<meta property=\"og:type\" content=\"article\" \/>\n<meta property=\"og:title\" content=\"Veranstaltungen - Deutsch-Amerikanisches Institut. Haus der Kultur.\" \/>\n<meta property=\"og:description\" content=\"Die Veranstaltung findet ausschlie\u00dflich online\u00a0im kostenfreien YouTube Livestream\u00a0statt. Fragen und Diskussionsbeitr\u00e4ge k\u00f6nnen im Livechat der Veranstaltung oder gerne auch vorab\u00a0per&nbsp;&hellip;\" \/>\n<meta property=\"og:url\" content=\"https:\/\/dai-heidelberg.de\/de\/veranstaltungen\/rhythm-is-it2-40434\/\" \/>\n<meta property=\"og:site_name\" content=\"DAI Deutsch\" \/>\n<meta property=\"article:modified_time\" content=\"2022-01-31T19:14:02+00:00\" \/>\n<meta property=\"og:image\" content=\"https:\/\/dai-heidelberg.de\/de\/wp-content\/uploads\/sites\/2\/2020\/10\/201126-Rhythm-is-it.jpg\" \/>\n\t<meta property=\"og:image:width\" content=\"820\" \/>\n\t<meta property=\"og:image:height\" content=\"370\" \/>\n\t<meta property=\"og:image:type\" content=\"image\/jpeg\" \/>\n<meta name=\"twitter:label1\" content=\"Gesch\u00e4tzte Lesezeit\" \/>\n\t<meta name=\"twitter:data1\" content=\"1\u00a0Minute\" \/>\n<script type=\"application\/ld+json\" class=\"yoast-schema-graph\">{\"@context\":\"https:\\\/\\\/schema.org\",\"@graph\":[{\"@type\":\"WebPage\",\"@id\":\"https:\\\/\\\/dai-heidelberg.de\\\/de\\\/veranstaltungen\\\/rhythm-is-it2-40434\\\/\",\"url\":\"https:\\\/\\\/dai-heidelberg.de\\\/de\\\/veranstaltungen\\\/rhythm-is-it2-40434\\\/\",\"name\":\"Veranstaltungen - Deutsch-Amerikanisches Institut. Haus der Kultur.\",\"isPartOf\":{\"@id\":\"https:\\\/\\\/dai-heidelberg.de\\\/de\\\/#website\"},\"primaryImageOfPage\":{\"@id\":\"https:\\\/\\\/dai-heidelberg.de\\\/de\\\/veranstaltungen\\\/rhythm-is-it2-40434\\\/#primaryimage\"},\"image\":{\"@id\":\"https:\\\/\\\/dai-heidelberg.de\\\/de\\\/veranstaltungen\\\/rhythm-is-it2-40434\\\/#primaryimage\"},\"thumbnailUrl\":\"https:\\\/\\\/dai-heidelberg.de\\\/de\\\/wp-content\\\/uploads\\\/sites\\\/2\\\/2015\\\/04\\\/00-Vermietung_neu_v021.jpg\",\"datePublished\":\"2020-11-17T19:32:27+00:00\",\"dateModified\":\"2022-01-31T19:14:02+00:00\",\"breadcrumb\":{\"@id\":\"https:\\\/\\\/dai-heidelberg.de\\\/de\\\/veranstaltungen\\\/rhythm-is-it2-40434\\\/#breadcrumb\"},\"inLanguage\":\"de\",\"potentialAction\":[{\"@type\":\"ReadAction\",\"target\":[\"https:\\\/\\\/dai-heidelberg.de\\\/de\\\/veranstaltungen\\\/rhythm-is-it2-40434\\\/\"]}]},{\"@type\":\"ImageObject\",\"inLanguage\":\"de\",\"@id\":\"https:\\\/\\\/dai-heidelberg.de\\\/de\\\/veranstaltungen\\\/rhythm-is-it2-40434\\\/#primaryimage\",\"url\":\"https:\\\/\\\/dai-heidelberg.de\\\/de\\\/wp-content\\\/uploads\\\/sites\\\/2\\\/2015\\\/04\\\/00-Vermietung_neu_v021.jpg\",\"contentUrl\":\"https:\\\/\\\/dai-heidelberg.de\\\/de\\\/wp-content\\\/uploads\\\/sites\\\/2\\\/2015\\\/04\\\/00-Vermietung_neu_v021.jpg\",\"width\":700,\"height\":312},{\"@type\":\"BreadcrumbList\",\"@id\":\"https:\\\/\\\/dai-heidelberg.de\\\/de\\\/veranstaltungen\\\/rhythm-is-it2-40434\\\/#breadcrumb\",\"itemListElement\":[{\"@type\":\"ListItem\",\"position\":1,\"name\":\"Startseite\",\"item\":\"https:\\\/\\\/dai-heidelberg.de\\\/de\\\/\"},{\"@type\":\"ListItem\",\"position\":2,\"name\":\"Veranstaltungen\",\"item\":\"https:\\\/\\\/dai-heidelberg.de\\\/de\\\/veranstaltungen\\\/\"},{\"@type\":\"ListItem\",\"position\":3,\"name\":\"Rhythm is it!\"}]},{\"@type\":\"WebSite\",\"@id\":\"https:\\\/\\\/dai-heidelberg.de\\\/de\\\/#website\",\"url\":\"https:\\\/\\\/dai-heidelberg.de\\\/de\\\/\",\"name\":\"DAI Deutsch\",\"description\":\"Deutsch-Amerikanisches Institut. Haus der Kultur.\",\"potentialAction\":[{\"@type\":\"SearchAction\",\"target\":{\"@type\":\"EntryPoint\",\"urlTemplate\":\"https:\\\/\\\/dai-heidelberg.de\\\/de\\\/?s={search_term_string}\"},\"query-input\":{\"@type\":\"PropertyValueSpecification\",\"valueRequired\":true,\"valueName\":\"search_term_string\"}}],\"inLanguage\":\"de\"}]}<\/script>\n<!-- \/ Yoast SEO plugin. -->","yoast_head_json":{"title":"Veranstaltungen - Deutsch-Amerikanisches Institut. Haus der Kultur.","robots":{"index":"index","follow":"follow","max-snippet":"max-snippet:-1","max-image-preview":"max-image-preview:large","max-video-preview":"max-video-preview:-1"},"canonical":"https:\/\/dai-heidelberg.de\/de\/veranstaltungen\/rhythm-is-it2-40434\/","og_locale":"de_DE","og_type":"article","og_title":"Veranstaltungen - Deutsch-Amerikanisches Institut. Haus der Kultur.","og_description":"Die Veranstaltung findet ausschlie\u00dflich online\u00a0im kostenfreien YouTube Livestream\u00a0statt. Fragen und Diskussionsbeitr\u00e4ge k\u00f6nnen im Livechat der Veranstaltung oder gerne auch vorab\u00a0per&nbsp;&hellip;","og_url":"https:\/\/dai-heidelberg.de\/de\/veranstaltungen\/rhythm-is-it2-40434\/","og_site_name":"DAI Deutsch","article_modified_time":"2022-01-31T19:14:02+00:00","og_image":[{"width":820,"height":370,"url":"https:\/\/dai-heidelberg.de\/de\/wp-content\/uploads\/sites\/2\/2020\/10\/201126-Rhythm-is-it.jpg","type":"image\/jpeg"}],"twitter_misc":{"Gesch\u00e4tzte Lesezeit":"1\u00a0Minute"},"schema":{"@context":"https:\/\/schema.org","@graph":[{"@type":"WebPage","@id":"https:\/\/dai-heidelberg.de\/de\/veranstaltungen\/rhythm-is-it2-40434\/","url":"https:\/\/dai-heidelberg.de\/de\/veranstaltungen\/rhythm-is-it2-40434\/","name":"Veranstaltungen - Deutsch-Amerikanisches Institut. Haus der Kultur.","isPartOf":{"@id":"https:\/\/dai-heidelberg.de\/de\/#website"},"primaryImageOfPage":{"@id":"https:\/\/dai-heidelberg.de\/de\/veranstaltungen\/rhythm-is-it2-40434\/#primaryimage"},"image":{"@id":"https:\/\/dai-heidelberg.de\/de\/veranstaltungen\/rhythm-is-it2-40434\/#primaryimage"},"thumbnailUrl":"https:\/\/dai-heidelberg.de\/de\/wp-content\/uploads\/sites\/2\/2015\/04\/00-Vermietung_neu_v021.jpg","datePublished":"2020-11-17T19:32:27+00:00","dateModified":"2022-01-31T19:14:02+00:00","breadcrumb":{"@id":"https:\/\/dai-heidelberg.de\/de\/veranstaltungen\/rhythm-is-it2-40434\/#breadcrumb"},"inLanguage":"de","potentialAction":[{"@type":"ReadAction","target":["https:\/\/dai-heidelberg.de\/de\/veranstaltungen\/rhythm-is-it2-40434\/"]}]},{"@type":"ImageObject","inLanguage":"de","@id":"https:\/\/dai-heidelberg.de\/de\/veranstaltungen\/rhythm-is-it2-40434\/#primaryimage","url":"https:\/\/dai-heidelberg.de\/de\/wp-content\/uploads\/sites\/2\/2015\/04\/00-Vermietung_neu_v021.jpg","contentUrl":"https:\/\/dai-heidelberg.de\/de\/wp-content\/uploads\/sites\/2\/2015\/04\/00-Vermietung_neu_v021.jpg","width":700,"height":312},{"@type":"BreadcrumbList","@id":"https:\/\/dai-heidelberg.de\/de\/veranstaltungen\/rhythm-is-it2-40434\/#breadcrumb","itemListElement":[{"@type":"ListItem","position":1,"name":"Startseite","item":"https:\/\/dai-heidelberg.de\/de\/"},{"@type":"ListItem","position":2,"name":"Veranstaltungen","item":"https:\/\/dai-heidelberg.de\/de\/veranstaltungen\/"},{"@type":"ListItem","position":3,"name":"Rhythm is it!"}]},{"@type":"WebSite","@id":"https:\/\/dai-heidelberg.de\/de\/#website","url":"https:\/\/dai-heidelberg.de\/de\/","name":"DAI Deutsch","description":"Deutsch-Amerikanisches Institut. Haus der Kultur.","potentialAction":[{"@type":"SearchAction","target":{"@type":"EntryPoint","urlTemplate":"https:\/\/dai-heidelberg.de\/de\/?s={search_term_string}"},"query-input":{"@type":"PropertyValueSpecification","valueRequired":true,"valueName":"search_term_string"}}],"inLanguage":"de"}]}},"_links":{"self":[{"href":"https:\/\/dai-heidelberg.de\/de\/wp-json\/wp\/v2\/dai_event\/40434","targetHints":{"allow":["GET"]}}],"collection":[{"href":"https:\/\/dai-heidelberg.de\/de\/wp-json\/wp\/v2\/dai_event"}],"about":[{"href":"https:\/\/dai-heidelberg.de\/de\/wp-json\/wp\/v2\/types\/dai_event"}],"version-history":[{"count":4,"href":"https:\/\/dai-heidelberg.de\/de\/wp-json\/wp\/v2\/dai_event\/40434\/revisions"}],"predecessor-version":[{"id":47874,"href":"https:\/\/dai-heidelberg.de\/de\/wp-json\/wp\/v2\/dai_event\/40434\/revisions\/47874"}],"wp:featuredmedia":[{"embeddable":true,"href":"https:\/\/dai-heidelberg.de\/de\/wp-json\/wp\/v2\/media\/11418"}],"wp:attachment":[{"href":"https:\/\/dai-heidelberg.de\/de\/wp-json\/wp\/v2\/media?parent=40434"}],"wp:term":[{"taxonomy":"post_tag","embeddable":true,"href":"https:\/\/dai-heidelberg.de\/de\/wp-json\/wp\/v2\/tags?post=40434"},{"taxonomy":"dai_event_category","embeddable":true,"href":"https:\/\/dai-heidelberg.de\/de\/wp-json\/wp\/v2\/dai_event_category?post=40434"},{"taxonomy":"dai_event_type","embeddable":true,"href":"https:\/\/dai-heidelberg.de\/de\/wp-json\/wp\/v2\/dai_event_type?post=40434"},{"taxonomy":"dai_event_location","embeddable":true,"href":"https:\/\/dai-heidelberg.de\/de\/wp-json\/wp\/v2\/dai_event_location?post=40434"}],"curies":[{"name":"wp","href":"https:\/\/api.w.org\/{rel}","templated":true}]}}