{"id":35573,"date":"2020-04-06T19:13:17","date_gmt":"2020-04-06T17:13:17","guid":{"rendered":"https:\/\/dai-heidelberg.de\/de\/?post_type=dai_event&#038;p=35573"},"modified":"2020-04-06T19:13:17","modified_gmt":"2020-04-06T17:13:17","slug":"auf-in-die-welt-4","status":"publish","type":"dai_event","link":"https:\/\/dai-heidelberg.de\/de\/veranstaltungen\/auf-in-die-welt-4-35573\/","title":{"rendered":"Auf in die Welt"},"content":{"rendered":"<p><a href=\"https:\/\/www.aufindiewelt.de\/\" target=\"_blank\" rel=\"noopener noreferrer\"><img loading=\"lazy\" decoding=\"async\" class=\"alignleft size-thumbnail wp-image-34643\" src=\"https:\/\/dai-heidelberg.de\/de\/wp-content\/uploads\/sites\/2\/2020\/01\/Globus-AufindieWelt-o300g-150x150.jpg\" alt=\"\" width=\"150\" height=\"150\" srcset=\"https:\/\/dai-heidelberg.de\/de\/wp-content\/uploads\/sites\/2\/2020\/01\/Globus-AufindieWelt-o300g-150x150.jpg 150w, https:\/\/dai-heidelberg.de\/de\/wp-content\/uploads\/sites\/2\/2020\/01\/Globus-AufindieWelt-o300g-300x300.jpg 300w, https:\/\/dai-heidelberg.de\/de\/wp-content\/uploads\/sites\/2\/2020\/01\/Globus-AufindieWelt-o300g-768x768.jpg 768w, https:\/\/dai-heidelberg.de\/de\/wp-content\/uploads\/sites\/2\/2020\/01\/Globus-AufindieWelt-o300g-820x820.jpg 820w, https:\/\/dai-heidelberg.de\/de\/wp-content\/uploads\/sites\/2\/2020\/01\/Globus-AufindieWelt-o300g-140x140.jpg 140w, https:\/\/dai-heidelberg.de\/de\/wp-content\/uploads\/sites\/2\/2020\/01\/Globus-AufindieWelt-o300g.jpg 1000w\" sizes=\"auto, (max-width: 150px) 100vw, 150px\" \/><\/a><em>Auf in die Welt<\/em> \u2013 deine Messe f\u00fcr Sch\u00fcleraustausch, High School, Internate, Privatschulen, Gap Year, Sprachreisen, Au Pair, Demi Pair, Freiwilligendienste, Praktika, Work &amp; Travel, internationale Colleges und Universit\u00e4ten.<\/p>\n<p>Die Messe ist eine Initiative der gemeinn\u00fctzigen Deutschen Stiftung V\u00f6lkerverst\u00e4ndigung und umfasst eine Ausstellung der f\u00fchrenden Austausch-Organisationen, Agenturen, internationalen Bildungseinrichtungen und Beratungsdienste. Parallel zur Ausstellung gibt es Fachvortr\u00e4ge von Experten und Erfahrungsberichte. Anl\u00e4sslich der Messen werden Stipendien ausgeschrieben.<\/p>\n<p>Hinweise zur Messe und den Stipendien sowie weitere Informationen rund um das Thema Auslandsaufenthalte gibt die Stiftung auf ihrem <a href=\"http:\/\/www.schueleraustausch-portal.de\">Sch\u00fcleraustausch-Portal<\/a>.<\/p>\n<p>Die Messe l\u00e4uft bis 16:00 Uhr.<\/p>\n","protected":false},"excerpt":{"rendered":"<p>Auf in die Welt \u2013 deine Messe f\u00fcr Sch\u00fcleraustausch, High School, Internate, Privatschulen, Gap Year, Sprachreisen, Au Pair, Demi Pair,&nbsp;&hellip;<\/p>\n","protected":false},"featured_media":34231,"template":"","meta":{"footnotes":""},"tags":[],"dai_event_category":[7],"dai_event_type":[13],"dai_event_location":[],"class_list":["post-35573","dai_event","type-dai_event","status-publish","has-post-thumbnail","hentry","dai_event_category-bibliothek","dai_event_type-information"],"better_featured_image":{"id":34231,"alt_text":"","caption":"Foto: Deutsche Stiftung\nV\u00f6lkerverst\u00e4ndigung","description":"","media_type":"image","media_details":{"width":700,"height":312,"file":"2020\/01\/200328-Auf-in-die-Welt.jpg","sizes":{"medium":{"file":"200328-Auf-in-die-Welt-300x134.jpg","width":300,"height":134,"mime-type":"image\/jpeg","source_url":"https:\/\/dai-heidelberg.de\/de\/wp-content\/uploads\/sites\/2\/2020\/01\/200328-Auf-in-die-Welt-300x134.jpg"},"thumbnail":{"file":"200328-Auf-in-die-Welt-150x150.jpg","width":150,"height":150,"mime-type":"image\/jpeg","source_url":"https:\/\/dai-heidelberg.de\/de\/wp-content\/uploads\/sites\/2\/2020\/01\/200328-Auf-in-die-Welt-150x150.jpg"},"dai-list":{"file":"200328-Auf-in-die-Welt-140x140.jpg","width":140,"height":140,"mime-type":"image\/jpeg","source_url":"https:\/\/dai-heidelberg.de\/de\/wp-content\/uploads\/sites\/2\/2020\/01\/200328-Auf-in-die-Welt-140x140.jpg"},"dai-selector":{"file":"200328-Auf-in-die-Welt-240x170.jpg","width":240,"height":170,"mime-type":"image\/jpeg","source_url":"https:\/\/dai-heidelberg.de\/de\/wp-content\/uploads\/sites\/2\/2020\/01\/200328-Auf-in-die-Welt-240x170.jpg"},"dai-hof":{"file":"200328-Auf-in-die-Welt-240x192.jpg","width":240,"height":192,"mime-type":"image\/jpeg","source_url":"https:\/\/dai-heidelberg.de\/de\/wp-content\/uploads\/sites\/2\/2020\/01\/200328-Auf-in-die-Welt-240x192.jpg"}},"image_meta":{"aperture":"0","credit":"","camera":"","caption":"","created_timestamp":"0","copyright":"","focal_length":"0","iso":"0","shutter_speed":"0","title":"","orientation":"0","keywords":[]}},"post":33457,"source_url":"https:\/\/dai-heidelberg.de\/de\/wp-content\/uploads\/sites\/2\/2020\/01\/200328-Auf-in-die-Welt.jpg"},"post-meta-fields":{"_oembed_76a7a0def5a491c2c1d45bd28b80336b":["{{unknown}}"],"_oembed_42cdef1442eeda1baedd00c3dbf7a4ee":["{{unknown}}"],"dai_event_datetime":["2020-10-17 10:00"],"dai_event_featured":["0"],"dai_event_artist":["Messe f\u00fcr Auslandsaufenthalte und internationale Bildung"],"dai_event_ticket_freeadmission":["1"],"_yoast_wpseo_content_score":["30"],"_yoast_wpseo_primary_dai_event_category":["7"],"_yoast_wpseo_primary_dai_event_type":["13"],"_yoast_wpseo_primary_dai_event_location":[""],"_post_is_translated":["0"],"_trash_the_other_posts":["0"],"dai_autotranslate_should_translate":["1"],"_thumbnail_id":["34231"],"_dp_original":["33457"],"_edit_lock":["1586198735:10"],"_edit_last":["10"]},"yoast_head":"<!-- This site is optimized with the Yoast SEO plugin v27.4 - https:\/\/yoast.com\/product\/yoast-seo-wordpress\/ -->\n<title>Veranstaltungen - Deutsch-Amerikanisches Institut. Haus der Kultur.<\/title>\n<meta name=\"robots\" content=\"index, follow, max-snippet:-1, max-image-preview:large, max-video-preview:-1\" \/>\n<link rel=\"canonical\" href=\"https:\/\/dai-heidelberg.de\/de\/veranstaltungen\/auf-in-die-welt-4-35573\/\" \/>\n<meta property=\"og:locale\" content=\"de_DE\" \/>\n<meta property=\"og:type\" content=\"article\" \/>\n<meta property=\"og:title\" content=\"Veranstaltungen - Deutsch-Amerikanisches Institut. Haus der Kultur.\" \/>\n<meta property=\"og:description\" content=\"Auf in die Welt \u2013 deine Messe f\u00fcr Sch\u00fcleraustausch, High School, Internate, Privatschulen, Gap Year, Sprachreisen, Au Pair, Demi Pair,&nbsp;&hellip;\" \/>\n<meta property=\"og:url\" content=\"https:\/\/dai-heidelberg.de\/de\/veranstaltungen\/auf-in-die-welt-4-35573\/\" \/>\n<meta property=\"og:site_name\" content=\"DAI Deutsch\" \/>\n<meta property=\"og:image\" content=\"https:\/\/dai-heidelberg.de\/de\/wp-content\/uploads\/sites\/2\/2020\/01\/200328-Auf-in-die-Welt.jpg\" \/>\n\t<meta property=\"og:image:width\" content=\"700\" \/>\n\t<meta property=\"og:image:height\" content=\"312\" \/>\n\t<meta property=\"og:image:type\" content=\"image\/jpeg\" \/>\n<meta name=\"twitter:label1\" content=\"Gesch\u00e4tzte Lesezeit\" \/>\n\t<meta name=\"twitter:data1\" content=\"1\u00a0Minute\" \/>\n<script type=\"application\/ld+json\" class=\"yoast-schema-graph\">{\"@context\":\"https:\\\/\\\/schema.org\",\"@graph\":[{\"@type\":\"WebPage\",\"@id\":\"https:\\\/\\\/dai-heidelberg.de\\\/de\\\/veranstaltungen\\\/auf-in-die-welt-4-35573\\\/\",\"url\":\"https:\\\/\\\/dai-heidelberg.de\\\/de\\\/veranstaltungen\\\/auf-in-die-welt-4-35573\\\/\",\"name\":\"Veranstaltungen - Deutsch-Amerikanisches Institut. Haus der Kultur.\",\"isPartOf\":{\"@id\":\"https:\\\/\\\/dai-heidelberg.de\\\/de\\\/#website\"},\"primaryImageOfPage\":{\"@id\":\"https:\\\/\\\/dai-heidelberg.de\\\/de\\\/veranstaltungen\\\/auf-in-die-welt-4-35573\\\/#primaryimage\"},\"image\":{\"@id\":\"https:\\\/\\\/dai-heidelberg.de\\\/de\\\/veranstaltungen\\\/auf-in-die-welt-4-35573\\\/#primaryimage\"},\"thumbnailUrl\":\"https:\\\/\\\/dai-heidelberg.de\\\/de\\\/wp-content\\\/uploads\\\/sites\\\/2\\\/2020\\\/01\\\/200328-Auf-in-die-Welt.jpg\",\"datePublished\":\"2020-04-06T17:13:17+00:00\",\"breadcrumb\":{\"@id\":\"https:\\\/\\\/dai-heidelberg.de\\\/de\\\/veranstaltungen\\\/auf-in-die-welt-4-35573\\\/#breadcrumb\"},\"inLanguage\":\"de\",\"potentialAction\":[{\"@type\":\"ReadAction\",\"target\":[\"https:\\\/\\\/dai-heidelberg.de\\\/de\\\/veranstaltungen\\\/auf-in-die-welt-4-35573\\\/\"]}]},{\"@type\":\"ImageObject\",\"inLanguage\":\"de\",\"@id\":\"https:\\\/\\\/dai-heidelberg.de\\\/de\\\/veranstaltungen\\\/auf-in-die-welt-4-35573\\\/#primaryimage\",\"url\":\"https:\\\/\\\/dai-heidelberg.de\\\/de\\\/wp-content\\\/uploads\\\/sites\\\/2\\\/2020\\\/01\\\/200328-Auf-in-die-Welt.jpg\",\"contentUrl\":\"https:\\\/\\\/dai-heidelberg.de\\\/de\\\/wp-content\\\/uploads\\\/sites\\\/2\\\/2020\\\/01\\\/200328-Auf-in-die-Welt.jpg\",\"width\":700,\"height\":312,\"caption\":\"Foto: Deutsche Stiftung V\u00f6lkerverst\u00e4ndigung\"},{\"@type\":\"BreadcrumbList\",\"@id\":\"https:\\\/\\\/dai-heidelberg.de\\\/de\\\/veranstaltungen\\\/auf-in-die-welt-4-35573\\\/#breadcrumb\",\"itemListElement\":[{\"@type\":\"ListItem\",\"position\":1,\"name\":\"Startseite\",\"item\":\"https:\\\/\\\/dai-heidelberg.de\\\/de\\\/\"},{\"@type\":\"ListItem\",\"position\":2,\"name\":\"Veranstaltungen\",\"item\":\"https:\\\/\\\/dai-heidelberg.de\\\/de\\\/veranstaltungen\\\/\"},{\"@type\":\"ListItem\",\"position\":3,\"name\":\"Auf in die Welt\"}]},{\"@type\":\"WebSite\",\"@id\":\"https:\\\/\\\/dai-heidelberg.de\\\/de\\\/#website\",\"url\":\"https:\\\/\\\/dai-heidelberg.de\\\/de\\\/\",\"name\":\"DAI Deutsch\",\"description\":\"Deutsch-Amerikanisches Institut. Haus der Kultur.\",\"potentialAction\":[{\"@type\":\"SearchAction\",\"target\":{\"@type\":\"EntryPoint\",\"urlTemplate\":\"https:\\\/\\\/dai-heidelberg.de\\\/de\\\/?s={search_term_string}\"},\"query-input\":{\"@type\":\"PropertyValueSpecification\",\"valueRequired\":true,\"valueName\":\"search_term_string\"}}],\"inLanguage\":\"de\"}]}<\/script>\n<!-- \/ Yoast SEO plugin. -->","yoast_head_json":{"title":"Veranstaltungen - Deutsch-Amerikanisches Institut. Haus der Kultur.","robots":{"index":"index","follow":"follow","max-snippet":"max-snippet:-1","max-image-preview":"max-image-preview:large","max-video-preview":"max-video-preview:-1"},"canonical":"https:\/\/dai-heidelberg.de\/de\/veranstaltungen\/auf-in-die-welt-4-35573\/","og_locale":"de_DE","og_type":"article","og_title":"Veranstaltungen - Deutsch-Amerikanisches Institut. Haus der Kultur.","og_description":"Auf in die Welt \u2013 deine Messe f\u00fcr Sch\u00fcleraustausch, High School, Internate, Privatschulen, Gap Year, Sprachreisen, Au Pair, Demi Pair,&nbsp;&hellip;","og_url":"https:\/\/dai-heidelberg.de\/de\/veranstaltungen\/auf-in-die-welt-4-35573\/","og_site_name":"DAI Deutsch","og_image":[{"width":700,"height":312,"url":"https:\/\/dai-heidelberg.de\/de\/wp-content\/uploads\/sites\/2\/2020\/01\/200328-Auf-in-die-Welt.jpg","type":"image\/jpeg"}],"twitter_misc":{"Gesch\u00e4tzte Lesezeit":"1\u00a0Minute"},"schema":{"@context":"https:\/\/schema.org","@graph":[{"@type":"WebPage","@id":"https:\/\/dai-heidelberg.de\/de\/veranstaltungen\/auf-in-die-welt-4-35573\/","url":"https:\/\/dai-heidelberg.de\/de\/veranstaltungen\/auf-in-die-welt-4-35573\/","name":"Veranstaltungen - Deutsch-Amerikanisches Institut. Haus der Kultur.","isPartOf":{"@id":"https:\/\/dai-heidelberg.de\/de\/#website"},"primaryImageOfPage":{"@id":"https:\/\/dai-heidelberg.de\/de\/veranstaltungen\/auf-in-die-welt-4-35573\/#primaryimage"},"image":{"@id":"https:\/\/dai-heidelberg.de\/de\/veranstaltungen\/auf-in-die-welt-4-35573\/#primaryimage"},"thumbnailUrl":"https:\/\/dai-heidelberg.de\/de\/wp-content\/uploads\/sites\/2\/2020\/01\/200328-Auf-in-die-Welt.jpg","datePublished":"2020-04-06T17:13:17+00:00","breadcrumb":{"@id":"https:\/\/dai-heidelberg.de\/de\/veranstaltungen\/auf-in-die-welt-4-35573\/#breadcrumb"},"inLanguage":"de","potentialAction":[{"@type":"ReadAction","target":["https:\/\/dai-heidelberg.de\/de\/veranstaltungen\/auf-in-die-welt-4-35573\/"]}]},{"@type":"ImageObject","inLanguage":"de","@id":"https:\/\/dai-heidelberg.de\/de\/veranstaltungen\/auf-in-die-welt-4-35573\/#primaryimage","url":"https:\/\/dai-heidelberg.de\/de\/wp-content\/uploads\/sites\/2\/2020\/01\/200328-Auf-in-die-Welt.jpg","contentUrl":"https:\/\/dai-heidelberg.de\/de\/wp-content\/uploads\/sites\/2\/2020\/01\/200328-Auf-in-die-Welt.jpg","width":700,"height":312,"caption":"Foto: Deutsche Stiftung V\u00f6lkerverst\u00e4ndigung"},{"@type":"BreadcrumbList","@id":"https:\/\/dai-heidelberg.de\/de\/veranstaltungen\/auf-in-die-welt-4-35573\/#breadcrumb","itemListElement":[{"@type":"ListItem","position":1,"name":"Startseite","item":"https:\/\/dai-heidelberg.de\/de\/"},{"@type":"ListItem","position":2,"name":"Veranstaltungen","item":"https:\/\/dai-heidelberg.de\/de\/veranstaltungen\/"},{"@type":"ListItem","position":3,"name":"Auf in die Welt"}]},{"@type":"WebSite","@id":"https:\/\/dai-heidelberg.de\/de\/#website","url":"https:\/\/dai-heidelberg.de\/de\/","name":"DAI Deutsch","description":"Deutsch-Amerikanisches Institut. Haus der Kultur.","potentialAction":[{"@type":"SearchAction","target":{"@type":"EntryPoint","urlTemplate":"https:\/\/dai-heidelberg.de\/de\/?s={search_term_string}"},"query-input":{"@type":"PropertyValueSpecification","valueRequired":true,"valueName":"search_term_string"}}],"inLanguage":"de"}]}},"_links":{"self":[{"href":"https:\/\/dai-heidelberg.de\/de\/wp-json\/wp\/v2\/dai_event\/35573","targetHints":{"allow":["GET"]}}],"collection":[{"href":"https:\/\/dai-heidelberg.de\/de\/wp-json\/wp\/v2\/dai_event"}],"about":[{"href":"https:\/\/dai-heidelberg.de\/de\/wp-json\/wp\/v2\/types\/dai_event"}],"version-history":[{"count":2,"href":"https:\/\/dai-heidelberg.de\/de\/wp-json\/wp\/v2\/dai_event\/35573\/revisions"}],"predecessor-version":[{"id":35575,"href":"https:\/\/dai-heidelberg.de\/de\/wp-json\/wp\/v2\/dai_event\/35573\/revisions\/35575"}],"wp:featuredmedia":[{"embeddable":true,"href":"https:\/\/dai-heidelberg.de\/de\/wp-json\/wp\/v2\/media\/34231"}],"wp:attachment":[{"href":"https:\/\/dai-heidelberg.de\/de\/wp-json\/wp\/v2\/media?parent=35573"}],"wp:term":[{"taxonomy":"post_tag","embeddable":true,"href":"https:\/\/dai-heidelberg.de\/de\/wp-json\/wp\/v2\/tags?post=35573"},{"taxonomy":"dai_event_category","embeddable":true,"href":"https:\/\/dai-heidelberg.de\/de\/wp-json\/wp\/v2\/dai_event_category?post=35573"},{"taxonomy":"dai_event_type","embeddable":true,"href":"https:\/\/dai-heidelberg.de\/de\/wp-json\/wp\/v2\/dai_event_type?post=35573"},{"taxonomy":"dai_event_location","embeddable":true,"href":"https:\/\/dai-heidelberg.de\/de\/wp-json\/wp\/v2\/dai_event_location?post=35573"}],"curies":[{"name":"wp","href":"https:\/\/api.w.org\/{rel}","templated":true}]}}