{"id":28784,"date":"2019-06-28T14:44:30","date_gmt":"2019-06-28T12:44:30","guid":{"rendered":"https:\/\/dai-heidelberg.de\/de\/?post_type=dai_event&#038;p=28784"},"modified":"2019-07-01T14:38:15","modified_gmt":"2019-07-01T12:38:15","slug":"do-it-yourself-together-1-festival-tag","status":"publish","type":"dai_event","link":"https:\/\/dai-heidelberg.de\/de\/veranstaltungen\/do-it-yourself-together-1-festival-tag-28784\/","title":{"rendered":"Do-It-Yourself Together \u2013 1. Festival-Tag"},"content":{"rendered":"<p>Bei der <strong>r o a d t o_<\/strong> geht es darum, die richtigen Fragen zu stellen. Die Art von Fragen, die an die soziale Realit\u00e4t der Menschen ankn\u00fcpfen.<br \/>\nF\u00fcr die road to_ haben wir uns vier Themen \u00fcberlegt, im Rahmen derer wir Werkzeuge und Taktiken entwickeln, um eine soziale Zukunft zu gestalten, technische Souver\u00e4nit\u00e4t zu f\u00f6rdern und gemeinsam Sch\u00f6nes erschaffen zu k\u00f6nnen. Nachdem wir uns bei unseren ersten beiden Festivals mit den Themen &#8222;<a href=\"https:\/\/dai-heidelberg.de\/de\/veranstaltungen\/1-festival-tag-27840\/\">Entfaltung &#038; Soziale Zukunft<\/a>&#8220; und &#8222;<a href=\"https:\/\/dai-heidelberg.de\/de\/veranstaltungen\/road_to_geschichten_von_vielen_01-28328\/\">Geschichten von Vielen<\/a>&#8220; auseinander gesetzt haben, dreht sich bei unserem dritten und letzten Festival alles um das Thema <strong>Do-It-Yourself Together<\/strong>.<\/p>\n<p>\u2026 Do-It-Yourself-Together steht f\u00fcr eine Arbeits- und Denkweise, in der Kooperation und Kollaboration, die Arbeit im Netzwerk und das Selbermachen zur Grundlage erfolgreicher Probleml\u00f6sung und kreativer Prozesse geworden ist. Hierbei geht es weniger um die Kraft des Einzelnen, als die Energie und M\u00f6glichkeiten, die sich entfalten, wenn wir uns zusammentun. Wie k\u00f6nnen wir Zusammenarbeit auf lokaler Ebene st\u00e4rken, bestehende Netzwerke sichtbar machen und das Wissen der Vielen nutzen, um gemeinsam die Herausforderungen unserer Zeit zu bew\u00e4ltigen? In diesem Rahmen besch\u00e4ftigen wir uns mit den Fragen:<\/p>\n<ul>\n<li style=\"list-style-type: none\">\n<ul>\n<li>Wie k\u00f6nnen wir die Zusammenarbeit auf lokaler Ebene st\u00e4rken?<\/li>\n<li>Wie k\u00f6nnen wir bestehende Netzwerke in Heidelberg noch sichtbarer machen?<\/li>\n<li>Wie k\u00f6nnen wir das Wissen der Vielen nutzen?<\/li>\n<li>Wie sieht eine gelingende Zusammenarbeit verschiedener Akteur*innen aus?<\/li>\n<li>Was sind die Voraussetzungen f\u00fcr eine gelingende Zusammenarbeit?<\/li>\n<li>Welche Arten von Zusammenarbeit braucht eine solidarische Stadtgemeinschaft?<\/li>\n<\/ul>\n<\/li>\n<\/ul>\n<p>Weitere Informationen zu <strong>r o a d t o__<\/strong> finden Sie unter <a href=\"http:\/\/www.begeisterhaus.de\">Begeisterhaus.de <\/a><\/p>\n<p><a href=\"https:\/\/dai-heidelberg.de\/de\/wp-content\/uploads\/sites\/2\/2019\/06\/Timetable_download.pdf\">Programm\u00fcbersicht<\/a><\/p>\n<p>&nbsp;<\/p>\n<p><strong>Programm des 1. Festival-Tags, Donnerstag, 04.07.:<\/strong><\/p>\n<p><a href=\"https:\/\/www.facebook.com\/events\/969290710069974\"><strong>Abendbrot mit Ausstellungser\u00f6ffnung<\/strong><\/a><br \/>\n18:00 Uhr\u201320:00 Uhr<br \/>\nBei einem gemeinsamen Abendbrot er\u00f6ffnen wir die Ausstellung <em>road to_<\/em>, welche die vergangenen 100 Festivaltage dokumentiert.<\/p>\n<p><a href=\"https:\/\/www.facebook.com\/events\/2539942249371815\/\"><strong>Fat Tea &#8211; Konzert<\/strong><\/a><br \/>\n20:30 Uhr\u201322:00 Uhr<br \/>\nDie Heidelberger Band Fat Tea schlie\u00dft unseren ersten Festivaltag mit einem Konzert im Raumf\u00e4nger ab. Fat Tea, das sind Lisa Konnerth mit ihrer Querfl\u00f6te, Denny Seidel als Meister des Keyboards, Ephraim Zeier mit seiner Gitarre und Gosha Dubchinsky mit seinen Loopstations, Drummaschinen und Synthies \u2013 sie jammen kreuz und quer durch verschiedene Styles und Genres, mit Einfl\u00fcssen von Jazz, Dub, Oriental, Trip-Hop und Elektro. Besser als Fat Tea kann man die Musik von Fat Tea nicht beschreiben.<\/p>\n<p><strong>Humans of Heidelberg<\/strong><br \/>\n\u2013 den ganzen Tag \u2013<br \/>\nWir m\u00f6chten die Geschichten und Gesichter von Menschen aus Heidelberg einfangen und in ihrer Einzigartigkeit Raum geben.<\/p>\n<p><strong>Ein Schwarzes Brett f\u00fcr Heidelberg!<\/strong><br \/>\n\u2013 den ganzen Tag \u2013<br \/>\nEine solidarische Stadtgesellschaft, die \u201cselber macht\u201d, lebt von gegenseitiger Unterst\u00fctzung. Wir wollen w\u00e4hrend unseres Festivals auf einem \u201cSchwarzen Brett\u201d im \u00f6ffentlichen Raum das Wissen der Einzelnen sichtbar machen, damit es zum Wissen der Vielen werden kann. In klassischen \u201cSuche\u201d- und \u201cBiete\u201d-Kategorien k\u00f6nnen Heidelberger*innen ihr Wissen, ihre Ressourcen und ihren Bed\u00fcrfnissen Raum verleihen.<\/p>\n<p>Hier geht&#8217;s zum <a href=\"https:\/\/dai-heidelberg.de\/de\/?post_type=dai_event&#038;p=28789&#038;preview=true\"><strong>Programm des 2. Festival-Tags Freitag, 05.07.<\/strong><\/a><\/p>\n<hr \/>\n<p>Hauptsponsor der road to_ ist die BASF SE \u2013 mit ihrem Kulturf\u00f6rderprogramm Tor4. Thema der Ausschreibung war \u201eWarum wird alles besser?\u201c. Insgesamt 14 Projekte aus der Metropolregion Rhein-Neckar werden im Rahmen der ersten Ausschreibung bis Ende 2019 mit insgesamt 500.000 Euro unterst\u00fctzt.<\/p>\n<p><a href=\"https:\/\/dai-heidelberg.de\/de\/wp-content\/uploads\/sites\/2\/2019\/04\/BASF_TOR4_LOGO_RD_4c_SW.jpg\"><img loading=\"lazy\" decoding=\"async\" class=\"alignnone size-full wp-image-27867\" src=\"https:\/\/dai-heidelberg.de\/de\/wp-content\/uploads\/sites\/2\/2019\/04\/BASF_TOR4_LOGO_RD_4c_SW.jpg\" alt=\"\" width=\"250\" height=\"167\" \/><\/a><\/p>\n","protected":false},"excerpt":{"rendered":"<p>Bei der r o a d t o_ geht es darum, die richtigen Fragen zu stellen. Die Art von Fragen,&nbsp;&hellip;<\/p>\n","protected":false},"featured_media":28787,"template":"","meta":{"footnotes":""},"tags":[],"dai_event_category":[6],"dai_event_type":[248,16,19],"dai_event_location":[250],"class_list":["post-28784","dai_event","type-dai_event","status-publish","has-post-thumbnail","hentry","dai_event_category-kulturveranstaltungen","dai_event_type-begeisterhaus","dai_event_type-konzert","dai_event_type-social-activities","dai_event_location-adenauerplatz-heidelberg"],"better_featured_image":{"id":28787,"alt_text":"","caption":"","description":"","media_type":"image","media_details":{"width":700,"height":312,"file":"2019\/06\/Donnerstag_DAI_web.jpg","sizes":{"medium":{"file":"Donnerstag_DAI_web-300x134.jpg","width":300,"height":134,"mime-type":"image\/jpeg","source_url":"https:\/\/dai-heidelberg.de\/de\/wp-content\/uploads\/sites\/2\/2019\/06\/Donnerstag_DAI_web-300x134.jpg"},"thumbnail":{"file":"Donnerstag_DAI_web-150x150.jpg","width":150,"height":150,"mime-type":"image\/jpeg","source_url":"https:\/\/dai-heidelberg.de\/de\/wp-content\/uploads\/sites\/2\/2019\/06\/Donnerstag_DAI_web-150x150.jpg"},"dai-list":{"file":"Donnerstag_DAI_web-140x140.jpg","width":140,"height":140,"mime-type":"image\/jpeg","source_url":"https:\/\/dai-heidelberg.de\/de\/wp-content\/uploads\/sites\/2\/2019\/06\/Donnerstag_DAI_web-140x140.jpg"},"dai-selector":{"file":"Donnerstag_DAI_web-240x170.jpg","width":240,"height":170,"mime-type":"image\/jpeg","source_url":"https:\/\/dai-heidelberg.de\/de\/wp-content\/uploads\/sites\/2\/2019\/06\/Donnerstag_DAI_web-240x170.jpg"},"dai-hof":{"file":"Donnerstag_DAI_web-240x192.jpg","width":240,"height":192,"mime-type":"image\/jpeg","source_url":"https:\/\/dai-heidelberg.de\/de\/wp-content\/uploads\/sites\/2\/2019\/06\/Donnerstag_DAI_web-240x192.jpg"}},"image_meta":{"aperture":"0","credit":"","camera":"","caption":"","created_timestamp":"0","copyright":"","focal_length":"0","iso":"0","shutter_speed":"0","title":"","orientation":"0","keywords":[]}},"post":28784,"source_url":"https:\/\/dai-heidelberg.de\/de\/wp-content\/uploads\/sites\/2\/2019\/06\/Donnerstag_DAI_web.jpg"},"post-meta-fields":{"_edit_lock":["1562061535:4"],"_edit_last":["4"],"dai_event_featured":["0"],"dai_event_ticket_freeadmission":["1"],"_yoast_wpseo_content_score":["30"],"dai_event_datetime":["2019-07-04 18:00"],"_yoast_wpseo_primary_dai_event_category":["6"],"_yoast_wpseo_primary_dai_event_type":["248"],"_yoast_wpseo_primary_dai_event_location":["250"],"_post_is_translated":["0"],"_trash_the_other_posts":["0"],"dai_event_notice":["r o a d t o __ "],"_thumbnail_id":["28787"]},"yoast_head":"<!-- This site is optimized with the Yoast SEO plugin v27.4 - https:\/\/yoast.com\/product\/yoast-seo-wordpress\/ -->\n<title>Veranstaltungen - Deutsch-Amerikanisches Institut. Haus der Kultur.<\/title>\n<meta name=\"robots\" content=\"index, follow, max-snippet:-1, max-image-preview:large, max-video-preview:-1\" \/>\n<link rel=\"canonical\" href=\"https:\/\/dai-heidelberg.de\/de\/veranstaltungen\/do-it-yourself-together-1-festival-tag-28784\/\" \/>\n<meta property=\"og:locale\" content=\"de_DE\" \/>\n<meta property=\"og:type\" content=\"article\" \/>\n<meta property=\"og:title\" content=\"Veranstaltungen - Deutsch-Amerikanisches Institut. Haus der Kultur.\" \/>\n<meta property=\"og:description\" content=\"Bei der r o a d t o_ geht es darum, die richtigen Fragen zu stellen. Die Art von Fragen,&nbsp;&hellip;\" \/>\n<meta property=\"og:url\" content=\"https:\/\/dai-heidelberg.de\/de\/veranstaltungen\/do-it-yourself-together-1-festival-tag-28784\/\" \/>\n<meta property=\"og:site_name\" content=\"DAI Deutsch\" \/>\n<meta property=\"article:modified_time\" content=\"2019-07-01T12:38:15+00:00\" \/>\n<meta property=\"og:image\" content=\"https:\/\/dai-heidelberg.de\/de\/wp-content\/uploads\/sites\/2\/2019\/06\/Donnerstag_DAI_web.jpg\" \/>\n\t<meta property=\"og:image:width\" content=\"700\" \/>\n\t<meta property=\"og:image:height\" content=\"312\" \/>\n\t<meta property=\"og:image:type\" content=\"image\/jpeg\" \/>\n<meta name=\"twitter:label1\" content=\"Gesch\u00e4tzte Lesezeit\" \/>\n\t<meta name=\"twitter:data1\" content=\"3\u00a0Minuten\" \/>\n<script type=\"application\/ld+json\" class=\"yoast-schema-graph\">{\"@context\":\"https:\\\/\\\/schema.org\",\"@graph\":[{\"@type\":\"WebPage\",\"@id\":\"https:\\\/\\\/dai-heidelberg.de\\\/de\\\/veranstaltungen\\\/do-it-yourself-together-1-festival-tag-28784\\\/\",\"url\":\"https:\\\/\\\/dai-heidelberg.de\\\/de\\\/veranstaltungen\\\/do-it-yourself-together-1-festival-tag-28784\\\/\",\"name\":\"Veranstaltungen - Deutsch-Amerikanisches Institut. Haus der Kultur.\",\"isPartOf\":{\"@id\":\"https:\\\/\\\/dai-heidelberg.de\\\/de\\\/#website\"},\"primaryImageOfPage\":{\"@id\":\"https:\\\/\\\/dai-heidelberg.de\\\/de\\\/veranstaltungen\\\/do-it-yourself-together-1-festival-tag-28784\\\/#primaryimage\"},\"image\":{\"@id\":\"https:\\\/\\\/dai-heidelberg.de\\\/de\\\/veranstaltungen\\\/do-it-yourself-together-1-festival-tag-28784\\\/#primaryimage\"},\"thumbnailUrl\":\"https:\\\/\\\/dai-heidelberg.de\\\/de\\\/wp-content\\\/uploads\\\/sites\\\/2\\\/2019\\\/06\\\/Donnerstag_DAI_web.jpg\",\"datePublished\":\"2019-06-28T12:44:30+00:00\",\"dateModified\":\"2019-07-01T12:38:15+00:00\",\"breadcrumb\":{\"@id\":\"https:\\\/\\\/dai-heidelberg.de\\\/de\\\/veranstaltungen\\\/do-it-yourself-together-1-festival-tag-28784\\\/#breadcrumb\"},\"inLanguage\":\"de\",\"potentialAction\":[{\"@type\":\"ReadAction\",\"target\":[\"https:\\\/\\\/dai-heidelberg.de\\\/de\\\/veranstaltungen\\\/do-it-yourself-together-1-festival-tag-28784\\\/\"]}]},{\"@type\":\"ImageObject\",\"inLanguage\":\"de\",\"@id\":\"https:\\\/\\\/dai-heidelberg.de\\\/de\\\/veranstaltungen\\\/do-it-yourself-together-1-festival-tag-28784\\\/#primaryimage\",\"url\":\"https:\\\/\\\/dai-heidelberg.de\\\/de\\\/wp-content\\\/uploads\\\/sites\\\/2\\\/2019\\\/06\\\/Donnerstag_DAI_web.jpg\",\"contentUrl\":\"https:\\\/\\\/dai-heidelberg.de\\\/de\\\/wp-content\\\/uploads\\\/sites\\\/2\\\/2019\\\/06\\\/Donnerstag_DAI_web.jpg\",\"width\":700,\"height\":312},{\"@type\":\"BreadcrumbList\",\"@id\":\"https:\\\/\\\/dai-heidelberg.de\\\/de\\\/veranstaltungen\\\/do-it-yourself-together-1-festival-tag-28784\\\/#breadcrumb\",\"itemListElement\":[{\"@type\":\"ListItem\",\"position\":1,\"name\":\"Startseite\",\"item\":\"https:\\\/\\\/dai-heidelberg.de\\\/de\\\/\"},{\"@type\":\"ListItem\",\"position\":2,\"name\":\"Veranstaltungen\",\"item\":\"https:\\\/\\\/dai-heidelberg.de\\\/de\\\/veranstaltungen\\\/\"},{\"@type\":\"ListItem\",\"position\":3,\"name\":\"Do-It-Yourself Together \u2013 1. Festival-Tag\"}]},{\"@type\":\"WebSite\",\"@id\":\"https:\\\/\\\/dai-heidelberg.de\\\/de\\\/#website\",\"url\":\"https:\\\/\\\/dai-heidelberg.de\\\/de\\\/\",\"name\":\"DAI Deutsch\",\"description\":\"Deutsch-Amerikanisches Institut. Haus der Kultur.\",\"potentialAction\":[{\"@type\":\"SearchAction\",\"target\":{\"@type\":\"EntryPoint\",\"urlTemplate\":\"https:\\\/\\\/dai-heidelberg.de\\\/de\\\/?s={search_term_string}\"},\"query-input\":{\"@type\":\"PropertyValueSpecification\",\"valueRequired\":true,\"valueName\":\"search_term_string\"}}],\"inLanguage\":\"de\"}]}<\/script>\n<!-- \/ Yoast SEO plugin. -->","yoast_head_json":{"title":"Veranstaltungen - Deutsch-Amerikanisches Institut. Haus der Kultur.","robots":{"index":"index","follow":"follow","max-snippet":"max-snippet:-1","max-image-preview":"max-image-preview:large","max-video-preview":"max-video-preview:-1"},"canonical":"https:\/\/dai-heidelberg.de\/de\/veranstaltungen\/do-it-yourself-together-1-festival-tag-28784\/","og_locale":"de_DE","og_type":"article","og_title":"Veranstaltungen - Deutsch-Amerikanisches Institut. Haus der Kultur.","og_description":"Bei der r o a d t o_ geht es darum, die richtigen Fragen zu stellen. Die Art von Fragen,&nbsp;&hellip;","og_url":"https:\/\/dai-heidelberg.de\/de\/veranstaltungen\/do-it-yourself-together-1-festival-tag-28784\/","og_site_name":"DAI Deutsch","article_modified_time":"2019-07-01T12:38:15+00:00","og_image":[{"width":700,"height":312,"url":"https:\/\/dai-heidelberg.de\/de\/wp-content\/uploads\/sites\/2\/2019\/06\/Donnerstag_DAI_web.jpg","type":"image\/jpeg"}],"twitter_misc":{"Gesch\u00e4tzte Lesezeit":"3\u00a0Minuten"},"schema":{"@context":"https:\/\/schema.org","@graph":[{"@type":"WebPage","@id":"https:\/\/dai-heidelberg.de\/de\/veranstaltungen\/do-it-yourself-together-1-festival-tag-28784\/","url":"https:\/\/dai-heidelberg.de\/de\/veranstaltungen\/do-it-yourself-together-1-festival-tag-28784\/","name":"Veranstaltungen - Deutsch-Amerikanisches Institut. Haus der Kultur.","isPartOf":{"@id":"https:\/\/dai-heidelberg.de\/de\/#website"},"primaryImageOfPage":{"@id":"https:\/\/dai-heidelberg.de\/de\/veranstaltungen\/do-it-yourself-together-1-festival-tag-28784\/#primaryimage"},"image":{"@id":"https:\/\/dai-heidelberg.de\/de\/veranstaltungen\/do-it-yourself-together-1-festival-tag-28784\/#primaryimage"},"thumbnailUrl":"https:\/\/dai-heidelberg.de\/de\/wp-content\/uploads\/sites\/2\/2019\/06\/Donnerstag_DAI_web.jpg","datePublished":"2019-06-28T12:44:30+00:00","dateModified":"2019-07-01T12:38:15+00:00","breadcrumb":{"@id":"https:\/\/dai-heidelberg.de\/de\/veranstaltungen\/do-it-yourself-together-1-festival-tag-28784\/#breadcrumb"},"inLanguage":"de","potentialAction":[{"@type":"ReadAction","target":["https:\/\/dai-heidelberg.de\/de\/veranstaltungen\/do-it-yourself-together-1-festival-tag-28784\/"]}]},{"@type":"ImageObject","inLanguage":"de","@id":"https:\/\/dai-heidelberg.de\/de\/veranstaltungen\/do-it-yourself-together-1-festival-tag-28784\/#primaryimage","url":"https:\/\/dai-heidelberg.de\/de\/wp-content\/uploads\/sites\/2\/2019\/06\/Donnerstag_DAI_web.jpg","contentUrl":"https:\/\/dai-heidelberg.de\/de\/wp-content\/uploads\/sites\/2\/2019\/06\/Donnerstag_DAI_web.jpg","width":700,"height":312},{"@type":"BreadcrumbList","@id":"https:\/\/dai-heidelberg.de\/de\/veranstaltungen\/do-it-yourself-together-1-festival-tag-28784\/#breadcrumb","itemListElement":[{"@type":"ListItem","position":1,"name":"Startseite","item":"https:\/\/dai-heidelberg.de\/de\/"},{"@type":"ListItem","position":2,"name":"Veranstaltungen","item":"https:\/\/dai-heidelberg.de\/de\/veranstaltungen\/"},{"@type":"ListItem","position":3,"name":"Do-It-Yourself Together \u2013 1. Festival-Tag"}]},{"@type":"WebSite","@id":"https:\/\/dai-heidelberg.de\/de\/#website","url":"https:\/\/dai-heidelberg.de\/de\/","name":"DAI Deutsch","description":"Deutsch-Amerikanisches Institut. Haus der Kultur.","potentialAction":[{"@type":"SearchAction","target":{"@type":"EntryPoint","urlTemplate":"https:\/\/dai-heidelberg.de\/de\/?s={search_term_string}"},"query-input":{"@type":"PropertyValueSpecification","valueRequired":true,"valueName":"search_term_string"}}],"inLanguage":"de"}]}},"_links":{"self":[{"href":"https:\/\/dai-heidelberg.de\/de\/wp-json\/wp\/v2\/dai_event\/28784","targetHints":{"allow":["GET"]}}],"collection":[{"href":"https:\/\/dai-heidelberg.de\/de\/wp-json\/wp\/v2\/dai_event"}],"about":[{"href":"https:\/\/dai-heidelberg.de\/de\/wp-json\/wp\/v2\/types\/dai_event"}],"version-history":[{"count":8,"href":"https:\/\/dai-heidelberg.de\/de\/wp-json\/wp\/v2\/dai_event\/28784\/revisions"}],"predecessor-version":[{"id":28843,"href":"https:\/\/dai-heidelberg.de\/de\/wp-json\/wp\/v2\/dai_event\/28784\/revisions\/28843"}],"wp:featuredmedia":[{"embeddable":true,"href":"https:\/\/dai-heidelberg.de\/de\/wp-json\/wp\/v2\/media\/28787"}],"wp:attachment":[{"href":"https:\/\/dai-heidelberg.de\/de\/wp-json\/wp\/v2\/media?parent=28784"}],"wp:term":[{"taxonomy":"post_tag","embeddable":true,"href":"https:\/\/dai-heidelberg.de\/de\/wp-json\/wp\/v2\/tags?post=28784"},{"taxonomy":"dai_event_category","embeddable":true,"href":"https:\/\/dai-heidelberg.de\/de\/wp-json\/wp\/v2\/dai_event_category?post=28784"},{"taxonomy":"dai_event_type","embeddable":true,"href":"https:\/\/dai-heidelberg.de\/de\/wp-json\/wp\/v2\/dai_event_type?post=28784"},{"taxonomy":"dai_event_location","embeddable":true,"href":"https:\/\/dai-heidelberg.de\/de\/wp-json\/wp\/v2\/dai_event_location?post=28784"}],"curies":[{"name":"wp","href":"https:\/\/api.w.org\/{rel}","templated":true}]}}