{"id":18573,"date":"2017-11-28T15:31:41","date_gmt":"2017-11-28T14:31:41","guid":{"rendered":"https:\/\/dai-heidelberg.de\/de\/?post_type=dai_event&#038;p=18573"},"modified":"2018-02-02T19:05:26","modified_gmt":"2018-02-02T18:05:26","slug":"30-heidelberger-klavierwoche-2","status":"publish","type":"dai_event","link":"https:\/\/dai-heidelberg.de\/de\/veranstaltungen\/30-heidelberger-klavierwoche-2-18573\/","title":{"rendered":"30. Heidelberger Klavierwoche"},"content":{"rendered":"<p>Mario H\u00e4ring wurde 1989 in Hannover geboren und wuchs in Berlin auf. Aus einer deutsch-japanischen Musikerfamilie stammend, machte er bereits im Alter von drei Jahren Erfahrungen auf der Geige und am Klavier und erhielt 1994 seinen ersten Klavierunterricht. Noch vor seinem Abitur lernte er als Jungstudent bei Fabio Bidini an der Universit\u00e4t der K\u00fcnste Berlin sowie an der Hochschule f\u00fcr Musik, Theater und Medien Hannover bei Karl-Heinz K\u00e4mmerling \u2013 seit 2014 befindet er sich dort im Master-Studium f\u00fcr Klavier.<\/p>\n<p>Seit seiner Kindheit gewann Mario H\u00e4ring im solistischen und kammermusikalischen Bereich diverse erste Preise. Konzertengagements f\u00fchrten in bereits quer durch Europa, nach Asien, Afrika und in die Vereinigten Staaten.<\/p>\n<p>Im DAI spielt er Claude Debussy.<\/p>\n","protected":false},"excerpt":{"rendered":"<p>Mario H\u00e4ring wurde 1989 in Hannover geboren und wuchs in Berlin auf. Aus einer deutsch-japanischen Musikerfamilie stammend, machte er bereits&nbsp;&hellip;<\/p>\n","protected":false},"featured_media":18112,"template":"","meta":{"footnotes":""},"tags":[],"dai_event_category":[6],"dai_event_type":[16],"dai_event_location":[],"class_list":["post-18573","dai_event","type-dai_event","status-publish","has-post-thumbnail","hentry","dai_event_category-kulturveranstaltungen","dai_event_type-konzert"],"better_featured_image":{"id":18112,"alt_text":"","caption":"","description":"","media_type":"image","media_details":{"width":700,"height":312,"file":"2016\/12\/00-Klavierwoche_c_smaehler.jpg","sizes":{"medium":{"file":"00-Klavierwoche_c_smaehler-300x134.jpg","width":300,"height":134,"mime-type":"image\/jpeg","source_url":"https:\/\/dai-heidelberg.de\/de\/wp-content\/uploads\/sites\/2\/2016\/12\/00-Klavierwoche_c_smaehler-300x134.jpg"},"thumbnail":{"file":"00-Klavierwoche_c_smaehler-150x150.jpg","width":150,"height":150,"mime-type":"image\/jpeg","source_url":"https:\/\/dai-heidelberg.de\/de\/wp-content\/uploads\/sites\/2\/2016\/12\/00-Klavierwoche_c_smaehler-150x150.jpg"},"dai-list":{"file":"00-Klavierwoche_c_smaehler-140x140.jpg","width":140,"height":140,"mime-type":"image\/jpeg","source_url":"https:\/\/dai-heidelberg.de\/de\/wp-content\/uploads\/sites\/2\/2016\/12\/00-Klavierwoche_c_smaehler-140x140.jpg"},"dai-selector":{"file":"00-Klavierwoche_c_smaehler-240x170.jpg","width":240,"height":170,"mime-type":"image\/jpeg","source_url":"https:\/\/dai-heidelberg.de\/de\/wp-content\/uploads\/sites\/2\/2016\/12\/00-Klavierwoche_c_smaehler-240x170.jpg"},"dai-hof":{"file":"00-Klavierwoche_c_smaehler-240x192.jpg","width":240,"height":192,"mime-type":"image\/jpeg","source_url":"https:\/\/dai-heidelberg.de\/de\/wp-content\/uploads\/sites\/2\/2016\/12\/00-Klavierwoche_c_smaehler-240x192.jpg"}},"image_meta":{"aperture":"0","credit":"","camera":"","caption":"","created_timestamp":"0","copyright":"","focal_length":"0","iso":"0","shutter_speed":"0","title":"","orientation":"0","keywords":[]}},"post":null,"source_url":"https:\/\/dai-heidelberg.de\/de\/wp-content\/uploads\/sites\/2\/2016\/12\/00-Klavierwoche_c_smaehler.jpg"},"post-meta-fields":{"_edit_lock":["1517594591:10"],"_edit_last":["10"],"dai_event_datetime":["2018-01-05 20:00"],"dai_event_featured":["0"],"dai_event_subtext":["In Zusammenarbeit mit der Jahrhundertwende-Gesellschaft"],"dai_event_artist":["Mario H\u00e4ring"],"dai_event_ticket_freeadmission":["0"],"dai_event_ticket_price_presale_standard":["15"],"dai_event_ticket_price_presale_reduced":["12"],"_yoast_wpseo_content_score":["30"],"_yoast_wpseo_primary_dai_event_category":["6"],"_yoast_wpseo_primary_dai_event_type":["16"],"_yoast_wpseo_primary_dai_event_location":[""],"_post_is_translated":["0"],"_trash_the_other_posts":["0"],"dai_event_ticket_link":["https:\/\/shop.reservix.de\/off\/login_check.php?id=36ae96de8dddc4df70dce3f39db2b886ff117b9261533f02fa35ea4a3191d65e3a64633f4652f2d1ba3a365eff82ca70&#038;vID=2736&#038;eventGrpID=253137&#038;eventID=1119453"],"_thumbnail_id":["18112"]},"yoast_head":"<!-- This site is optimized with the Yoast SEO plugin v27.4 - https:\/\/yoast.com\/product\/yoast-seo-wordpress\/ -->\n<title>Veranstaltungen - Deutsch-Amerikanisches Institut. Haus der Kultur.<\/title>\n<meta name=\"robots\" content=\"index, follow, max-snippet:-1, max-image-preview:large, max-video-preview:-1\" \/>\n<link rel=\"canonical\" href=\"https:\/\/dai-heidelberg.de\/de\/veranstaltungen\/30-heidelberger-klavierwoche-2-18573\/\" \/>\n<meta property=\"og:locale\" content=\"de_DE\" \/>\n<meta property=\"og:type\" content=\"article\" \/>\n<meta property=\"og:title\" content=\"Veranstaltungen - Deutsch-Amerikanisches Institut. Haus der Kultur.\" \/>\n<meta property=\"og:description\" content=\"Mario H\u00e4ring wurde 1989 in Hannover geboren und wuchs in Berlin auf. Aus einer deutsch-japanischen Musikerfamilie stammend, machte er bereits&nbsp;&hellip;\" \/>\n<meta property=\"og:url\" content=\"https:\/\/dai-heidelberg.de\/de\/veranstaltungen\/30-heidelberger-klavierwoche-2-18573\/\" \/>\n<meta property=\"og:site_name\" content=\"DAI Deutsch\" \/>\n<meta property=\"article:modified_time\" content=\"2018-02-02T18:05:26+00:00\" \/>\n<meta property=\"og:image\" content=\"https:\/\/dai-heidelberg.de\/de\/wp-content\/uploads\/sites\/2\/2016\/12\/00-Klavierwoche_c_smaehler.jpg\" \/>\n\t<meta property=\"og:image:width\" content=\"700\" \/>\n\t<meta property=\"og:image:height\" content=\"312\" \/>\n\t<meta property=\"og:image:type\" content=\"image\/jpeg\" \/>\n<meta name=\"twitter:label1\" content=\"Gesch\u00e4tzte Lesezeit\" \/>\n\t<meta name=\"twitter:data1\" content=\"1\u00a0Minute\" \/>\n<script type=\"application\/ld+json\" class=\"yoast-schema-graph\">{\"@context\":\"https:\\\/\\\/schema.org\",\"@graph\":[{\"@type\":\"WebPage\",\"@id\":\"https:\\\/\\\/dai-heidelberg.de\\\/de\\\/veranstaltungen\\\/30-heidelberger-klavierwoche-2-18573\\\/\",\"url\":\"https:\\\/\\\/dai-heidelberg.de\\\/de\\\/veranstaltungen\\\/30-heidelberger-klavierwoche-2-18573\\\/\",\"name\":\"Veranstaltungen - Deutsch-Amerikanisches Institut. Haus der Kultur.\",\"isPartOf\":{\"@id\":\"https:\\\/\\\/dai-heidelberg.de\\\/de\\\/#website\"},\"primaryImageOfPage\":{\"@id\":\"https:\\\/\\\/dai-heidelberg.de\\\/de\\\/veranstaltungen\\\/30-heidelberger-klavierwoche-2-18573\\\/#primaryimage\"},\"image\":{\"@id\":\"https:\\\/\\\/dai-heidelberg.de\\\/de\\\/veranstaltungen\\\/30-heidelberger-klavierwoche-2-18573\\\/#primaryimage\"},\"thumbnailUrl\":\"https:\\\/\\\/dai-heidelberg.de\\\/de\\\/wp-content\\\/uploads\\\/sites\\\/2\\\/2016\\\/12\\\/00-Klavierwoche_c_smaehler.jpg\",\"datePublished\":\"2017-11-28T14:31:41+00:00\",\"dateModified\":\"2018-02-02T18:05:26+00:00\",\"breadcrumb\":{\"@id\":\"https:\\\/\\\/dai-heidelberg.de\\\/de\\\/veranstaltungen\\\/30-heidelberger-klavierwoche-2-18573\\\/#breadcrumb\"},\"inLanguage\":\"de\",\"potentialAction\":[{\"@type\":\"ReadAction\",\"target\":[\"https:\\\/\\\/dai-heidelberg.de\\\/de\\\/veranstaltungen\\\/30-heidelberger-klavierwoche-2-18573\\\/\"]}]},{\"@type\":\"ImageObject\",\"inLanguage\":\"de\",\"@id\":\"https:\\\/\\\/dai-heidelberg.de\\\/de\\\/veranstaltungen\\\/30-heidelberger-klavierwoche-2-18573\\\/#primaryimage\",\"url\":\"https:\\\/\\\/dai-heidelberg.de\\\/de\\\/wp-content\\\/uploads\\\/sites\\\/2\\\/2016\\\/12\\\/00-Klavierwoche_c_smaehler.jpg\",\"contentUrl\":\"https:\\\/\\\/dai-heidelberg.de\\\/de\\\/wp-content\\\/uploads\\\/sites\\\/2\\\/2016\\\/12\\\/00-Klavierwoche_c_smaehler.jpg\",\"width\":700,\"height\":312},{\"@type\":\"BreadcrumbList\",\"@id\":\"https:\\\/\\\/dai-heidelberg.de\\\/de\\\/veranstaltungen\\\/30-heidelberger-klavierwoche-2-18573\\\/#breadcrumb\",\"itemListElement\":[{\"@type\":\"ListItem\",\"position\":1,\"name\":\"Startseite\",\"item\":\"https:\\\/\\\/dai-heidelberg.de\\\/de\\\/\"},{\"@type\":\"ListItem\",\"position\":2,\"name\":\"Veranstaltungen\",\"item\":\"https:\\\/\\\/dai-heidelberg.de\\\/de\\\/veranstaltungen\\\/\"},{\"@type\":\"ListItem\",\"position\":3,\"name\":\"30. Heidelberger Klavierwoche\"}]},{\"@type\":\"WebSite\",\"@id\":\"https:\\\/\\\/dai-heidelberg.de\\\/de\\\/#website\",\"url\":\"https:\\\/\\\/dai-heidelberg.de\\\/de\\\/\",\"name\":\"DAI Deutsch\",\"description\":\"Deutsch-Amerikanisches Institut. Haus der Kultur.\",\"potentialAction\":[{\"@type\":\"SearchAction\",\"target\":{\"@type\":\"EntryPoint\",\"urlTemplate\":\"https:\\\/\\\/dai-heidelberg.de\\\/de\\\/?s={search_term_string}\"},\"query-input\":{\"@type\":\"PropertyValueSpecification\",\"valueRequired\":true,\"valueName\":\"search_term_string\"}}],\"inLanguage\":\"de\"}]}<\/script>\n<!-- \/ Yoast SEO plugin. -->","yoast_head_json":{"title":"Veranstaltungen - Deutsch-Amerikanisches Institut. Haus der Kultur.","robots":{"index":"index","follow":"follow","max-snippet":"max-snippet:-1","max-image-preview":"max-image-preview:large","max-video-preview":"max-video-preview:-1"},"canonical":"https:\/\/dai-heidelberg.de\/de\/veranstaltungen\/30-heidelberger-klavierwoche-2-18573\/","og_locale":"de_DE","og_type":"article","og_title":"Veranstaltungen - Deutsch-Amerikanisches Institut. Haus der Kultur.","og_description":"Mario H\u00e4ring wurde 1989 in Hannover geboren und wuchs in Berlin auf. Aus einer deutsch-japanischen Musikerfamilie stammend, machte er bereits&nbsp;&hellip;","og_url":"https:\/\/dai-heidelberg.de\/de\/veranstaltungen\/30-heidelberger-klavierwoche-2-18573\/","og_site_name":"DAI Deutsch","article_modified_time":"2018-02-02T18:05:26+00:00","og_image":[{"width":700,"height":312,"url":"https:\/\/dai-heidelberg.de\/de\/wp-content\/uploads\/sites\/2\/2016\/12\/00-Klavierwoche_c_smaehler.jpg","type":"image\/jpeg"}],"twitter_misc":{"Gesch\u00e4tzte Lesezeit":"1\u00a0Minute"},"schema":{"@context":"https:\/\/schema.org","@graph":[{"@type":"WebPage","@id":"https:\/\/dai-heidelberg.de\/de\/veranstaltungen\/30-heidelberger-klavierwoche-2-18573\/","url":"https:\/\/dai-heidelberg.de\/de\/veranstaltungen\/30-heidelberger-klavierwoche-2-18573\/","name":"Veranstaltungen - Deutsch-Amerikanisches Institut. Haus der Kultur.","isPartOf":{"@id":"https:\/\/dai-heidelberg.de\/de\/#website"},"primaryImageOfPage":{"@id":"https:\/\/dai-heidelberg.de\/de\/veranstaltungen\/30-heidelberger-klavierwoche-2-18573\/#primaryimage"},"image":{"@id":"https:\/\/dai-heidelberg.de\/de\/veranstaltungen\/30-heidelberger-klavierwoche-2-18573\/#primaryimage"},"thumbnailUrl":"https:\/\/dai-heidelberg.de\/de\/wp-content\/uploads\/sites\/2\/2016\/12\/00-Klavierwoche_c_smaehler.jpg","datePublished":"2017-11-28T14:31:41+00:00","dateModified":"2018-02-02T18:05:26+00:00","breadcrumb":{"@id":"https:\/\/dai-heidelberg.de\/de\/veranstaltungen\/30-heidelberger-klavierwoche-2-18573\/#breadcrumb"},"inLanguage":"de","potentialAction":[{"@type":"ReadAction","target":["https:\/\/dai-heidelberg.de\/de\/veranstaltungen\/30-heidelberger-klavierwoche-2-18573\/"]}]},{"@type":"ImageObject","inLanguage":"de","@id":"https:\/\/dai-heidelberg.de\/de\/veranstaltungen\/30-heidelberger-klavierwoche-2-18573\/#primaryimage","url":"https:\/\/dai-heidelberg.de\/de\/wp-content\/uploads\/sites\/2\/2016\/12\/00-Klavierwoche_c_smaehler.jpg","contentUrl":"https:\/\/dai-heidelberg.de\/de\/wp-content\/uploads\/sites\/2\/2016\/12\/00-Klavierwoche_c_smaehler.jpg","width":700,"height":312},{"@type":"BreadcrumbList","@id":"https:\/\/dai-heidelberg.de\/de\/veranstaltungen\/30-heidelberger-klavierwoche-2-18573\/#breadcrumb","itemListElement":[{"@type":"ListItem","position":1,"name":"Startseite","item":"https:\/\/dai-heidelberg.de\/de\/"},{"@type":"ListItem","position":2,"name":"Veranstaltungen","item":"https:\/\/dai-heidelberg.de\/de\/veranstaltungen\/"},{"@type":"ListItem","position":3,"name":"30. Heidelberger Klavierwoche"}]},{"@type":"WebSite","@id":"https:\/\/dai-heidelberg.de\/de\/#website","url":"https:\/\/dai-heidelberg.de\/de\/","name":"DAI Deutsch","description":"Deutsch-Amerikanisches Institut. Haus der Kultur.","potentialAction":[{"@type":"SearchAction","target":{"@type":"EntryPoint","urlTemplate":"https:\/\/dai-heidelberg.de\/de\/?s={search_term_string}"},"query-input":{"@type":"PropertyValueSpecification","valueRequired":true,"valueName":"search_term_string"}}],"inLanguage":"de"}]}},"_links":{"self":[{"href":"https:\/\/dai-heidelberg.de\/de\/wp-json\/wp\/v2\/dai_event\/18573","targetHints":{"allow":["GET"]}}],"collection":[{"href":"https:\/\/dai-heidelberg.de\/de\/wp-json\/wp\/v2\/dai_event"}],"about":[{"href":"https:\/\/dai-heidelberg.de\/de\/wp-json\/wp\/v2\/types\/dai_event"}],"version-history":[{"count":2,"href":"https:\/\/dai-heidelberg.de\/de\/wp-json\/wp\/v2\/dai_event\/18573\/revisions"}],"predecessor-version":[{"id":18812,"href":"https:\/\/dai-heidelberg.de\/de\/wp-json\/wp\/v2\/dai_event\/18573\/revisions\/18812"}],"wp:featuredmedia":[{"embeddable":true,"href":"https:\/\/dai-heidelberg.de\/de\/wp-json\/wp\/v2\/media\/18112"}],"wp:attachment":[{"href":"https:\/\/dai-heidelberg.de\/de\/wp-json\/wp\/v2\/media?parent=18573"}],"wp:term":[{"taxonomy":"post_tag","embeddable":true,"href":"https:\/\/dai-heidelberg.de\/de\/wp-json\/wp\/v2\/tags?post=18573"},{"taxonomy":"dai_event_category","embeddable":true,"href":"https:\/\/dai-heidelberg.de\/de\/wp-json\/wp\/v2\/dai_event_category?post=18573"},{"taxonomy":"dai_event_type","embeddable":true,"href":"https:\/\/dai-heidelberg.de\/de\/wp-json\/wp\/v2\/dai_event_type?post=18573"},{"taxonomy":"dai_event_location","embeddable":true,"href":"https:\/\/dai-heidelberg.de\/de\/wp-json\/wp\/v2\/dai_event_location?post=18573"}],"curies":[{"name":"wp","href":"https:\/\/api.w.org\/{rel}","templated":true}]}}