{"id":17716,"date":"2017-08-08T14:47:17","date_gmt":"2017-08-08T12:47:17","guid":{"rendered":"http:\/\/dai-heidelberg.de\/de\/?post_type=dai_event&#038;p=17716"},"modified":"2017-08-09T14:30:04","modified_gmt":"2017-08-09T12:30:04","slug":"evening-deep-chill-yoga-7","status":"publish","type":"dai_event","link":"https:\/\/dai-heidelberg.de\/de\/veranstaltungen\/evening-deep-chill-yoga-7-17716\/","title":{"rendered":"Evening Deep Chill Yoga"},"content":{"rendered":"<p>Bei diesem Yogakurs k\u00f6nnen Sie zum Abschluss der Woche richtig abschalten. Wir finden feste und verspannte Stellen im K\u00f6rper und f\u00fchren \u00dcbungen durch, die entspannen und l\u00f6sen. Nach der eineinhalbst\u00fcndigen Sitzung werden Sie tiefenentspannt ins Wochenende starten k\u00f6nnen.<\/p>\n<p>Josh Gale stammt aus Auckland, Neuseeland, und praktiziert Yoga seit 2002. Er lebte drei Jahre lang als Brahmacari (M\u00f6nch), reiste w\u00e4hrenddessen zweimal nach Indien und diente in Tempeln und Aschrams im Vereinigten K\u00f6nigreich und in Neuseeland.<\/p>\n<p>2006 schloss er seine erste Yogalehrer-Ausbildung ab, 10 Jahre sp\u00e4ter eine weitere, diesmal mit dem Schwerpunkt auf einem buddhistischen Achtsamkeitsansatz.<\/p>\n<p>Gegenw\u00e4rtig befindet er sich in der Ausbildung zum Achtsamkeitslehrer.<\/p>\n<p>&nbsp;<\/p>\n<p>Der Kurs l\u00e4uft bis zum 15. Dezember, dauert 1,5 Stunden und endet um 19:45 Uhr.<\/p>\n<p><strong>Bringen Sie bitte Ihre eigene Yogamatte und bequeme Kleidung mit. <\/strong><\/p>\n<p><strong>Sprache:<\/strong> Englisch<\/p>\n<p>&nbsp;<\/p>\n<p><strong>Anmeldung erforderlich an:<\/strong> <a href=\"mailto&#58;&#118;&#97;&#110;&#101;&#115;&#115;&#x61;&#x2e;&#x77;&#x61;&#x67;&#x6e;&#x65;&#x72;&#x40;&#x64;&#x61;&#x69;-heide&#108;&#98;&#101;&#114;&#103;&#46;&#100;&#x65;\">&#118;&#x61;n&#101;&#x73;s&#97;&#x2e;w&#97;&#x67;n&#101;&#x72;&#64;&#100;&#x61;i&#45;&#x68;e&#105;&#x64;e&#108;&#x62;e&#114;&#x67;&#46;&#100;&#x65;<\/a><br \/>\n(Teilnehmerzahl begrenzt)<\/p>\n<p><strong>Preis: <\/strong>85,- Euro \/\/ 70,- Euro f\u00fcr DAI-Mitglieder<\/p>\n<p>&nbsp;<\/p>\n<p>Die Kursgeb\u00fchr ist innerhalb von 3 Tagen nach Eingang Ihrer Anmeldebest\u00e4tigung bzw. bis sp\u00e4testens 3 Tage vor Kursbeginn zu \u00fcberweisen. Die Bankverbindung erhalten Sie mit der Best\u00e4tigung.<\/p>\n<p>Falls Sie sich kurzfristig anmelden und noch Pl\u00e4tze frei sind, gelten individuelle Sonderzahlungsbedingungen, bitte sprechen Sie uns an. Ein Einstieg in die laufenden Kurse ist nach Absprache jederzeit m\u00f6glich.<\/p>\n","protected":false},"excerpt":{"rendered":"<p>Bei diesem Yogakurs k\u00f6nnen Sie zum Abschluss der Woche richtig abschalten. Wir finden feste und verspannte Stellen im K\u00f6rper und&nbsp;&hellip;<\/p>\n","protected":false},"featured_media":17632,"template":"","meta":{"footnotes":""},"tags":[],"dai_event_category":[7],"dai_event_type":[19,22],"dai_event_location":[],"class_list":["post-17716","dai_event","type-dai_event","status-publish","has-post-thumbnail","hentry","dai_event_category-bibliothek","dai_event_type-social-activities","dai_event_type-workshop"],"better_featured_image":{"id":17632,"alt_text":"","caption":"","description":"","media_type":"image","media_details":{"width":700,"height":312,"file":"2017\/08\/170926-JoshGale_c_privat.jpg","sizes":{"medium":{"file":"170926-JoshGale_c_privat-300x134.jpg","width":300,"height":134,"mime-type":"image\/jpeg","source_url":"https:\/\/dai-heidelberg.de\/de\/wp-content\/uploads\/sites\/2\/2017\/08\/170926-JoshGale_c_privat-300x134.jpg"},"thumbnail":{"file":"170926-JoshGale_c_privat-150x150.jpg","width":150,"height":150,"mime-type":"image\/jpeg","source_url":"https:\/\/dai-heidelberg.de\/de\/wp-content\/uploads\/sites\/2\/2017\/08\/170926-JoshGale_c_privat-150x150.jpg"},"dai-list":{"file":"170926-JoshGale_c_privat-140x140.jpg","width":140,"height":140,"mime-type":"image\/jpeg","source_url":"https:\/\/dai-heidelberg.de\/de\/wp-content\/uploads\/sites\/2\/2017\/08\/170926-JoshGale_c_privat-140x140.jpg"},"dai-selector":{"file":"170926-JoshGale_c_privat-240x170.jpg","width":240,"height":170,"mime-type":"image\/jpeg","source_url":"https:\/\/dai-heidelberg.de\/de\/wp-content\/uploads\/sites\/2\/2017\/08\/170926-JoshGale_c_privat-240x170.jpg"},"dai-hof":{"file":"170926-JoshGale_c_privat-240x192.jpg","width":240,"height":192,"mime-type":"image\/jpeg","source_url":"https:\/\/dai-heidelberg.de\/de\/wp-content\/uploads\/sites\/2\/2017\/08\/170926-JoshGale_c_privat-240x192.jpg"}},"image_meta":{"aperture":"0","credit":"","camera":"","caption":"","created_timestamp":"0","copyright":"","focal_length":"0","iso":"0","shutter_speed":"0","title":"","orientation":"0","keywords":[]}},"post":17630,"source_url":"https:\/\/dai-heidelberg.de\/de\/wp-content\/uploads\/sites\/2\/2017\/08\/170926-JoshGale_c_privat.jpg"},"post-meta-fields":{"_edit_lock":["1502281755:10"],"_edit_last":["10"],"dai_event_datetime":["2017-11-17 18:15"],"dai_event_featured":["0"],"dai_event_subtext":["Yoga in the Library"],"dai_event_artist":["Josh Gale"],"dai_event_ticket_freeadmission":["0"],"_thumbnail_id":["17632"],"_yoast_wpseo_content_score":["30"],"_yoast_wpseo_primary_dai_event_category":["7"],"_yoast_wpseo_primary_dai_event_type":["19"],"_yoast_wpseo_primary_dai_event_location":[""],"_post_is_translated":["0"],"_trash_the_other_posts":["0"]},"yoast_head":"<!-- This site is optimized with the Yoast SEO plugin v27.4 - https:\/\/yoast.com\/product\/yoast-seo-wordpress\/ -->\n<title>Veranstaltungen - Deutsch-Amerikanisches Institut. Haus der Kultur.<\/title>\n<meta name=\"robots\" content=\"index, follow, max-snippet:-1, max-image-preview:large, max-video-preview:-1\" \/>\n<link rel=\"canonical\" href=\"https:\/\/dai-heidelberg.de\/de\/veranstaltungen\/evening-deep-chill-yoga-7-17716\/\" \/>\n<meta property=\"og:locale\" content=\"de_DE\" \/>\n<meta property=\"og:type\" content=\"article\" \/>\n<meta property=\"og:title\" content=\"Veranstaltungen - Deutsch-Amerikanisches Institut. Haus der Kultur.\" \/>\n<meta property=\"og:description\" content=\"Bei diesem Yogakurs k\u00f6nnen Sie zum Abschluss der Woche richtig abschalten. Wir finden feste und verspannte Stellen im K\u00f6rper und&nbsp;&hellip;\" \/>\n<meta property=\"og:url\" content=\"https:\/\/dai-heidelberg.de\/de\/veranstaltungen\/evening-deep-chill-yoga-7-17716\/\" \/>\n<meta property=\"og:site_name\" content=\"DAI Deutsch\" \/>\n<meta property=\"article:modified_time\" content=\"2017-08-09T12:30:04+00:00\" \/>\n<meta property=\"og:image\" content=\"https:\/\/dai-heidelberg.de\/de\/wp-content\/uploads\/sites\/2\/2017\/08\/170926-JoshGale_c_privat.jpg\" \/>\n\t<meta property=\"og:image:width\" content=\"700\" \/>\n\t<meta property=\"og:image:height\" content=\"312\" \/>\n\t<meta property=\"og:image:type\" content=\"image\/jpeg\" \/>\n<meta name=\"twitter:label1\" content=\"Gesch\u00e4tzte Lesezeit\" \/>\n\t<meta name=\"twitter:data1\" content=\"1\u00a0Minute\" \/>\n<script type=\"application\/ld+json\" class=\"yoast-schema-graph\">{\"@context\":\"https:\\\/\\\/schema.org\",\"@graph\":[{\"@type\":\"WebPage\",\"@id\":\"https:\\\/\\\/dai-heidelberg.de\\\/de\\\/veranstaltungen\\\/evening-deep-chill-yoga-7-17716\\\/\",\"url\":\"https:\\\/\\\/dai-heidelberg.de\\\/de\\\/veranstaltungen\\\/evening-deep-chill-yoga-7-17716\\\/\",\"name\":\"Veranstaltungen - Deutsch-Amerikanisches Institut. Haus der Kultur.\",\"isPartOf\":{\"@id\":\"https:\\\/\\\/dai-heidelberg.de\\\/de\\\/#website\"},\"primaryImageOfPage\":{\"@id\":\"https:\\\/\\\/dai-heidelberg.de\\\/de\\\/veranstaltungen\\\/evening-deep-chill-yoga-7-17716\\\/#primaryimage\"},\"image\":{\"@id\":\"https:\\\/\\\/dai-heidelberg.de\\\/de\\\/veranstaltungen\\\/evening-deep-chill-yoga-7-17716\\\/#primaryimage\"},\"thumbnailUrl\":\"https:\\\/\\\/dai-heidelberg.de\\\/de\\\/wp-content\\\/uploads\\\/sites\\\/2\\\/2017\\\/08\\\/170926-JoshGale_c_privat.jpg\",\"datePublished\":\"2017-08-08T12:47:17+00:00\",\"dateModified\":\"2017-08-09T12:30:04+00:00\",\"breadcrumb\":{\"@id\":\"https:\\\/\\\/dai-heidelberg.de\\\/de\\\/veranstaltungen\\\/evening-deep-chill-yoga-7-17716\\\/#breadcrumb\"},\"inLanguage\":\"de\",\"potentialAction\":[{\"@type\":\"ReadAction\",\"target\":[\"https:\\\/\\\/dai-heidelberg.de\\\/de\\\/veranstaltungen\\\/evening-deep-chill-yoga-7-17716\\\/\"]}]},{\"@type\":\"ImageObject\",\"inLanguage\":\"de\",\"@id\":\"https:\\\/\\\/dai-heidelberg.de\\\/de\\\/veranstaltungen\\\/evening-deep-chill-yoga-7-17716\\\/#primaryimage\",\"url\":\"https:\\\/\\\/dai-heidelberg.de\\\/de\\\/wp-content\\\/uploads\\\/sites\\\/2\\\/2017\\\/08\\\/170926-JoshGale_c_privat.jpg\",\"contentUrl\":\"https:\\\/\\\/dai-heidelberg.de\\\/de\\\/wp-content\\\/uploads\\\/sites\\\/2\\\/2017\\\/08\\\/170926-JoshGale_c_privat.jpg\",\"width\":700,\"height\":312},{\"@type\":\"BreadcrumbList\",\"@id\":\"https:\\\/\\\/dai-heidelberg.de\\\/de\\\/veranstaltungen\\\/evening-deep-chill-yoga-7-17716\\\/#breadcrumb\",\"itemListElement\":[{\"@type\":\"ListItem\",\"position\":1,\"name\":\"Startseite\",\"item\":\"https:\\\/\\\/dai-heidelberg.de\\\/de\\\/\"},{\"@type\":\"ListItem\",\"position\":2,\"name\":\"Veranstaltungen\",\"item\":\"https:\\\/\\\/dai-heidelberg.de\\\/de\\\/veranstaltungen\\\/\"},{\"@type\":\"ListItem\",\"position\":3,\"name\":\"Evening Deep Chill Yoga\"}]},{\"@type\":\"WebSite\",\"@id\":\"https:\\\/\\\/dai-heidelberg.de\\\/de\\\/#website\",\"url\":\"https:\\\/\\\/dai-heidelberg.de\\\/de\\\/\",\"name\":\"DAI Deutsch\",\"description\":\"Deutsch-Amerikanisches Institut. Haus der Kultur.\",\"potentialAction\":[{\"@type\":\"SearchAction\",\"target\":{\"@type\":\"EntryPoint\",\"urlTemplate\":\"https:\\\/\\\/dai-heidelberg.de\\\/de\\\/?s={search_term_string}\"},\"query-input\":{\"@type\":\"PropertyValueSpecification\",\"valueRequired\":true,\"valueName\":\"search_term_string\"}}],\"inLanguage\":\"de\"}]}<\/script>\n<!-- \/ Yoast SEO plugin. -->","yoast_head_json":{"title":"Veranstaltungen - Deutsch-Amerikanisches Institut. Haus der Kultur.","robots":{"index":"index","follow":"follow","max-snippet":"max-snippet:-1","max-image-preview":"max-image-preview:large","max-video-preview":"max-video-preview:-1"},"canonical":"https:\/\/dai-heidelberg.de\/de\/veranstaltungen\/evening-deep-chill-yoga-7-17716\/","og_locale":"de_DE","og_type":"article","og_title":"Veranstaltungen - Deutsch-Amerikanisches Institut. Haus der Kultur.","og_description":"Bei diesem Yogakurs k\u00f6nnen Sie zum Abschluss der Woche richtig abschalten. Wir finden feste und verspannte Stellen im K\u00f6rper und&nbsp;&hellip;","og_url":"https:\/\/dai-heidelberg.de\/de\/veranstaltungen\/evening-deep-chill-yoga-7-17716\/","og_site_name":"DAI Deutsch","article_modified_time":"2017-08-09T12:30:04+00:00","og_image":[{"width":700,"height":312,"url":"https:\/\/dai-heidelberg.de\/de\/wp-content\/uploads\/sites\/2\/2017\/08\/170926-JoshGale_c_privat.jpg","type":"image\/jpeg"}],"twitter_misc":{"Gesch\u00e4tzte Lesezeit":"1\u00a0Minute"},"schema":{"@context":"https:\/\/schema.org","@graph":[{"@type":"WebPage","@id":"https:\/\/dai-heidelberg.de\/de\/veranstaltungen\/evening-deep-chill-yoga-7-17716\/","url":"https:\/\/dai-heidelberg.de\/de\/veranstaltungen\/evening-deep-chill-yoga-7-17716\/","name":"Veranstaltungen - Deutsch-Amerikanisches Institut. Haus der Kultur.","isPartOf":{"@id":"https:\/\/dai-heidelberg.de\/de\/#website"},"primaryImageOfPage":{"@id":"https:\/\/dai-heidelberg.de\/de\/veranstaltungen\/evening-deep-chill-yoga-7-17716\/#primaryimage"},"image":{"@id":"https:\/\/dai-heidelberg.de\/de\/veranstaltungen\/evening-deep-chill-yoga-7-17716\/#primaryimage"},"thumbnailUrl":"https:\/\/dai-heidelberg.de\/de\/wp-content\/uploads\/sites\/2\/2017\/08\/170926-JoshGale_c_privat.jpg","datePublished":"2017-08-08T12:47:17+00:00","dateModified":"2017-08-09T12:30:04+00:00","breadcrumb":{"@id":"https:\/\/dai-heidelberg.de\/de\/veranstaltungen\/evening-deep-chill-yoga-7-17716\/#breadcrumb"},"inLanguage":"de","potentialAction":[{"@type":"ReadAction","target":["https:\/\/dai-heidelberg.de\/de\/veranstaltungen\/evening-deep-chill-yoga-7-17716\/"]}]},{"@type":"ImageObject","inLanguage":"de","@id":"https:\/\/dai-heidelberg.de\/de\/veranstaltungen\/evening-deep-chill-yoga-7-17716\/#primaryimage","url":"https:\/\/dai-heidelberg.de\/de\/wp-content\/uploads\/sites\/2\/2017\/08\/170926-JoshGale_c_privat.jpg","contentUrl":"https:\/\/dai-heidelberg.de\/de\/wp-content\/uploads\/sites\/2\/2017\/08\/170926-JoshGale_c_privat.jpg","width":700,"height":312},{"@type":"BreadcrumbList","@id":"https:\/\/dai-heidelberg.de\/de\/veranstaltungen\/evening-deep-chill-yoga-7-17716\/#breadcrumb","itemListElement":[{"@type":"ListItem","position":1,"name":"Startseite","item":"https:\/\/dai-heidelberg.de\/de\/"},{"@type":"ListItem","position":2,"name":"Veranstaltungen","item":"https:\/\/dai-heidelberg.de\/de\/veranstaltungen\/"},{"@type":"ListItem","position":3,"name":"Evening Deep Chill Yoga"}]},{"@type":"WebSite","@id":"https:\/\/dai-heidelberg.de\/de\/#website","url":"https:\/\/dai-heidelberg.de\/de\/","name":"DAI Deutsch","description":"Deutsch-Amerikanisches Institut. Haus der Kultur.","potentialAction":[{"@type":"SearchAction","target":{"@type":"EntryPoint","urlTemplate":"https:\/\/dai-heidelberg.de\/de\/?s={search_term_string}"},"query-input":{"@type":"PropertyValueSpecification","valueRequired":true,"valueName":"search_term_string"}}],"inLanguage":"de"}]}},"_links":{"self":[{"href":"https:\/\/dai-heidelberg.de\/de\/wp-json\/wp\/v2\/dai_event\/17716","targetHints":{"allow":["GET"]}}],"collection":[{"href":"https:\/\/dai-heidelberg.de\/de\/wp-json\/wp\/v2\/dai_event"}],"about":[{"href":"https:\/\/dai-heidelberg.de\/de\/wp-json\/wp\/v2\/types\/dai_event"}],"version-history":[{"count":3,"href":"https:\/\/dai-heidelberg.de\/de\/wp-json\/wp\/v2\/dai_event\/17716\/revisions"}],"predecessor-version":[{"id":17719,"href":"https:\/\/dai-heidelberg.de\/de\/wp-json\/wp\/v2\/dai_event\/17716\/revisions\/17719"}],"wp:featuredmedia":[{"embeddable":true,"href":"https:\/\/dai-heidelberg.de\/de\/wp-json\/wp\/v2\/media\/17632"}],"wp:attachment":[{"href":"https:\/\/dai-heidelberg.de\/de\/wp-json\/wp\/v2\/media?parent=17716"}],"wp:term":[{"taxonomy":"post_tag","embeddable":true,"href":"https:\/\/dai-heidelberg.de\/de\/wp-json\/wp\/v2\/tags?post=17716"},{"taxonomy":"dai_event_category","embeddable":true,"href":"https:\/\/dai-heidelberg.de\/de\/wp-json\/wp\/v2\/dai_event_category?post=17716"},{"taxonomy":"dai_event_type","embeddable":true,"href":"https:\/\/dai-heidelberg.de\/de\/wp-json\/wp\/v2\/dai_event_type?post=17716"},{"taxonomy":"dai_event_location","embeddable":true,"href":"https:\/\/dai-heidelberg.de\/de\/wp-json\/wp\/v2\/dai_event_location?post=17716"}],"curies":[{"name":"wp","href":"https:\/\/api.w.org\/{rel}","templated":true}]}}