{"id":1719,"date":"2013-09-13T13:53:54","date_gmt":"2013-09-13T11:53:54","guid":{"rendered":"http:\/\/dai-heidelberg.de\/de\/veranstaltungen\/eine-art-zu-leben\/"},"modified":"2017-07-27T16:16:16","modified_gmt":"2017-07-27T14:16:16","slug":"eine-art-zu-leben","status":"publish","type":"dai_event","link":"https:\/\/dai-heidelberg.de\/de\/veranstaltungen\/eine-art-zu-leben-1719\/","title":{"rendered":"Eine Art zu leben"},"content":{"rendered":"<p>Die W\u00fcrde ist eines der h\u00f6chsten G\u00fcter des Menschen. Doch was meinen wir eigentlich, wenn wir von W\u00fcrde sprechen?<\/p>\n<p>Peter Bieris lang erwartetes neues Buch handelt von diesem zentralen Thema unseres Lebens. Bieri n\u00e4hert sich dem Begriff als Beobachter: An Beispielen aus dem Alltag und der Literatur entwickelt er eine Vorstellung von W\u00fcrde, die von unserem Umgang mit anderen und mit uns selbst abh\u00e4ngt. W\u00fcrde, so stellt sich heraus, ist keine abstrakte Eigenschaft, sondern eine bestimmte Art zu leben. In wunderbar klarer Sprache entwickelt Bieri seine Philosophie: eine wahre Schule des Lebens.<\/p>\n<p>Peter Bieri wurde 1944 in Bern geboren, er ist Philosoph und Schriftsteller. Unter dem Pseudonym Pascal Mercier hat er verschiedene Romane ver\u00f6ffentlicht, darunter den Bestseller <i>Nachtzug nach Lissabon<\/i>.<\/p>\n<p>&nbsp;<\/p>\n","protected":false},"excerpt":{"rendered":"<p>Die W\u00fcrde ist eines der h\u00f6chsten G\u00fcter des Menschen. Doch was meinen wir eigentlich, wenn wir von W\u00fcrde sprechen? Peter&nbsp;&hellip;<\/p>\n","protected":false},"featured_media":17438,"template":"","meta":{"footnotes":""},"tags":[],"dai_event_category":[6],"dai_event_type":[209,21],"dai_event_location":[31],"class_list":["post-1719","dai_event","type-dai_event","status-publish","has-post-thumbnail","hentry","dai_event_category-kulturveranstaltungen","dai_event_type-geist-heidelberg","dai_event_type-vortrag","dai_event_location-dai-grosser-saal"],"better_featured_image":{"id":17438,"alt_text":"","caption":"","description":"","media_type":"image","media_details":{"width":700,"height":312,"file":"2013\/09\/131018-Bieri_c_Malcolm-Carpenter.jpg","sizes":{"medium":{"file":"131018-Bieri_c_Malcolm-Carpenter-300x134.jpg","width":300,"height":134,"mime-type":"image\/jpeg","source_url":"https:\/\/dai-heidelberg.de\/de\/wp-content\/uploads\/sites\/2\/2013\/09\/131018-Bieri_c_Malcolm-Carpenter-300x134.jpg"},"thumbnail":{"file":"131018-Bieri_c_Malcolm-Carpenter-150x150.jpg","width":150,"height":150,"mime-type":"image\/jpeg","source_url":"https:\/\/dai-heidelberg.de\/de\/wp-content\/uploads\/sites\/2\/2013\/09\/131018-Bieri_c_Malcolm-Carpenter-150x150.jpg"},"dai-list":{"file":"131018-Bieri_c_Malcolm-Carpenter-140x140.jpg","width":140,"height":140,"mime-type":"image\/jpeg","source_url":"https:\/\/dai-heidelberg.de\/de\/wp-content\/uploads\/sites\/2\/2013\/09\/131018-Bieri_c_Malcolm-Carpenter-140x140.jpg"},"dai-selector":{"file":"131018-Bieri_c_Malcolm-Carpenter-240x170.jpg","width":240,"height":170,"mime-type":"image\/jpeg","source_url":"https:\/\/dai-heidelberg.de\/de\/wp-content\/uploads\/sites\/2\/2013\/09\/131018-Bieri_c_Malcolm-Carpenter-240x170.jpg"},"dai-hof":{"file":"131018-Bieri_c_Malcolm-Carpenter-240x192.jpg","width":240,"height":192,"mime-type":"image\/jpeg","source_url":"https:\/\/dai-heidelberg.de\/de\/wp-content\/uploads\/sites\/2\/2013\/09\/131018-Bieri_c_Malcolm-Carpenter-240x192.jpg"}},"image_meta":{"aperture":"0","credit":"","camera":"","caption":"","created_timestamp":"0","copyright":"","focal_length":"0","iso":"0","shutter_speed":"0","title":"","orientation":"0","keywords":[]}},"post":1719,"source_url":"https:\/\/dai-heidelberg.de\/de\/wp-content\/uploads\/sites\/2\/2013\/09\/131018-Bieri_c_Malcolm-Carpenter.jpg"},"post-meta-fields":{"dai_event_datetime":["2013-10-18 20:00:00"],"dai_event_artist":["Peter Bieri"],"_edit_lock":["1535388422:10"],"_edit_last":["10"],"dai_event_featured":["0"],"dai_event_ticket_freeadmission":["0"],"_yoast_wpseo_content_score":["30"],"_yoast_wpseo_primary_dai_event_category":[""],"_yoast_wpseo_primary_dai_event_type":["21"],"_yoast_wpseo_primary_dai_event_location":[""],"_post_is_translated":["0"],"_trash_the_other_posts":["0"],"dai_event_ticket_link":["http:\/\/www.reservix.de\/off\/login_check.php?id=c6ec16e8cf3cd5077514ebef590a1f763d4616b372ef8900411779bf6bedf213&#038;vID=2736&#038;eventGrpID=113333&#038;eventID=436821"],"dai_event_ticket_price_presale_standard":["10"],"dai_event_ticket_price_presale_reduced":["7"],"dai_event_ticket_price_presale_member":["6"],"_thumbnail_id":["17438"]},"yoast_head":"<!-- This site is optimized with the Yoast SEO plugin v27.4 - https:\/\/yoast.com\/product\/yoast-seo-wordpress\/ -->\n<title>Veranstaltungen - Deutsch-Amerikanisches Institut. Haus der Kultur.<\/title>\n<meta name=\"robots\" content=\"index, follow, max-snippet:-1, max-image-preview:large, max-video-preview:-1\" \/>\n<link rel=\"canonical\" href=\"https:\/\/dai-heidelberg.de\/de\/veranstaltungen\/eine-art-zu-leben-1719\/\" \/>\n<meta property=\"og:locale\" content=\"de_DE\" \/>\n<meta property=\"og:type\" content=\"article\" \/>\n<meta property=\"og:title\" content=\"Veranstaltungen - Deutsch-Amerikanisches Institut. Haus der Kultur.\" \/>\n<meta property=\"og:description\" content=\"Die W\u00fcrde ist eines der h\u00f6chsten G\u00fcter des Menschen. Doch was meinen wir eigentlich, wenn wir von W\u00fcrde sprechen? Peter&nbsp;&hellip;\" \/>\n<meta property=\"og:url\" content=\"https:\/\/dai-heidelberg.de\/de\/veranstaltungen\/eine-art-zu-leben-1719\/\" \/>\n<meta property=\"og:site_name\" content=\"DAI Deutsch\" \/>\n<meta property=\"article:modified_time\" content=\"2017-07-27T14:16:16+00:00\" \/>\n<meta property=\"og:image\" content=\"https:\/\/dai-heidelberg.de\/de\/wp-content\/uploads\/sites\/2\/2013\/09\/131018-Bieri_c_Malcolm-Carpenter.jpg\" \/>\n\t<meta property=\"og:image:width\" content=\"700\" \/>\n\t<meta property=\"og:image:height\" content=\"312\" \/>\n\t<meta property=\"og:image:type\" content=\"image\/jpeg\" \/>\n<meta name=\"twitter:label1\" content=\"Gesch\u00e4tzte Lesezeit\" \/>\n\t<meta name=\"twitter:data1\" content=\"1\u00a0Minute\" \/>\n<script type=\"application\/ld+json\" class=\"yoast-schema-graph\">{\"@context\":\"https:\\\/\\\/schema.org\",\"@graph\":[{\"@type\":\"WebPage\",\"@id\":\"https:\\\/\\\/dai-heidelberg.de\\\/de\\\/veranstaltungen\\\/eine-art-zu-leben-1719\\\/\",\"url\":\"https:\\\/\\\/dai-heidelberg.de\\\/de\\\/veranstaltungen\\\/eine-art-zu-leben-1719\\\/\",\"name\":\"Veranstaltungen - Deutsch-Amerikanisches Institut. Haus der Kultur.\",\"isPartOf\":{\"@id\":\"https:\\\/\\\/dai-heidelberg.de\\\/de\\\/#website\"},\"primaryImageOfPage\":{\"@id\":\"https:\\\/\\\/dai-heidelberg.de\\\/de\\\/veranstaltungen\\\/eine-art-zu-leben-1719\\\/#primaryimage\"},\"image\":{\"@id\":\"https:\\\/\\\/dai-heidelberg.de\\\/de\\\/veranstaltungen\\\/eine-art-zu-leben-1719\\\/#primaryimage\"},\"thumbnailUrl\":\"https:\\\/\\\/dai-heidelberg.de\\\/de\\\/wp-content\\\/uploads\\\/sites\\\/2\\\/2013\\\/09\\\/131018-Bieri_c_Malcolm-Carpenter.jpg\",\"datePublished\":\"2013-09-13T11:53:54+00:00\",\"dateModified\":\"2017-07-27T14:16:16+00:00\",\"breadcrumb\":{\"@id\":\"https:\\\/\\\/dai-heidelberg.de\\\/de\\\/veranstaltungen\\\/eine-art-zu-leben-1719\\\/#breadcrumb\"},\"inLanguage\":\"de\",\"potentialAction\":[{\"@type\":\"ReadAction\",\"target\":[\"https:\\\/\\\/dai-heidelberg.de\\\/de\\\/veranstaltungen\\\/eine-art-zu-leben-1719\\\/\"]}]},{\"@type\":\"ImageObject\",\"inLanguage\":\"de\",\"@id\":\"https:\\\/\\\/dai-heidelberg.de\\\/de\\\/veranstaltungen\\\/eine-art-zu-leben-1719\\\/#primaryimage\",\"url\":\"https:\\\/\\\/dai-heidelberg.de\\\/de\\\/wp-content\\\/uploads\\\/sites\\\/2\\\/2013\\\/09\\\/131018-Bieri_c_Malcolm-Carpenter.jpg\",\"contentUrl\":\"https:\\\/\\\/dai-heidelberg.de\\\/de\\\/wp-content\\\/uploads\\\/sites\\\/2\\\/2013\\\/09\\\/131018-Bieri_c_Malcolm-Carpenter.jpg\",\"width\":700,\"height\":312},{\"@type\":\"BreadcrumbList\",\"@id\":\"https:\\\/\\\/dai-heidelberg.de\\\/de\\\/veranstaltungen\\\/eine-art-zu-leben-1719\\\/#breadcrumb\",\"itemListElement\":[{\"@type\":\"ListItem\",\"position\":1,\"name\":\"Startseite\",\"item\":\"https:\\\/\\\/dai-heidelberg.de\\\/de\\\/\"},{\"@type\":\"ListItem\",\"position\":2,\"name\":\"Veranstaltungen\",\"item\":\"https:\\\/\\\/dai-heidelberg.de\\\/de\\\/veranstaltungen\\\/\"},{\"@type\":\"ListItem\",\"position\":3,\"name\":\"Eine Art zu leben\"}]},{\"@type\":\"WebSite\",\"@id\":\"https:\\\/\\\/dai-heidelberg.de\\\/de\\\/#website\",\"url\":\"https:\\\/\\\/dai-heidelberg.de\\\/de\\\/\",\"name\":\"DAI Deutsch\",\"description\":\"Deutsch-Amerikanisches Institut. Haus der Kultur.\",\"potentialAction\":[{\"@type\":\"SearchAction\",\"target\":{\"@type\":\"EntryPoint\",\"urlTemplate\":\"https:\\\/\\\/dai-heidelberg.de\\\/de\\\/?s={search_term_string}\"},\"query-input\":{\"@type\":\"PropertyValueSpecification\",\"valueRequired\":true,\"valueName\":\"search_term_string\"}}],\"inLanguage\":\"de\"}]}<\/script>\n<!-- \/ Yoast SEO plugin. -->","yoast_head_json":{"title":"Veranstaltungen - Deutsch-Amerikanisches Institut. Haus der Kultur.","robots":{"index":"index","follow":"follow","max-snippet":"max-snippet:-1","max-image-preview":"max-image-preview:large","max-video-preview":"max-video-preview:-1"},"canonical":"https:\/\/dai-heidelberg.de\/de\/veranstaltungen\/eine-art-zu-leben-1719\/","og_locale":"de_DE","og_type":"article","og_title":"Veranstaltungen - Deutsch-Amerikanisches Institut. Haus der Kultur.","og_description":"Die W\u00fcrde ist eines der h\u00f6chsten G\u00fcter des Menschen. Doch was meinen wir eigentlich, wenn wir von W\u00fcrde sprechen? Peter&nbsp;&hellip;","og_url":"https:\/\/dai-heidelberg.de\/de\/veranstaltungen\/eine-art-zu-leben-1719\/","og_site_name":"DAI Deutsch","article_modified_time":"2017-07-27T14:16:16+00:00","og_image":[{"width":700,"height":312,"url":"https:\/\/dai-heidelberg.de\/de\/wp-content\/uploads\/sites\/2\/2013\/09\/131018-Bieri_c_Malcolm-Carpenter.jpg","type":"image\/jpeg"}],"twitter_misc":{"Gesch\u00e4tzte Lesezeit":"1\u00a0Minute"},"schema":{"@context":"https:\/\/schema.org","@graph":[{"@type":"WebPage","@id":"https:\/\/dai-heidelberg.de\/de\/veranstaltungen\/eine-art-zu-leben-1719\/","url":"https:\/\/dai-heidelberg.de\/de\/veranstaltungen\/eine-art-zu-leben-1719\/","name":"Veranstaltungen - Deutsch-Amerikanisches Institut. Haus der Kultur.","isPartOf":{"@id":"https:\/\/dai-heidelberg.de\/de\/#website"},"primaryImageOfPage":{"@id":"https:\/\/dai-heidelberg.de\/de\/veranstaltungen\/eine-art-zu-leben-1719\/#primaryimage"},"image":{"@id":"https:\/\/dai-heidelberg.de\/de\/veranstaltungen\/eine-art-zu-leben-1719\/#primaryimage"},"thumbnailUrl":"https:\/\/dai-heidelberg.de\/de\/wp-content\/uploads\/sites\/2\/2013\/09\/131018-Bieri_c_Malcolm-Carpenter.jpg","datePublished":"2013-09-13T11:53:54+00:00","dateModified":"2017-07-27T14:16:16+00:00","breadcrumb":{"@id":"https:\/\/dai-heidelberg.de\/de\/veranstaltungen\/eine-art-zu-leben-1719\/#breadcrumb"},"inLanguage":"de","potentialAction":[{"@type":"ReadAction","target":["https:\/\/dai-heidelberg.de\/de\/veranstaltungen\/eine-art-zu-leben-1719\/"]}]},{"@type":"ImageObject","inLanguage":"de","@id":"https:\/\/dai-heidelberg.de\/de\/veranstaltungen\/eine-art-zu-leben-1719\/#primaryimage","url":"https:\/\/dai-heidelberg.de\/de\/wp-content\/uploads\/sites\/2\/2013\/09\/131018-Bieri_c_Malcolm-Carpenter.jpg","contentUrl":"https:\/\/dai-heidelberg.de\/de\/wp-content\/uploads\/sites\/2\/2013\/09\/131018-Bieri_c_Malcolm-Carpenter.jpg","width":700,"height":312},{"@type":"BreadcrumbList","@id":"https:\/\/dai-heidelberg.de\/de\/veranstaltungen\/eine-art-zu-leben-1719\/#breadcrumb","itemListElement":[{"@type":"ListItem","position":1,"name":"Startseite","item":"https:\/\/dai-heidelberg.de\/de\/"},{"@type":"ListItem","position":2,"name":"Veranstaltungen","item":"https:\/\/dai-heidelberg.de\/de\/veranstaltungen\/"},{"@type":"ListItem","position":3,"name":"Eine Art zu leben"}]},{"@type":"WebSite","@id":"https:\/\/dai-heidelberg.de\/de\/#website","url":"https:\/\/dai-heidelberg.de\/de\/","name":"DAI Deutsch","description":"Deutsch-Amerikanisches Institut. Haus der Kultur.","potentialAction":[{"@type":"SearchAction","target":{"@type":"EntryPoint","urlTemplate":"https:\/\/dai-heidelberg.de\/de\/?s={search_term_string}"},"query-input":{"@type":"PropertyValueSpecification","valueRequired":true,"valueName":"search_term_string"}}],"inLanguage":"de"}]}},"_links":{"self":[{"href":"https:\/\/dai-heidelberg.de\/de\/wp-json\/wp\/v2\/dai_event\/1719","targetHints":{"allow":["GET"]}}],"collection":[{"href":"https:\/\/dai-heidelberg.de\/de\/wp-json\/wp\/v2\/dai_event"}],"about":[{"href":"https:\/\/dai-heidelberg.de\/de\/wp-json\/wp\/v2\/types\/dai_event"}],"version-history":[{"count":2,"href":"https:\/\/dai-heidelberg.de\/de\/wp-json\/wp\/v2\/dai_event\/1719\/revisions"}],"predecessor-version":[{"id":17439,"href":"https:\/\/dai-heidelberg.de\/de\/wp-json\/wp\/v2\/dai_event\/1719\/revisions\/17439"}],"wp:featuredmedia":[{"embeddable":true,"href":"https:\/\/dai-heidelberg.de\/de\/wp-json\/wp\/v2\/media\/17438"}],"wp:attachment":[{"href":"https:\/\/dai-heidelberg.de\/de\/wp-json\/wp\/v2\/media?parent=1719"}],"wp:term":[{"taxonomy":"post_tag","embeddable":true,"href":"https:\/\/dai-heidelberg.de\/de\/wp-json\/wp\/v2\/tags?post=1719"},{"taxonomy":"dai_event_category","embeddable":true,"href":"https:\/\/dai-heidelberg.de\/de\/wp-json\/wp\/v2\/dai_event_category?post=1719"},{"taxonomy":"dai_event_type","embeddable":true,"href":"https:\/\/dai-heidelberg.de\/de\/wp-json\/wp\/v2\/dai_event_type?post=1719"},{"taxonomy":"dai_event_location","embeddable":true,"href":"https:\/\/dai-heidelberg.de\/de\/wp-json\/wp\/v2\/dai_event_location?post=1719"}],"curies":[{"name":"wp","href":"https:\/\/api.w.org\/{rel}","templated":true}]}}