{"id":14723,"date":"2016-08-24T15:33:46","date_gmt":"2016-08-24T13:33:46","guid":{"rendered":"http:\/\/dai-heidelberg.de\/de\/?post_type=dai_event&#038;p=14723"},"modified":"2017-10-27T19:51:57","modified_gmt":"2017-10-27T17:51:57","slug":"stefano-mancuso","status":"publish","type":"dai_event","link":"https:\/\/dai-heidelberg.de\/de\/veranstaltungen\/stefano-mancuso-14723\/","title":{"rendered":"Stefano Mancuso"},"content":{"rendered":"<p>Ohne Pflanzen, die uns mit Nahrung, Energie und Sauerstoff versorgen, k\u00f6nnten wir Menschen auf der Erde nicht \u00fcberleben. Trotzdem galten sie lange als Lebewesen niederer Ordnung. Erst seit kurzem erkennt die Forschung, dass Pflanzen \u00fcber erstaunliche F\u00e4higkeiten verf\u00fcgen, ja \u00fcber Intelligenz.<\/p>\n<p>Denn au\u00dfer den f\u00fcnf Sinnen des Menschen besitzen sie noch mindestens 15 weitere, k\u00f6nnen elektromagnetische Felder ersp\u00fcren, die Schwerkraft berechnen und zahlreiche chemische Stoffe analysieren. \u00dcber die Wurzeln bilden sie riesige Netzwerke, in denen Informationen \u00fcber den Zustand der Umwelt zirkulieren.<\/p>\n<p>Ein besseres Verst\u00e4ndnis der Intelligenz der Pflanzen k\u00f6nnte uns lehren, auf Pestizide zu verzichten, ja bessere Computer und Netzwerke zu entwickeln, meint der renommierte Pflanzenforscher Stefano Mancuso, Professor an der Universit\u00e4t Florenz, der international als der Spezialist zum Thema gilt.<\/p>\n<p>In der Reihe <em>Was Wissen Wurzeln?<\/em><\/p>\n<p><strong>Sprache:<\/strong> Englisch<\/p>\n","protected":false},"excerpt":{"rendered":"<p>Ohne Pflanzen, die uns mit Nahrung, Energie und Sauerstoff versorgen, k\u00f6nnten wir Menschen auf der Erde nicht \u00fcberleben. Trotzdem galten&nbsp;&hellip;<\/p>\n","protected":false},"featured_media":18340,"template":"","meta":{"footnotes":""},"tags":[],"dai_event_category":[6],"dai_event_type":[209,21],"dai_event_location":[],"class_list":["post-14723","dai_event","type-dai_event","status-publish","has-post-thumbnail","hentry","dai_event_category-kulturveranstaltungen","dai_event_type-geist-heidelberg","dai_event_type-vortrag"],"better_featured_image":{"id":18340,"alt_text":"","caption":"","description":"","media_type":"image","media_details":{"width":700,"height":312,"file":"2016\/08\/161202-Mancuso_c_Hentschel.jpg","sizes":{"medium":{"file":"161202-Mancuso_c_Hentschel-300x134.jpg","width":300,"height":134,"mime-type":"image\/jpeg","source_url":"https:\/\/dai-heidelberg.de\/de\/wp-content\/uploads\/sites\/2\/2016\/08\/161202-Mancuso_c_Hentschel-300x134.jpg"},"thumbnail":{"file":"161202-Mancuso_c_Hentschel-150x150.jpg","width":150,"height":150,"mime-type":"image\/jpeg","source_url":"https:\/\/dai-heidelberg.de\/de\/wp-content\/uploads\/sites\/2\/2016\/08\/161202-Mancuso_c_Hentschel-150x150.jpg"},"dai-list":{"file":"161202-Mancuso_c_Hentschel-140x140.jpg","width":140,"height":140,"mime-type":"image\/jpeg","source_url":"https:\/\/dai-heidelberg.de\/de\/wp-content\/uploads\/sites\/2\/2016\/08\/161202-Mancuso_c_Hentschel-140x140.jpg"},"dai-selector":{"file":"161202-Mancuso_c_Hentschel-240x170.jpg","width":240,"height":170,"mime-type":"image\/jpeg","source_url":"https:\/\/dai-heidelberg.de\/de\/wp-content\/uploads\/sites\/2\/2016\/08\/161202-Mancuso_c_Hentschel-240x170.jpg"},"dai-hof":{"file":"161202-Mancuso_c_Hentschel-240x192.jpg","width":240,"height":192,"mime-type":"image\/jpeg","source_url":"https:\/\/dai-heidelberg.de\/de\/wp-content\/uploads\/sites\/2\/2016\/08\/161202-Mancuso_c_Hentschel-240x192.jpg"}},"image_meta":{"aperture":"0","credit":"","camera":"","caption":"","created_timestamp":"0","copyright":"","focal_length":"0","iso":"0","shutter_speed":"0","title":"","orientation":"0","keywords":[]}},"post":14723,"source_url":"https:\/\/dai-heidelberg.de\/de\/wp-content\/uploads\/sites\/2\/2016\/08\/161202-Mancuso_c_Hentschel.jpg"},"post-meta-fields":{"_edit_lock":["1509126651:10"],"_edit_last":["10"],"dai_event_datetime":["2016-12-02 20:00"],"dai_event_featured":["0"],"dai_event_subtext":["Die Intelligenz der Pflanzen"],"dai_event_ticket_freeadmission":["0"],"dai_event_ticket_price_presale_standard":["8"],"dai_event_ticket_price_presale_reduced":["5"],"dai_event_ticket_price_presale_member":["4"],"dai_event_ticket_price_boxoffice_standard":["10"],"dai_event_ticket_price_boxoffice_reduced":["7"],"dai_event_ticket_price_boxoffice_member":["6"],"_post_is_translated":["0"],"_trash_the_other_posts":["0"],"dai_event_ticket_link":["https:\/\/shop.reservix.de\/off\/login_check.php?id=36ae96de8dddc4df70dce3f39db2b886ff117b9261533f02fa35ea4a3191d65e3a64633f4652f2d1ba3a365eff82ca70&#038;vID=2736&#038;eventGrpID=207667&#038;eventID=888790"],"_yoast_wpseo_content_score":["60"],"_yoast_wpseo_primary_dai_event_category":[""],"_yoast_wpseo_primary_dai_event_type":[""],"_yoast_wpseo_primary_dai_event_location":[""],"_thumbnail_id":["18340"]},"yoast_head":"<!-- This site is optimized with the Yoast SEO plugin v27.4 - https:\/\/yoast.com\/product\/yoast-seo-wordpress\/ -->\n<title>Veranstaltungen - Deutsch-Amerikanisches Institut. Haus der Kultur.<\/title>\n<meta name=\"robots\" content=\"index, follow, max-snippet:-1, max-image-preview:large, max-video-preview:-1\" \/>\n<link rel=\"canonical\" href=\"https:\/\/dai-heidelberg.de\/de\/veranstaltungen\/stefano-mancuso-14723\/\" \/>\n<meta property=\"og:locale\" content=\"de_DE\" \/>\n<meta property=\"og:type\" content=\"article\" \/>\n<meta property=\"og:title\" content=\"Veranstaltungen - Deutsch-Amerikanisches Institut. Haus der Kultur.\" \/>\n<meta property=\"og:description\" content=\"Ohne Pflanzen, die uns mit Nahrung, Energie und Sauerstoff versorgen, k\u00f6nnten wir Menschen auf der Erde nicht \u00fcberleben. Trotzdem galten&nbsp;&hellip;\" \/>\n<meta property=\"og:url\" content=\"https:\/\/dai-heidelberg.de\/de\/veranstaltungen\/stefano-mancuso-14723\/\" \/>\n<meta property=\"og:site_name\" content=\"DAI Deutsch\" \/>\n<meta property=\"article:modified_time\" content=\"2017-10-27T17:51:57+00:00\" \/>\n<meta property=\"og:image\" content=\"https:\/\/dai-heidelberg.de\/de\/wp-content\/uploads\/sites\/2\/2016\/08\/161202-Mancuso_c_Hentschel.jpg\" \/>\n\t<meta property=\"og:image:width\" content=\"700\" \/>\n\t<meta property=\"og:image:height\" content=\"312\" \/>\n\t<meta property=\"og:image:type\" content=\"image\/jpeg\" \/>\n<meta name=\"twitter:label1\" content=\"Gesch\u00e4tzte Lesezeit\" \/>\n\t<meta name=\"twitter:data1\" content=\"1\u00a0Minute\" \/>\n<script type=\"application\/ld+json\" class=\"yoast-schema-graph\">{\"@context\":\"https:\\\/\\\/schema.org\",\"@graph\":[{\"@type\":\"WebPage\",\"@id\":\"https:\\\/\\\/dai-heidelberg.de\\\/de\\\/veranstaltungen\\\/stefano-mancuso-14723\\\/\",\"url\":\"https:\\\/\\\/dai-heidelberg.de\\\/de\\\/veranstaltungen\\\/stefano-mancuso-14723\\\/\",\"name\":\"Veranstaltungen - Deutsch-Amerikanisches Institut. Haus der Kultur.\",\"isPartOf\":{\"@id\":\"https:\\\/\\\/dai-heidelberg.de\\\/de\\\/#website\"},\"primaryImageOfPage\":{\"@id\":\"https:\\\/\\\/dai-heidelberg.de\\\/de\\\/veranstaltungen\\\/stefano-mancuso-14723\\\/#primaryimage\"},\"image\":{\"@id\":\"https:\\\/\\\/dai-heidelberg.de\\\/de\\\/veranstaltungen\\\/stefano-mancuso-14723\\\/#primaryimage\"},\"thumbnailUrl\":\"https:\\\/\\\/dai-heidelberg.de\\\/de\\\/wp-content\\\/uploads\\\/sites\\\/2\\\/2016\\\/08\\\/161202-Mancuso_c_Hentschel.jpg\",\"datePublished\":\"2016-08-24T13:33:46+00:00\",\"dateModified\":\"2017-10-27T17:51:57+00:00\",\"breadcrumb\":{\"@id\":\"https:\\\/\\\/dai-heidelberg.de\\\/de\\\/veranstaltungen\\\/stefano-mancuso-14723\\\/#breadcrumb\"},\"inLanguage\":\"de\",\"potentialAction\":[{\"@type\":\"ReadAction\",\"target\":[\"https:\\\/\\\/dai-heidelberg.de\\\/de\\\/veranstaltungen\\\/stefano-mancuso-14723\\\/\"]}]},{\"@type\":\"ImageObject\",\"inLanguage\":\"de\",\"@id\":\"https:\\\/\\\/dai-heidelberg.de\\\/de\\\/veranstaltungen\\\/stefano-mancuso-14723\\\/#primaryimage\",\"url\":\"https:\\\/\\\/dai-heidelberg.de\\\/de\\\/wp-content\\\/uploads\\\/sites\\\/2\\\/2016\\\/08\\\/161202-Mancuso_c_Hentschel.jpg\",\"contentUrl\":\"https:\\\/\\\/dai-heidelberg.de\\\/de\\\/wp-content\\\/uploads\\\/sites\\\/2\\\/2016\\\/08\\\/161202-Mancuso_c_Hentschel.jpg\",\"width\":700,\"height\":312},{\"@type\":\"BreadcrumbList\",\"@id\":\"https:\\\/\\\/dai-heidelberg.de\\\/de\\\/veranstaltungen\\\/stefano-mancuso-14723\\\/#breadcrumb\",\"itemListElement\":[{\"@type\":\"ListItem\",\"position\":1,\"name\":\"Startseite\",\"item\":\"https:\\\/\\\/dai-heidelberg.de\\\/de\\\/\"},{\"@type\":\"ListItem\",\"position\":2,\"name\":\"Veranstaltungen\",\"item\":\"https:\\\/\\\/dai-heidelberg.de\\\/de\\\/veranstaltungen\\\/\"},{\"@type\":\"ListItem\",\"position\":3,\"name\":\"Stefano Mancuso\"}]},{\"@type\":\"WebSite\",\"@id\":\"https:\\\/\\\/dai-heidelberg.de\\\/de\\\/#website\",\"url\":\"https:\\\/\\\/dai-heidelberg.de\\\/de\\\/\",\"name\":\"DAI Deutsch\",\"description\":\"Deutsch-Amerikanisches Institut. Haus der Kultur.\",\"potentialAction\":[{\"@type\":\"SearchAction\",\"target\":{\"@type\":\"EntryPoint\",\"urlTemplate\":\"https:\\\/\\\/dai-heidelberg.de\\\/de\\\/?s={search_term_string}\"},\"query-input\":{\"@type\":\"PropertyValueSpecification\",\"valueRequired\":true,\"valueName\":\"search_term_string\"}}],\"inLanguage\":\"de\"}]}<\/script>\n<!-- \/ Yoast SEO plugin. -->","yoast_head_json":{"title":"Veranstaltungen - Deutsch-Amerikanisches Institut. Haus der Kultur.","robots":{"index":"index","follow":"follow","max-snippet":"max-snippet:-1","max-image-preview":"max-image-preview:large","max-video-preview":"max-video-preview:-1"},"canonical":"https:\/\/dai-heidelberg.de\/de\/veranstaltungen\/stefano-mancuso-14723\/","og_locale":"de_DE","og_type":"article","og_title":"Veranstaltungen - Deutsch-Amerikanisches Institut. Haus der Kultur.","og_description":"Ohne Pflanzen, die uns mit Nahrung, Energie und Sauerstoff versorgen, k\u00f6nnten wir Menschen auf der Erde nicht \u00fcberleben. Trotzdem galten&nbsp;&hellip;","og_url":"https:\/\/dai-heidelberg.de\/de\/veranstaltungen\/stefano-mancuso-14723\/","og_site_name":"DAI Deutsch","article_modified_time":"2017-10-27T17:51:57+00:00","og_image":[{"width":700,"height":312,"url":"https:\/\/dai-heidelberg.de\/de\/wp-content\/uploads\/sites\/2\/2016\/08\/161202-Mancuso_c_Hentschel.jpg","type":"image\/jpeg"}],"twitter_misc":{"Gesch\u00e4tzte Lesezeit":"1\u00a0Minute"},"schema":{"@context":"https:\/\/schema.org","@graph":[{"@type":"WebPage","@id":"https:\/\/dai-heidelberg.de\/de\/veranstaltungen\/stefano-mancuso-14723\/","url":"https:\/\/dai-heidelberg.de\/de\/veranstaltungen\/stefano-mancuso-14723\/","name":"Veranstaltungen - Deutsch-Amerikanisches Institut. Haus der Kultur.","isPartOf":{"@id":"https:\/\/dai-heidelberg.de\/de\/#website"},"primaryImageOfPage":{"@id":"https:\/\/dai-heidelberg.de\/de\/veranstaltungen\/stefano-mancuso-14723\/#primaryimage"},"image":{"@id":"https:\/\/dai-heidelberg.de\/de\/veranstaltungen\/stefano-mancuso-14723\/#primaryimage"},"thumbnailUrl":"https:\/\/dai-heidelberg.de\/de\/wp-content\/uploads\/sites\/2\/2016\/08\/161202-Mancuso_c_Hentschel.jpg","datePublished":"2016-08-24T13:33:46+00:00","dateModified":"2017-10-27T17:51:57+00:00","breadcrumb":{"@id":"https:\/\/dai-heidelberg.de\/de\/veranstaltungen\/stefano-mancuso-14723\/#breadcrumb"},"inLanguage":"de","potentialAction":[{"@type":"ReadAction","target":["https:\/\/dai-heidelberg.de\/de\/veranstaltungen\/stefano-mancuso-14723\/"]}]},{"@type":"ImageObject","inLanguage":"de","@id":"https:\/\/dai-heidelberg.de\/de\/veranstaltungen\/stefano-mancuso-14723\/#primaryimage","url":"https:\/\/dai-heidelberg.de\/de\/wp-content\/uploads\/sites\/2\/2016\/08\/161202-Mancuso_c_Hentschel.jpg","contentUrl":"https:\/\/dai-heidelberg.de\/de\/wp-content\/uploads\/sites\/2\/2016\/08\/161202-Mancuso_c_Hentschel.jpg","width":700,"height":312},{"@type":"BreadcrumbList","@id":"https:\/\/dai-heidelberg.de\/de\/veranstaltungen\/stefano-mancuso-14723\/#breadcrumb","itemListElement":[{"@type":"ListItem","position":1,"name":"Startseite","item":"https:\/\/dai-heidelberg.de\/de\/"},{"@type":"ListItem","position":2,"name":"Veranstaltungen","item":"https:\/\/dai-heidelberg.de\/de\/veranstaltungen\/"},{"@type":"ListItem","position":3,"name":"Stefano Mancuso"}]},{"@type":"WebSite","@id":"https:\/\/dai-heidelberg.de\/de\/#website","url":"https:\/\/dai-heidelberg.de\/de\/","name":"DAI Deutsch","description":"Deutsch-Amerikanisches Institut. Haus der Kultur.","potentialAction":[{"@type":"SearchAction","target":{"@type":"EntryPoint","urlTemplate":"https:\/\/dai-heidelberg.de\/de\/?s={search_term_string}"},"query-input":{"@type":"PropertyValueSpecification","valueRequired":true,"valueName":"search_term_string"}}],"inLanguage":"de"}]}},"_links":{"self":[{"href":"https:\/\/dai-heidelberg.de\/de\/wp-json\/wp\/v2\/dai_event\/14723","targetHints":{"allow":["GET"]}}],"collection":[{"href":"https:\/\/dai-heidelberg.de\/de\/wp-json\/wp\/v2\/dai_event"}],"about":[{"href":"https:\/\/dai-heidelberg.de\/de\/wp-json\/wp\/v2\/types\/dai_event"}],"version-history":[{"count":2,"href":"https:\/\/dai-heidelberg.de\/de\/wp-json\/wp\/v2\/dai_event\/14723\/revisions"}],"predecessor-version":[{"id":15104,"href":"https:\/\/dai-heidelberg.de\/de\/wp-json\/wp\/v2\/dai_event\/14723\/revisions\/15104"}],"wp:featuredmedia":[{"embeddable":true,"href":"https:\/\/dai-heidelberg.de\/de\/wp-json\/wp\/v2\/media\/18340"}],"wp:attachment":[{"href":"https:\/\/dai-heidelberg.de\/de\/wp-json\/wp\/v2\/media?parent=14723"}],"wp:term":[{"taxonomy":"post_tag","embeddable":true,"href":"https:\/\/dai-heidelberg.de\/de\/wp-json\/wp\/v2\/tags?post=14723"},{"taxonomy":"dai_event_category","embeddable":true,"href":"https:\/\/dai-heidelberg.de\/de\/wp-json\/wp\/v2\/dai_event_category?post=14723"},{"taxonomy":"dai_event_type","embeddable":true,"href":"https:\/\/dai-heidelberg.de\/de\/wp-json\/wp\/v2\/dai_event_type?post=14723"},{"taxonomy":"dai_event_location","embeddable":true,"href":"https:\/\/dai-heidelberg.de\/de\/wp-json\/wp\/v2\/dai_event_location?post=14723"}],"curies":[{"name":"wp","href":"https:\/\/api.w.org\/{rel}","templated":true}]}}