{"id":14444,"date":"2016-08-03T17:12:57","date_gmt":"2016-08-03T15:12:57","guid":{"rendered":"http:\/\/dai-heidelberg.de\/de\/?post_type=dai_event&#038;p=14444"},"modified":"2017-10-27T20:18:13","modified_gmt":"2017-10-27T18:18:13","slug":"weltformel-oder-w3-professur","status":"publish","type":"dai_event","link":"https:\/\/dai-heidelberg.de\/de\/veranstaltungen\/weltformel-oder-w3-professur-14444\/","title":{"rendered":"Weltformel oder W3-Professur?"},"content":{"rendered":"<p>Was treibt Wissenschaftlerinnen und Wissenschaftler an? Bietet Wissenschaft als Beruf (Max Weber) wirklich Raum f\u00fcr Neugier, Entdeckerfreude, Sinnsuche und zweckfreie Erweiterung des Wissens? Bezieht Forschung ihre Rechtfertigung aus den m\u00f6glichen Anwendungen neuer Erkenntnisse in Technik, Medizin und Gesellschaft? Oder wird das moderne Rollenbild des Wissenschaftlers vom Kampf um Aufmerksamkeit, F\u00f6rdergelder, Publikationen und Aufstiegschancen bestimmt?<\/p>\n<p>Welche Orientierung bietet die Universit\u00e4t im Spannungsfeld von Forschungstraditionen, akademischem Wettbewerb, gesellschaftlicher Verantwortung und zunehmender \u00d6konomisierung des \u00f6ffentlichen Raumes? Welche Vielfalt von Wissenschaftskulturen gibt es, was ist erhaltenswert, was reformbed\u00fcrftig?<\/p>\n<p>Mit:<br \/>\n<strong>Prof. Karin Knorr Cetina<\/strong>, Wissenschaftssoziologin und Mitglied der Nationalen Akademie der Wissenschaften &#8211; Leopoldina<br \/>\n<strong>Dr. Wolfgang Lieb<\/strong>, Jurist, Staatssekret\u00e4r im Wissenschaftsministerium NRW a.D. und ehemaliger Herausgeber der NachDenkSeiten<br \/>\nModeration: <strong>Prof. Andreas Draguhn<\/strong><\/p>\n","protected":false},"excerpt":{"rendered":"<p>Was treibt Wissenschaftlerinnen und Wissenschaftler an? Bietet Wissenschaft als Beruf (Max Weber) wirklich Raum f\u00fcr Neugier, Entdeckerfreude, Sinnsuche und zweckfreie&nbsp;&hellip;<\/p>\n","protected":false},"featured_media":18357,"template":"","meta":{"footnotes":""},"tags":[],"dai_event_category":[6],"dai_event_type":[209,12],"dai_event_location":[],"class_list":["post-14444","dai_event","type-dai_event","status-publish","has-post-thumbnail","hentry","dai_event_category-kulturveranstaltungen","dai_event_type-geist-heidelberg","dai_event_type-im-dialog"],"better_featured_image":{"id":18357,"alt_text":"","caption":"","description":"","media_type":"image","media_details":{"width":700,"height":312,"file":"2016\/08\/161215-W3Professur_c_Hentschel.jpg","sizes":{"medium":{"file":"161215-W3Professur_c_Hentschel-300x134.jpg","width":300,"height":134,"mime-type":"image\/jpeg","source_url":"https:\/\/dai-heidelberg.de\/de\/wp-content\/uploads\/sites\/2\/2016\/08\/161215-W3Professur_c_Hentschel-300x134.jpg"},"thumbnail":{"file":"161215-W3Professur_c_Hentschel-150x150.jpg","width":150,"height":150,"mime-type":"image\/jpeg","source_url":"https:\/\/dai-heidelberg.de\/de\/wp-content\/uploads\/sites\/2\/2016\/08\/161215-W3Professur_c_Hentschel-150x150.jpg"},"dai-list":{"file":"161215-W3Professur_c_Hentschel-140x140.jpg","width":140,"height":140,"mime-type":"image\/jpeg","source_url":"https:\/\/dai-heidelberg.de\/de\/wp-content\/uploads\/sites\/2\/2016\/08\/161215-W3Professur_c_Hentschel-140x140.jpg"},"dai-selector":{"file":"161215-W3Professur_c_Hentschel-240x170.jpg","width":240,"height":170,"mime-type":"image\/jpeg","source_url":"https:\/\/dai-heidelberg.de\/de\/wp-content\/uploads\/sites\/2\/2016\/08\/161215-W3Professur_c_Hentschel-240x170.jpg"},"dai-hof":{"file":"161215-W3Professur_c_Hentschel-240x192.jpg","width":240,"height":192,"mime-type":"image\/jpeg","source_url":"https:\/\/dai-heidelberg.de\/de\/wp-content\/uploads\/sites\/2\/2016\/08\/161215-W3Professur_c_Hentschel-240x192.jpg"}},"image_meta":{"aperture":"0","credit":"","camera":"","caption":"","created_timestamp":"0","copyright":"","focal_length":"0","iso":"0","shutter_speed":"0","title":"","orientation":"0","keywords":[]}},"post":14444,"source_url":"https:\/\/dai-heidelberg.de\/de\/wp-content\/uploads\/sites\/2\/2016\/08\/161215-W3Professur_c_Hentschel.jpg"},"post-meta-fields":{"_edit_lock":["1509128187:10"],"_edit_last":["10"],"dai_event_datetime":["2016-12-15 20:00"],"dai_event_featured":["0"],"dai_event_subtext":["Wissenschaft zwischen Wahrheitssuche und Management "],"dai_event_ticket_freeadmission":["0"],"dai_event_ticket_price_presale_standard":["8"],"dai_event_ticket_price_presale_reduced":["5"],"dai_event_ticket_price_presale_member":["4"],"dai_event_ticket_price_boxoffice_standard":["10"],"dai_event_ticket_price_boxoffice_reduced":["7"],"dai_event_ticket_price_boxoffice_member":["6"],"_post_is_translated":["0"],"_trash_the_other_posts":["0"],"dai_event_ticket_link":["https:\/\/shop.reservix.de\/off\/login_check.php?id=36ae96de8dddc4df70dce3f39db2b886ff117b9261533f02fa35ea4a3191d65e3a64633f4652f2d1ba3a365eff82ca70&#038;vID=2736&#038;eventGrpID=206025&#038;eventID=881372"],"_yoast_wpseo_content_score":["30"],"_yoast_wpseo_primary_dai_event_category":[""],"_yoast_wpseo_primary_dai_event_type":[""],"_yoast_wpseo_primary_dai_event_location":[""],"_thumbnail_id":["18357"]},"yoast_head":"<!-- This site is optimized with the Yoast SEO plugin v27.4 - https:\/\/yoast.com\/product\/yoast-seo-wordpress\/ -->\n<title>Veranstaltungen - Deutsch-Amerikanisches Institut. Haus der Kultur.<\/title>\n<meta name=\"robots\" content=\"index, follow, max-snippet:-1, max-image-preview:large, max-video-preview:-1\" \/>\n<link rel=\"canonical\" href=\"https:\/\/dai-heidelberg.de\/de\/veranstaltungen\/weltformel-oder-w3-professur-14444\/\" \/>\n<meta property=\"og:locale\" content=\"de_DE\" \/>\n<meta property=\"og:type\" content=\"article\" \/>\n<meta property=\"og:title\" content=\"Veranstaltungen - Deutsch-Amerikanisches Institut. Haus der Kultur.\" \/>\n<meta property=\"og:description\" content=\"Was treibt Wissenschaftlerinnen und Wissenschaftler an? Bietet Wissenschaft als Beruf (Max Weber) wirklich Raum f\u00fcr Neugier, Entdeckerfreude, Sinnsuche und zweckfreie&nbsp;&hellip;\" \/>\n<meta property=\"og:url\" content=\"https:\/\/dai-heidelberg.de\/de\/veranstaltungen\/weltformel-oder-w3-professur-14444\/\" \/>\n<meta property=\"og:site_name\" content=\"DAI Deutsch\" \/>\n<meta property=\"article:modified_time\" content=\"2017-10-27T18:18:13+00:00\" \/>\n<meta property=\"og:image\" content=\"https:\/\/dai-heidelberg.de\/de\/wp-content\/uploads\/sites\/2\/2016\/08\/161215-W3Professur_c_Hentschel.jpg\" \/>\n\t<meta property=\"og:image:width\" content=\"700\" \/>\n\t<meta property=\"og:image:height\" content=\"312\" \/>\n\t<meta property=\"og:image:type\" content=\"image\/jpeg\" \/>\n<meta name=\"twitter:label1\" content=\"Gesch\u00e4tzte Lesezeit\" \/>\n\t<meta name=\"twitter:data1\" content=\"1\u00a0Minute\" \/>\n<script type=\"application\/ld+json\" class=\"yoast-schema-graph\">{\"@context\":\"https:\\\/\\\/schema.org\",\"@graph\":[{\"@type\":\"WebPage\",\"@id\":\"https:\\\/\\\/dai-heidelberg.de\\\/de\\\/veranstaltungen\\\/weltformel-oder-w3-professur-14444\\\/\",\"url\":\"https:\\\/\\\/dai-heidelberg.de\\\/de\\\/veranstaltungen\\\/weltformel-oder-w3-professur-14444\\\/\",\"name\":\"Veranstaltungen - Deutsch-Amerikanisches Institut. Haus der Kultur.\",\"isPartOf\":{\"@id\":\"https:\\\/\\\/dai-heidelberg.de\\\/de\\\/#website\"},\"primaryImageOfPage\":{\"@id\":\"https:\\\/\\\/dai-heidelberg.de\\\/de\\\/veranstaltungen\\\/weltformel-oder-w3-professur-14444\\\/#primaryimage\"},\"image\":{\"@id\":\"https:\\\/\\\/dai-heidelberg.de\\\/de\\\/veranstaltungen\\\/weltformel-oder-w3-professur-14444\\\/#primaryimage\"},\"thumbnailUrl\":\"https:\\\/\\\/dai-heidelberg.de\\\/de\\\/wp-content\\\/uploads\\\/sites\\\/2\\\/2016\\\/08\\\/161215-W3Professur_c_Hentschel.jpg\",\"datePublished\":\"2016-08-03T15:12:57+00:00\",\"dateModified\":\"2017-10-27T18:18:13+00:00\",\"breadcrumb\":{\"@id\":\"https:\\\/\\\/dai-heidelberg.de\\\/de\\\/veranstaltungen\\\/weltformel-oder-w3-professur-14444\\\/#breadcrumb\"},\"inLanguage\":\"de\",\"potentialAction\":[{\"@type\":\"ReadAction\",\"target\":[\"https:\\\/\\\/dai-heidelberg.de\\\/de\\\/veranstaltungen\\\/weltformel-oder-w3-professur-14444\\\/\"]}]},{\"@type\":\"ImageObject\",\"inLanguage\":\"de\",\"@id\":\"https:\\\/\\\/dai-heidelberg.de\\\/de\\\/veranstaltungen\\\/weltformel-oder-w3-professur-14444\\\/#primaryimage\",\"url\":\"https:\\\/\\\/dai-heidelberg.de\\\/de\\\/wp-content\\\/uploads\\\/sites\\\/2\\\/2016\\\/08\\\/161215-W3Professur_c_Hentschel.jpg\",\"contentUrl\":\"https:\\\/\\\/dai-heidelberg.de\\\/de\\\/wp-content\\\/uploads\\\/sites\\\/2\\\/2016\\\/08\\\/161215-W3Professur_c_Hentschel.jpg\",\"width\":700,\"height\":312},{\"@type\":\"BreadcrumbList\",\"@id\":\"https:\\\/\\\/dai-heidelberg.de\\\/de\\\/veranstaltungen\\\/weltformel-oder-w3-professur-14444\\\/#breadcrumb\",\"itemListElement\":[{\"@type\":\"ListItem\",\"position\":1,\"name\":\"Startseite\",\"item\":\"https:\\\/\\\/dai-heidelberg.de\\\/de\\\/\"},{\"@type\":\"ListItem\",\"position\":2,\"name\":\"Veranstaltungen\",\"item\":\"https:\\\/\\\/dai-heidelberg.de\\\/de\\\/veranstaltungen\\\/\"},{\"@type\":\"ListItem\",\"position\":3,\"name\":\"Weltformel oder W3-Professur?\"}]},{\"@type\":\"WebSite\",\"@id\":\"https:\\\/\\\/dai-heidelberg.de\\\/de\\\/#website\",\"url\":\"https:\\\/\\\/dai-heidelberg.de\\\/de\\\/\",\"name\":\"DAI Deutsch\",\"description\":\"Deutsch-Amerikanisches Institut. Haus der Kultur.\",\"potentialAction\":[{\"@type\":\"SearchAction\",\"target\":{\"@type\":\"EntryPoint\",\"urlTemplate\":\"https:\\\/\\\/dai-heidelberg.de\\\/de\\\/?s={search_term_string}\"},\"query-input\":{\"@type\":\"PropertyValueSpecification\",\"valueRequired\":true,\"valueName\":\"search_term_string\"}}],\"inLanguage\":\"de\"}]}<\/script>\n<!-- \/ Yoast SEO plugin. -->","yoast_head_json":{"title":"Veranstaltungen - Deutsch-Amerikanisches Institut. Haus der Kultur.","robots":{"index":"index","follow":"follow","max-snippet":"max-snippet:-1","max-image-preview":"max-image-preview:large","max-video-preview":"max-video-preview:-1"},"canonical":"https:\/\/dai-heidelberg.de\/de\/veranstaltungen\/weltformel-oder-w3-professur-14444\/","og_locale":"de_DE","og_type":"article","og_title":"Veranstaltungen - Deutsch-Amerikanisches Institut. Haus der Kultur.","og_description":"Was treibt Wissenschaftlerinnen und Wissenschaftler an? Bietet Wissenschaft als Beruf (Max Weber) wirklich Raum f\u00fcr Neugier, Entdeckerfreude, Sinnsuche und zweckfreie&nbsp;&hellip;","og_url":"https:\/\/dai-heidelberg.de\/de\/veranstaltungen\/weltformel-oder-w3-professur-14444\/","og_site_name":"DAI Deutsch","article_modified_time":"2017-10-27T18:18:13+00:00","og_image":[{"width":700,"height":312,"url":"https:\/\/dai-heidelberg.de\/de\/wp-content\/uploads\/sites\/2\/2016\/08\/161215-W3Professur_c_Hentschel.jpg","type":"image\/jpeg"}],"twitter_misc":{"Gesch\u00e4tzte Lesezeit":"1\u00a0Minute"},"schema":{"@context":"https:\/\/schema.org","@graph":[{"@type":"WebPage","@id":"https:\/\/dai-heidelberg.de\/de\/veranstaltungen\/weltformel-oder-w3-professur-14444\/","url":"https:\/\/dai-heidelberg.de\/de\/veranstaltungen\/weltformel-oder-w3-professur-14444\/","name":"Veranstaltungen - Deutsch-Amerikanisches Institut. Haus der Kultur.","isPartOf":{"@id":"https:\/\/dai-heidelberg.de\/de\/#website"},"primaryImageOfPage":{"@id":"https:\/\/dai-heidelberg.de\/de\/veranstaltungen\/weltformel-oder-w3-professur-14444\/#primaryimage"},"image":{"@id":"https:\/\/dai-heidelberg.de\/de\/veranstaltungen\/weltformel-oder-w3-professur-14444\/#primaryimage"},"thumbnailUrl":"https:\/\/dai-heidelberg.de\/de\/wp-content\/uploads\/sites\/2\/2016\/08\/161215-W3Professur_c_Hentschel.jpg","datePublished":"2016-08-03T15:12:57+00:00","dateModified":"2017-10-27T18:18:13+00:00","breadcrumb":{"@id":"https:\/\/dai-heidelberg.de\/de\/veranstaltungen\/weltformel-oder-w3-professur-14444\/#breadcrumb"},"inLanguage":"de","potentialAction":[{"@type":"ReadAction","target":["https:\/\/dai-heidelberg.de\/de\/veranstaltungen\/weltformel-oder-w3-professur-14444\/"]}]},{"@type":"ImageObject","inLanguage":"de","@id":"https:\/\/dai-heidelberg.de\/de\/veranstaltungen\/weltformel-oder-w3-professur-14444\/#primaryimage","url":"https:\/\/dai-heidelberg.de\/de\/wp-content\/uploads\/sites\/2\/2016\/08\/161215-W3Professur_c_Hentschel.jpg","contentUrl":"https:\/\/dai-heidelberg.de\/de\/wp-content\/uploads\/sites\/2\/2016\/08\/161215-W3Professur_c_Hentschel.jpg","width":700,"height":312},{"@type":"BreadcrumbList","@id":"https:\/\/dai-heidelberg.de\/de\/veranstaltungen\/weltformel-oder-w3-professur-14444\/#breadcrumb","itemListElement":[{"@type":"ListItem","position":1,"name":"Startseite","item":"https:\/\/dai-heidelberg.de\/de\/"},{"@type":"ListItem","position":2,"name":"Veranstaltungen","item":"https:\/\/dai-heidelberg.de\/de\/veranstaltungen\/"},{"@type":"ListItem","position":3,"name":"Weltformel oder W3-Professur?"}]},{"@type":"WebSite","@id":"https:\/\/dai-heidelberg.de\/de\/#website","url":"https:\/\/dai-heidelberg.de\/de\/","name":"DAI Deutsch","description":"Deutsch-Amerikanisches Institut. Haus der Kultur.","potentialAction":[{"@type":"SearchAction","target":{"@type":"EntryPoint","urlTemplate":"https:\/\/dai-heidelberg.de\/de\/?s={search_term_string}"},"query-input":{"@type":"PropertyValueSpecification","valueRequired":true,"valueName":"search_term_string"}}],"inLanguage":"de"}]}},"_links":{"self":[{"href":"https:\/\/dai-heidelberg.de\/de\/wp-json\/wp\/v2\/dai_event\/14444","targetHints":{"allow":["GET"]}}],"collection":[{"href":"https:\/\/dai-heidelberg.de\/de\/wp-json\/wp\/v2\/dai_event"}],"about":[{"href":"https:\/\/dai-heidelberg.de\/de\/wp-json\/wp\/v2\/types\/dai_event"}],"version-history":[{"count":3,"href":"https:\/\/dai-heidelberg.de\/de\/wp-json\/wp\/v2\/dai_event\/14444\/revisions"}],"predecessor-version":[{"id":15156,"href":"https:\/\/dai-heidelberg.de\/de\/wp-json\/wp\/v2\/dai_event\/14444\/revisions\/15156"}],"wp:featuredmedia":[{"embeddable":true,"href":"https:\/\/dai-heidelberg.de\/de\/wp-json\/wp\/v2\/media\/18357"}],"wp:attachment":[{"href":"https:\/\/dai-heidelberg.de\/de\/wp-json\/wp\/v2\/media?parent=14444"}],"wp:term":[{"taxonomy":"post_tag","embeddable":true,"href":"https:\/\/dai-heidelberg.de\/de\/wp-json\/wp\/v2\/tags?post=14444"},{"taxonomy":"dai_event_category","embeddable":true,"href":"https:\/\/dai-heidelberg.de\/de\/wp-json\/wp\/v2\/dai_event_category?post=14444"},{"taxonomy":"dai_event_type","embeddable":true,"href":"https:\/\/dai-heidelberg.de\/de\/wp-json\/wp\/v2\/dai_event_type?post=14444"},{"taxonomy":"dai_event_location","embeddable":true,"href":"https:\/\/dai-heidelberg.de\/de\/wp-json\/wp\/v2\/dai_event_location?post=14444"}],"curies":[{"name":"wp","href":"https:\/\/api.w.org\/{rel}","templated":true}]}}