{"id":14128,"date":"2016-06-08T10:51:36","date_gmt":"2016-06-08T08:51:36","guid":{"rendered":"http:\/\/dai-heidelberg.de\/de\/?post_type=dai_event&#038;p=14128"},"modified":"2017-10-25T21:31:51","modified_gmt":"2017-10-25T19:31:51","slug":"wir-feiern-70-jahre-dai","status":"publish","type":"dai_event","link":"https:\/\/dai-heidelberg.de\/de\/veranstaltungen\/wir-feiern-70-jahre-dai-14128\/","title":{"rendered":"Wir feiern 70 Jahre DAI"},"content":{"rendered":"<p>70 Jahre Engagement f\u00fcr demokratische Werte und kulturelle Bildung: Einen ganzen Tag lang wollen wir im Stadtgarten (Open Air) und dem DAI mit Livemusik, Kinderprogramm, einer H\u00fcpfburg, Street Food und vielen G\u00e4sten unser Jubil\u00e4um begehen &#8211; und dabei eine riesengro\u00dfe Party feiern!<\/p>\n<p>F\u00fcr tanzbare musikalische Unterhaltung im Stadtgarten sorgen The Louisiana Funky Butts Brass Band (Second Line-Jazz\/New Orleans Funk\/Hip Hop\/Latin Grooves aus T\u00fcbingen), Onkel Toms H\u00fcte (Alternative Rap aus Heidelberg), RedHat (Stra\u00dfenmusik aus Freiburg) sowie die Special Request Band (Reggae aus Heidelberg) und ab 20:00 Uhr Chupacabras (Mestizo\/Hip Hop\/Weltmusik aus K\u00f6ln) im DAI. Ab 21:00 Uhr zeigen wir in der DAI-Bibliothek das EM-Spiel der deutschen Fu\u00dfballnationalmannschaft gegen Italien.<\/p>\n<p class=\"p1\"><span class=\"s1\">Neben Kinder- und Konzertprogramm gestalten verschiedene DAI-Teams Mitmachaktionen f\u00fcr die Besucher<b> <\/b>des Festes. Vertreten sind hierbei die Bibliothek, die Sprachschule <i>One World Language School<\/i>, das Sprachf\u00f6rderungsprojekt <i>HD Ink<\/i>, der mobile Veranstaltungsraum <i>Raumf\u00e4nger<\/i>, das Techniklabor <i>Makerspace<\/i> und das <i>Literarische Zentrum Heidelberg (LiZ)<\/i>.<\/span><\/p>\n<div class=\"brlbs-cmpnt-container brlbs-cmpnt-content-blocker brlbs-cmpnt-with-individual-styles\" data-borlabs-cookie-content-blocker-id=\"youtube-content-blocker\" data-borlabs-cookie-content=\"PGlmcmFtZSB0aXRsZT0iTG91aXNpYW5hIEZ1bmt5IEJ1dHRzIEJyYXNzIEJhbmQiIHdpZHRoPSI1MDAiIGhlaWdodD0iMjgxIiBzcmM9Imh0dHBzOi8vd3d3LnlvdXR1YmUtbm9jb29raWUuY29tL2VtYmVkL3pKR1h3Yl9HZ0U0P2ZlYXR1cmU9b2VtYmVkIiBmcmFtZWJvcmRlcj0iMCIgYWxsb3c9ImFjY2VsZXJvbWV0ZXI7IGF1dG9wbGF5OyBjbGlwYm9hcmQtd3JpdGU7IGVuY3J5cHRlZC1tZWRpYTsgZ3lyb3Njb3BlOyBwaWN0dXJlLWluLXBpY3R1cmU7IHdlYi1zaGFyZSIgcmVmZXJyZXJwb2xpY3k9InN0cmljdC1vcmlnaW4td2hlbi1jcm9zcy1vcmlnaW4iIGFsbG93ZnVsbHNjcmVlbj48L2lmcmFtZT4=\">\n<div class=\"brlbs-cmpnt-cb-preset-c brlbs-cmpnt-cb-youtube\">\n<div class=\"brlbs-cmpnt-cb-thumbnail\" style=\"background-image: url('https:\/\/dai-heidelberg.de\/de\/wp-content\/uploads\/borlabs-cookie\/2\/yt_zJGXwb_GgE4_hqdefault.jpg')\"><\/div>\n<div class=\"brlbs-cmpnt-cb-main\">\n<div class=\"brlbs-cmpnt-cb-play-button\"><\/div>\n<div class=\"brlbs-cmpnt-cb-content\">\n<p class=\"brlbs-cmpnt-cb-description\">Sie sehen gerade einen Platzhalterinhalt von <strong>YouTube<\/strong>. Um auf den eigentlichen Inhalt zuzugreifen, klicken Sie auf die Schaltfl\u00e4che unten. Bitte beachten Sie, dass dabei Daten an Drittanbieter weitergegeben werden.<\/p>\n<p> <a class=\"brlbs-cmpnt-cb-provider-toggle\" href=\"#\" data-borlabs-cookie-show-provider-information role=\"button\">Mehr Informationen<\/a> <\/div>\n<div class=\"brlbs-cmpnt-cb-buttons\"> <a class=\"brlbs-cmpnt-cb-btn\" href=\"#\" data-borlabs-cookie-unblock role=\"button\">Inhalt entsperren<\/a> <a class=\"brlbs-cmpnt-cb-btn\" href=\"#\" data-borlabs-cookie-accept-service role=\"button\" style=\"display: inherit\">Erforderlichen Service akzeptieren und Inhalte entsperren<\/a> <\/div>\n<\/p><\/div>\n<\/p><\/div>\n<\/div>\n<p>&nbsp;<\/p>\n","protected":false},"excerpt":{"rendered":"<p>70 Jahre Engagement f\u00fcr demokratische Werte und kulturelle Bildung: Einen ganzen Tag lang wollen wir im Stadtgarten (Open Air) und&nbsp;&hellip;<\/p>\n","protected":false},"featured_media":18276,"template":"","meta":{"footnotes":""},"tags":[],"dai_event_category":[6],"dai_event_type":[14,16,18],"dai_event_location":[],"class_list":["post-14128","dai_event","type-dai_event","status-publish","has-post-thumbnail","hentry","dai_event_category-kulturveranstaltungen","dai_event_type-kinderprogramm","dai_event_type-konzert","dai_event_type-party"],"better_featured_image":{"id":18276,"alt_text":"","caption":"","description":"","media_type":"image","media_details":{"width":700,"height":312,"file":"2016\/06\/160702_70JahreDAI_c_Kipke.jpg","sizes":{"medium":{"file":"160702_70JahreDAI_c_Kipke-300x134.jpg","width":300,"height":134,"mime-type":"image\/jpeg","source_url":"https:\/\/dai-heidelberg.de\/de\/wp-content\/uploads\/sites\/2\/2016\/06\/160702_70JahreDAI_c_Kipke-300x134.jpg"},"thumbnail":{"file":"160702_70JahreDAI_c_Kipke-150x150.jpg","width":150,"height":150,"mime-type":"image\/jpeg","source_url":"https:\/\/dai-heidelberg.de\/de\/wp-content\/uploads\/sites\/2\/2016\/06\/160702_70JahreDAI_c_Kipke-150x150.jpg"},"dai-list":{"file":"160702_70JahreDAI_c_Kipke-140x140.jpg","width":140,"height":140,"mime-type":"image\/jpeg","source_url":"https:\/\/dai-heidelberg.de\/de\/wp-content\/uploads\/sites\/2\/2016\/06\/160702_70JahreDAI_c_Kipke-140x140.jpg"},"dai-selector":{"file":"160702_70JahreDAI_c_Kipke-240x170.jpg","width":240,"height":170,"mime-type":"image\/jpeg","source_url":"https:\/\/dai-heidelberg.de\/de\/wp-content\/uploads\/sites\/2\/2016\/06\/160702_70JahreDAI_c_Kipke-240x170.jpg"},"dai-hof":{"file":"160702_70JahreDAI_c_Kipke-240x192.jpg","width":240,"height":192,"mime-type":"image\/jpeg","source_url":"https:\/\/dai-heidelberg.de\/de\/wp-content\/uploads\/sites\/2\/2016\/06\/160702_70JahreDAI_c_Kipke-240x192.jpg"}},"image_meta":{"aperture":"0","credit":"","camera":"","caption":"","created_timestamp":"0","copyright":"","focal_length":"0","iso":"0","shutter_speed":"0","title":"","orientation":"0","keywords":[]}},"post":14128,"source_url":"https:\/\/dai-heidelberg.de\/de\/wp-content\/uploads\/sites\/2\/2016\/06\/160702_70JahreDAI_c_Kipke.jpg"},"post-meta-fields":{"_edit_lock":["1508959772:10"],"_edit_last":["10"],"dai_event_datetime":["2016-07-02 15:00"],"dai_event_featured":["1"],"dai_event_ticket_freeadmission":["1"],"_post_is_translated":["0"],"_trash_the_other_posts":["0"],"_oembed_282b76883eeccb9c4df9a4773f37f3a6":["<iframe width=\"500\" height=\"281\" src=\"https:\/\/www.youtube.com\/embed\/zJGXwb_GgE4?feature=oembed\" frameborder=\"0\" gesture=\"media\" allowfullscreen><\/iframe>"],"_oembed_time_282b76883eeccb9c4df9a4773f37f3a6":["1508959916"],"_wp_old_slug":["das-dai-wird-70-wir-feiern"],"_thumbnail_id":["18276"],"_yoast_wpseo_primary_dai_event_category":[""],"_yoast_wpseo_primary_dai_event_type":[""],"_yoast_wpseo_primary_dai_event_location":[""],"_yoast_wpseo_content_score":["30"],"_oembed_6a887c5814da7be205b1f67c124262d6":["<iframe title=\"Louisiana Funky Butts Brass Band\" width=\"500\" height=\"281\" src=\"https:\/\/www.youtube.com\/embed\/zJGXwb_GgE4?feature=oembed\" frameborder=\"0\" allow=\"accelerometer; autoplay; clipboard-write; encrypted-media; gyroscope; picture-in-picture; web-share\" referrerpolicy=\"strict-origin-when-cross-origin\" allowfullscreen><\/iframe>"],"_oembed_time_6a887c5814da7be205b1f67c124262d6":["1712753553"]},"yoast_head":"<!-- This site is optimized with the Yoast SEO plugin v27.4 - https:\/\/yoast.com\/product\/yoast-seo-wordpress\/ -->\n<title>Veranstaltungen - Deutsch-Amerikanisches Institut. Haus der Kultur.<\/title>\n<meta name=\"robots\" content=\"index, follow, max-snippet:-1, max-image-preview:large, max-video-preview:-1\" \/>\n<link rel=\"canonical\" href=\"https:\/\/dai-heidelberg.de\/de\/veranstaltungen\/wir-feiern-70-jahre-dai-14128\/\" \/>\n<meta property=\"og:locale\" content=\"de_DE\" \/>\n<meta property=\"og:type\" content=\"article\" \/>\n<meta property=\"og:title\" content=\"Veranstaltungen - Deutsch-Amerikanisches Institut. Haus der Kultur.\" \/>\n<meta property=\"og:description\" content=\"70 Jahre Engagement f\u00fcr demokratische Werte und kulturelle Bildung: Einen ganzen Tag lang wollen wir im Stadtgarten (Open Air) und&nbsp;&hellip;\" \/>\n<meta property=\"og:url\" content=\"https:\/\/dai-heidelberg.de\/de\/veranstaltungen\/wir-feiern-70-jahre-dai-14128\/\" \/>\n<meta property=\"og:site_name\" content=\"DAI Deutsch\" \/>\n<meta property=\"article:modified_time\" content=\"2017-10-25T19:31:51+00:00\" \/>\n<meta property=\"og:image\" content=\"https:\/\/dai-heidelberg.de\/de\/wp-content\/uploads\/sites\/2\/2016\/06\/160702_70JahreDAI_c_Kipke.jpg\" \/>\n\t<meta property=\"og:image:width\" content=\"700\" \/>\n\t<meta property=\"og:image:height\" content=\"312\" \/>\n\t<meta property=\"og:image:type\" content=\"image\/jpeg\" \/>\n<meta name=\"twitter:label1\" content=\"Gesch\u00e4tzte Lesezeit\" \/>\n\t<meta name=\"twitter:data1\" content=\"1\u00a0Minute\" \/>\n<script type=\"application\/ld+json\" class=\"yoast-schema-graph\">{\"@context\":\"https:\\\/\\\/schema.org\",\"@graph\":[{\"@type\":\"WebPage\",\"@id\":\"https:\\\/\\\/dai-heidelberg.de\\\/de\\\/veranstaltungen\\\/wir-feiern-70-jahre-dai-14128\\\/\",\"url\":\"https:\\\/\\\/dai-heidelberg.de\\\/de\\\/veranstaltungen\\\/wir-feiern-70-jahre-dai-14128\\\/\",\"name\":\"Veranstaltungen - Deutsch-Amerikanisches Institut. Haus der Kultur.\",\"isPartOf\":{\"@id\":\"https:\\\/\\\/dai-heidelberg.de\\\/de\\\/#website\"},\"primaryImageOfPage\":{\"@id\":\"https:\\\/\\\/dai-heidelberg.de\\\/de\\\/veranstaltungen\\\/wir-feiern-70-jahre-dai-14128\\\/#primaryimage\"},\"image\":{\"@id\":\"https:\\\/\\\/dai-heidelberg.de\\\/de\\\/veranstaltungen\\\/wir-feiern-70-jahre-dai-14128\\\/#primaryimage\"},\"thumbnailUrl\":\"https:\\\/\\\/dai-heidelberg.de\\\/de\\\/wp-content\\\/uploads\\\/sites\\\/2\\\/2016\\\/06\\\/160702_70JahreDAI_c_Kipke.jpg\",\"datePublished\":\"2016-06-08T08:51:36+00:00\",\"dateModified\":\"2017-10-25T19:31:51+00:00\",\"breadcrumb\":{\"@id\":\"https:\\\/\\\/dai-heidelberg.de\\\/de\\\/veranstaltungen\\\/wir-feiern-70-jahre-dai-14128\\\/#breadcrumb\"},\"inLanguage\":\"de\",\"potentialAction\":[{\"@type\":\"ReadAction\",\"target\":[\"https:\\\/\\\/dai-heidelberg.de\\\/de\\\/veranstaltungen\\\/wir-feiern-70-jahre-dai-14128\\\/\"]}]},{\"@type\":\"ImageObject\",\"inLanguage\":\"de\",\"@id\":\"https:\\\/\\\/dai-heidelberg.de\\\/de\\\/veranstaltungen\\\/wir-feiern-70-jahre-dai-14128\\\/#primaryimage\",\"url\":\"https:\\\/\\\/dai-heidelberg.de\\\/de\\\/wp-content\\\/uploads\\\/sites\\\/2\\\/2016\\\/06\\\/160702_70JahreDAI_c_Kipke.jpg\",\"contentUrl\":\"https:\\\/\\\/dai-heidelberg.de\\\/de\\\/wp-content\\\/uploads\\\/sites\\\/2\\\/2016\\\/06\\\/160702_70JahreDAI_c_Kipke.jpg\",\"width\":700,\"height\":312},{\"@type\":\"BreadcrumbList\",\"@id\":\"https:\\\/\\\/dai-heidelberg.de\\\/de\\\/veranstaltungen\\\/wir-feiern-70-jahre-dai-14128\\\/#breadcrumb\",\"itemListElement\":[{\"@type\":\"ListItem\",\"position\":1,\"name\":\"Startseite\",\"item\":\"https:\\\/\\\/dai-heidelberg.de\\\/de\\\/\"},{\"@type\":\"ListItem\",\"position\":2,\"name\":\"Veranstaltungen\",\"item\":\"https:\\\/\\\/dai-heidelberg.de\\\/de\\\/veranstaltungen\\\/\"},{\"@type\":\"ListItem\",\"position\":3,\"name\":\"Wir feiern 70 Jahre DAI\"}]},{\"@type\":\"WebSite\",\"@id\":\"https:\\\/\\\/dai-heidelberg.de\\\/de\\\/#website\",\"url\":\"https:\\\/\\\/dai-heidelberg.de\\\/de\\\/\",\"name\":\"DAI Deutsch\",\"description\":\"Deutsch-Amerikanisches Institut. Haus der Kultur.\",\"potentialAction\":[{\"@type\":\"SearchAction\",\"target\":{\"@type\":\"EntryPoint\",\"urlTemplate\":\"https:\\\/\\\/dai-heidelberg.de\\\/de\\\/?s={search_term_string}\"},\"query-input\":{\"@type\":\"PropertyValueSpecification\",\"valueRequired\":true,\"valueName\":\"search_term_string\"}}],\"inLanguage\":\"de\"}]}<\/script>\n<!-- \/ Yoast SEO plugin. -->","yoast_head_json":{"title":"Veranstaltungen - Deutsch-Amerikanisches Institut. Haus der Kultur.","robots":{"index":"index","follow":"follow","max-snippet":"max-snippet:-1","max-image-preview":"max-image-preview:large","max-video-preview":"max-video-preview:-1"},"canonical":"https:\/\/dai-heidelberg.de\/de\/veranstaltungen\/wir-feiern-70-jahre-dai-14128\/","og_locale":"de_DE","og_type":"article","og_title":"Veranstaltungen - Deutsch-Amerikanisches Institut. Haus der Kultur.","og_description":"70 Jahre Engagement f\u00fcr demokratische Werte und kulturelle Bildung: Einen ganzen Tag lang wollen wir im Stadtgarten (Open Air) und&nbsp;&hellip;","og_url":"https:\/\/dai-heidelberg.de\/de\/veranstaltungen\/wir-feiern-70-jahre-dai-14128\/","og_site_name":"DAI Deutsch","article_modified_time":"2017-10-25T19:31:51+00:00","og_image":[{"width":700,"height":312,"url":"https:\/\/dai-heidelberg.de\/de\/wp-content\/uploads\/sites\/2\/2016\/06\/160702_70JahreDAI_c_Kipke.jpg","type":"image\/jpeg"}],"twitter_misc":{"Gesch\u00e4tzte Lesezeit":"1\u00a0Minute"},"schema":{"@context":"https:\/\/schema.org","@graph":[{"@type":"WebPage","@id":"https:\/\/dai-heidelberg.de\/de\/veranstaltungen\/wir-feiern-70-jahre-dai-14128\/","url":"https:\/\/dai-heidelberg.de\/de\/veranstaltungen\/wir-feiern-70-jahre-dai-14128\/","name":"Veranstaltungen - Deutsch-Amerikanisches Institut. Haus der Kultur.","isPartOf":{"@id":"https:\/\/dai-heidelberg.de\/de\/#website"},"primaryImageOfPage":{"@id":"https:\/\/dai-heidelberg.de\/de\/veranstaltungen\/wir-feiern-70-jahre-dai-14128\/#primaryimage"},"image":{"@id":"https:\/\/dai-heidelberg.de\/de\/veranstaltungen\/wir-feiern-70-jahre-dai-14128\/#primaryimage"},"thumbnailUrl":"https:\/\/dai-heidelberg.de\/de\/wp-content\/uploads\/sites\/2\/2016\/06\/160702_70JahreDAI_c_Kipke.jpg","datePublished":"2016-06-08T08:51:36+00:00","dateModified":"2017-10-25T19:31:51+00:00","breadcrumb":{"@id":"https:\/\/dai-heidelberg.de\/de\/veranstaltungen\/wir-feiern-70-jahre-dai-14128\/#breadcrumb"},"inLanguage":"de","potentialAction":[{"@type":"ReadAction","target":["https:\/\/dai-heidelberg.de\/de\/veranstaltungen\/wir-feiern-70-jahre-dai-14128\/"]}]},{"@type":"ImageObject","inLanguage":"de","@id":"https:\/\/dai-heidelberg.de\/de\/veranstaltungen\/wir-feiern-70-jahre-dai-14128\/#primaryimage","url":"https:\/\/dai-heidelberg.de\/de\/wp-content\/uploads\/sites\/2\/2016\/06\/160702_70JahreDAI_c_Kipke.jpg","contentUrl":"https:\/\/dai-heidelberg.de\/de\/wp-content\/uploads\/sites\/2\/2016\/06\/160702_70JahreDAI_c_Kipke.jpg","width":700,"height":312},{"@type":"BreadcrumbList","@id":"https:\/\/dai-heidelberg.de\/de\/veranstaltungen\/wir-feiern-70-jahre-dai-14128\/#breadcrumb","itemListElement":[{"@type":"ListItem","position":1,"name":"Startseite","item":"https:\/\/dai-heidelberg.de\/de\/"},{"@type":"ListItem","position":2,"name":"Veranstaltungen","item":"https:\/\/dai-heidelberg.de\/de\/veranstaltungen\/"},{"@type":"ListItem","position":3,"name":"Wir feiern 70 Jahre DAI"}]},{"@type":"WebSite","@id":"https:\/\/dai-heidelberg.de\/de\/#website","url":"https:\/\/dai-heidelberg.de\/de\/","name":"DAI Deutsch","description":"Deutsch-Amerikanisches Institut. Haus der Kultur.","potentialAction":[{"@type":"SearchAction","target":{"@type":"EntryPoint","urlTemplate":"https:\/\/dai-heidelberg.de\/de\/?s={search_term_string}"},"query-input":{"@type":"PropertyValueSpecification","valueRequired":true,"valueName":"search_term_string"}}],"inLanguage":"de"}]}},"_links":{"self":[{"href":"https:\/\/dai-heidelberg.de\/de\/wp-json\/wp\/v2\/dai_event\/14128","targetHints":{"allow":["GET"]}}],"collection":[{"href":"https:\/\/dai-heidelberg.de\/de\/wp-json\/wp\/v2\/dai_event"}],"about":[{"href":"https:\/\/dai-heidelberg.de\/de\/wp-json\/wp\/v2\/types\/dai_event"}],"version-history":[{"count":13,"href":"https:\/\/dai-heidelberg.de\/de\/wp-json\/wp\/v2\/dai_event\/14128\/revisions"}],"predecessor-version":[{"id":14194,"href":"https:\/\/dai-heidelberg.de\/de\/wp-json\/wp\/v2\/dai_event\/14128\/revisions\/14194"}],"wp:featuredmedia":[{"embeddable":true,"href":"https:\/\/dai-heidelberg.de\/de\/wp-json\/wp\/v2\/media\/18276"}],"wp:attachment":[{"href":"https:\/\/dai-heidelberg.de\/de\/wp-json\/wp\/v2\/media?parent=14128"}],"wp:term":[{"taxonomy":"post_tag","embeddable":true,"href":"https:\/\/dai-heidelberg.de\/de\/wp-json\/wp\/v2\/tags?post=14128"},{"taxonomy":"dai_event_category","embeddable":true,"href":"https:\/\/dai-heidelberg.de\/de\/wp-json\/wp\/v2\/dai_event_category?post=14128"},{"taxonomy":"dai_event_type","embeddable":true,"href":"https:\/\/dai-heidelberg.de\/de\/wp-json\/wp\/v2\/dai_event_type?post=14128"},{"taxonomy":"dai_event_location","embeddable":true,"href":"https:\/\/dai-heidelberg.de\/de\/wp-json\/wp\/v2\/dai_event_location?post=14128"}],"curies":[{"name":"wp","href":"https:\/\/api.w.org\/{rel}","templated":true}]}}