{"id":13336,"date":"2016-03-01T14:59:37","date_gmt":"2016-03-01T13:59:37","guid":{"rendered":"http:\/\/dai-heidelberg.de\/de\/?post_type=dai_event&#038;p=13336"},"modified":"2018-08-21T21:55:42","modified_gmt":"2018-08-21T19:55:42","slug":"der-gelbe-akrobat-2","status":"publish","type":"dai_event","link":"https:\/\/dai-heidelberg.de\/de\/veranstaltungen\/der-gelbe-akrobat-2-13336\/","title":{"rendered":"Der gelbe Akrobat 2"},"content":{"rendered":"<p>Das Gedicht als Gespr\u00e4chspartner: Nach dem Erfolg des ersten Bandes haben die beiden Lyrikkenner Michael Braun und Michael Buselmeier f\u00fcnfzig weitere Gedichte der Gegenwart ausgew\u00e4hlt. Biografische und pers\u00f6nliche Aspekte bilden h\u00e4ufig den Einstieg und wecken Neugier auf das Gedicht \u2013 fern jedes akademischen Gestus.<\/p>\n<p>Die Kommentare geben fast beil\u00e4ufig einen Einblick in die Gegenwartsdichtung. Neueste Entdeckungen finden sich in dem Band ebenso wie vieldiskutierte Texte bekannter Autoren. Mit Gedichten von <a href=\"https:\/\/de.wikipedia.org\/wiki\/Elisabeth_Langg%C3%A4sser\" target=\"_blank\" rel=\"noopener\">Elisabeth Langg\u00e4sser<\/a> und <a href=\"https:\/\/de.wikipedia.org\/wiki\/Oskar_Loerke\" target=\"_blank\" rel=\"noopener\">Oskar Loerke<\/a> erinnern die Herausgeber an die Meister der naturmagischen Schule, um die es still geworden ist.<\/p>\n<p>Michael Braun, hervorragender Kenner deutscher Gegenwartslyrik, und der Heidelberger Lyriker Michael Buselmeier legen so profunde wie verst\u00e4ndlich dar, was Lyrik zu leisten vermag \u2013 auch heute.<\/p>\n","protected":false},"excerpt":{"rendered":"<p>Das Gedicht als Gespr\u00e4chspartner: Nach dem Erfolg des ersten Bandes haben die beiden Lyrikkenner Michael Braun und Michael Buselmeier f\u00fcnfzig&nbsp;&hellip;<\/p>\n","protected":false},"featured_media":13337,"template":"","meta":{"footnotes":""},"tags":[],"dai_event_category":[6],"dai_event_type":[229,17],"dai_event_location":[],"class_list":["post-13336","dai_event","type-dai_event","status-publish","has-post-thumbnail","hentry","dai_event_category-kulturveranstaltungen","dai_event_type-literarisches-zentrum-heidelberg","dai_event_type-literatur"],"better_featured_image":{"id":13337,"alt_text":"","caption":"","description":"","media_type":"image","media_details":{"width":700,"height":312,"file":"2016\/03\/160413_Buselmeier_Braun_c_Hentschel.jpg","sizes":{"medium":{"file":"160413_Buselmeier_Braun_c_Hentschel-300x134.jpg","width":300,"height":134,"mime-type":"image\/jpeg","source_url":"https:\/\/dai-heidelberg.de\/de\/wp-content\/uploads\/sites\/2\/2016\/03\/160413_Buselmeier_Braun_c_Hentschel-300x134.jpg"},"thumbnail":{"file":"160413_Buselmeier_Braun_c_Hentschel-150x150.jpg","width":150,"height":150,"mime-type":"image\/jpeg","source_url":"https:\/\/dai-heidelberg.de\/de\/wp-content\/uploads\/sites\/2\/2016\/03\/160413_Buselmeier_Braun_c_Hentschel-150x150.jpg"},"dai-list":{"file":"160413_Buselmeier_Braun_c_Hentschel-140x140.jpg","width":140,"height":140,"mime-type":"image\/jpeg","source_url":"https:\/\/dai-heidelberg.de\/de\/wp-content\/uploads\/sites\/2\/2016\/03\/160413_Buselmeier_Braun_c_Hentschel-140x140.jpg"},"dai-selector":{"file":"160413_Buselmeier_Braun_c_Hentschel-240x170.jpg","width":240,"height":170,"mime-type":"image\/jpeg","source_url":"https:\/\/dai-heidelberg.de\/de\/wp-content\/uploads\/sites\/2\/2016\/03\/160413_Buselmeier_Braun_c_Hentschel-240x170.jpg"},"dai-hof":{"file":"160413_Buselmeier_Braun_c_Hentschel-240x192.jpg","width":240,"height":192,"mime-type":"image\/jpeg","source_url":"https:\/\/dai-heidelberg.de\/de\/wp-content\/uploads\/sites\/2\/2016\/03\/160413_Buselmeier_Braun_c_Hentschel-240x192.jpg"}},"image_meta":{"aperture":"0","credit":"","camera":"","caption":"","created_timestamp":"0","copyright":"","focal_length":"0","iso":"0","shutter_speed":"0","title":"","orientation":"0","keywords":[]}},"post":13336,"source_url":"https:\/\/dai-heidelberg.de\/de\/wp-content\/uploads\/sites\/2\/2016\/03\/160413_Buselmeier_Braun_c_Hentschel.jpg"},"post-meta-fields":{"_edit_lock":["1534881211:10"],"_edit_last":["10"],"_thumbnail_id":["13337"],"dai_event_datetime":["2016-04-13 20:00"],"dai_event_featured":["0"],"dai_event_artist":["Michael Braun & Michael Buselmeier"],"dai_event_ticket_freeadmission":["0"],"_post_is_translated":["0"],"_trash_the_other_posts":["0"],"dai_event_ticket_link":["https:\/\/shop.reservix.de\/off\/login_check.php?id=36ae96de8dddc4df70dce3f39db2b886ff117b9261533f02fa35ea4a3191d65e3a64633f4652f2d1ba3a365eff82ca70&#038;vID=2736&#038;eventGrpID=190483&#038;eventID=810178"],"dai_event_ticket_price_presale_standard":["8"],"dai_event_ticket_price_presale_reduced":["5"],"dai_event_ticket_price_presale_member":["4"],"dai_event_ticket_price_boxoffice_standard":["10"],"dai_event_ticket_price_boxoffice_reduced":["7"],"dai_event_ticket_price_boxoffice_member":["6"],"_yoast_wpseo_content_score":["30"],"_yoast_wpseo_primary_dai_event_category":[""],"_yoast_wpseo_primary_dai_event_type":["17"],"_yoast_wpseo_primary_dai_event_location":[""]},"yoast_head":"<!-- This site is optimized with the Yoast SEO plugin v27.4 - https:\/\/yoast.com\/product\/yoast-seo-wordpress\/ -->\n<title>Veranstaltungen - Deutsch-Amerikanisches Institut. Haus der Kultur.<\/title>\n<meta name=\"robots\" content=\"index, follow, max-snippet:-1, max-image-preview:large, max-video-preview:-1\" \/>\n<link rel=\"canonical\" href=\"https:\/\/dai-heidelberg.de\/de\/veranstaltungen\/der-gelbe-akrobat-2-13336\/\" \/>\n<meta property=\"og:locale\" content=\"de_DE\" \/>\n<meta property=\"og:type\" content=\"article\" \/>\n<meta property=\"og:title\" content=\"Veranstaltungen - Deutsch-Amerikanisches Institut. Haus der Kultur.\" \/>\n<meta property=\"og:description\" content=\"Das Gedicht als Gespr\u00e4chspartner: Nach dem Erfolg des ersten Bandes haben die beiden Lyrikkenner Michael Braun und Michael Buselmeier f\u00fcnfzig&nbsp;&hellip;\" \/>\n<meta property=\"og:url\" content=\"https:\/\/dai-heidelberg.de\/de\/veranstaltungen\/der-gelbe-akrobat-2-13336\/\" \/>\n<meta property=\"og:site_name\" content=\"DAI Deutsch\" \/>\n<meta property=\"article:modified_time\" content=\"2018-08-21T19:55:42+00:00\" \/>\n<meta property=\"og:image\" content=\"https:\/\/dai-heidelberg.de\/de\/wp-content\/uploads\/sites\/2\/2016\/03\/160413_Buselmeier_Braun_c_Hentschel.jpg\" \/>\n\t<meta property=\"og:image:width\" content=\"700\" \/>\n\t<meta property=\"og:image:height\" content=\"312\" \/>\n\t<meta property=\"og:image:type\" content=\"image\/jpeg\" \/>\n<meta name=\"twitter:label1\" content=\"Gesch\u00e4tzte Lesezeit\" \/>\n\t<meta name=\"twitter:data1\" content=\"1\u00a0Minute\" \/>\n<script type=\"application\/ld+json\" class=\"yoast-schema-graph\">{\"@context\":\"https:\\\/\\\/schema.org\",\"@graph\":[{\"@type\":\"WebPage\",\"@id\":\"https:\\\/\\\/dai-heidelberg.de\\\/de\\\/veranstaltungen\\\/der-gelbe-akrobat-2-13336\\\/\",\"url\":\"https:\\\/\\\/dai-heidelberg.de\\\/de\\\/veranstaltungen\\\/der-gelbe-akrobat-2-13336\\\/\",\"name\":\"Veranstaltungen - Deutsch-Amerikanisches Institut. Haus der Kultur.\",\"isPartOf\":{\"@id\":\"https:\\\/\\\/dai-heidelberg.de\\\/de\\\/#website\"},\"primaryImageOfPage\":{\"@id\":\"https:\\\/\\\/dai-heidelberg.de\\\/de\\\/veranstaltungen\\\/der-gelbe-akrobat-2-13336\\\/#primaryimage\"},\"image\":{\"@id\":\"https:\\\/\\\/dai-heidelberg.de\\\/de\\\/veranstaltungen\\\/der-gelbe-akrobat-2-13336\\\/#primaryimage\"},\"thumbnailUrl\":\"https:\\\/\\\/dai-heidelberg.de\\\/de\\\/wp-content\\\/uploads\\\/sites\\\/2\\\/2016\\\/03\\\/160413_Buselmeier_Braun_c_Hentschel.jpg\",\"datePublished\":\"2016-03-01T13:59:37+00:00\",\"dateModified\":\"2018-08-21T19:55:42+00:00\",\"breadcrumb\":{\"@id\":\"https:\\\/\\\/dai-heidelberg.de\\\/de\\\/veranstaltungen\\\/der-gelbe-akrobat-2-13336\\\/#breadcrumb\"},\"inLanguage\":\"de\",\"potentialAction\":[{\"@type\":\"ReadAction\",\"target\":[\"https:\\\/\\\/dai-heidelberg.de\\\/de\\\/veranstaltungen\\\/der-gelbe-akrobat-2-13336\\\/\"]}]},{\"@type\":\"ImageObject\",\"inLanguage\":\"de\",\"@id\":\"https:\\\/\\\/dai-heidelberg.de\\\/de\\\/veranstaltungen\\\/der-gelbe-akrobat-2-13336\\\/#primaryimage\",\"url\":\"https:\\\/\\\/dai-heidelberg.de\\\/de\\\/wp-content\\\/uploads\\\/sites\\\/2\\\/2016\\\/03\\\/160413_Buselmeier_Braun_c_Hentschel.jpg\",\"contentUrl\":\"https:\\\/\\\/dai-heidelberg.de\\\/de\\\/wp-content\\\/uploads\\\/sites\\\/2\\\/2016\\\/03\\\/160413_Buselmeier_Braun_c_Hentschel.jpg\",\"width\":700,\"height\":312},{\"@type\":\"BreadcrumbList\",\"@id\":\"https:\\\/\\\/dai-heidelberg.de\\\/de\\\/veranstaltungen\\\/der-gelbe-akrobat-2-13336\\\/#breadcrumb\",\"itemListElement\":[{\"@type\":\"ListItem\",\"position\":1,\"name\":\"Startseite\",\"item\":\"https:\\\/\\\/dai-heidelberg.de\\\/de\\\/\"},{\"@type\":\"ListItem\",\"position\":2,\"name\":\"Veranstaltungen\",\"item\":\"https:\\\/\\\/dai-heidelberg.de\\\/de\\\/veranstaltungen\\\/\"},{\"@type\":\"ListItem\",\"position\":3,\"name\":\"Der gelbe Akrobat 2\"}]},{\"@type\":\"WebSite\",\"@id\":\"https:\\\/\\\/dai-heidelberg.de\\\/de\\\/#website\",\"url\":\"https:\\\/\\\/dai-heidelberg.de\\\/de\\\/\",\"name\":\"DAI Deutsch\",\"description\":\"Deutsch-Amerikanisches Institut. Haus der Kultur.\",\"potentialAction\":[{\"@type\":\"SearchAction\",\"target\":{\"@type\":\"EntryPoint\",\"urlTemplate\":\"https:\\\/\\\/dai-heidelberg.de\\\/de\\\/?s={search_term_string}\"},\"query-input\":{\"@type\":\"PropertyValueSpecification\",\"valueRequired\":true,\"valueName\":\"search_term_string\"}}],\"inLanguage\":\"de\"}]}<\/script>\n<!-- \/ Yoast SEO plugin. -->","yoast_head_json":{"title":"Veranstaltungen - Deutsch-Amerikanisches Institut. Haus der Kultur.","robots":{"index":"index","follow":"follow","max-snippet":"max-snippet:-1","max-image-preview":"max-image-preview:large","max-video-preview":"max-video-preview:-1"},"canonical":"https:\/\/dai-heidelberg.de\/de\/veranstaltungen\/der-gelbe-akrobat-2-13336\/","og_locale":"de_DE","og_type":"article","og_title":"Veranstaltungen - Deutsch-Amerikanisches Institut. Haus der Kultur.","og_description":"Das Gedicht als Gespr\u00e4chspartner: Nach dem Erfolg des ersten Bandes haben die beiden Lyrikkenner Michael Braun und Michael Buselmeier f\u00fcnfzig&nbsp;&hellip;","og_url":"https:\/\/dai-heidelberg.de\/de\/veranstaltungen\/der-gelbe-akrobat-2-13336\/","og_site_name":"DAI Deutsch","article_modified_time":"2018-08-21T19:55:42+00:00","og_image":[{"width":700,"height":312,"url":"https:\/\/dai-heidelberg.de\/de\/wp-content\/uploads\/sites\/2\/2016\/03\/160413_Buselmeier_Braun_c_Hentschel.jpg","type":"image\/jpeg"}],"twitter_misc":{"Gesch\u00e4tzte Lesezeit":"1\u00a0Minute"},"schema":{"@context":"https:\/\/schema.org","@graph":[{"@type":"WebPage","@id":"https:\/\/dai-heidelberg.de\/de\/veranstaltungen\/der-gelbe-akrobat-2-13336\/","url":"https:\/\/dai-heidelberg.de\/de\/veranstaltungen\/der-gelbe-akrobat-2-13336\/","name":"Veranstaltungen - Deutsch-Amerikanisches Institut. Haus der Kultur.","isPartOf":{"@id":"https:\/\/dai-heidelberg.de\/de\/#website"},"primaryImageOfPage":{"@id":"https:\/\/dai-heidelberg.de\/de\/veranstaltungen\/der-gelbe-akrobat-2-13336\/#primaryimage"},"image":{"@id":"https:\/\/dai-heidelberg.de\/de\/veranstaltungen\/der-gelbe-akrobat-2-13336\/#primaryimage"},"thumbnailUrl":"https:\/\/dai-heidelberg.de\/de\/wp-content\/uploads\/sites\/2\/2016\/03\/160413_Buselmeier_Braun_c_Hentschel.jpg","datePublished":"2016-03-01T13:59:37+00:00","dateModified":"2018-08-21T19:55:42+00:00","breadcrumb":{"@id":"https:\/\/dai-heidelberg.de\/de\/veranstaltungen\/der-gelbe-akrobat-2-13336\/#breadcrumb"},"inLanguage":"de","potentialAction":[{"@type":"ReadAction","target":["https:\/\/dai-heidelberg.de\/de\/veranstaltungen\/der-gelbe-akrobat-2-13336\/"]}]},{"@type":"ImageObject","inLanguage":"de","@id":"https:\/\/dai-heidelberg.de\/de\/veranstaltungen\/der-gelbe-akrobat-2-13336\/#primaryimage","url":"https:\/\/dai-heidelberg.de\/de\/wp-content\/uploads\/sites\/2\/2016\/03\/160413_Buselmeier_Braun_c_Hentschel.jpg","contentUrl":"https:\/\/dai-heidelberg.de\/de\/wp-content\/uploads\/sites\/2\/2016\/03\/160413_Buselmeier_Braun_c_Hentschel.jpg","width":700,"height":312},{"@type":"BreadcrumbList","@id":"https:\/\/dai-heidelberg.de\/de\/veranstaltungen\/der-gelbe-akrobat-2-13336\/#breadcrumb","itemListElement":[{"@type":"ListItem","position":1,"name":"Startseite","item":"https:\/\/dai-heidelberg.de\/de\/"},{"@type":"ListItem","position":2,"name":"Veranstaltungen","item":"https:\/\/dai-heidelberg.de\/de\/veranstaltungen\/"},{"@type":"ListItem","position":3,"name":"Der gelbe Akrobat 2"}]},{"@type":"WebSite","@id":"https:\/\/dai-heidelberg.de\/de\/#website","url":"https:\/\/dai-heidelberg.de\/de\/","name":"DAI Deutsch","description":"Deutsch-Amerikanisches Institut. Haus der Kultur.","potentialAction":[{"@type":"SearchAction","target":{"@type":"EntryPoint","urlTemplate":"https:\/\/dai-heidelberg.de\/de\/?s={search_term_string}"},"query-input":{"@type":"PropertyValueSpecification","valueRequired":true,"valueName":"search_term_string"}}],"inLanguage":"de"}]}},"_links":{"self":[{"href":"https:\/\/dai-heidelberg.de\/de\/wp-json\/wp\/v2\/dai_event\/13336","targetHints":{"allow":["GET"]}}],"collection":[{"href":"https:\/\/dai-heidelberg.de\/de\/wp-json\/wp\/v2\/dai_event"}],"about":[{"href":"https:\/\/dai-heidelberg.de\/de\/wp-json\/wp\/v2\/types\/dai_event"}],"version-history":[{"count":6,"href":"https:\/\/dai-heidelberg.de\/de\/wp-json\/wp\/v2\/dai_event\/13336\/revisions"}],"predecessor-version":[{"id":22414,"href":"https:\/\/dai-heidelberg.de\/de\/wp-json\/wp\/v2\/dai_event\/13336\/revisions\/22414"}],"wp:featuredmedia":[{"embeddable":true,"href":"https:\/\/dai-heidelberg.de\/de\/wp-json\/wp\/v2\/media\/13337"}],"wp:attachment":[{"href":"https:\/\/dai-heidelberg.de\/de\/wp-json\/wp\/v2\/media?parent=13336"}],"wp:term":[{"taxonomy":"post_tag","embeddable":true,"href":"https:\/\/dai-heidelberg.de\/de\/wp-json\/wp\/v2\/tags?post=13336"},{"taxonomy":"dai_event_category","embeddable":true,"href":"https:\/\/dai-heidelberg.de\/de\/wp-json\/wp\/v2\/dai_event_category?post=13336"},{"taxonomy":"dai_event_type","embeddable":true,"href":"https:\/\/dai-heidelberg.de\/de\/wp-json\/wp\/v2\/dai_event_type?post=13336"},{"taxonomy":"dai_event_location","embeddable":true,"href":"https:\/\/dai-heidelberg.de\/de\/wp-json\/wp\/v2\/dai_event_location?post=13336"}],"curies":[{"name":"wp","href":"https:\/\/api.w.org\/{rel}","templated":true}]}}