{"id":11885,"date":"2015-08-19T16:07:31","date_gmt":"2015-08-19T14:07:31","guid":{"rendered":"http:\/\/dai-heidelberg.de\/de\/?post_type=dai_event&#038;p=11885"},"modified":"2018-01-31T19:58:50","modified_gmt":"2018-01-31T18:58:50","slug":"das-zeitalter-der-erkenntnis","status":"publish","type":"dai_event","link":"https:\/\/dai-heidelberg.de\/de\/veranstaltungen\/das-zeitalter-der-erkenntnis-11885\/","title":{"rendered":"Eric Kandel"},"content":{"rendered":"<p>Was passiert in unserem Gehirn, wenn wir Kunst betrachten, welche Einsichten und Emotionen werden dadurch ausgel\u00f6st? Und inwiefern sind sie Grundlagen f\u00fcr Empathie und Kreativit\u00e4t? Um diesen Fragen auf den Grund zu gehen, begibt sich Eric Kandel in das Wien Freuds, Klimts und Schnitzlers, wo ein enger Austausch zwischen den bedeutendsten Psychologen, K\u00fcnstlern und Literaten der damaligen Zeit stattfand. In Kandels Vortrag geht es um eine Revolution, die den Blick auf den menschlichen Geist und seine Beziehung zur Kunst f\u00fcr immer ver\u00e4ndert \u2013 ein Manifest f\u00fcr eine neue Wissenschaft.<\/p>\n<p>Prof. Dr. Eric Kandel, 1929 in Wien geboren, ist einer der bedeutendsten Neurowissenschaftler unserer Zeit. 1939 emigrierte er mit seiner j\u00fcdischen Familie in die Vereinigten Staaten und studierte in Harvard und New York, wo er bis heute Professor ist. 2000 erhielt er f\u00fcr seine Forschung den Nobelpreis f\u00fcr Medizin.<\/p>\n<p>Sprachen: Englisch<\/p>\n","protected":false},"excerpt":{"rendered":"<p>Was passiert in unserem Gehirn, wenn wir Kunst betrachten, welche Einsichten und Emotionen werden dadurch ausgel\u00f6st? Und inwiefern sind sie&nbsp;&hellip;<\/p>\n","protected":false},"featured_media":19352,"template":"","meta":{"footnotes":""},"tags":[],"dai_event_category":[6],"dai_event_type":[209,21],"dai_event_location":[],"class_list":["post-11885","dai_event","type-dai_event","status-publish","has-post-thumbnail","hentry","dai_event_category-kulturveranstaltungen","dai_event_type-geist-heidelberg","dai_event_type-vortrag"],"better_featured_image":{"id":19352,"alt_text":"","caption":"Foto: Hentschel","description":"","media_type":"image","media_details":{"width":700,"height":312,"file":"2015\/08\/151217-Kandel_c_Hentschel.jpg","sizes":{"medium":{"file":"151217-Kandel_c_Hentschel-300x134.jpg","width":300,"height":134,"mime-type":"image\/jpeg","source_url":"https:\/\/dai-heidelberg.de\/de\/wp-content\/uploads\/sites\/2\/2015\/08\/151217-Kandel_c_Hentschel-300x134.jpg"},"thumbnail":{"file":"151217-Kandel_c_Hentschel-150x150.jpg","width":150,"height":150,"mime-type":"image\/jpeg","source_url":"https:\/\/dai-heidelberg.de\/de\/wp-content\/uploads\/sites\/2\/2015\/08\/151217-Kandel_c_Hentschel-150x150.jpg"},"dai-list":{"file":"151217-Kandel_c_Hentschel-140x140.jpg","width":140,"height":140,"mime-type":"image\/jpeg","source_url":"https:\/\/dai-heidelberg.de\/de\/wp-content\/uploads\/sites\/2\/2015\/08\/151217-Kandel_c_Hentschel-140x140.jpg"},"dai-selector":{"file":"151217-Kandel_c_Hentschel-240x170.jpg","width":240,"height":170,"mime-type":"image\/jpeg","source_url":"https:\/\/dai-heidelberg.de\/de\/wp-content\/uploads\/sites\/2\/2015\/08\/151217-Kandel_c_Hentschel-240x170.jpg"},"dai-hof":{"file":"151217-Kandel_c_Hentschel-240x192.jpg","width":240,"height":192,"mime-type":"image\/jpeg","source_url":"https:\/\/dai-heidelberg.de\/de\/wp-content\/uploads\/sites\/2\/2015\/08\/151217-Kandel_c_Hentschel-240x192.jpg"}},"image_meta":{"aperture":"0","credit":"","camera":"","caption":"","created_timestamp":"0","copyright":"","focal_length":"0","iso":"0","shutter_speed":"0","title":"","orientation":"0","keywords":[]}},"post":11885,"source_url":"https:\/\/dai-heidelberg.de\/de\/wp-content\/uploads\/sites\/2\/2015\/08\/151217-Kandel_c_Hentschel.jpg"},"post-meta-fields":{"_edit_lock":["1517425130:10"],"_edit_last":["10"],"dai_event_datetime":["2015-12-17 20:00"],"dai_event_featured":["1"],"dai_event_subtext":["Die Erforschung des Unbewussten in Kunst, Geist und Gehirn von der Wiener Moderne bis heute"],"dai_event_artist":["Das Zeitalter der Erkenntnis"],"dai_event_ticket_freeadmission":["0"],"_post_is_translated":["0"],"_trash_the_other_posts":["0"],"dai_event_ticket_link":["http:\/\/shop.reservix.de\/off\/login_check.php?id=c6ec16e8cf3cd5077514ebef590a1f763d4616b372ef8900411779bf6bedf213&#038;vID=2736&#038;eventGrpID=173023&#038;eventID=717023"],"dai_event_ticket_price_presale_standard":["12"],"dai_event_ticket_price_presale_reduced":["10"],"dai_event_ticket_price_presale_member":["8"],"dai_event_ticket_price_boxoffice_standard":["14"],"dai_event_ticket_price_boxoffice_reduced":["12"],"dai_event_ticket_price_boxoffice_member":["10"],"_thumbnail_id":["19352"],"_yoast_wpseo_primary_dai_event_category":[""],"_yoast_wpseo_primary_dai_event_type":[""],"_yoast_wpseo_primary_dai_event_location":[""],"_yoast_wpseo_content_score":["30"]},"yoast_head":"<!-- This site is optimized with the Yoast SEO plugin v27.4 - https:\/\/yoast.com\/product\/yoast-seo-wordpress\/ -->\n<title>Veranstaltungen - Deutsch-Amerikanisches Institut. Haus der Kultur.<\/title>\n<meta name=\"robots\" content=\"index, follow, max-snippet:-1, max-image-preview:large, max-video-preview:-1\" \/>\n<link rel=\"canonical\" href=\"https:\/\/dai-heidelberg.de\/de\/veranstaltungen\/das-zeitalter-der-erkenntnis-11885\/\" \/>\n<meta property=\"og:locale\" content=\"de_DE\" \/>\n<meta property=\"og:type\" content=\"article\" \/>\n<meta property=\"og:title\" content=\"Veranstaltungen - Deutsch-Amerikanisches Institut. Haus der Kultur.\" \/>\n<meta property=\"og:description\" content=\"Was passiert in unserem Gehirn, wenn wir Kunst betrachten, welche Einsichten und Emotionen werden dadurch ausgel\u00f6st? Und inwiefern sind sie&nbsp;&hellip;\" \/>\n<meta property=\"og:url\" content=\"https:\/\/dai-heidelberg.de\/de\/veranstaltungen\/das-zeitalter-der-erkenntnis-11885\/\" \/>\n<meta property=\"og:site_name\" content=\"DAI Deutsch\" \/>\n<meta property=\"article:modified_time\" content=\"2018-01-31T18:58:50+00:00\" \/>\n<meta property=\"og:image\" content=\"https:\/\/dai-heidelberg.de\/de\/wp-content\/uploads\/sites\/2\/2015\/08\/151217-Kandel_c_Hentschel.jpg\" \/>\n\t<meta property=\"og:image:width\" content=\"700\" \/>\n\t<meta property=\"og:image:height\" content=\"312\" \/>\n\t<meta property=\"og:image:type\" content=\"image\/jpeg\" \/>\n<meta name=\"twitter:label1\" content=\"Gesch\u00e4tzte Lesezeit\" \/>\n\t<meta name=\"twitter:data1\" content=\"1\u00a0Minute\" \/>\n<script type=\"application\/ld+json\" class=\"yoast-schema-graph\">{\"@context\":\"https:\\\/\\\/schema.org\",\"@graph\":[{\"@type\":\"WebPage\",\"@id\":\"https:\\\/\\\/dai-heidelberg.de\\\/de\\\/veranstaltungen\\\/das-zeitalter-der-erkenntnis-11885\\\/\",\"url\":\"https:\\\/\\\/dai-heidelberg.de\\\/de\\\/veranstaltungen\\\/das-zeitalter-der-erkenntnis-11885\\\/\",\"name\":\"Veranstaltungen - Deutsch-Amerikanisches Institut. Haus der Kultur.\",\"isPartOf\":{\"@id\":\"https:\\\/\\\/dai-heidelberg.de\\\/de\\\/#website\"},\"primaryImageOfPage\":{\"@id\":\"https:\\\/\\\/dai-heidelberg.de\\\/de\\\/veranstaltungen\\\/das-zeitalter-der-erkenntnis-11885\\\/#primaryimage\"},\"image\":{\"@id\":\"https:\\\/\\\/dai-heidelberg.de\\\/de\\\/veranstaltungen\\\/das-zeitalter-der-erkenntnis-11885\\\/#primaryimage\"},\"thumbnailUrl\":\"https:\\\/\\\/dai-heidelberg.de\\\/de\\\/wp-content\\\/uploads\\\/sites\\\/2\\\/2015\\\/08\\\/151217-Kandel_c_Hentschel.jpg\",\"datePublished\":\"2015-08-19T14:07:31+00:00\",\"dateModified\":\"2018-01-31T18:58:50+00:00\",\"breadcrumb\":{\"@id\":\"https:\\\/\\\/dai-heidelberg.de\\\/de\\\/veranstaltungen\\\/das-zeitalter-der-erkenntnis-11885\\\/#breadcrumb\"},\"inLanguage\":\"de\",\"potentialAction\":[{\"@type\":\"ReadAction\",\"target\":[\"https:\\\/\\\/dai-heidelberg.de\\\/de\\\/veranstaltungen\\\/das-zeitalter-der-erkenntnis-11885\\\/\"]}]},{\"@type\":\"ImageObject\",\"inLanguage\":\"de\",\"@id\":\"https:\\\/\\\/dai-heidelberg.de\\\/de\\\/veranstaltungen\\\/das-zeitalter-der-erkenntnis-11885\\\/#primaryimage\",\"url\":\"https:\\\/\\\/dai-heidelberg.de\\\/de\\\/wp-content\\\/uploads\\\/sites\\\/2\\\/2015\\\/08\\\/151217-Kandel_c_Hentschel.jpg\",\"contentUrl\":\"https:\\\/\\\/dai-heidelberg.de\\\/de\\\/wp-content\\\/uploads\\\/sites\\\/2\\\/2015\\\/08\\\/151217-Kandel_c_Hentschel.jpg\",\"width\":700,\"height\":312,\"caption\":\"Foto: Hentschel\"},{\"@type\":\"BreadcrumbList\",\"@id\":\"https:\\\/\\\/dai-heidelberg.de\\\/de\\\/veranstaltungen\\\/das-zeitalter-der-erkenntnis-11885\\\/#breadcrumb\",\"itemListElement\":[{\"@type\":\"ListItem\",\"position\":1,\"name\":\"Startseite\",\"item\":\"https:\\\/\\\/dai-heidelberg.de\\\/de\\\/\"},{\"@type\":\"ListItem\",\"position\":2,\"name\":\"Veranstaltungen\",\"item\":\"https:\\\/\\\/dai-heidelberg.de\\\/de\\\/veranstaltungen\\\/\"},{\"@type\":\"ListItem\",\"position\":3,\"name\":\"Eric Kandel\"}]},{\"@type\":\"WebSite\",\"@id\":\"https:\\\/\\\/dai-heidelberg.de\\\/de\\\/#website\",\"url\":\"https:\\\/\\\/dai-heidelberg.de\\\/de\\\/\",\"name\":\"DAI Deutsch\",\"description\":\"Deutsch-Amerikanisches Institut. Haus der Kultur.\",\"potentialAction\":[{\"@type\":\"SearchAction\",\"target\":{\"@type\":\"EntryPoint\",\"urlTemplate\":\"https:\\\/\\\/dai-heidelberg.de\\\/de\\\/?s={search_term_string}\"},\"query-input\":{\"@type\":\"PropertyValueSpecification\",\"valueRequired\":true,\"valueName\":\"search_term_string\"}}],\"inLanguage\":\"de\"}]}<\/script>\n<!-- \/ Yoast SEO plugin. -->","yoast_head_json":{"title":"Veranstaltungen - Deutsch-Amerikanisches Institut. Haus der Kultur.","robots":{"index":"index","follow":"follow","max-snippet":"max-snippet:-1","max-image-preview":"max-image-preview:large","max-video-preview":"max-video-preview:-1"},"canonical":"https:\/\/dai-heidelberg.de\/de\/veranstaltungen\/das-zeitalter-der-erkenntnis-11885\/","og_locale":"de_DE","og_type":"article","og_title":"Veranstaltungen - Deutsch-Amerikanisches Institut. Haus der Kultur.","og_description":"Was passiert in unserem Gehirn, wenn wir Kunst betrachten, welche Einsichten und Emotionen werden dadurch ausgel\u00f6st? Und inwiefern sind sie&nbsp;&hellip;","og_url":"https:\/\/dai-heidelberg.de\/de\/veranstaltungen\/das-zeitalter-der-erkenntnis-11885\/","og_site_name":"DAI Deutsch","article_modified_time":"2018-01-31T18:58:50+00:00","og_image":[{"width":700,"height":312,"url":"https:\/\/dai-heidelberg.de\/de\/wp-content\/uploads\/sites\/2\/2015\/08\/151217-Kandel_c_Hentschel.jpg","type":"image\/jpeg"}],"twitter_misc":{"Gesch\u00e4tzte Lesezeit":"1\u00a0Minute"},"schema":{"@context":"https:\/\/schema.org","@graph":[{"@type":"WebPage","@id":"https:\/\/dai-heidelberg.de\/de\/veranstaltungen\/das-zeitalter-der-erkenntnis-11885\/","url":"https:\/\/dai-heidelberg.de\/de\/veranstaltungen\/das-zeitalter-der-erkenntnis-11885\/","name":"Veranstaltungen - Deutsch-Amerikanisches Institut. Haus der Kultur.","isPartOf":{"@id":"https:\/\/dai-heidelberg.de\/de\/#website"},"primaryImageOfPage":{"@id":"https:\/\/dai-heidelberg.de\/de\/veranstaltungen\/das-zeitalter-der-erkenntnis-11885\/#primaryimage"},"image":{"@id":"https:\/\/dai-heidelberg.de\/de\/veranstaltungen\/das-zeitalter-der-erkenntnis-11885\/#primaryimage"},"thumbnailUrl":"https:\/\/dai-heidelberg.de\/de\/wp-content\/uploads\/sites\/2\/2015\/08\/151217-Kandel_c_Hentschel.jpg","datePublished":"2015-08-19T14:07:31+00:00","dateModified":"2018-01-31T18:58:50+00:00","breadcrumb":{"@id":"https:\/\/dai-heidelberg.de\/de\/veranstaltungen\/das-zeitalter-der-erkenntnis-11885\/#breadcrumb"},"inLanguage":"de","potentialAction":[{"@type":"ReadAction","target":["https:\/\/dai-heidelberg.de\/de\/veranstaltungen\/das-zeitalter-der-erkenntnis-11885\/"]}]},{"@type":"ImageObject","inLanguage":"de","@id":"https:\/\/dai-heidelberg.de\/de\/veranstaltungen\/das-zeitalter-der-erkenntnis-11885\/#primaryimage","url":"https:\/\/dai-heidelberg.de\/de\/wp-content\/uploads\/sites\/2\/2015\/08\/151217-Kandel_c_Hentschel.jpg","contentUrl":"https:\/\/dai-heidelberg.de\/de\/wp-content\/uploads\/sites\/2\/2015\/08\/151217-Kandel_c_Hentschel.jpg","width":700,"height":312,"caption":"Foto: Hentschel"},{"@type":"BreadcrumbList","@id":"https:\/\/dai-heidelberg.de\/de\/veranstaltungen\/das-zeitalter-der-erkenntnis-11885\/#breadcrumb","itemListElement":[{"@type":"ListItem","position":1,"name":"Startseite","item":"https:\/\/dai-heidelberg.de\/de\/"},{"@type":"ListItem","position":2,"name":"Veranstaltungen","item":"https:\/\/dai-heidelberg.de\/de\/veranstaltungen\/"},{"@type":"ListItem","position":3,"name":"Eric Kandel"}]},{"@type":"WebSite","@id":"https:\/\/dai-heidelberg.de\/de\/#website","url":"https:\/\/dai-heidelberg.de\/de\/","name":"DAI Deutsch","description":"Deutsch-Amerikanisches Institut. Haus der Kultur.","potentialAction":[{"@type":"SearchAction","target":{"@type":"EntryPoint","urlTemplate":"https:\/\/dai-heidelberg.de\/de\/?s={search_term_string}"},"query-input":{"@type":"PropertyValueSpecification","valueRequired":true,"valueName":"search_term_string"}}],"inLanguage":"de"}]}},"_links":{"self":[{"href":"https:\/\/dai-heidelberg.de\/de\/wp-json\/wp\/v2\/dai_event\/11885","targetHints":{"allow":["GET"]}}],"collection":[{"href":"https:\/\/dai-heidelberg.de\/de\/wp-json\/wp\/v2\/dai_event"}],"about":[{"href":"https:\/\/dai-heidelberg.de\/de\/wp-json\/wp\/v2\/types\/dai_event"}],"version-history":[{"count":4,"href":"https:\/\/dai-heidelberg.de\/de\/wp-json\/wp\/v2\/dai_event\/11885\/revisions"}],"predecessor-version":[{"id":12755,"href":"https:\/\/dai-heidelberg.de\/de\/wp-json\/wp\/v2\/dai_event\/11885\/revisions\/12755"}],"wp:featuredmedia":[{"embeddable":true,"href":"https:\/\/dai-heidelberg.de\/de\/wp-json\/wp\/v2\/media\/19352"}],"wp:attachment":[{"href":"https:\/\/dai-heidelberg.de\/de\/wp-json\/wp\/v2\/media?parent=11885"}],"wp:term":[{"taxonomy":"post_tag","embeddable":true,"href":"https:\/\/dai-heidelberg.de\/de\/wp-json\/wp\/v2\/tags?post=11885"},{"taxonomy":"dai_event_category","embeddable":true,"href":"https:\/\/dai-heidelberg.de\/de\/wp-json\/wp\/v2\/dai_event_category?post=11885"},{"taxonomy":"dai_event_type","embeddable":true,"href":"https:\/\/dai-heidelberg.de\/de\/wp-json\/wp\/v2\/dai_event_type?post=11885"},{"taxonomy":"dai_event_location","embeddable":true,"href":"https:\/\/dai-heidelberg.de\/de\/wp-json\/wp\/v2\/dai_event_location?post=11885"}],"curies":[{"name":"wp","href":"https:\/\/api.w.org\/{rel}","templated":true}]}}