{"id":10932,"date":"2015-03-04T16:34:01","date_gmt":"2015-03-04T15:34:01","guid":{"rendered":"http:\/\/dai-heidelberg.de\/de\/?post_type=dai_event&#038;p=10932"},"modified":"2018-08-23T18:54:21","modified_gmt":"2018-08-23T16:54:21","slug":"medio-pocillo-ein-kurzes-taesschen","status":"publish","type":"dai_event","link":"https:\/\/dai-heidelberg.de\/de\/veranstaltungen\/medio-pocillo-ein-kurzes-taesschen-10932\/","title":{"rendered":"Medio Pocillo \u2013 Ein kurzes T\u00e4sschen"},"content":{"rendered":"<p><em>Ein kurzes T\u00e4sschen<\/em> hat der Puerto-Ricaner Yusef \u00c1lvarez seine Gedichtsammlung \u00fcberschrieben. Kurz und stark sind sie: sieben Zeilen hat jedes Gedicht.<\/p>\n<p>Puerto Rico ist \u201enichtinkorporiertes Au\u00dfengebiet\u201c der USA, jeder Puerto-Ricaner ist US-Staatsb\u00fcrger. Doch die wenigsten f\u00fchlen sich als Amerikaner \u2013 zu komplex ist die Geschichte der Karibikinsel. \u00c1lvarez\u2019 Gedichte gehen amerikanischer und puerto-ricanischer Identit\u00e4t nach, sie entstehen im Spannungsfeld der unterschiedlichen Kulturen, die sich auf der Insel begegnen.<\/p>\n<p>Yusef \u00c1lvarez wurde 1977 in Puerto Rico geboren. Er studierte Literatur, Philosophie und Religionswissenschaften in Osnabr\u00fcck und Heidelberg und promovierte an der Universit\u00e4t Freiburg mit einer Arbeit \u00fcber Husserl. Derzeit lehrt er am Philosophischen Seminar in Heidelberg. <em>Medio Pocillo<\/em> ist sein zweiter Gedichtband.<\/p>\n<p>Sprachen: Spanisch\/Deutsch<\/p>\n","protected":false},"excerpt":{"rendered":"<p>Ein kurzes T\u00e4sschen hat der Puerto-Ricaner Yusef \u00c1lvarez seine Gedichtsammlung \u00fcberschrieben. Kurz und stark sind sie: sieben Zeilen hat jedes&nbsp;&hellip;<\/p>\n","protected":false},"featured_media":18534,"template":"","meta":{"footnotes":""},"tags":[],"dai_event_category":[6],"dai_event_type":[229,17],"dai_event_location":[],"class_list":["post-10932","dai_event","type-dai_event","status-publish","has-post-thumbnail","hentry","dai_event_category-kulturveranstaltungen","dai_event_type-literarisches-zentrum-heidelberg","dai_event_type-literatur"],"better_featured_image":{"id":18534,"alt_text":"","caption":"","description":"","media_type":"image","media_details":{"width":700,"height":312,"file":"2015\/03\/150702-Alvarez_c_Hentschel.jpg","sizes":{"medium":{"file":"150702-Alvarez_c_Hentschel-300x134.jpg","width":300,"height":134,"mime-type":"image\/jpeg","source_url":"https:\/\/dai-heidelberg.de\/de\/wp-content\/uploads\/sites\/2\/2015\/03\/150702-Alvarez_c_Hentschel-300x134.jpg"},"thumbnail":{"file":"150702-Alvarez_c_Hentschel-150x150.jpg","width":150,"height":150,"mime-type":"image\/jpeg","source_url":"https:\/\/dai-heidelberg.de\/de\/wp-content\/uploads\/sites\/2\/2015\/03\/150702-Alvarez_c_Hentschel-150x150.jpg"},"dai-list":{"file":"150702-Alvarez_c_Hentschel-140x140.jpg","width":140,"height":140,"mime-type":"image\/jpeg","source_url":"https:\/\/dai-heidelberg.de\/de\/wp-content\/uploads\/sites\/2\/2015\/03\/150702-Alvarez_c_Hentschel-140x140.jpg"},"dai-selector":{"file":"150702-Alvarez_c_Hentschel-240x170.jpg","width":240,"height":170,"mime-type":"image\/jpeg","source_url":"https:\/\/dai-heidelberg.de\/de\/wp-content\/uploads\/sites\/2\/2015\/03\/150702-Alvarez_c_Hentschel-240x170.jpg"},"dai-hof":{"file":"150702-Alvarez_c_Hentschel-240x192.jpg","width":240,"height":192,"mime-type":"image\/jpeg","source_url":"https:\/\/dai-heidelberg.de\/de\/wp-content\/uploads\/sites\/2\/2015\/03\/150702-Alvarez_c_Hentschel-240x192.jpg"}},"image_meta":{"aperture":"0","credit":"","camera":"","caption":"","created_timestamp":"0","copyright":"","focal_length":"0","iso":"0","shutter_speed":"0","title":"","orientation":"0","keywords":[]}},"post":10932,"source_url":"https:\/\/dai-heidelberg.de\/de\/wp-content\/uploads\/sites\/2\/2015\/03\/150702-Alvarez_c_Hentschel.jpg"},"post-meta-fields":{"_edit_lock":["1535043303:10"],"_edit_last":["10"],"dai_event_datetime":["2015-07-02 20:00"],"dai_event_featured":["1"],"dai_event_artist":["Yusef \u00c1lvarez"],"dai_event_ticket_freeadmission":["0"],"_post_is_translated":["0"],"_trash_the_other_posts":["0"],"dai_event_ticket_link":["http:\/\/shop.reservix.de\/off\/login_check.php?id=c6ec16e8cf3cd5077514ebef590a1f763d4616b372ef8900411779bf6bedf213&#038;vID=2736&#038;eventGrpID=157885&#038;eventID=653406"],"dai_event_ticket_price_presale_standard":["8"],"dai_event_ticket_price_presale_reduced":["5"],"dai_event_ticket_price_presale_member":["4"],"dai_event_ticket_price_boxoffice_standard":["10"],"dai_event_ticket_price_boxoffice_reduced":["7"],"dai_event_ticket_price_boxoffice_member":["6"],"_thumbnail_id":["18534"],"_yoast_wpseo_primary_dai_event_category":[""],"_yoast_wpseo_primary_dai_event_type":["17"],"_yoast_wpseo_primary_dai_event_location":[""],"_yoast_wpseo_content_score":["30"]},"yoast_head":"<!-- This site is optimized with the Yoast SEO plugin v27.4 - https:\/\/yoast.com\/product\/yoast-seo-wordpress\/ -->\n<title>Veranstaltungen - Deutsch-Amerikanisches Institut. Haus der Kultur.<\/title>\n<meta name=\"robots\" content=\"index, follow, max-snippet:-1, max-image-preview:large, max-video-preview:-1\" \/>\n<link rel=\"canonical\" href=\"https:\/\/dai-heidelberg.de\/de\/veranstaltungen\/medio-pocillo-ein-kurzes-taesschen-10932\/\" \/>\n<meta property=\"og:locale\" content=\"de_DE\" \/>\n<meta property=\"og:type\" content=\"article\" \/>\n<meta property=\"og:title\" content=\"Veranstaltungen - Deutsch-Amerikanisches Institut. Haus der Kultur.\" \/>\n<meta property=\"og:description\" content=\"Ein kurzes T\u00e4sschen hat der Puerto-Ricaner Yusef \u00c1lvarez seine Gedichtsammlung \u00fcberschrieben. Kurz und stark sind sie: sieben Zeilen hat jedes&nbsp;&hellip;\" \/>\n<meta property=\"og:url\" content=\"https:\/\/dai-heidelberg.de\/de\/veranstaltungen\/medio-pocillo-ein-kurzes-taesschen-10932\/\" \/>\n<meta property=\"og:site_name\" content=\"DAI Deutsch\" \/>\n<meta property=\"article:modified_time\" content=\"2018-08-23T16:54:21+00:00\" \/>\n<meta property=\"og:image\" content=\"https:\/\/dai-heidelberg.de\/de\/wp-content\/uploads\/sites\/2\/2015\/03\/150702-Alvarez_c_Hentschel.jpg\" \/>\n\t<meta property=\"og:image:width\" content=\"700\" \/>\n\t<meta property=\"og:image:height\" content=\"312\" \/>\n\t<meta property=\"og:image:type\" content=\"image\/jpeg\" \/>\n<meta name=\"twitter:label1\" content=\"Gesch\u00e4tzte Lesezeit\" \/>\n\t<meta name=\"twitter:data1\" content=\"1\u00a0Minute\" \/>\n<script type=\"application\/ld+json\" class=\"yoast-schema-graph\">{\"@context\":\"https:\\\/\\\/schema.org\",\"@graph\":[{\"@type\":\"WebPage\",\"@id\":\"https:\\\/\\\/dai-heidelberg.de\\\/de\\\/veranstaltungen\\\/medio-pocillo-ein-kurzes-taesschen-10932\\\/\",\"url\":\"https:\\\/\\\/dai-heidelberg.de\\\/de\\\/veranstaltungen\\\/medio-pocillo-ein-kurzes-taesschen-10932\\\/\",\"name\":\"Veranstaltungen - Deutsch-Amerikanisches Institut. Haus der Kultur.\",\"isPartOf\":{\"@id\":\"https:\\\/\\\/dai-heidelberg.de\\\/de\\\/#website\"},\"primaryImageOfPage\":{\"@id\":\"https:\\\/\\\/dai-heidelberg.de\\\/de\\\/veranstaltungen\\\/medio-pocillo-ein-kurzes-taesschen-10932\\\/#primaryimage\"},\"image\":{\"@id\":\"https:\\\/\\\/dai-heidelberg.de\\\/de\\\/veranstaltungen\\\/medio-pocillo-ein-kurzes-taesschen-10932\\\/#primaryimage\"},\"thumbnailUrl\":\"https:\\\/\\\/dai-heidelberg.de\\\/de\\\/wp-content\\\/uploads\\\/sites\\\/2\\\/2015\\\/03\\\/150702-Alvarez_c_Hentschel.jpg\",\"datePublished\":\"2015-03-04T15:34:01+00:00\",\"dateModified\":\"2018-08-23T16:54:21+00:00\",\"breadcrumb\":{\"@id\":\"https:\\\/\\\/dai-heidelberg.de\\\/de\\\/veranstaltungen\\\/medio-pocillo-ein-kurzes-taesschen-10932\\\/#breadcrumb\"},\"inLanguage\":\"de\",\"potentialAction\":[{\"@type\":\"ReadAction\",\"target\":[\"https:\\\/\\\/dai-heidelberg.de\\\/de\\\/veranstaltungen\\\/medio-pocillo-ein-kurzes-taesschen-10932\\\/\"]}]},{\"@type\":\"ImageObject\",\"inLanguage\":\"de\",\"@id\":\"https:\\\/\\\/dai-heidelberg.de\\\/de\\\/veranstaltungen\\\/medio-pocillo-ein-kurzes-taesschen-10932\\\/#primaryimage\",\"url\":\"https:\\\/\\\/dai-heidelberg.de\\\/de\\\/wp-content\\\/uploads\\\/sites\\\/2\\\/2015\\\/03\\\/150702-Alvarez_c_Hentschel.jpg\",\"contentUrl\":\"https:\\\/\\\/dai-heidelberg.de\\\/de\\\/wp-content\\\/uploads\\\/sites\\\/2\\\/2015\\\/03\\\/150702-Alvarez_c_Hentschel.jpg\",\"width\":700,\"height\":312},{\"@type\":\"BreadcrumbList\",\"@id\":\"https:\\\/\\\/dai-heidelberg.de\\\/de\\\/veranstaltungen\\\/medio-pocillo-ein-kurzes-taesschen-10932\\\/#breadcrumb\",\"itemListElement\":[{\"@type\":\"ListItem\",\"position\":1,\"name\":\"Startseite\",\"item\":\"https:\\\/\\\/dai-heidelberg.de\\\/de\\\/\"},{\"@type\":\"ListItem\",\"position\":2,\"name\":\"Veranstaltungen\",\"item\":\"https:\\\/\\\/dai-heidelberg.de\\\/de\\\/veranstaltungen\\\/\"},{\"@type\":\"ListItem\",\"position\":3,\"name\":\"Medio Pocillo \u2013 Ein kurzes T\u00e4sschen\"}]},{\"@type\":\"WebSite\",\"@id\":\"https:\\\/\\\/dai-heidelberg.de\\\/de\\\/#website\",\"url\":\"https:\\\/\\\/dai-heidelberg.de\\\/de\\\/\",\"name\":\"DAI Deutsch\",\"description\":\"Deutsch-Amerikanisches Institut. Haus der Kultur.\",\"potentialAction\":[{\"@type\":\"SearchAction\",\"target\":{\"@type\":\"EntryPoint\",\"urlTemplate\":\"https:\\\/\\\/dai-heidelberg.de\\\/de\\\/?s={search_term_string}\"},\"query-input\":{\"@type\":\"PropertyValueSpecification\",\"valueRequired\":true,\"valueName\":\"search_term_string\"}}],\"inLanguage\":\"de\"}]}<\/script>\n<!-- \/ Yoast SEO plugin. -->","yoast_head_json":{"title":"Veranstaltungen - Deutsch-Amerikanisches Institut. Haus der Kultur.","robots":{"index":"index","follow":"follow","max-snippet":"max-snippet:-1","max-image-preview":"max-image-preview:large","max-video-preview":"max-video-preview:-1"},"canonical":"https:\/\/dai-heidelberg.de\/de\/veranstaltungen\/medio-pocillo-ein-kurzes-taesschen-10932\/","og_locale":"de_DE","og_type":"article","og_title":"Veranstaltungen - Deutsch-Amerikanisches Institut. Haus der Kultur.","og_description":"Ein kurzes T\u00e4sschen hat der Puerto-Ricaner Yusef \u00c1lvarez seine Gedichtsammlung \u00fcberschrieben. Kurz und stark sind sie: sieben Zeilen hat jedes&nbsp;&hellip;","og_url":"https:\/\/dai-heidelberg.de\/de\/veranstaltungen\/medio-pocillo-ein-kurzes-taesschen-10932\/","og_site_name":"DAI Deutsch","article_modified_time":"2018-08-23T16:54:21+00:00","og_image":[{"width":700,"height":312,"url":"https:\/\/dai-heidelberg.de\/de\/wp-content\/uploads\/sites\/2\/2015\/03\/150702-Alvarez_c_Hentschel.jpg","type":"image\/jpeg"}],"twitter_misc":{"Gesch\u00e4tzte Lesezeit":"1\u00a0Minute"},"schema":{"@context":"https:\/\/schema.org","@graph":[{"@type":"WebPage","@id":"https:\/\/dai-heidelberg.de\/de\/veranstaltungen\/medio-pocillo-ein-kurzes-taesschen-10932\/","url":"https:\/\/dai-heidelberg.de\/de\/veranstaltungen\/medio-pocillo-ein-kurzes-taesschen-10932\/","name":"Veranstaltungen - Deutsch-Amerikanisches Institut. Haus der Kultur.","isPartOf":{"@id":"https:\/\/dai-heidelberg.de\/de\/#website"},"primaryImageOfPage":{"@id":"https:\/\/dai-heidelberg.de\/de\/veranstaltungen\/medio-pocillo-ein-kurzes-taesschen-10932\/#primaryimage"},"image":{"@id":"https:\/\/dai-heidelberg.de\/de\/veranstaltungen\/medio-pocillo-ein-kurzes-taesschen-10932\/#primaryimage"},"thumbnailUrl":"https:\/\/dai-heidelberg.de\/de\/wp-content\/uploads\/sites\/2\/2015\/03\/150702-Alvarez_c_Hentschel.jpg","datePublished":"2015-03-04T15:34:01+00:00","dateModified":"2018-08-23T16:54:21+00:00","breadcrumb":{"@id":"https:\/\/dai-heidelberg.de\/de\/veranstaltungen\/medio-pocillo-ein-kurzes-taesschen-10932\/#breadcrumb"},"inLanguage":"de","potentialAction":[{"@type":"ReadAction","target":["https:\/\/dai-heidelberg.de\/de\/veranstaltungen\/medio-pocillo-ein-kurzes-taesschen-10932\/"]}]},{"@type":"ImageObject","inLanguage":"de","@id":"https:\/\/dai-heidelberg.de\/de\/veranstaltungen\/medio-pocillo-ein-kurzes-taesschen-10932\/#primaryimage","url":"https:\/\/dai-heidelberg.de\/de\/wp-content\/uploads\/sites\/2\/2015\/03\/150702-Alvarez_c_Hentschel.jpg","contentUrl":"https:\/\/dai-heidelberg.de\/de\/wp-content\/uploads\/sites\/2\/2015\/03\/150702-Alvarez_c_Hentschel.jpg","width":700,"height":312},{"@type":"BreadcrumbList","@id":"https:\/\/dai-heidelberg.de\/de\/veranstaltungen\/medio-pocillo-ein-kurzes-taesschen-10932\/#breadcrumb","itemListElement":[{"@type":"ListItem","position":1,"name":"Startseite","item":"https:\/\/dai-heidelberg.de\/de\/"},{"@type":"ListItem","position":2,"name":"Veranstaltungen","item":"https:\/\/dai-heidelberg.de\/de\/veranstaltungen\/"},{"@type":"ListItem","position":3,"name":"Medio Pocillo \u2013 Ein kurzes T\u00e4sschen"}]},{"@type":"WebSite","@id":"https:\/\/dai-heidelberg.de\/de\/#website","url":"https:\/\/dai-heidelberg.de\/de\/","name":"DAI Deutsch","description":"Deutsch-Amerikanisches Institut. Haus der Kultur.","potentialAction":[{"@type":"SearchAction","target":{"@type":"EntryPoint","urlTemplate":"https:\/\/dai-heidelberg.de\/de\/?s={search_term_string}"},"query-input":{"@type":"PropertyValueSpecification","valueRequired":true,"valueName":"search_term_string"}}],"inLanguage":"de"}]}},"_links":{"self":[{"href":"https:\/\/dai-heidelberg.de\/de\/wp-json\/wp\/v2\/dai_event\/10932","targetHints":{"allow":["GET"]}}],"collection":[{"href":"https:\/\/dai-heidelberg.de\/de\/wp-json\/wp\/v2\/dai_event"}],"about":[{"href":"https:\/\/dai-heidelberg.de\/de\/wp-json\/wp\/v2\/types\/dai_event"}],"version-history":[{"count":1,"href":"https:\/\/dai-heidelberg.de\/de\/wp-json\/wp\/v2\/dai_event\/10932\/revisions"}],"predecessor-version":[{"id":10934,"href":"https:\/\/dai-heidelberg.de\/de\/wp-json\/wp\/v2\/dai_event\/10932\/revisions\/10934"}],"wp:featuredmedia":[{"embeddable":true,"href":"https:\/\/dai-heidelberg.de\/de\/wp-json\/wp\/v2\/media\/18534"}],"wp:attachment":[{"href":"https:\/\/dai-heidelberg.de\/de\/wp-json\/wp\/v2\/media?parent=10932"}],"wp:term":[{"taxonomy":"post_tag","embeddable":true,"href":"https:\/\/dai-heidelberg.de\/de\/wp-json\/wp\/v2\/tags?post=10932"},{"taxonomy":"dai_event_category","embeddable":true,"href":"https:\/\/dai-heidelberg.de\/de\/wp-json\/wp\/v2\/dai_event_category?post=10932"},{"taxonomy":"dai_event_type","embeddable":true,"href":"https:\/\/dai-heidelberg.de\/de\/wp-json\/wp\/v2\/dai_event_type?post=10932"},{"taxonomy":"dai_event_location","embeddable":true,"href":"https:\/\/dai-heidelberg.de\/de\/wp-json\/wp\/v2\/dai_event_location?post=10932"}],"curies":[{"name":"wp","href":"https:\/\/api.w.org\/{rel}","templated":true}]}}